{"id":61847,"date":"2024-06-20T11:33:00","date_gmt":"2024-06-20T09:33:00","guid":{"rendered":"https:\/\/afanoc.org\/eventos\/"},"modified":"2024-09-04T11:10:15","modified_gmt":"2024-09-04T11:10:15","slug":"eventos","status":"publish","type":"page","link":"https:\/\/afanoc.org\/es\/eventos\/","title":{"rendered":"eventos"},"content":{"rendered":"\t\t<div data-elementor-type=\"wp-page\" data-elementor-id=\"61847\" class=\"elementor elementor-61847 elementor-61842\" data-elementor-post-type=\"page\">\n\t\t\t\t<div class=\"elementor-element elementor-element-96bd8e9 e-flex e-con-boxed e-con e-parent\" data-id=\"96bd8e9\" data-element_type=\"container\" data-e-type=\"container\">\n\t\t\t\t\t<div class=\"e-con-inner\">\n\t\t\t\t<div class=\"elementor-element elementor-element-a93da26 elementor-widget elementor-widget-woocommerce-breadcrumb\" data-id=\"a93da26\" data-element_type=\"widget\" data-e-type=\"widget\" data-widget_type=\"woocommerce-breadcrumb.default\">\n\t\t\t\t<div class=\"elementor-widget-container\">\n\t\t\t\t\t<nav class=\"woocommerce-breadcrumb\" aria-label=\"Breadcrumb\">Inicio<\/nav>\t\t\t\t<\/div>\n\t\t\t\t<\/div>\n\t\t\t\t<div class=\"elementor-element elementor-element-f5fdd18 elementor-widget elementor-widget-heading\" data-id=\"f5fdd18\" data-element_type=\"widget\" data-e-type=\"widget\" data-widget_type=\"heading.default\">\n\t\t\t\t<div class=\"elementor-widget-container\">\n\t\t\t\t\t<h2 class=\"elementor-heading-title elementor-size-default\">Agenda de eventos<\/h2>\t\t\t\t<\/div>\n\t\t\t\t<\/div>\n\t\t\t\t<div class=\"elementor-element elementor-element-46bfc7e elementor-widget elementor-widget-eventprimeelementorallevents\" data-id=\"46bfc7e\" data-element_type=\"widget\" data-e-type=\"widget\" data-widget_type=\"eventprimeelementorallevents.default\">\n\t\t\t\t<div class=\"elementor-widget-container\">\n\t\t\t\t\t<div class=\"emagic\">\r\n        <input type=\"hidden\" id=\"ep-events-style\" value=\"staggered_grid\"\/> \r\n    <div class=\"ep-events-container ep-box-wrap ep-staggered_grid-view ep-my-4\" id=\"ep-events-container\">\r\n                \r\n        \r\n        <div id=\"ep-events-content-container\" class=\"ep-mt-4\">                <div class=\"ep-events ep-box-row ep-event-list-staggered_grid-container  ep_events_front_views_staggered_grid_210\" id=\"ep_events_front_views_staggered_grid\" data-section_id=\"210\">\r\n                    \r\n    <div class=\"ep-event-card ep-mb-4 ep-card-col-4 \">\r\n        <div class=\"ep-box-card-item ep-border ep-rounded ep-overflow-hidden\">\r\n            <div class=\"ep-box-card-thumb ep-overflow-hidden ep-position-relative \">\r\n                                    <a href=\"https:\/\/afanoc.org\/es\/blog\/e\/los-mercados-de-hospitalet-de-llobregat-se-vuelven-a-poner-la-gorra\/\"  class=\"ep-img-link\">\r\n                            <img decoding=\"async\" width=\"724\" height=\"1024\" src=\"https:\/\/afanoc.org\/wp-content\/uploads\/Cartell-Marcats-PGorra-Hospitalet-2026-1.jpg\" class=\"img-fluid ep-rounded-1 ep-box-w-100 ep-event-cover\" alt=\"Los mercados de Hospitalet de Llobregat se vuelven a poner la gorra!\" \/>                    <\/a>                <div class=\"ep-box-card-icon-group ep-position-absolute ep-bg-white ep-rounded-top ep-d-inline-flex\">\r\n                    <!--wishlist-->\r\n                                        <!--social sharing-->\r\n                                        <div class=\"ep-social-share-action-wrap\">\r\n                        <div class=\"ep-event-action ep-cursor ep-position-relative ep-px-2\">\r\n                            <span class=\"material-icons-outlined ep-handle-share ep-button-text-color ep-fs-6\">share<\/span>\r\n                                                        <ul class=\"ep-event-share ep-m-0 ep-px-0\" style=\"display:none;\">\r\n                                <li class=\"ep-event-social-icon\" title=\"\">\r\n                                    <a class=\"facebook\" href=\"https:\/\/www.facebook.com\/sharer\/sharer.php?u=https:\/\/afanoc.org\/es\/blog\/e\/los-mercados-de-hospitalet-de-llobregat-se-vuelven-a-poner-la-gorra\/\" onclick=\"javascript:window.open(this.href, '', 'menubar=no,toolbar=no,resizable=yes,scrollbars=yes,height=500,width=600'); return false;\" target=\"_blank\" title=\"Share on Facebook\">\r\n                                        <span class=\"ep-social-title\" title=\"Facebook\"> <svg xmlns=\"http:\/\/www.w3.org\/2000\/svg\" viewBox=\"0 0 320 512\"><!-- Font Awesome Pro 5.15.4 by @fontawesome - https:\/\/fontawesome.com License - https:\/\/fontawesome.com\/license (Commercial License) --><path d=\"M279.14 288l14.22-92.66h-88.91v-60.13c0-25.35 12.42-50.06 52.24-50.06h40.42V6.26S260.43 0 225.36 0c-73.22 0-121.08 44.38-121.08 124.72v70.62H22.89V288h81.39v224h100.17V288z\"\/><\/svg> Facebook<\/span>\r\n                                    <\/a>\r\n                                <\/li>\r\n                                <li class=\"ep-event-social-icon\">\r\n                                    <a class=\"twitter\" href=\"https:\/\/twitter.com\/share?url=https:\/\/afanoc.org\/es\/blog\/e\/los-mercados-de-hospitalet-de-llobregat-se-vuelven-a-poner-la-gorra\/\" onclick=\"javascript:window.open(this.href, '', 'menubar=no,toolbar=no,resizable=yes,scrollbars=yes,height=600,width=500'); return false;\" target=\"_blank\" title=\"Share on Twitter\">\r\n                                        <span class=\"ep-social-title\"><svg xmlns=\"http:\/\/www.w3.org\/2000\/svg\" viewBox=\"0 0 512 512\"><!-- Font Awesome Pro 5.15.4 by @fontawesome - https:\/\/fontawesome.com License - https:\/\/fontawesome.com\/license (Commercial License) --><path d=\"M459.37 151.716c.325 4.548.325 9.097.325 13.645 0 138.72-105.583 298.558-298.558 298.558-59.452 0-114.68-17.219-161.137-47.106 8.447.974 16.568 1.299 25.34 1.299 49.055 0 94.213-16.568 130.274-44.832-46.132-.975-84.792-31.188-98.112-72.772 6.498.974 12.995 1.624 19.818 1.624 9.421 0 18.843-1.3 27.614-3.573-48.081-9.747-84.143-51.98-84.143-102.985v-1.299c13.969 7.797 30.214 12.67 47.431 13.319-28.264-18.843-46.781-51.005-46.781-87.391 0-19.492 5.197-37.36 14.294-52.954 51.655 63.675 129.3 105.258 216.365 109.807-1.624-7.797-2.599-15.918-2.599-24.04 0-57.828 46.782-104.934 104.934-104.934 30.213 0 57.502 12.67 76.67 33.137 23.715-4.548 46.456-13.32 66.599-25.34-7.798 24.366-24.366 44.833-46.132 57.827 21.117-2.273 41.584-8.122 60.426-16.243-14.292 20.791-32.161 39.308-52.628 54.253z\"\/><\/svg>Twitter<\/span>\r\n                                    <\/a>\r\n                                <\/li>\r\n\r\n                                <li class=\"ep-event-social-icon\">\r\n                                    <a href=\"https:\/\/www.linkedin.com\/sharing\/share-offsite\/?url=https:\/\/afanoc.org\/es\/blog\/e\/los-mercados-de-hospitalet-de-llobregat-se-vuelven-a-poner-la-gorra\/\" onclick=\"javascript:window.open(this.href, '', 'menubar=no,toolbar=no,resizable=yes,scrollbars=yes,height=600,width=500'); return false;\" target=\"_blank\" title=\"Share on Linkedin\">\r\n                                        <span class=\"ep-social-title\"><svg xmlns=\"http:\/\/www.w3.org\/2000\/svg\" viewBox=\"0 0 448 512\"><!-- Font Awesome Pro 5.15.4 by @fontawesome - https:\/\/fontawesome.com License - https:\/\/fontawesome.com\/license (Commercial License) --><path d=\"M100.28 448H7.4V148.9h92.88zM53.79 108.1C24.09 108.1 0 83.5 0 53.8a53.79 53.79 0 0 1 107.58 0c0 29.7-24.1 54.3-53.79 54.3zM447.9 448h-92.68V302.4c0-34.7-.7-79.2-48.29-79.2-48.29 0-55.69 37.7-55.69 76.7V448h-92.78V148.9h89.08v40.8h1.3c12.4-23.5 42.69-48.3 87.88-48.3 94 0 111.28 61.9 111.28 142.3V448z\"\/><\/svg>Linkedin<\/span>\r\n                                    <\/a>\r\n                                <\/li>\r\n                                <li class=\"ep-event-social-icon\">\r\n                                    <a href=\"https:\/\/api.whatsapp.com\/send?text=https:\/\/afanoc.org\/es\/blog\/e\/los-mercados-de-hospitalet-de-llobregat-se-vuelven-a-poner-la-gorra\/\" target=\"_blank\" title=\"Share on Whatsapp\">\r\n                                        <span class=\"ep-social-title\"><svg xmlns=\"http:\/\/www.w3.org\/2000\/svg\" viewBox=\"0 0 448 512\"><!-- Font Awesome Pro 5.15.4 by @fontawesome - https:\/\/fontawesome.com License - https:\/\/fontawesome.com\/license (Commercial License) --><path d=\"M380.9 97.1C339 55.1 283.2 32 223.9 32c-122.4 0-222 99.6-222 222 0 39.1 10.2 77.3 29.6 111L0 480l117.7-30.9c32.4 17.7 68.9 27 106.1 27h.1c122.3 0 224.1-99.6 224.1-222 0-59.3-25.2-115-67.1-157zm-157 341.6c-33.2 0-65.7-8.9-94-25.7l-6.7-4-69.8 18.3L72 359.2l-4.4-7c-18.5-29.4-28.2-63.3-28.2-98.2 0-101.7 82.8-184.5 184.6-184.5 49.3 0 95.6 19.2 130.4 54.1 34.8 34.9 56.2 81.2 56.1 130.5 0 101.8-84.9 184.6-186.6 184.6zm101.2-138.2c-5.5-2.8-32.8-16.2-37.9-18-5.1-1.9-8.8-2.8-12.5 2.8-3.7 5.6-14.3 18-17.6 21.8-3.2 3.7-6.5 4.2-12 1.4-32.6-16.3-54-29.1-75.5-66-5.7-9.8 5.7-9.1 16.3-30.3 1.8-3.7.9-6.9-.5-9.7-1.4-2.8-12.5-30.1-17.1-41.2-4.5-10.8-9.1-9.3-12.5-9.5-3.2-.2-6.9-.2-10.6-.2-3.7 0-9.7 1.4-14.8 6.9-5.1 5.6-19.4 19-19.4 46.3 0 27.3 19.9 53.7 22.6 57.4 2.8 3.7 39.1 59.7 94.8 83.8 35.2 15.2 49 16.5 66.6 13.9 10.7-1.6 32.8-13.4 37.4-26.4 4.6-13 4.6-24.1 3.2-26.4-1.3-2.5-5-3.9-10.5-6.6z\"\/><\/svg>Whatsapp<\/span>\r\n                                    <\/a>\r\n                                <\/li>\r\n                            <\/ul>\r\n                        <\/div>\r\n                    <\/div>                    \r\n                                    <\/div>\r\n            <\/div>\r\n            \r\n            \r\n            <div class=\"ep-box-card-content ep-text-small ep-p-3 ep-bg-white ep-d-flex ep-flex-column\">\r\n                <!-- Event Title -->\r\n                <div class=\"ep-box-title ep-box-card-title ep-mb-2\">\r\n                    <a href=\"https:\/\/afanoc.org\/es\/blog\/e\/los-mercados-de-hospitalet-de-llobregat-se-vuelven-a-poner-la-gorra\/\"  class=\"ep-fw-bold ep-fs-6 ep-my-3 ep-text-dark\">\r\n                        Los mercados de Hospitalet de Llobregat se vuelven a poner la gorra!                    <\/a>\r\n                <\/div>                    <div class=\"ep-event-details ep-d-flex ep-justify-content-between ep-mb-2\">\r\n                        <div class=\"ep-card-event-date ep-d-flex ep-text-muted \">\r\n                            <div class=\"ep-card-event-date-wrap ep-d-flex ep-fw-bold\">\r\n                                                                    <span class=\"ep-card-event-date-start ep-text-primary\">\r\n                                        S\u00e1b, 09 May 10:30                                    <\/span>                            <\/div>\r\n                        <\/div>\r\n                    <\/div>\r\n                \r\n                <!-- Event Description -->\r\n                <div class=\"ep-box-card-desc-masonry ep-box-card-desc ep-text-small ep-mb-2\">\r\n                    Un a\u00f1o m\u00e1s, podr\u00e1s conseguir tu gorra a los mercados de Hospitalet de Llobregat el s\u00e1bado 9 de mayo. El s\u00e1bado 9 de mayo, el \"Posa't la Gorra!\u201d vuelve a los mercados de Hospitalet de Llobregat con una nueva jornada solidaria. Durante la ma\u00f1ana, varias paradas de los mercados municipales ofrecer\u00e1n la posibilidad de recoger la gorra en horario de 10.30 h a 14.00 h. La gorra es de la campa\u00f1a actual, dise\u00f1ada por el artista Joan Turu, y se podr\u00e1 adquirir por el precio de 8\u20ac. Nos podr\u00e1s encontrar a los mercados de: Mercado de Santa Eul\u00e0lia Interior Mercado&hellip;                <\/div>\r\n\r\n                <!-- Hook after event description -->\r\n                                \r\n                <!-- Event Price -->\r\n                \r\n                <!-- Booking Status -->\r\n                            <\/div>\r\n            \r\n            \r\n            <div class=\"ep-text-center ep-card-footer ep-border-top ep-bg-white\">\r\n                                        <a href=\"https:\/\/afanoc.org\/es\/blog\/e\/los-mercados-de-hospitalet-de-llobregat-se-vuelven-a-poner-la-gorra\/\">\r\n                            <div class=\"ep-btn ep-btn-dark ep-box-w-100 ep-my-0 ep-py-2\">\r\n                                <span class=\"ep-fw-bold ep-text-small\">+ INFO<\/span>\r\n                            <\/div>\r\n                        <\/a>\r\n                                <\/div>\r\n\r\n            \r\n        <\/div>\r\n    <\/div>\r\n    <div class=\"ep-event-card ep-mb-4 ep-card-col-4 \">\r\n        <div class=\"ep-box-card-item ep-border ep-rounded ep-overflow-hidden\">\r\n            <div class=\"ep-box-card-thumb ep-overflow-hidden ep-position-relative \">\r\n                                    <a href=\"https:\/\/afanoc.org\/es\/blog\/e\/concierto-vermut-en-montbau-con-akustiko-y-el-xavi-solo\/\"  class=\"ep-img-link\">\r\n                            <img decoding=\"async\" width=\"724\" height=\"1024\" src=\"https:\/\/afanoc.org\/wp-content\/uploads\/Vine-al-concert-vermut.jpg\" class=\"img-fluid ep-rounded-1 ep-box-w-100 ep-event-cover\" alt=\"Concierto vermut en Montbau!\" \/>                    <\/a>                <div class=\"ep-box-card-icon-group ep-position-absolute ep-bg-white ep-rounded-top ep-d-inline-flex\">\r\n                    <!--wishlist-->\r\n                                        <!--social sharing-->\r\n                                        <div class=\"ep-social-share-action-wrap\">\r\n                        <div class=\"ep-event-action ep-cursor ep-position-relative ep-px-2\">\r\n                            <span class=\"material-icons-outlined ep-handle-share ep-button-text-color ep-fs-6\">share<\/span>\r\n                                                        <ul class=\"ep-event-share ep-m-0 ep-px-0\" style=\"display:none;\">\r\n                                <li class=\"ep-event-social-icon\" title=\"\">\r\n                                    <a class=\"facebook\" href=\"https:\/\/www.facebook.com\/sharer\/sharer.php?u=https:\/\/afanoc.org\/es\/blog\/e\/concierto-vermut-en-montbau-con-akustiko-y-el-xavi-solo\/\" onclick=\"javascript:window.open(this.href, '', 'menubar=no,toolbar=no,resizable=yes,scrollbars=yes,height=500,width=600'); return false;\" target=\"_blank\" title=\"Share on Facebook\">\r\n                                        <span class=\"ep-social-title\" title=\"Facebook\"> <svg xmlns=\"http:\/\/www.w3.org\/2000\/svg\" viewBox=\"0 0 320 512\"><!-- Font Awesome Pro 5.15.4 by @fontawesome - https:\/\/fontawesome.com License - https:\/\/fontawesome.com\/license (Commercial License) --><path d=\"M279.14 288l14.22-92.66h-88.91v-60.13c0-25.35 12.42-50.06 52.24-50.06h40.42V6.26S260.43 0 225.36 0c-73.22 0-121.08 44.38-121.08 124.72v70.62H22.89V288h81.39v224h100.17V288z\"\/><\/svg> Facebook<\/span>\r\n                                    <\/a>\r\n                                <\/li>\r\n                                <li class=\"ep-event-social-icon\">\r\n                                    <a class=\"twitter\" href=\"https:\/\/twitter.com\/share?url=https:\/\/afanoc.org\/es\/blog\/e\/concierto-vermut-en-montbau-con-akustiko-y-el-xavi-solo\/\" onclick=\"javascript:window.open(this.href, '', 'menubar=no,toolbar=no,resizable=yes,scrollbars=yes,height=600,width=500'); return false;\" target=\"_blank\" title=\"Share on Twitter\">\r\n                                        <span class=\"ep-social-title\"><svg xmlns=\"http:\/\/www.w3.org\/2000\/svg\" viewBox=\"0 0 512 512\"><!-- Font Awesome Pro 5.15.4 by @fontawesome - https:\/\/fontawesome.com License - https:\/\/fontawesome.com\/license (Commercial License) --><path d=\"M459.37 151.716c.325 4.548.325 9.097.325 13.645 0 138.72-105.583 298.558-298.558 298.558-59.452 0-114.68-17.219-161.137-47.106 8.447.974 16.568 1.299 25.34 1.299 49.055 0 94.213-16.568 130.274-44.832-46.132-.975-84.792-31.188-98.112-72.772 6.498.974 12.995 1.624 19.818 1.624 9.421 0 18.843-1.3 27.614-3.573-48.081-9.747-84.143-51.98-84.143-102.985v-1.299c13.969 7.797 30.214 12.67 47.431 13.319-28.264-18.843-46.781-51.005-46.781-87.391 0-19.492 5.197-37.36 14.294-52.954 51.655 63.675 129.3 105.258 216.365 109.807-1.624-7.797-2.599-15.918-2.599-24.04 0-57.828 46.782-104.934 104.934-104.934 30.213 0 57.502 12.67 76.67 33.137 23.715-4.548 46.456-13.32 66.599-25.34-7.798 24.366-24.366 44.833-46.132 57.827 21.117-2.273 41.584-8.122 60.426-16.243-14.292 20.791-32.161 39.308-52.628 54.253z\"\/><\/svg>Twitter<\/span>\r\n                                    <\/a>\r\n                                <\/li>\r\n\r\n                                <li class=\"ep-event-social-icon\">\r\n                                    <a href=\"https:\/\/www.linkedin.com\/sharing\/share-offsite\/?url=https:\/\/afanoc.org\/es\/blog\/e\/concierto-vermut-en-montbau-con-akustiko-y-el-xavi-solo\/\" onclick=\"javascript:window.open(this.href, '', 'menubar=no,toolbar=no,resizable=yes,scrollbars=yes,height=600,width=500'); return false;\" target=\"_blank\" title=\"Share on Linkedin\">\r\n                                        <span class=\"ep-social-title\"><svg xmlns=\"http:\/\/www.w3.org\/2000\/svg\" viewBox=\"0 0 448 512\"><!-- Font Awesome Pro 5.15.4 by @fontawesome - https:\/\/fontawesome.com License - https:\/\/fontawesome.com\/license (Commercial License) --><path d=\"M100.28 448H7.4V148.9h92.88zM53.79 108.1C24.09 108.1 0 83.5 0 53.8a53.79 53.79 0 0 1 107.58 0c0 29.7-24.1 54.3-53.79 54.3zM447.9 448h-92.68V302.4c0-34.7-.7-79.2-48.29-79.2-48.29 0-55.69 37.7-55.69 76.7V448h-92.78V148.9h89.08v40.8h1.3c12.4-23.5 42.69-48.3 87.88-48.3 94 0 111.28 61.9 111.28 142.3V448z\"\/><\/svg>Linkedin<\/span>\r\n                                    <\/a>\r\n                                <\/li>\r\n                                <li class=\"ep-event-social-icon\">\r\n                                    <a href=\"https:\/\/api.whatsapp.com\/send?text=https:\/\/afanoc.org\/es\/blog\/e\/concierto-vermut-en-montbau-con-akustiko-y-el-xavi-solo\/\" target=\"_blank\" title=\"Share on Whatsapp\">\r\n                                        <span class=\"ep-social-title\"><svg xmlns=\"http:\/\/www.w3.org\/2000\/svg\" viewBox=\"0 0 448 512\"><!-- Font Awesome Pro 5.15.4 by @fontawesome - https:\/\/fontawesome.com License - https:\/\/fontawesome.com\/license (Commercial License) --><path d=\"M380.9 97.1C339 55.1 283.2 32 223.9 32c-122.4 0-222 99.6-222 222 0 39.1 10.2 77.3 29.6 111L0 480l117.7-30.9c32.4 17.7 68.9 27 106.1 27h.1c122.3 0 224.1-99.6 224.1-222 0-59.3-25.2-115-67.1-157zm-157 341.6c-33.2 0-65.7-8.9-94-25.7l-6.7-4-69.8 18.3L72 359.2l-4.4-7c-18.5-29.4-28.2-63.3-28.2-98.2 0-101.7 82.8-184.5 184.6-184.5 49.3 0 95.6 19.2 130.4 54.1 34.8 34.9 56.2 81.2 56.1 130.5 0 101.8-84.9 184.6-186.6 184.6zm101.2-138.2c-5.5-2.8-32.8-16.2-37.9-18-5.1-1.9-8.8-2.8-12.5 2.8-3.7 5.6-14.3 18-17.6 21.8-3.2 3.7-6.5 4.2-12 1.4-32.6-16.3-54-29.1-75.5-66-5.7-9.8 5.7-9.1 16.3-30.3 1.8-3.7.9-6.9-.5-9.7-1.4-2.8-12.5-30.1-17.1-41.2-4.5-10.8-9.1-9.3-12.5-9.5-3.2-.2-6.9-.2-10.6-.2-3.7 0-9.7 1.4-14.8 6.9-5.1 5.6-19.4 19-19.4 46.3 0 27.3 19.9 53.7 22.6 57.4 2.8 3.7 39.1 59.7 94.8 83.8 35.2 15.2 49 16.5 66.6 13.9 10.7-1.6 32.8-13.4 37.4-26.4 4.6-13 4.6-24.1 3.2-26.4-1.3-2.5-5-3.9-10.5-6.6z\"\/><\/svg>Whatsapp<\/span>\r\n                                    <\/a>\r\n                                <\/li>\r\n                            <\/ul>\r\n                        <\/div>\r\n                    <\/div>                    \r\n                                    <\/div>\r\n            <\/div>\r\n            \r\n            \r\n            <div class=\"ep-box-card-content ep-text-small ep-p-3 ep-bg-white ep-d-flex ep-flex-column\">\r\n                <!-- Event Title -->\r\n                <div class=\"ep-box-title ep-box-card-title ep-mb-2\">\r\n                    <a href=\"https:\/\/afanoc.org\/es\/blog\/e\/concierto-vermut-en-montbau-con-akustiko-y-el-xavi-solo\/\"  class=\"ep-fw-bold ep-fs-6 ep-my-3 ep-text-dark\">\r\n                        Concierto vermut en Montbau!                    <\/a>\r\n                <\/div>                    <div class=\"ep-box-card-venue ep-card-venue ep-text-muted ep-text-truncate\">Sala Polivalent Montbau                    <\/div>                    <div class=\"ep-event-details ep-d-flex ep-justify-content-between ep-mb-2\">\r\n                        <div class=\"ep-card-event-date ep-d-flex ep-text-muted \">\r\n                            <div class=\"ep-card-event-date-wrap ep-d-flex ep-fw-bold\">\r\n                                                                    <span class=\"ep-card-event-date-start ep-text-primary\">\r\n                                        Dom, 10 May 11:30                                    <\/span>                            <\/div>\r\n                        <\/div>\r\n                    <\/div>\r\n                \r\n                <!-- Event Description -->\r\n                <div class=\"ep-box-card-desc-masonry ep-box-card-desc ep-text-small ep-mb-2\">\r\n                    M\u00fasica en directo y ambiente de vermut con dos propuestas llenas de energ\u00eda El 10 de mayo, la Sala Polivalente de Montbau acoge una nueva cita con la m\u00fasica en directo y el buen ambiente de vermut, con dos actuaciones que repasan grandes \u00e9xitos de diferentes d\u00e9cadas y estilos. AKUSTIKO \u2014 ofrecer\u00e1 un viaje musical por los grandes temas del rock, *disco, punk, *heavy y baladas desde los a\u00f1os 70 hasta la actualidad, con una propuesta vers\u00e1til y llena de energ\u00eda. EL XAVI SOLO \u2014 presentar\u00e1 un repertorio cargado de himnos de los a\u00f1os 80 hasta hoy, en formato \u00edntimo&hellip;                <\/div>\r\n\r\n                <!-- Hook after event description -->\r\n                                \r\n                <!-- Event Price -->\r\n                \r\n                <!-- Booking Status -->\r\n                            <\/div>\r\n            \r\n            \r\n            <div class=\"ep-text-center ep-card-footer ep-border-top ep-bg-white\">\r\n                                        <a href=\"https:\/\/afanoc.org\/es\/blog\/e\/concierto-vermut-en-montbau-con-akustiko-y-el-xavi-solo\/\">\r\n                            <div class=\"ep-btn ep-btn-dark ep-box-w-100 ep-my-0 ep-py-2\">\r\n                                <span class=\"ep-fw-bold ep-text-small\">+ INFO<\/span>\r\n                            <\/div>\r\n                        <\/a>\r\n                                <\/div>\r\n\r\n            \r\n        <\/div>\r\n    <\/div>\r\n    <div class=\"ep-event-card ep-mb-4 ep-card-col-4 \">\r\n        <div class=\"ep-box-card-item ep-border ep-rounded ep-overflow-hidden\">\r\n            <div class=\"ep-box-card-thumb ep-overflow-hidden ep-position-relative \">\r\n                                    <a href=\"https:\/\/afanoc.org\/es\/blog\/e\/festa-holi-solidaria-a-montblanc\/\"  class=\"ep-img-link\">\r\n                            <img decoding=\"async\" width=\"724\" height=\"1024\" src=\"https:\/\/afanoc.org\/wp-content\/uploads\/Festa-Holi-26-1.jpeg\" class=\"img-fluid ep-rounded-1 ep-box-w-100 ep-event-cover\" alt=\"Festa Holi Solidaria en Montblanc\" \/>                    <\/a>                <div class=\"ep-box-card-icon-group ep-position-absolute ep-bg-white ep-rounded-top ep-d-inline-flex\">\r\n                    <!--wishlist-->\r\n                                        <!--social sharing-->\r\n                                        <div class=\"ep-social-share-action-wrap\">\r\n                        <div class=\"ep-event-action ep-cursor ep-position-relative ep-px-2\">\r\n                            <span class=\"material-icons-outlined ep-handle-share ep-button-text-color ep-fs-6\">share<\/span>\r\n                                                        <ul class=\"ep-event-share ep-m-0 ep-px-0\" style=\"display:none;\">\r\n                                <li class=\"ep-event-social-icon\" title=\"\">\r\n                                    <a class=\"facebook\" href=\"https:\/\/www.facebook.com\/sharer\/sharer.php?u=https:\/\/afanoc.org\/es\/blog\/e\/festa-holi-solidaria-a-montblanc\/\" onclick=\"javascript:window.open(this.href, '', 'menubar=no,toolbar=no,resizable=yes,scrollbars=yes,height=500,width=600'); return false;\" target=\"_blank\" title=\"Share on Facebook\">\r\n                                        <span class=\"ep-social-title\" title=\"Facebook\"> <svg xmlns=\"http:\/\/www.w3.org\/2000\/svg\" viewBox=\"0 0 320 512\"><!-- Font Awesome Pro 5.15.4 by @fontawesome - https:\/\/fontawesome.com License - https:\/\/fontawesome.com\/license (Commercial License) --><path d=\"M279.14 288l14.22-92.66h-88.91v-60.13c0-25.35 12.42-50.06 52.24-50.06h40.42V6.26S260.43 0 225.36 0c-73.22 0-121.08 44.38-121.08 124.72v70.62H22.89V288h81.39v224h100.17V288z\"\/><\/svg> Facebook<\/span>\r\n                                    <\/a>\r\n                                <\/li>\r\n                                <li class=\"ep-event-social-icon\">\r\n                                    <a class=\"twitter\" href=\"https:\/\/twitter.com\/share?url=https:\/\/afanoc.org\/es\/blog\/e\/festa-holi-solidaria-a-montblanc\/\" onclick=\"javascript:window.open(this.href, '', 'menubar=no,toolbar=no,resizable=yes,scrollbars=yes,height=600,width=500'); return false;\" target=\"_blank\" title=\"Share on Twitter\">\r\n                                        <span class=\"ep-social-title\"><svg xmlns=\"http:\/\/www.w3.org\/2000\/svg\" viewBox=\"0 0 512 512\"><!-- Font Awesome Pro 5.15.4 by @fontawesome - https:\/\/fontawesome.com License - https:\/\/fontawesome.com\/license (Commercial License) --><path d=\"M459.37 151.716c.325 4.548.325 9.097.325 13.645 0 138.72-105.583 298.558-298.558 298.558-59.452 0-114.68-17.219-161.137-47.106 8.447.974 16.568 1.299 25.34 1.299 49.055 0 94.213-16.568 130.274-44.832-46.132-.975-84.792-31.188-98.112-72.772 6.498.974 12.995 1.624 19.818 1.624 9.421 0 18.843-1.3 27.614-3.573-48.081-9.747-84.143-51.98-84.143-102.985v-1.299c13.969 7.797 30.214 12.67 47.431 13.319-28.264-18.843-46.781-51.005-46.781-87.391 0-19.492 5.197-37.36 14.294-52.954 51.655 63.675 129.3 105.258 216.365 109.807-1.624-7.797-2.599-15.918-2.599-24.04 0-57.828 46.782-104.934 104.934-104.934 30.213 0 57.502 12.67 76.67 33.137 23.715-4.548 46.456-13.32 66.599-25.34-7.798 24.366-24.366 44.833-46.132 57.827 21.117-2.273 41.584-8.122 60.426-16.243-14.292 20.791-32.161 39.308-52.628 54.253z\"\/><\/svg>Twitter<\/span>\r\n                                    <\/a>\r\n                                <\/li>\r\n\r\n                                <li class=\"ep-event-social-icon\">\r\n                                    <a href=\"https:\/\/www.linkedin.com\/sharing\/share-offsite\/?url=https:\/\/afanoc.org\/es\/blog\/e\/festa-holi-solidaria-a-montblanc\/\" onclick=\"javascript:window.open(this.href, '', 'menubar=no,toolbar=no,resizable=yes,scrollbars=yes,height=600,width=500'); return false;\" target=\"_blank\" title=\"Share on Linkedin\">\r\n                                        <span class=\"ep-social-title\"><svg xmlns=\"http:\/\/www.w3.org\/2000\/svg\" viewBox=\"0 0 448 512\"><!-- Font Awesome Pro 5.15.4 by @fontawesome - https:\/\/fontawesome.com License - https:\/\/fontawesome.com\/license (Commercial License) --><path d=\"M100.28 448H7.4V148.9h92.88zM53.79 108.1C24.09 108.1 0 83.5 0 53.8a53.79 53.79 0 0 1 107.58 0c0 29.7-24.1 54.3-53.79 54.3zM447.9 448h-92.68V302.4c0-34.7-.7-79.2-48.29-79.2-48.29 0-55.69 37.7-55.69 76.7V448h-92.78V148.9h89.08v40.8h1.3c12.4-23.5 42.69-48.3 87.88-48.3 94 0 111.28 61.9 111.28 142.3V448z\"\/><\/svg>Linkedin<\/span>\r\n                                    <\/a>\r\n                                <\/li>\r\n                                <li class=\"ep-event-social-icon\">\r\n                                    <a href=\"https:\/\/api.whatsapp.com\/send?text=https:\/\/afanoc.org\/es\/blog\/e\/festa-holi-solidaria-a-montblanc\/\" target=\"_blank\" title=\"Share on Whatsapp\">\r\n                                        <span class=\"ep-social-title\"><svg xmlns=\"http:\/\/www.w3.org\/2000\/svg\" viewBox=\"0 0 448 512\"><!-- Font Awesome Pro 5.15.4 by @fontawesome - https:\/\/fontawesome.com License - https:\/\/fontawesome.com\/license (Commercial License) --><path d=\"M380.9 97.1C339 55.1 283.2 32 223.9 32c-122.4 0-222 99.6-222 222 0 39.1 10.2 77.3 29.6 111L0 480l117.7-30.9c32.4 17.7 68.9 27 106.1 27h.1c122.3 0 224.1-99.6 224.1-222 0-59.3-25.2-115-67.1-157zm-157 341.6c-33.2 0-65.7-8.9-94-25.7l-6.7-4-69.8 18.3L72 359.2l-4.4-7c-18.5-29.4-28.2-63.3-28.2-98.2 0-101.7 82.8-184.5 184.6-184.5 49.3 0 95.6 19.2 130.4 54.1 34.8 34.9 56.2 81.2 56.1 130.5 0 101.8-84.9 184.6-186.6 184.6zm101.2-138.2c-5.5-2.8-32.8-16.2-37.9-18-5.1-1.9-8.8-2.8-12.5 2.8-3.7 5.6-14.3 18-17.6 21.8-3.2 3.7-6.5 4.2-12 1.4-32.6-16.3-54-29.1-75.5-66-5.7-9.8 5.7-9.1 16.3-30.3 1.8-3.7.9-6.9-.5-9.7-1.4-2.8-12.5-30.1-17.1-41.2-4.5-10.8-9.1-9.3-12.5-9.5-3.2-.2-6.9-.2-10.6-.2-3.7 0-9.7 1.4-14.8 6.9-5.1 5.6-19.4 19-19.4 46.3 0 27.3 19.9 53.7 22.6 57.4 2.8 3.7 39.1 59.7 94.8 83.8 35.2 15.2 49 16.5 66.6 13.9 10.7-1.6 32.8-13.4 37.4-26.4 4.6-13 4.6-24.1 3.2-26.4-1.3-2.5-5-3.9-10.5-6.6z\"\/><\/svg>Whatsapp<\/span>\r\n                                    <\/a>\r\n                                <\/li>\r\n                            <\/ul>\r\n                        <\/div>\r\n                    <\/div>                    \r\n                                    <\/div>\r\n            <\/div>\r\n            \r\n            \r\n            <div class=\"ep-box-card-content ep-text-small ep-p-3 ep-bg-white ep-d-flex ep-flex-column\">\r\n                <!-- Event Title -->\r\n                <div class=\"ep-box-title ep-box-card-title ep-mb-2\">\r\n                    <a href=\"https:\/\/afanoc.org\/es\/blog\/e\/festa-holi-solidaria-a-montblanc\/\"  class=\"ep-fw-bold ep-fs-6 ep-my-3 ep-text-dark\">\r\n                        Festa Holi Solidaria en Montblanc                    <\/a>\r\n                <\/div>                    <div class=\"ep-box-card-venue ep-card-venue ep-text-muted ep-text-truncate\">Montblanc                    <\/div>                    <div class=\"ep-event-details ep-d-flex ep-justify-content-between ep-mb-2\">\r\n                        <div class=\"ep-card-event-date ep-d-flex ep-text-muted \">\r\n                            <div class=\"ep-card-event-date-wrap ep-d-flex ep-fw-bold\">\r\n                                                                    <span class=\"ep-card-event-date-start ep-text-primary\">\r\n                                        Dom, 10 May 11:30                                    <\/span>                            <\/div>\r\n                        <\/div>\r\n                    <\/div>\r\n                \r\n                <!-- Event Description -->\r\n                <div class=\"ep-box-card-desc-masonry ep-box-card-desc ep-text-small ep-mb-2\">\r\n                    Colores, m\u00fasica y solidaridad en apoyo a AFANOC Montblanc se te\u00f1ir\u00e1 de colores el pr\u00f3ximo 10 de mayo con la celebraci\u00f3n de la Fiesta Holi Solidaria, un evento lleno de alegr\u00eda y compromiso en beneficio de AFANOC. APUNTA! D\u00eda: 10 de mayo Hora: de 11.30 a 13.30 horas Lugar: Plaza del 1 de Octubre Durante la ma\u00f1ana, los participantes podr\u00e1n disfrutar de diversas actuaciones que animar\u00e1n al ambiente, as\u00ed como de la tradicional tirada de colores. Adem\u00e1s, habr\u00e1 talleres din\u00e1micos como un taller de zumba y otro bollywood. Habr\u00e1 una parada de merchandising, donde se podr\u00e1n adquirir productos solidarios de&hellip;                <\/div>\r\n\r\n                <!-- Hook after event description -->\r\n                                \r\n                <!-- Event Price -->\r\n                \r\n                <!-- Booking Status -->\r\n                            <\/div>\r\n            \r\n            \r\n            <div class=\"ep-text-center ep-card-footer ep-border-top ep-bg-white\">\r\n                                        <a href=\"https:\/\/afanoc.org\/es\/blog\/e\/festa-holi-solidaria-a-montblanc\/\">\r\n                            <div class=\"ep-btn ep-btn-dark ep-box-w-100 ep-my-0 ep-py-2\">\r\n                                <span class=\"ep-fw-bold ep-text-small\">+ INFO<\/span>\r\n                            <\/div>\r\n                        <\/a>\r\n                                <\/div>\r\n\r\n            \r\n        <\/div>\r\n    <\/div>\r\n    <div class=\"ep-event-card ep-mb-4 ep-card-col-4 \">\r\n        <div class=\"ep-box-card-item ep-border ep-rounded ep-overflow-hidden\">\r\n            <div class=\"ep-box-card-thumb ep-overflow-hidden ep-position-relative \">\r\n                                    <a href=\"https:\/\/afanoc.org\/es\/blog\/e\/iii-jornada-farellenca-diversion-y-solidaridad-en-familia\/\"  class=\"ep-img-link\">\r\n                            <img decoding=\"async\" width=\"725\" height=\"1024\" src=\"https:\/\/afanoc.org\/wp-content\/uploads\/Cartell-Jornada-solidaria-2025-26-4_page-0001-1-725x1024.jpg\" class=\"img-fluid ep-rounded-1 ep-box-w-100 ep-event-cover\" alt=\"III Jornada Farellenca: diversi\u00f3n y solidaridad en familia\" srcset=\"https:\/\/afanoc.org\/wp-content\/uploads\/Cartell-Jornada-solidaria-2025-26-4_page-0001-1-725x1024.jpg 725w, https:\/\/afanoc.org\/wp-content\/uploads\/Cartell-Jornada-solidaria-2025-26-4_page-0001-1-226x320.jpg 226w, https:\/\/afanoc.org\/wp-content\/uploads\/Cartell-Jornada-solidaria-2025-26-4_page-0001-1-106x150.jpg 106w, https:\/\/afanoc.org\/wp-content\/uploads\/Cartell-Jornada-solidaria-2025-26-4_page-0001-1-768x1085.jpg 768w, https:\/\/afanoc.org\/wp-content\/uploads\/Cartell-Jornada-solidaria-2025-26-4_page-0001-1-1087x1536.jpg 1087w, https:\/\/afanoc.org\/wp-content\/uploads\/Cartell-Jornada-solidaria-2025-26-4_page-0001-1-1449x2048.jpg 1449w, https:\/\/afanoc.org\/wp-content\/uploads\/Cartell-Jornada-solidaria-2025-26-4_page-0001-1-600x848.jpg 600w, https:\/\/afanoc.org\/wp-content\/uploads\/Cartell-Jornada-solidaria-2025-26-4_page-0001-1.jpg 1755w\" sizes=\"(max-width: 725px) 100vw, 725px\" \/>                    <\/a>                <div class=\"ep-box-card-icon-group ep-position-absolute ep-bg-white ep-rounded-top ep-d-inline-flex\">\r\n                    <!--wishlist-->\r\n                                        <!--social sharing-->\r\n                                        <div class=\"ep-social-share-action-wrap\">\r\n                        <div class=\"ep-event-action ep-cursor ep-position-relative ep-px-2\">\r\n                            <span class=\"material-icons-outlined ep-handle-share ep-button-text-color ep-fs-6\">share<\/span>\r\n                                                        <ul class=\"ep-event-share ep-m-0 ep-px-0\" style=\"display:none;\">\r\n                                <li class=\"ep-event-social-icon\" title=\"\">\r\n                                    <a class=\"facebook\" href=\"https:\/\/www.facebook.com\/sharer\/sharer.php?u=https:\/\/afanoc.org\/es\/blog\/e\/iii-jornada-farellenca-diversion-y-solidaridad-en-familia\/\" onclick=\"javascript:window.open(this.href, '', 'menubar=no,toolbar=no,resizable=yes,scrollbars=yes,height=500,width=600'); return false;\" target=\"_blank\" title=\"Share on Facebook\">\r\n                                        <span class=\"ep-social-title\" title=\"Facebook\"> <svg xmlns=\"http:\/\/www.w3.org\/2000\/svg\" viewBox=\"0 0 320 512\"><!-- Font Awesome Pro 5.15.4 by @fontawesome - https:\/\/fontawesome.com License - https:\/\/fontawesome.com\/license (Commercial License) --><path d=\"M279.14 288l14.22-92.66h-88.91v-60.13c0-25.35 12.42-50.06 52.24-50.06h40.42V6.26S260.43 0 225.36 0c-73.22 0-121.08 44.38-121.08 124.72v70.62H22.89V288h81.39v224h100.17V288z\"\/><\/svg> Facebook<\/span>\r\n                                    <\/a>\r\n                                <\/li>\r\n                                <li class=\"ep-event-social-icon\">\r\n                                    <a class=\"twitter\" href=\"https:\/\/twitter.com\/share?url=https:\/\/afanoc.org\/es\/blog\/e\/iii-jornada-farellenca-diversion-y-solidaridad-en-familia\/\" onclick=\"javascript:window.open(this.href, '', 'menubar=no,toolbar=no,resizable=yes,scrollbars=yes,height=600,width=500'); return false;\" target=\"_blank\" title=\"Share on Twitter\">\r\n                                        <span class=\"ep-social-title\"><svg xmlns=\"http:\/\/www.w3.org\/2000\/svg\" viewBox=\"0 0 512 512\"><!-- Font Awesome Pro 5.15.4 by @fontawesome - https:\/\/fontawesome.com License - https:\/\/fontawesome.com\/license (Commercial License) --><path d=\"M459.37 151.716c.325 4.548.325 9.097.325 13.645 0 138.72-105.583 298.558-298.558 298.558-59.452 0-114.68-17.219-161.137-47.106 8.447.974 16.568 1.299 25.34 1.299 49.055 0 94.213-16.568 130.274-44.832-46.132-.975-84.792-31.188-98.112-72.772 6.498.974 12.995 1.624 19.818 1.624 9.421 0 18.843-1.3 27.614-3.573-48.081-9.747-84.143-51.98-84.143-102.985v-1.299c13.969 7.797 30.214 12.67 47.431 13.319-28.264-18.843-46.781-51.005-46.781-87.391 0-19.492 5.197-37.36 14.294-52.954 51.655 63.675 129.3 105.258 216.365 109.807-1.624-7.797-2.599-15.918-2.599-24.04 0-57.828 46.782-104.934 104.934-104.934 30.213 0 57.502 12.67 76.67 33.137 23.715-4.548 46.456-13.32 66.599-25.34-7.798 24.366-24.366 44.833-46.132 57.827 21.117-2.273 41.584-8.122 60.426-16.243-14.292 20.791-32.161 39.308-52.628 54.253z\"\/><\/svg>Twitter<\/span>\r\n                                    <\/a>\r\n                                <\/li>\r\n\r\n                                <li class=\"ep-event-social-icon\">\r\n                                    <a href=\"https:\/\/www.linkedin.com\/sharing\/share-offsite\/?url=https:\/\/afanoc.org\/es\/blog\/e\/iii-jornada-farellenca-diversion-y-solidaridad-en-familia\/\" onclick=\"javascript:window.open(this.href, '', 'menubar=no,toolbar=no,resizable=yes,scrollbars=yes,height=600,width=500'); return false;\" target=\"_blank\" title=\"Share on Linkedin\">\r\n                                        <span class=\"ep-social-title\"><svg xmlns=\"http:\/\/www.w3.org\/2000\/svg\" viewBox=\"0 0 448 512\"><!-- Font Awesome Pro 5.15.4 by @fontawesome - https:\/\/fontawesome.com License - https:\/\/fontawesome.com\/license (Commercial License) --><path d=\"M100.28 448H7.4V148.9h92.88zM53.79 108.1C24.09 108.1 0 83.5 0 53.8a53.79 53.79 0 0 1 107.58 0c0 29.7-24.1 54.3-53.79 54.3zM447.9 448h-92.68V302.4c0-34.7-.7-79.2-48.29-79.2-48.29 0-55.69 37.7-55.69 76.7V448h-92.78V148.9h89.08v40.8h1.3c12.4-23.5 42.69-48.3 87.88-48.3 94 0 111.28 61.9 111.28 142.3V448z\"\/><\/svg>Linkedin<\/span>\r\n                                    <\/a>\r\n                                <\/li>\r\n                                <li class=\"ep-event-social-icon\">\r\n                                    <a href=\"https:\/\/api.whatsapp.com\/send?text=https:\/\/afanoc.org\/es\/blog\/e\/iii-jornada-farellenca-diversion-y-solidaridad-en-familia\/\" target=\"_blank\" title=\"Share on Whatsapp\">\r\n                                        <span class=\"ep-social-title\"><svg xmlns=\"http:\/\/www.w3.org\/2000\/svg\" viewBox=\"0 0 448 512\"><!-- Font Awesome Pro 5.15.4 by @fontawesome - https:\/\/fontawesome.com License - https:\/\/fontawesome.com\/license (Commercial License) --><path d=\"M380.9 97.1C339 55.1 283.2 32 223.9 32c-122.4 0-222 99.6-222 222 0 39.1 10.2 77.3 29.6 111L0 480l117.7-30.9c32.4 17.7 68.9 27 106.1 27h.1c122.3 0 224.1-99.6 224.1-222 0-59.3-25.2-115-67.1-157zm-157 341.6c-33.2 0-65.7-8.9-94-25.7l-6.7-4-69.8 18.3L72 359.2l-4.4-7c-18.5-29.4-28.2-63.3-28.2-98.2 0-101.7 82.8-184.5 184.6-184.5 49.3 0 95.6 19.2 130.4 54.1 34.8 34.9 56.2 81.2 56.1 130.5 0 101.8-84.9 184.6-186.6 184.6zm101.2-138.2c-5.5-2.8-32.8-16.2-37.9-18-5.1-1.9-8.8-2.8-12.5 2.8-3.7 5.6-14.3 18-17.6 21.8-3.2 3.7-6.5 4.2-12 1.4-32.6-16.3-54-29.1-75.5-66-5.7-9.8 5.7-9.1 16.3-30.3 1.8-3.7.9-6.9-.5-9.7-1.4-2.8-12.5-30.1-17.1-41.2-4.5-10.8-9.1-9.3-12.5-9.5-3.2-.2-6.9-.2-10.6-.2-3.7 0-9.7 1.4-14.8 6.9-5.1 5.6-19.4 19-19.4 46.3 0 27.3 19.9 53.7 22.6 57.4 2.8 3.7 39.1 59.7 94.8 83.8 35.2 15.2 49 16.5 66.6 13.9 10.7-1.6 32.8-13.4 37.4-26.4 4.6-13 4.6-24.1 3.2-26.4-1.3-2.5-5-3.9-10.5-6.6z\"\/><\/svg>Whatsapp<\/span>\r\n                                    <\/a>\r\n                                <\/li>\r\n                            <\/ul>\r\n                        <\/div>\r\n                    <\/div>                    \r\n                                    <\/div>\r\n            <\/div>\r\n            \r\n            \r\n            <div class=\"ep-box-card-content ep-text-small ep-p-3 ep-bg-white ep-d-flex ep-flex-column\">\r\n                <!-- Event Title -->\r\n                <div class=\"ep-box-title ep-box-card-title ep-mb-2\">\r\n                    <a href=\"https:\/\/afanoc.org\/es\/blog\/e\/iii-jornada-farellenca-diversion-y-solidaridad-en-familia\/\"  class=\"ep-fw-bold ep-fs-6 ep-my-3 ep-text-dark\">\r\n                        III Jornada Farellenca: diversi\u00f3n y solidaridad en familia                    <\/a>\r\n                <\/div>                    <div class=\"ep-event-details ep-d-flex ep-justify-content-between ep-mb-2\">\r\n                        <div class=\"ep-card-event-date ep-d-flex ep-text-muted \">\r\n                            <div class=\"ep-card-event-date-wrap ep-d-flex ep-fw-bold\">\r\n                                                                    <span class=\"ep-card-event-date-start ep-text-primary\">\r\n                                        Vie, 15 May 16:30                                    <\/span>                            <\/div>\r\n                        <\/div>\r\n                    <\/div>\r\n                \r\n                <!-- Event Description -->\r\n                <div class=\"ep-box-card-desc-masonry ep-box-card-desc ep-text-small ep-mb-2\">\r\n                    La escuela El Farell organiza una tarde llena de actividades, m\u00fasica y buen ambiente para todos El pr\u00f3ximo 15 de mayo a las 16:30 h, la escuela El Farell celebrar\u00e1 la III Jornada Farellenca, un encuentro abierto a todo el mundo que combina ocio y solidaridad. El evento incluir\u00e1 una merienda y una gymkana solidaria pensada para disfrutar en equipo, con pruebas divertidas y participativas. Los equipos pueden ser de 2 a 5 personas y la inscripci\u00f3n tiene un coste de 12 \u20ac por equipo. Adem\u00e1s, habr\u00e1 la opci\u00f3n de merendar por 3 \u20ac por persona. Todos los participantes recibir\u00e1n&hellip;                <\/div>\r\n\r\n                <!-- Hook after event description -->\r\n                                \r\n                <!-- Event Price -->\r\n                \r\n                <!-- Booking Status -->\r\n                            <\/div>\r\n            \r\n            \r\n            <div class=\"ep-text-center ep-card-footer ep-border-top ep-bg-white\">\r\n                                        <a href=\"https:\/\/afanoc.org\/es\/blog\/e\/iii-jornada-farellenca-diversion-y-solidaridad-en-familia\/\">\r\n                            <div class=\"ep-btn ep-btn-dark ep-box-w-100 ep-my-0 ep-py-2\">\r\n                                <span class=\"ep-fw-bold ep-text-small\">+ INFO<\/span>\r\n                            <\/div>\r\n                        <\/a>\r\n                                <\/div>\r\n\r\n            \r\n        <\/div>\r\n    <\/div>\r\n    <div class=\"ep-event-card ep-mb-4 ep-card-col-4 \">\r\n        <div class=\"ep-box-card-item ep-border ep-rounded ep-overflow-hidden\">\r\n            <div class=\"ep-box-card-thumb ep-overflow-hidden ep-position-relative \">\r\n                                    <a href=\"https:\/\/afanoc.org\/es\/blog\/e\/tributos-de-mecano-y-hombres-g-llegan-a-la-mirona\/\"  class=\"ep-img-link\">\r\n                            <img decoding=\"async\" width=\"724\" height=\"1024\" src=\"https:\/\/afanoc.org\/wp-content\/uploads\/cartell-mecano-hombres-g-16-5-ok-br-1-724x1024.jpg\" class=\"img-fluid ep-rounded-1 ep-box-w-100 ep-event-cover\" alt=\"Tributos de Mecano y Hombres G en La Mirona\" srcset=\"https:\/\/afanoc.org\/wp-content\/uploads\/cartell-mecano-hombres-g-16-5-ok-br-1-724x1024.jpg 724w, https:\/\/afanoc.org\/wp-content\/uploads\/cartell-mecano-hombres-g-16-5-ok-br-1-226x320.jpg 226w, https:\/\/afanoc.org\/wp-content\/uploads\/cartell-mecano-hombres-g-16-5-ok-br-1-106x150.jpg 106w, https:\/\/afanoc.org\/wp-content\/uploads\/cartell-mecano-hombres-g-16-5-ok-br-1-768x1086.jpg 768w, https:\/\/afanoc.org\/wp-content\/uploads\/cartell-mecano-hombres-g-16-5-ok-br-1-1086x1536.jpg 1086w, https:\/\/afanoc.org\/wp-content\/uploads\/cartell-mecano-hombres-g-16-5-ok-br-1-1448x2048.jpg 1448w, https:\/\/afanoc.org\/wp-content\/uploads\/cartell-mecano-hombres-g-16-5-ok-br-1-600x849.jpg 600w, https:\/\/afanoc.org\/wp-content\/uploads\/cartell-mecano-hombres-g-16-5-ok-br-1-scaled.jpg 1810w\" sizes=\"(max-width: 724px) 100vw, 724px\" \/>                    <\/a>                <div class=\"ep-box-card-icon-group ep-position-absolute ep-bg-white ep-rounded-top ep-d-inline-flex\">\r\n                    <!--wishlist-->\r\n                                        <!--social sharing-->\r\n                                        <div class=\"ep-social-share-action-wrap\">\r\n                        <div class=\"ep-event-action ep-cursor ep-position-relative ep-px-2\">\r\n                            <span class=\"material-icons-outlined ep-handle-share ep-button-text-color ep-fs-6\">share<\/span>\r\n                                                        <ul class=\"ep-event-share ep-m-0 ep-px-0\" style=\"display:none;\">\r\n                                <li class=\"ep-event-social-icon\" title=\"\">\r\n                                    <a class=\"facebook\" href=\"https:\/\/www.facebook.com\/sharer\/sharer.php?u=https:\/\/afanoc.org\/es\/blog\/e\/tributos-de-mecano-y-hombres-g-llegan-a-la-mirona\/\" onclick=\"javascript:window.open(this.href, '', 'menubar=no,toolbar=no,resizable=yes,scrollbars=yes,height=500,width=600'); return false;\" target=\"_blank\" title=\"Share on Facebook\">\r\n                                        <span class=\"ep-social-title\" title=\"Facebook\"> <svg xmlns=\"http:\/\/www.w3.org\/2000\/svg\" viewBox=\"0 0 320 512\"><!-- Font Awesome Pro 5.15.4 by @fontawesome - https:\/\/fontawesome.com License - https:\/\/fontawesome.com\/license (Commercial License) --><path d=\"M279.14 288l14.22-92.66h-88.91v-60.13c0-25.35 12.42-50.06 52.24-50.06h40.42V6.26S260.43 0 225.36 0c-73.22 0-121.08 44.38-121.08 124.72v70.62H22.89V288h81.39v224h100.17V288z\"\/><\/svg> Facebook<\/span>\r\n                                    <\/a>\r\n                                <\/li>\r\n                                <li class=\"ep-event-social-icon\">\r\n                                    <a class=\"twitter\" href=\"https:\/\/twitter.com\/share?url=https:\/\/afanoc.org\/es\/blog\/e\/tributos-de-mecano-y-hombres-g-llegan-a-la-mirona\/\" onclick=\"javascript:window.open(this.href, '', 'menubar=no,toolbar=no,resizable=yes,scrollbars=yes,height=600,width=500'); return false;\" target=\"_blank\" title=\"Share on Twitter\">\r\n                                        <span class=\"ep-social-title\"><svg xmlns=\"http:\/\/www.w3.org\/2000\/svg\" viewBox=\"0 0 512 512\"><!-- Font Awesome Pro 5.15.4 by @fontawesome - https:\/\/fontawesome.com License - https:\/\/fontawesome.com\/license (Commercial License) --><path d=\"M459.37 151.716c.325 4.548.325 9.097.325 13.645 0 138.72-105.583 298.558-298.558 298.558-59.452 0-114.68-17.219-161.137-47.106 8.447.974 16.568 1.299 25.34 1.299 49.055 0 94.213-16.568 130.274-44.832-46.132-.975-84.792-31.188-98.112-72.772 6.498.974 12.995 1.624 19.818 1.624 9.421 0 18.843-1.3 27.614-3.573-48.081-9.747-84.143-51.98-84.143-102.985v-1.299c13.969 7.797 30.214 12.67 47.431 13.319-28.264-18.843-46.781-51.005-46.781-87.391 0-19.492 5.197-37.36 14.294-52.954 51.655 63.675 129.3 105.258 216.365 109.807-1.624-7.797-2.599-15.918-2.599-24.04 0-57.828 46.782-104.934 104.934-104.934 30.213 0 57.502 12.67 76.67 33.137 23.715-4.548 46.456-13.32 66.599-25.34-7.798 24.366-24.366 44.833-46.132 57.827 21.117-2.273 41.584-8.122 60.426-16.243-14.292 20.791-32.161 39.308-52.628 54.253z\"\/><\/svg>Twitter<\/span>\r\n                                    <\/a>\r\n                                <\/li>\r\n\r\n                                <li class=\"ep-event-social-icon\">\r\n                                    <a href=\"https:\/\/www.linkedin.com\/sharing\/share-offsite\/?url=https:\/\/afanoc.org\/es\/blog\/e\/tributos-de-mecano-y-hombres-g-llegan-a-la-mirona\/\" onclick=\"javascript:window.open(this.href, '', 'menubar=no,toolbar=no,resizable=yes,scrollbars=yes,height=600,width=500'); return false;\" target=\"_blank\" title=\"Share on Linkedin\">\r\n                                        <span class=\"ep-social-title\"><svg xmlns=\"http:\/\/www.w3.org\/2000\/svg\" viewBox=\"0 0 448 512\"><!-- Font Awesome Pro 5.15.4 by @fontawesome - https:\/\/fontawesome.com License - https:\/\/fontawesome.com\/license (Commercial License) --><path d=\"M100.28 448H7.4V148.9h92.88zM53.79 108.1C24.09 108.1 0 83.5 0 53.8a53.79 53.79 0 0 1 107.58 0c0 29.7-24.1 54.3-53.79 54.3zM447.9 448h-92.68V302.4c0-34.7-.7-79.2-48.29-79.2-48.29 0-55.69 37.7-55.69 76.7V448h-92.78V148.9h89.08v40.8h1.3c12.4-23.5 42.69-48.3 87.88-48.3 94 0 111.28 61.9 111.28 142.3V448z\"\/><\/svg>Linkedin<\/span>\r\n                                    <\/a>\r\n                                <\/li>\r\n                                <li class=\"ep-event-social-icon\">\r\n                                    <a href=\"https:\/\/api.whatsapp.com\/send?text=https:\/\/afanoc.org\/es\/blog\/e\/tributos-de-mecano-y-hombres-g-llegan-a-la-mirona\/\" target=\"_blank\" title=\"Share on Whatsapp\">\r\n                                        <span class=\"ep-social-title\"><svg xmlns=\"http:\/\/www.w3.org\/2000\/svg\" viewBox=\"0 0 448 512\"><!-- Font Awesome Pro 5.15.4 by @fontawesome - https:\/\/fontawesome.com License - https:\/\/fontawesome.com\/license (Commercial License) --><path d=\"M380.9 97.1C339 55.1 283.2 32 223.9 32c-122.4 0-222 99.6-222 222 0 39.1 10.2 77.3 29.6 111L0 480l117.7-30.9c32.4 17.7 68.9 27 106.1 27h.1c122.3 0 224.1-99.6 224.1-222 0-59.3-25.2-115-67.1-157zm-157 341.6c-33.2 0-65.7-8.9-94-25.7l-6.7-4-69.8 18.3L72 359.2l-4.4-7c-18.5-29.4-28.2-63.3-28.2-98.2 0-101.7 82.8-184.5 184.6-184.5 49.3 0 95.6 19.2 130.4 54.1 34.8 34.9 56.2 81.2 56.1 130.5 0 101.8-84.9 184.6-186.6 184.6zm101.2-138.2c-5.5-2.8-32.8-16.2-37.9-18-5.1-1.9-8.8-2.8-12.5 2.8-3.7 5.6-14.3 18-17.6 21.8-3.2 3.7-6.5 4.2-12 1.4-32.6-16.3-54-29.1-75.5-66-5.7-9.8 5.7-9.1 16.3-30.3 1.8-3.7.9-6.9-.5-9.7-1.4-2.8-12.5-30.1-17.1-41.2-4.5-10.8-9.1-9.3-12.5-9.5-3.2-.2-6.9-.2-10.6-.2-3.7 0-9.7 1.4-14.8 6.9-5.1 5.6-19.4 19-19.4 46.3 0 27.3 19.9 53.7 22.6 57.4 2.8 3.7 39.1 59.7 94.8 83.8 35.2 15.2 49 16.5 66.6 13.9 10.7-1.6 32.8-13.4 37.4-26.4 4.6-13 4.6-24.1 3.2-26.4-1.3-2.5-5-3.9-10.5-6.6z\"\/><\/svg>Whatsapp<\/span>\r\n                                    <\/a>\r\n                                <\/li>\r\n                            <\/ul>\r\n                        <\/div>\r\n                    <\/div>                    \r\n                                    <\/div>\r\n            <\/div>\r\n            \r\n            \r\n            <div class=\"ep-box-card-content ep-text-small ep-p-3 ep-bg-white ep-d-flex ep-flex-column\">\r\n                <!-- Event Title -->\r\n                <div class=\"ep-box-title ep-box-card-title ep-mb-2\">\r\n                    <a href=\"https:\/\/afanoc.org\/es\/blog\/e\/tributos-de-mecano-y-hombres-g-llegan-a-la-mirona\/\"  class=\"ep-fw-bold ep-fs-6 ep-my-3 ep-text-dark\">\r\n                        Tributos de Mecano y Hombres G en La Mirona                    <\/a>\r\n                <\/div>                    <div class=\"ep-box-card-venue ep-card-venue ep-text-muted ep-text-truncate\">La Mirona de Salt                    <\/div>                    <div class=\"ep-event-details ep-d-flex ep-justify-content-between ep-mb-2\">\r\n                        <div class=\"ep-card-event-date ep-d-flex ep-text-muted \">\r\n                            <div class=\"ep-card-event-date-wrap ep-d-flex ep-fw-bold\">\r\n                                                                    <span class=\"ep-card-event-date-start ep-text-primary\">\r\n                                        S\u00e1b, 16 May 20:30                                    <\/span>                            <\/div>\r\n                        <\/div>\r\n                    <\/div>\r\n                \r\n                <!-- Event Description -->\r\n                <div class=\"ep-box-card-desc-masonry ep-box-card-desc ep-text-small ep-mb-2\">\r\n                    El 16 de mayo podr\u00e1s recordar canciones de los grandes referentes del pop estatal. El pr\u00f3ximo 16 de mayo, la sala La Mirona de Salt (Girona) acoger\u00e1 una nueva edici\u00f3n de RockpelsXuklis, una cita musical solidaria que combina grandes \u00e9xitos del pop-rock estatal. La velada contar\u00e1 con dos tributos que har\u00e1n vibrar al p\u00fablico: MECANO - interpretado por H\u00e9roes de la Ant\u00e1rtida HOMBRES G - a cargo de Hombres B Tributo. Y RECUERDA... D\u00eda: 16 de mayo Hora: A las 20.30 h Lugar: La Mirona de Salt, Girona Entradas: Anticipadas a 13 \u20ac i en taquilla a 15 \u20ac. \u00a1Cons\u00edguela&hellip;                <\/div>\r\n\r\n                <!-- Hook after event description -->\r\n                                \r\n                <!-- Event Price -->\r\n                \r\n                <!-- Booking Status -->\r\n                            <\/div>\r\n            \r\n            \r\n            <div class=\"ep-text-center ep-card-footer ep-border-top ep-bg-white\">\r\n                                        <a href=\"https:\/\/afanoc.org\/es\/blog\/e\/tributos-de-mecano-y-hombres-g-llegan-a-la-mirona\/\">\r\n                            <div class=\"ep-btn ep-btn-dark ep-box-w-100 ep-my-0 ep-py-2\">\r\n                                <span class=\"ep-fw-bold ep-text-small\">+ INFO<\/span>\r\n                            <\/div>\r\n                        <\/a>\r\n                                <\/div>\r\n\r\n            \r\n        <\/div>\r\n    <\/div>\r\n    <div class=\"ep-event-card ep-mb-4 ep-card-col-4 \">\r\n        <div class=\"ep-box-card-item ep-border ep-rounded ep-overflow-hidden\">\r\n            <div class=\"ep-box-card-thumb ep-overflow-hidden ep-position-relative \">\r\n                                    <a href=\"https:\/\/afanoc.org\/es\/blog\/e\/noche-de-rock-en-montbau-con-rockpelsxuklis\/\"  class=\"ep-img-link\">\r\n                            <img decoding=\"async\" width=\"724\" height=\"1024\" src=\"https:\/\/afanoc.org\/wp-content\/uploads\/RockpelsXuklis-Nit-SP-Montbau.jpg\" class=\"img-fluid ep-rounded-1 ep-box-w-100 ep-event-cover\" alt=\"Noche de rock en Montbau con RockpelsXuklis\" \/>                    <\/a>                <div class=\"ep-box-card-icon-group ep-position-absolute ep-bg-white ep-rounded-top ep-d-inline-flex\">\r\n                    <!--wishlist-->\r\n                                        <!--social sharing-->\r\n                                        <div class=\"ep-social-share-action-wrap\">\r\n                        <div class=\"ep-event-action ep-cursor ep-position-relative ep-px-2\">\r\n                            <span class=\"material-icons-outlined ep-handle-share ep-button-text-color ep-fs-6\">share<\/span>\r\n                                                        <ul class=\"ep-event-share ep-m-0 ep-px-0\" style=\"display:none;\">\r\n                                <li class=\"ep-event-social-icon\" title=\"\">\r\n                                    <a class=\"facebook\" href=\"https:\/\/www.facebook.com\/sharer\/sharer.php?u=https:\/\/afanoc.org\/es\/blog\/e\/noche-de-rock-en-montbau-con-rockpelsxuklis\/\" onclick=\"javascript:window.open(this.href, '', 'menubar=no,toolbar=no,resizable=yes,scrollbars=yes,height=500,width=600'); return false;\" target=\"_blank\" title=\"Share on Facebook\">\r\n                                        <span class=\"ep-social-title\" title=\"Facebook\"> <svg xmlns=\"http:\/\/www.w3.org\/2000\/svg\" viewBox=\"0 0 320 512\"><!-- Font Awesome Pro 5.15.4 by @fontawesome - https:\/\/fontawesome.com License - https:\/\/fontawesome.com\/license (Commercial License) --><path d=\"M279.14 288l14.22-92.66h-88.91v-60.13c0-25.35 12.42-50.06 52.24-50.06h40.42V6.26S260.43 0 225.36 0c-73.22 0-121.08 44.38-121.08 124.72v70.62H22.89V288h81.39v224h100.17V288z\"\/><\/svg> Facebook<\/span>\r\n                                    <\/a>\r\n                                <\/li>\r\n                                <li class=\"ep-event-social-icon\">\r\n                                    <a class=\"twitter\" href=\"https:\/\/twitter.com\/share?url=https:\/\/afanoc.org\/es\/blog\/e\/noche-de-rock-en-montbau-con-rockpelsxuklis\/\" onclick=\"javascript:window.open(this.href, '', 'menubar=no,toolbar=no,resizable=yes,scrollbars=yes,height=600,width=500'); return false;\" target=\"_blank\" title=\"Share on Twitter\">\r\n                                        <span class=\"ep-social-title\"><svg xmlns=\"http:\/\/www.w3.org\/2000\/svg\" viewBox=\"0 0 512 512\"><!-- Font Awesome Pro 5.15.4 by @fontawesome - https:\/\/fontawesome.com License - https:\/\/fontawesome.com\/license (Commercial License) --><path d=\"M459.37 151.716c.325 4.548.325 9.097.325 13.645 0 138.72-105.583 298.558-298.558 298.558-59.452 0-114.68-17.219-161.137-47.106 8.447.974 16.568 1.299 25.34 1.299 49.055 0 94.213-16.568 130.274-44.832-46.132-.975-84.792-31.188-98.112-72.772 6.498.974 12.995 1.624 19.818 1.624 9.421 0 18.843-1.3 27.614-3.573-48.081-9.747-84.143-51.98-84.143-102.985v-1.299c13.969 7.797 30.214 12.67 47.431 13.319-28.264-18.843-46.781-51.005-46.781-87.391 0-19.492 5.197-37.36 14.294-52.954 51.655 63.675 129.3 105.258 216.365 109.807-1.624-7.797-2.599-15.918-2.599-24.04 0-57.828 46.782-104.934 104.934-104.934 30.213 0 57.502 12.67 76.67 33.137 23.715-4.548 46.456-13.32 66.599-25.34-7.798 24.366-24.366 44.833-46.132 57.827 21.117-2.273 41.584-8.122 60.426-16.243-14.292 20.791-32.161 39.308-52.628 54.253z\"\/><\/svg>Twitter<\/span>\r\n                                    <\/a>\r\n                                <\/li>\r\n\r\n                                <li class=\"ep-event-social-icon\">\r\n                                    <a href=\"https:\/\/www.linkedin.com\/sharing\/share-offsite\/?url=https:\/\/afanoc.org\/es\/blog\/e\/noche-de-rock-en-montbau-con-rockpelsxuklis\/\" onclick=\"javascript:window.open(this.href, '', 'menubar=no,toolbar=no,resizable=yes,scrollbars=yes,height=600,width=500'); return false;\" target=\"_blank\" title=\"Share on Linkedin\">\r\n                                        <span class=\"ep-social-title\"><svg xmlns=\"http:\/\/www.w3.org\/2000\/svg\" viewBox=\"0 0 448 512\"><!-- Font Awesome Pro 5.15.4 by @fontawesome - https:\/\/fontawesome.com License - https:\/\/fontawesome.com\/license (Commercial License) --><path d=\"M100.28 448H7.4V148.9h92.88zM53.79 108.1C24.09 108.1 0 83.5 0 53.8a53.79 53.79 0 0 1 107.58 0c0 29.7-24.1 54.3-53.79 54.3zM447.9 448h-92.68V302.4c0-34.7-.7-79.2-48.29-79.2-48.29 0-55.69 37.7-55.69 76.7V448h-92.78V148.9h89.08v40.8h1.3c12.4-23.5 42.69-48.3 87.88-48.3 94 0 111.28 61.9 111.28 142.3V448z\"\/><\/svg>Linkedin<\/span>\r\n                                    <\/a>\r\n                                <\/li>\r\n                                <li class=\"ep-event-social-icon\">\r\n                                    <a href=\"https:\/\/api.whatsapp.com\/send?text=https:\/\/afanoc.org\/es\/blog\/e\/noche-de-rock-en-montbau-con-rockpelsxuklis\/\" target=\"_blank\" title=\"Share on Whatsapp\">\r\n                                        <span class=\"ep-social-title\"><svg xmlns=\"http:\/\/www.w3.org\/2000\/svg\" viewBox=\"0 0 448 512\"><!-- Font Awesome Pro 5.15.4 by @fontawesome - https:\/\/fontawesome.com License - https:\/\/fontawesome.com\/license (Commercial License) --><path d=\"M380.9 97.1C339 55.1 283.2 32 223.9 32c-122.4 0-222 99.6-222 222 0 39.1 10.2 77.3 29.6 111L0 480l117.7-30.9c32.4 17.7 68.9 27 106.1 27h.1c122.3 0 224.1-99.6 224.1-222 0-59.3-25.2-115-67.1-157zm-157 341.6c-33.2 0-65.7-8.9-94-25.7l-6.7-4-69.8 18.3L72 359.2l-4.4-7c-18.5-29.4-28.2-63.3-28.2-98.2 0-101.7 82.8-184.5 184.6-184.5 49.3 0 95.6 19.2 130.4 54.1 34.8 34.9 56.2 81.2 56.1 130.5 0 101.8-84.9 184.6-186.6 184.6zm101.2-138.2c-5.5-2.8-32.8-16.2-37.9-18-5.1-1.9-8.8-2.8-12.5 2.8-3.7 5.6-14.3 18-17.6 21.8-3.2 3.7-6.5 4.2-12 1.4-32.6-16.3-54-29.1-75.5-66-5.7-9.8 5.7-9.1 16.3-30.3 1.8-3.7.9-6.9-.5-9.7-1.4-2.8-12.5-30.1-17.1-41.2-4.5-10.8-9.1-9.3-12.5-9.5-3.2-.2-6.9-.2-10.6-.2-3.7 0-9.7 1.4-14.8 6.9-5.1 5.6-19.4 19-19.4 46.3 0 27.3 19.9 53.7 22.6 57.4 2.8 3.7 39.1 59.7 94.8 83.8 35.2 15.2 49 16.5 66.6 13.9 10.7-1.6 32.8-13.4 37.4-26.4 4.6-13 4.6-24.1 3.2-26.4-1.3-2.5-5-3.9-10.5-6.6z\"\/><\/svg>Whatsapp<\/span>\r\n                                    <\/a>\r\n                                <\/li>\r\n                            <\/ul>\r\n                        <\/div>\r\n                    <\/div>                    \r\n                                    <\/div>\r\n            <\/div>\r\n            \r\n            \r\n            <div class=\"ep-box-card-content ep-text-small ep-p-3 ep-bg-white ep-d-flex ep-flex-column\">\r\n                <!-- Event Title -->\r\n                <div class=\"ep-box-title ep-box-card-title ep-mb-2\">\r\n                    <a href=\"https:\/\/afanoc.org\/es\/blog\/e\/noche-de-rock-en-montbau-con-rockpelsxuklis\/\"  class=\"ep-fw-bold ep-fs-6 ep-my-3 ep-text-dark\">\r\n                        Noche de rock en Montbau con RockpelsXuklis                    <\/a>\r\n                <\/div>                    <div class=\"ep-box-card-venue ep-card-venue ep-text-muted ep-text-truncate\">Sala Polivalent Montbau                    <\/div>                    <div class=\"ep-event-details ep-d-flex ep-justify-content-between ep-mb-2\">\r\n                        <div class=\"ep-card-event-date ep-d-flex ep-text-muted \">\r\n                            <div class=\"ep-card-event-date-wrap ep-d-flex ep-fw-bold\">\r\n                                                                    <span class=\"ep-card-event-date-start ep-text-primary\">\r\n                                        Vie, 29 May 19:45                                    <\/span>                            <\/div>\r\n                        <\/div>\r\n                    <\/div>\r\n                \r\n                <!-- Event Description -->\r\n                <div class=\"ep-box-card-desc-masonry ep-box-card-desc ep-text-small ep-mb-2\">\r\n                    Una noche de tributo a los grandes mitos del rock. Una velada dedicada a los grandes cl\u00e1sicos del rock llegar\u00e1 el pr\u00f3ximo 29 de mayo a la Sala Polivalent de Montbau, con dos conciertos tributo que recorrer\u00e1n la historia de algunas de las bandas m\u00e1s influyentes del g\u00e9nero. Rosie\u2019s Rock Band ofrecer\u00e1 un directo centrado en el repertorio de AC\/DC, con una selecci\u00f3n de sus temas m\u00e1s emblem\u00e1ticos. Dark Sabbath presentar\u00e1 un homenaje a Ozzy Osbourne, repasando los \u00e9xitos de Black Sabbath en su etapa comprendida entre 1968 y 1979, junto con algunas piezas de su carrera en solitario. APUNTA!&hellip;                <\/div>\r\n\r\n                <!-- Hook after event description -->\r\n                                \r\n                <!-- Event Price -->\r\n                \r\n                <!-- Booking Status -->\r\n                            <\/div>\r\n            \r\n            \r\n            <div class=\"ep-text-center ep-card-footer ep-border-top ep-bg-white\">\r\n                                        <a href=\"https:\/\/afanoc.org\/es\/blog\/e\/noche-de-rock-en-montbau-con-rockpelsxuklis\/\">\r\n                            <div class=\"ep-btn ep-btn-dark ep-box-w-100 ep-my-0 ep-py-2\">\r\n                                <span class=\"ep-fw-bold ep-text-small\">+ INFO<\/span>\r\n                            <\/div>\r\n                        <\/a>\r\n                                <\/div>\r\n\r\n            \r\n        <\/div>\r\n    <\/div>\r\n    <div class=\"ep-event-card ep-mb-4 ep-card-col-4 \">\r\n        <div class=\"ep-box-card-item ep-border ep-rounded ep-overflow-hidden\">\r\n            <div class=\"ep-box-card-thumb ep-overflow-hidden ep-position-relative \">\r\n                                    <a href=\"https:\/\/afanoc.org\/es\/blog\/e\/posat-la-gorra-en-el-camp-de-mart-de-tarragona-2\/\"  class=\"ep-img-link\">\r\n                            <img decoding=\"async\" width=\"727\" height=\"1024\" src=\"https:\/\/afanoc.org\/wp-content\/uploads\/Cartell-PGorra-Tarragona-2026_OK-727x1024.jpg\" class=\"img-fluid ep-rounded-1 ep-box-w-100 ep-event-cover\" alt=\"Posa\u2019t la Gorra! en el Camp de Mart de Tarragona\" srcset=\"https:\/\/afanoc.org\/wp-content\/uploads\/Cartell-PGorra-Tarragona-2026_OK-727x1024.jpg 727w, https:\/\/afanoc.org\/wp-content\/uploads\/Cartell-PGorra-Tarragona-2026_OK-227x320.jpg 227w, https:\/\/afanoc.org\/wp-content\/uploads\/Cartell-PGorra-Tarragona-2026_OK-107x150.jpg 107w, https:\/\/afanoc.org\/wp-content\/uploads\/Cartell-PGorra-Tarragona-2026_OK-768x1082.jpg 768w, https:\/\/afanoc.org\/wp-content\/uploads\/Cartell-PGorra-Tarragona-2026_OK-1091x1536.jpg 1091w, https:\/\/afanoc.org\/wp-content\/uploads\/Cartell-PGorra-Tarragona-2026_OK-1454x2048.jpg 1454w, https:\/\/afanoc.org\/wp-content\/uploads\/Cartell-PGorra-Tarragona-2026_OK-600x845.jpg 600w, https:\/\/afanoc.org\/wp-content\/uploads\/Cartell-PGorra-Tarragona-2026_OK-scaled.jpg 1818w\" sizes=\"(max-width: 727px) 100vw, 727px\" \/>                    <\/a>                <div class=\"ep-box-card-icon-group ep-position-absolute ep-bg-white ep-rounded-top ep-d-inline-flex\">\r\n                    <!--wishlist-->\r\n                                        <!--social sharing-->\r\n                                        <div class=\"ep-social-share-action-wrap\">\r\n                        <div class=\"ep-event-action ep-cursor ep-position-relative ep-px-2\">\r\n                            <span class=\"material-icons-outlined ep-handle-share ep-button-text-color ep-fs-6\">share<\/span>\r\n                                                        <ul class=\"ep-event-share ep-m-0 ep-px-0\" style=\"display:none;\">\r\n                                <li class=\"ep-event-social-icon\" title=\"\">\r\n                                    <a class=\"facebook\" href=\"https:\/\/www.facebook.com\/sharer\/sharer.php?u=https:\/\/afanoc.org\/es\/blog\/e\/posat-la-gorra-en-el-camp-de-mart-de-tarragona-2\/\" onclick=\"javascript:window.open(this.href, '', 'menubar=no,toolbar=no,resizable=yes,scrollbars=yes,height=500,width=600'); return false;\" target=\"_blank\" title=\"Share on Facebook\">\r\n                                        <span class=\"ep-social-title\" title=\"Facebook\"> <svg xmlns=\"http:\/\/www.w3.org\/2000\/svg\" viewBox=\"0 0 320 512\"><!-- Font Awesome Pro 5.15.4 by @fontawesome - https:\/\/fontawesome.com License - https:\/\/fontawesome.com\/license (Commercial License) --><path d=\"M279.14 288l14.22-92.66h-88.91v-60.13c0-25.35 12.42-50.06 52.24-50.06h40.42V6.26S260.43 0 225.36 0c-73.22 0-121.08 44.38-121.08 124.72v70.62H22.89V288h81.39v224h100.17V288z\"\/><\/svg> Facebook<\/span>\r\n                                    <\/a>\r\n                                <\/li>\r\n                                <li class=\"ep-event-social-icon\">\r\n                                    <a class=\"twitter\" href=\"https:\/\/twitter.com\/share?url=https:\/\/afanoc.org\/es\/blog\/e\/posat-la-gorra-en-el-camp-de-mart-de-tarragona-2\/\" onclick=\"javascript:window.open(this.href, '', 'menubar=no,toolbar=no,resizable=yes,scrollbars=yes,height=600,width=500'); return false;\" target=\"_blank\" title=\"Share on Twitter\">\r\n                                        <span class=\"ep-social-title\"><svg xmlns=\"http:\/\/www.w3.org\/2000\/svg\" viewBox=\"0 0 512 512\"><!-- Font Awesome Pro 5.15.4 by @fontawesome - https:\/\/fontawesome.com License - https:\/\/fontawesome.com\/license (Commercial License) --><path d=\"M459.37 151.716c.325 4.548.325 9.097.325 13.645 0 138.72-105.583 298.558-298.558 298.558-59.452 0-114.68-17.219-161.137-47.106 8.447.974 16.568 1.299 25.34 1.299 49.055 0 94.213-16.568 130.274-44.832-46.132-.975-84.792-31.188-98.112-72.772 6.498.974 12.995 1.624 19.818 1.624 9.421 0 18.843-1.3 27.614-3.573-48.081-9.747-84.143-51.98-84.143-102.985v-1.299c13.969 7.797 30.214 12.67 47.431 13.319-28.264-18.843-46.781-51.005-46.781-87.391 0-19.492 5.197-37.36 14.294-52.954 51.655 63.675 129.3 105.258 216.365 109.807-1.624-7.797-2.599-15.918-2.599-24.04 0-57.828 46.782-104.934 104.934-104.934 30.213 0 57.502 12.67 76.67 33.137 23.715-4.548 46.456-13.32 66.599-25.34-7.798 24.366-24.366 44.833-46.132 57.827 21.117-2.273 41.584-8.122 60.426-16.243-14.292 20.791-32.161 39.308-52.628 54.253z\"\/><\/svg>Twitter<\/span>\r\n                                    <\/a>\r\n                                <\/li>\r\n\r\n                                <li class=\"ep-event-social-icon\">\r\n                                    <a href=\"https:\/\/www.linkedin.com\/sharing\/share-offsite\/?url=https:\/\/afanoc.org\/es\/blog\/e\/posat-la-gorra-en-el-camp-de-mart-de-tarragona-2\/\" onclick=\"javascript:window.open(this.href, '', 'menubar=no,toolbar=no,resizable=yes,scrollbars=yes,height=600,width=500'); return false;\" target=\"_blank\" title=\"Share on Linkedin\">\r\n                                        <span class=\"ep-social-title\"><svg xmlns=\"http:\/\/www.w3.org\/2000\/svg\" viewBox=\"0 0 448 512\"><!-- Font Awesome Pro 5.15.4 by @fontawesome - https:\/\/fontawesome.com License - https:\/\/fontawesome.com\/license (Commercial License) --><path d=\"M100.28 448H7.4V148.9h92.88zM53.79 108.1C24.09 108.1 0 83.5 0 53.8a53.79 53.79 0 0 1 107.58 0c0 29.7-24.1 54.3-53.79 54.3zM447.9 448h-92.68V302.4c0-34.7-.7-79.2-48.29-79.2-48.29 0-55.69 37.7-55.69 76.7V448h-92.78V148.9h89.08v40.8h1.3c12.4-23.5 42.69-48.3 87.88-48.3 94 0 111.28 61.9 111.28 142.3V448z\"\/><\/svg>Linkedin<\/span>\r\n                                    <\/a>\r\n                                <\/li>\r\n                                <li class=\"ep-event-social-icon\">\r\n                                    <a href=\"https:\/\/api.whatsapp.com\/send?text=https:\/\/afanoc.org\/es\/blog\/e\/posat-la-gorra-en-el-camp-de-mart-de-tarragona-2\/\" target=\"_blank\" title=\"Share on Whatsapp\">\r\n                                        <span class=\"ep-social-title\"><svg xmlns=\"http:\/\/www.w3.org\/2000\/svg\" viewBox=\"0 0 448 512\"><!-- Font Awesome Pro 5.15.4 by @fontawesome - https:\/\/fontawesome.com License - https:\/\/fontawesome.com\/license (Commercial License) --><path d=\"M380.9 97.1C339 55.1 283.2 32 223.9 32c-122.4 0-222 99.6-222 222 0 39.1 10.2 77.3 29.6 111L0 480l117.7-30.9c32.4 17.7 68.9 27 106.1 27h.1c122.3 0 224.1-99.6 224.1-222 0-59.3-25.2-115-67.1-157zm-157 341.6c-33.2 0-65.7-8.9-94-25.7l-6.7-4-69.8 18.3L72 359.2l-4.4-7c-18.5-29.4-28.2-63.3-28.2-98.2 0-101.7 82.8-184.5 184.6-184.5 49.3 0 95.6 19.2 130.4 54.1 34.8 34.9 56.2 81.2 56.1 130.5 0 101.8-84.9 184.6-186.6 184.6zm101.2-138.2c-5.5-2.8-32.8-16.2-37.9-18-5.1-1.9-8.8-2.8-12.5 2.8-3.7 5.6-14.3 18-17.6 21.8-3.2 3.7-6.5 4.2-12 1.4-32.6-16.3-54-29.1-75.5-66-5.7-9.8 5.7-9.1 16.3-30.3 1.8-3.7.9-6.9-.5-9.7-1.4-2.8-12.5-30.1-17.1-41.2-4.5-10.8-9.1-9.3-12.5-9.5-3.2-.2-6.9-.2-10.6-.2-3.7 0-9.7 1.4-14.8 6.9-5.1 5.6-19.4 19-19.4 46.3 0 27.3 19.9 53.7 22.6 57.4 2.8 3.7 39.1 59.7 94.8 83.8 35.2 15.2 49 16.5 66.6 13.9 10.7-1.6 32.8-13.4 37.4-26.4 4.6-13 4.6-24.1 3.2-26.4-1.3-2.5-5-3.9-10.5-6.6z\"\/><\/svg>Whatsapp<\/span>\r\n                                    <\/a>\r\n                                <\/li>\r\n                            <\/ul>\r\n                        <\/div>\r\n                    <\/div>                    \r\n                                    <\/div>\r\n            <\/div>\r\n            \r\n            \r\n            <div class=\"ep-box-card-content ep-text-small ep-p-3 ep-bg-white ep-d-flex ep-flex-column\">\r\n                <!-- Event Title -->\r\n                <div class=\"ep-box-title ep-box-card-title ep-mb-2\">\r\n                    <a href=\"https:\/\/afanoc.org\/es\/blog\/e\/posat-la-gorra-en-el-camp-de-mart-de-tarragona-2\/\"  class=\"ep-fw-bold ep-fs-6 ep-my-3 ep-text-dark\">\r\n                        Posa\u2019t la Gorra! en el Camp de Mart de Tarragona                    <\/a>\r\n                <\/div>                    <div class=\"ep-box-card-venue ep-card-venue ep-text-muted ep-text-truncate\">Camp de Mart, Tarragona                    <\/div>                    <div class=\"ep-event-details ep-d-flex ep-justify-content-between ep-mb-2\">\r\n                        <div class=\"ep-card-event-date ep-d-flex ep-text-muted \">\r\n                            <div class=\"ep-card-event-date-wrap ep-d-flex ep-fw-bold\">\r\n                                                                    <span class=\"ep-card-event-date-start ep-text-primary\">\r\n                                        Dom, 07 Jun 11:00                                    <\/span>                            <\/div>\r\n                        <\/div>\r\n                    <\/div>\r\n                \r\n                <!-- Event Description -->\r\n                <div class=\"ep-box-card-desc-masonry ep-box-card-desc ep-text-small ep-mb-2\">\r\n                    El domingo 7 de junio, de 11.00 a 14.00 horas, el Camp de Mart de Tarragona acoger\u00e1 por tercer a\u00f1o consecutivo la fiesta \u201cPosa't la Gorra!\u201d. Este a\u00f1o, la fiesta cuenta con una gorra solidaria dise\u00f1ada por el ilustrador Joan Turu, que simboliza el valor del acompa\u00f1amiento y la complicidad. La gorra se podr\u00e1 adquirir en la talla infantil y adulto el mismo d\u00eda de la fiesta, en las paradas previas que organizaremos y a los diferentes puntos de venta habilitados en la ciudad y en varias poblaciones de la provincia. Para acceder, solo hay que llevar la gorra de&hellip;                <\/div>\r\n\r\n                <!-- Hook after event description -->\r\n                                \r\n                <!-- Event Price -->\r\n                \r\n                <!-- Booking Status -->\r\n                            <\/div>\r\n            \r\n            \r\n            <div class=\"ep-text-center ep-card-footer ep-border-top ep-bg-white\">\r\n                                        <a href=\"https:\/\/afanoc.org\/es\/blog\/e\/posat-la-gorra-en-el-camp-de-mart-de-tarragona-2\/\">\r\n                            <div class=\"ep-btn ep-btn-dark ep-box-w-100 ep-my-0 ep-py-2\">\r\n                                <span class=\"ep-fw-bold ep-text-small\">+ INFO<\/span>\r\n                            <\/div>\r\n                        <\/a>\r\n                                <\/div>\r\n\r\n            \r\n        <\/div>\r\n    <\/div>\r\n                <\/div>\r\n                                <\/div>\r\n            <\/div><\/div>                <script>\n                jQuery( '.ep-event-loader' ).hide();\n                <\/script>\n                \t\t\t\t<\/div>\n\t\t\t\t<\/div>\n\t\t\t\t\t<\/div>\n\t\t\t\t<\/div>\n\t\t\t\t<\/div>\n\t\t","protected":false},"excerpt":{"rendered":"<p>Agenda de eventos share Facebook Twitter Linkedin Whatsapp Breda se pondr\u00e1 la gorra por segunda vez S\u00e1b, 07 Sep 09:30 Por primera vez la fiesta, se celebrar\u00e1 en el marco de la fiesta mayor con el objetivo de abrir una sede en Girona en un futuro pr\u00f3ximo. Deseamos que la fiesta sea un \u00e9xito de [&hellip;]<\/p>\n","protected":false},"author":692,"featured_media":0,"parent":0,"menu_order":0,"comment_status":"closed","ping_status":"closed","template":"elementor_header_footer","meta":{"site-sidebar-layout":"no-sidebar","site-content-layout":"page-builder","ast-site-content-layout":"full-width-container","site-content-style":"default","site-sidebar-style":"default","ast-global-header-display":"","ast-banner-title-visibility":"","ast-main-header-display":"","ast-hfb-above-header-display":"","ast-hfb-below-header-display":"","ast-hfb-mobile-header-display":"","site-post-title":"disabled","ast-breadcrumbs-content":"","ast-featured-img":"disabled","footer-sml-layout":"","theme-transparent-header-meta":"","adv-header-id-meta":"","stick-header-meta":"","header-above-stick-meta":"","header-main-stick-meta":"","header-below-stick-meta":"","astra-migrate-meta-layouts":"default","ast-page-background-enabled":"default","ast-page-background-meta":{"desktop":{"background-color":"var(--ast-global-color-4)","background-image":"","background-repeat":"repeat","background-position":"center center","background-size":"auto","background-attachment":"scroll","background-type":"","background-media":"","overlay-type":"","overlay-color":"","overlay-opacity":"","overlay-gradient":""},"tablet":{"background-color":"","background-image":"","background-repeat":"repeat","background-position":"center center","background-size":"auto","background-attachment":"scroll","background-type":"","background-media":"","overlay-type":"","overlay-color":"","overlay-opacity":"","overlay-gradient":""},"mobile":{"background-color":"","background-image":"","background-repeat":"repeat","background-position":"center center","background-size":"auto","background-attachment":"scroll","background-type":"","background-media":"","overlay-type":"","overlay-color":"","overlay-opacity":"","overlay-gradient":""}},"ast-content-background-meta":{"desktop":{"background-color":"var(--ast-global-color-5)","background-image":"","background-repeat":"repeat","background-position":"center center","background-size":"auto","background-attachment":"scroll","background-type":"","background-media":"","overlay-type":"","overlay-color":"","overlay-opacity":"","overlay-gradient":""},"tablet":{"background-color":"var(--ast-global-color-5)","background-image":"","background-repeat":"repeat","background-position":"center center","background-size":"auto","background-attachment":"scroll","background-type":"","background-media":"","overlay-type":"","overlay-color":"","overlay-opacity":"","overlay-gradient":""},"mobile":{"background-color":"var(--ast-global-color-5)","background-image":"","background-repeat":"repeat","background-position":"center center","background-size":"auto","background-attachment":"scroll","background-type":"","background-media":"","overlay-type":"","overlay-color":"","overlay-opacity":"","overlay-gradient":""}},"footnotes":""},"class_list":["post-61847","page","type-page","status-publish","hentry"],"publishpress_future_workflow_manual_trigger":{"enabledWorkflows":[]},"_links":{"self":[{"href":"https:\/\/afanoc.org\/es\/wp-json\/wp\/v2\/pages\/61847","targetHints":{"allow":["GET"]}}],"collection":[{"href":"https:\/\/afanoc.org\/es\/wp-json\/wp\/v2\/pages"}],"about":[{"href":"https:\/\/afanoc.org\/es\/wp-json\/wp\/v2\/types\/page"}],"author":[{"embeddable":true,"href":"https:\/\/afanoc.org\/es\/wp-json\/wp\/v2\/users\/692"}],"replies":[{"embeddable":true,"href":"https:\/\/afanoc.org\/es\/wp-json\/wp\/v2\/comments?post=61847"}],"version-history":[{"count":0,"href":"https:\/\/afanoc.org\/es\/wp-json\/wp\/v2\/pages\/61847\/revisions"}],"wp:attachment":[{"href":"https:\/\/afanoc.org\/es\/wp-json\/wp\/v2\/media?parent=61847"}],"curies":[{"name":"wp","href":"https:\/\/api.w.org\/{rel}","templated":true}]}}