{"id":43159,"date":"2022-06-27T12:42:10","date_gmt":"2022-06-27T10:42:10","guid":{"rendered":"https:\/\/afanoc.org\/posat-la-gorra\/"},"modified":"2026-01-22T16:15:52","modified_gmt":"2026-01-22T14:15:52","slug":"posat-la-gorra","status":"publish","type":"page","link":"https:\/\/afanoc.org\/es\/posat-la-gorra\/","title":{"rendered":"Posa&#8217;t la Gorra"},"content":{"rendered":"\t\t<div data-elementor-type=\"wp-page\" data-elementor-id=\"43159\" class=\"elementor elementor-43159 elementor-26904\" data-elementor-post-type=\"page\">\n\t\t\t\t<div class=\"elementor-element elementor-element-eb20c38 elementor-hidden-mobile e-flex e-con-boxed e-con e-parent\" data-id=\"eb20c38\" data-element_type=\"container\" data-e-type=\"container\" data-settings=\"{&quot;background_background&quot;:&quot;classic&quot;}\">\n\t\t\t\t\t<div class=\"e-con-inner\">\n\t\t\t\t<div class=\"elementor-element elementor-element-50fd876 elementor-widget elementor-widget-image\" data-id=\"50fd876\" data-element_type=\"widget\" data-e-type=\"widget\" data-widget_type=\"image.default\">\n\t\t\t\t<div class=\"elementor-widget-container\">\n\t\t\t\t\t\t\t\t\t\t\t\t\t\t\t<img decoding=\"async\" width=\"1024\" height=\"301\" src=\"https:\/\/afanoc.org\/wp-content\/uploads\/Pagina-web_PGorra-2025_Bcn_Cast-1-1024x301.jpg\" class=\"attachment-large size-large wp-image-73911\" alt=\"Posa&#039;t la Gorra amb l&#039;Afanoc!\" srcset=\"https:\/\/afanoc.org\/wp-content\/uploads\/Pagina-web_PGorra-2025_Bcn_Cast-1-1024x301.jpg 1024w, https:\/\/afanoc.org\/wp-content\/uploads\/Pagina-web_PGorra-2025_Bcn_Cast-1-320x94.jpg 320w, https:\/\/afanoc.org\/wp-content\/uploads\/Pagina-web_PGorra-2025_Bcn_Cast-1-150x44.jpg 150w, https:\/\/afanoc.org\/wp-content\/uploads\/Pagina-web_PGorra-2025_Bcn_Cast-1-768x226.jpg 768w, https:\/\/afanoc.org\/wp-content\/uploads\/Pagina-web_PGorra-2025_Bcn_Cast-1-1536x452.jpg 1536w, https:\/\/afanoc.org\/wp-content\/uploads\/Pagina-web_PGorra-2025_Bcn_Cast-1-2048x603.jpg 2048w, https:\/\/afanoc.org\/wp-content\/uploads\/Pagina-web_PGorra-2025_Bcn_Cast-1-600x177.jpg 600w\" sizes=\"(max-width: 1024px) 100vw, 1024px\" \/>\t\t\t\t\t\t\t\t\t\t\t\t\t\t\t<\/div>\n\t\t\t\t<\/div>\n\t\t\t\t\t<\/div>\n\t\t\t\t<\/div>\n\t\t<div class=\"elementor-element elementor-element-359739e elementor-hidden-desktop elementor-hidden-tablet e-flex e-con-boxed e-con e-parent\" data-id=\"359739e\" data-element_type=\"container\" data-e-type=\"container\" data-settings=\"{&quot;background_background&quot;:&quot;classic&quot;}\">\n\t\t\t\t\t<div class=\"e-con-inner\">\n\t\t\t\t<div class=\"elementor-element elementor-element-2661976 elementor-widget elementor-widget-image\" data-id=\"2661976\" data-element_type=\"widget\" data-e-type=\"widget\" data-widget_type=\"image.default\">\n\t\t\t\t<div class=\"elementor-widget-container\">\n\t\t\t\t\t\t\t\t\t\t\t\t\t\t\t<img decoding=\"async\" width=\"1024\" height=\"819\" src=\"https:\/\/afanoc.org\/wp-content\/uploads\/Mobil_PGorra-2025_Bcn_Cast-1-1024x819.jpg\" class=\"attachment-large size-large wp-image-74056\" alt=\"Posa&#039;t la Gorra y celebra los 25 a\u00f1os\" srcset=\"https:\/\/afanoc.org\/wp-content\/uploads\/Mobil_PGorra-2025_Bcn_Cast-1-1024x819.jpg 1024w, https:\/\/afanoc.org\/wp-content\/uploads\/Mobil_PGorra-2025_Bcn_Cast-1-320x256.jpg 320w, https:\/\/afanoc.org\/wp-content\/uploads\/Mobil_PGorra-2025_Bcn_Cast-1-150x120.jpg 150w, https:\/\/afanoc.org\/wp-content\/uploads\/Mobil_PGorra-2025_Bcn_Cast-1-768x614.jpg 768w, https:\/\/afanoc.org\/wp-content\/uploads\/Mobil_PGorra-2025_Bcn_Cast-1-600x480.jpg 600w, https:\/\/afanoc.org\/wp-content\/uploads\/Mobil_PGorra-2025_Bcn_Cast-1.jpg 1042w\" sizes=\"(max-width: 1024px) 100vw, 1024px\" \/>\t\t\t\t\t\t\t\t\t\t\t\t\t\t\t<\/div>\n\t\t\t\t<\/div>\n\t\t\t\t\t<\/div>\n\t\t\t\t<\/div>\n\t\t<div class=\"elementor-element elementor-element-c94d92e e-flex e-con-boxed e-con e-parent\" data-id=\"c94d92e\" data-element_type=\"container\" data-e-type=\"container\">\n\t\t\t\t\t<div class=\"e-con-inner\">\n\t\t<div class=\"elementor-element elementor-element-b5180e1 e-con-full e-flex e-con e-child\" data-id=\"b5180e1\" data-element_type=\"container\" data-e-type=\"container\">\n\t\t\t\t<div class=\"elementor-element elementor-element-bcf81d8 elementor-widget elementor-widget-woocommerce-breadcrumb\" data-id=\"bcf81d8\" data-element_type=\"widget\" data-e-type=\"widget\" data-widget_type=\"woocommerce-breadcrumb.default\">\n\t\t\t\t<div class=\"elementor-widget-container\">\n\t\t\t\t\t<nav class=\"woocommerce-breadcrumb\" aria-label=\"Breadcrumb\">Inicio<\/nav>\t\t\t\t<\/div>\n\t\t\t\t<\/div>\n\t\t\t\t<\/div>\n\t\t\t\t\t<\/div>\n\t\t\t\t<\/div>\n\t\t<div class=\"elementor-element elementor-element-5b1d634 e-flex e-con-boxed e-con e-parent\" data-id=\"5b1d634\" data-element_type=\"container\" data-e-type=\"container\">\n\t\t\t\t\t<div class=\"e-con-inner\">\n\t\t<div class=\"elementor-element elementor-element-dfacdf8 e-con-full e-flex e-con e-child\" data-id=\"dfacdf8\" data-element_type=\"container\" data-e-type=\"container\">\n\t\t\t\t<div class=\"elementor-element elementor-element-434af29 elementor-widget elementor-widget-heading\" data-id=\"434af29\" data-element_type=\"widget\" data-e-type=\"widget\" data-widget_type=\"heading.default\">\n\t\t\t\t<div class=\"elementor-widget-container\">\n\t\t\t\t\t<h1 class=\"elementor-heading-title elementor-size-default\">Posa't <span style=\"color: #e17a26\">la Gorra!<\/span><\/h1>\t\t\t\t<\/div>\n\t\t\t\t<\/div>\n\t\t\t\t<div class=\"elementor-element elementor-element-e22f7ec elementor-widget elementor-widget-text-editor\" data-id=\"e22f7ec\" data-element_type=\"widget\" data-e-type=\"widget\" data-widget_type=\"text-editor.default\">\n\t\t\t\t<div class=\"elementor-widget-container\">\n\t\t\t\t\t\t\t\t\t<h3>La campa\u00f1a 2025-26 hace hincapi\u00e9 en el acompa\u00f1amiento<br \/>del entorno inmediato del ni\u00f1o, ni\u00f1a o joven con c\u00e1ncer.<br \/><br \/><\/h3><p>Nuestra tarea principal es la de acompa\u00f1ar a las familias a lo largo de todo el proceso de la enfermedad, una tarea que debe ir acompa\u00f1ada, indispensablemente, de la atenci\u00f3n sanitaria, l\u00fadica y educativa.<\/p><p><strong>Celebramos los 25 a\u00f1os de existencia de la gorra<\/strong> poniendo en valor esta labor conjunta. Juntos hemos hecho un recorrido largo e intenso que ha contado con muchos soportes, complicidades pero, sobre todo, cari\u00f1o.<\/p><p>La gorra, dise\u00f1ada por el ilustrador catal\u00e1n <strong>Joan Turu<\/strong>, quiere ser un homenaje, un agradecimiento y un llamamiento a seguir haciendo este camino juntos.<\/p><p><strong>PONTE LA \u00a1GORRA!&#8230; \u00a1ACOMPA\u00d1AMOS!<\/strong><\/p>\t\t\t\t\t\t\t\t<\/div>\n\t\t\t\t<\/div>\n\t\t\t\t<\/div>\n\t\t<div class=\"elementor-element elementor-element-7a55fc8 e-con-full e-flex e-con e-child\" data-id=\"7a55fc8\" data-element_type=\"container\" data-e-type=\"container\">\n\t\t\t\t<div class=\"elementor-element elementor-element-e4116af elementor-widget elementor-widget-image\" data-id=\"e4116af\" data-element_type=\"widget\" data-e-type=\"widget\" data-widget_type=\"image.default\">\n\t\t\t\t<div class=\"elementor-widget-container\">\n\t\t\t\t\t\t\t\t\t\t\t\t\t\t\t\t<a href=\"https:\/\/afanoc.org\/es\/tienda-solidaria\/gorra-joan-turu-2025\/\">\n\t\t\t\t\t\t\t<img decoding=\"async\" width=\"1024\" height=\"1024\" src=\"https:\/\/afanoc.org\/wp-content\/uploads\/Gorra-web-pagina--1024x1024.png\" class=\"attachment-large size-large wp-image-73904\" alt=\"Gorra Joan Turu\" srcset=\"https:\/\/afanoc.org\/wp-content\/uploads\/Gorra-web-pagina--1024x1024.png 1024w, https:\/\/afanoc.org\/wp-content\/uploads\/Gorra-web-pagina--320x320.png 320w, https:\/\/afanoc.org\/wp-content\/uploads\/Gorra-web-pagina--150x150.png 150w, https:\/\/afanoc.org\/wp-content\/uploads\/Gorra-web-pagina--768x768.png 768w, https:\/\/afanoc.org\/wp-content\/uploads\/Gorra-web-pagina--300x300.png 300w, https:\/\/afanoc.org\/wp-content\/uploads\/Gorra-web-pagina--600x600.png 600w, https:\/\/afanoc.org\/wp-content\/uploads\/Gorra-web-pagina--100x100.png 100w, https:\/\/afanoc.org\/wp-content\/uploads\/Gorra-web-pagina--50x50.png 50w, https:\/\/afanoc.org\/wp-content\/uploads\/Gorra-web-pagina-.png 1536w\" sizes=\"(max-width: 1024px) 100vw, 1024px\" \/>\t\t\t\t\t\t\t\t<\/a>\n\t\t\t\t\t\t\t\t\t\t\t\t\t\t\t<\/div>\n\t\t\t\t<\/div>\n\t\t\t\t<\/div>\n\t\t\t\t\t<\/div>\n\t\t\t\t<\/div>\n\t\t\t\t<section class=\"elementor-section elementor-top-section elementor-element elementor-element-6a61d40 elementor-section-content-middle elementor-section-boxed elementor-section-height-default elementor-section-height-default\" data-id=\"6a61d40\" data-element_type=\"section\" data-e-type=\"section\">\n\t\t\t\t\t\t<div class=\"elementor-container elementor-column-gap-narrow\">\n\t\t\t\t\t<div class=\"elementor-column elementor-col-25 elementor-top-column elementor-element elementor-element-1bc56d7\" data-id=\"1bc56d7\" data-element_type=\"column\" data-e-type=\"column\">\n\t\t\t<div class=\"elementor-widget-wrap elementor-element-populated\">\n\t\t\t\t\t\t<div class=\"elementor-element elementor-element-537b7ce elementor-align-center elementor-mobile-align-justify elementor-widget elementor-widget-button\" data-id=\"537b7ce\" data-element_type=\"widget\" data-e-type=\"widget\" data-widget_type=\"button.default\">\n\t\t\t\t<div class=\"elementor-widget-container\">\n\t\t\t\t\t\t\t\t\t<div class=\"elementor-button-wrapper\">\n\t\t\t\t\t<a class=\"elementor-button elementor-button-link elementor-size-md\" href=\"https:\/\/afanoc.org\/es\/historia-posat-la-gorra\/\">\n\t\t\t\t\t\t<span class=\"elementor-button-content-wrapper\">\n\t\t\t\t\t\t<span class=\"elementor-button-icon\">\n\t\t\t\t<i aria-hidden=\"true\" class=\"fas fa-history\"><\/i>\t\t\t<\/span>\n\t\t\t\t\t\t\t\t\t<span class=\"elementor-button-text\">Historia<\/span>\n\t\t\t\t\t<\/span>\n\t\t\t\t\t<\/a>\n\t\t\t\t<\/div>\n\t\t\t\t\t\t\t\t<\/div>\n\t\t\t\t<\/div>\n\t\t\t\t\t<\/div>\n\t\t<\/div>\n\t\t\t\t<div class=\"elementor-column elementor-col-25 elementor-top-column elementor-element elementor-element-7174cb3\" data-id=\"7174cb3\" data-element_type=\"column\" data-e-type=\"column\">\n\t\t\t<div class=\"elementor-widget-wrap elementor-element-populated\">\n\t\t\t\t\t\t<div class=\"elementor-element elementor-element-8041c67 elementor-align-center elementor-mobile-align-justify elementor-widget elementor-widget-button\" data-id=\"8041c67\" data-element_type=\"widget\" data-e-type=\"widget\" data-widget_type=\"button.default\">\n\t\t\t\t<div class=\"elementor-widget-container\">\n\t\t\t\t\t\t\t\t\t<div class=\"elementor-button-wrapper\">\n\t\t\t\t\t<a class=\"elementor-button elementor-button-link elementor-size-md\" href=\"https:\/\/afanoc.org\/es\/participa\/\">\n\t\t\t\t\t\t<span class=\"elementor-button-content-wrapper\">\n\t\t\t\t\t\t<span class=\"elementor-button-icon\">\n\t\t\t\t<i aria-hidden=\"true\" class=\"fas fa-hand-sparkles\"><\/i>\t\t\t<\/span>\n\t\t\t\t\t\t\t\t\t<span class=\"elementor-button-text\">Participa<\/span>\n\t\t\t\t\t<\/span>\n\t\t\t\t\t<\/a>\n\t\t\t\t<\/div>\n\t\t\t\t\t\t\t\t<\/div>\n\t\t\t\t<\/div>\n\t\t\t\t\t<\/div>\n\t\t<\/div>\n\t\t\t\t<div class=\"elementor-column elementor-col-25 elementor-top-column elementor-element elementor-element-4df61a6\" data-id=\"4df61a6\" data-element_type=\"column\" data-e-type=\"column\">\n\t\t\t<div class=\"elementor-widget-wrap elementor-element-populated\">\n\t\t\t\t\t\t<div class=\"elementor-element elementor-element-16c66d8 elementor-align-center elementor-mobile-align-justify elementor-widget elementor-widget-button\" data-id=\"16c66d8\" data-element_type=\"widget\" data-e-type=\"widget\" data-widget_type=\"button.default\">\n\t\t\t\t<div class=\"elementor-widget-container\">\n\t\t\t\t\t\t\t\t\t<div class=\"elementor-button-wrapper\">\n\t\t\t\t\t<a class=\"elementor-button elementor-button-link elementor-size-md\" href=\"https:\/\/afanoc.org\/es\/puntos-de-venta\/\">\n\t\t\t\t\t\t<span class=\"elementor-button-content-wrapper\">\n\t\t\t\t\t\t<span class=\"elementor-button-icon\">\n\t\t\t\t<i aria-hidden=\"true\" class=\"fas fa-location-arrow\"><\/i>\t\t\t<\/span>\n\t\t\t\t\t\t\t\t\t<span class=\"elementor-button-text\">Puntos de Venta<\/span>\n\t\t\t\t\t<\/span>\n\t\t\t\t\t<\/a>\n\t\t\t\t<\/div>\n\t\t\t\t\t\t\t\t<\/div>\n\t\t\t\t<\/div>\n\t\t\t\t\t<\/div>\n\t\t<\/div>\n\t\t\t\t<div class=\"elementor-column elementor-col-25 elementor-top-column elementor-element elementor-element-f610608\" data-id=\"f610608\" data-element_type=\"column\" data-e-type=\"column\">\n\t\t\t<div class=\"elementor-widget-wrap elementor-element-populated\">\n\t\t\t\t\t\t<div class=\"elementor-element elementor-element-f30a70f elementor-align-center elementor-mobile-align-justify elementor-widget elementor-widget-button\" data-id=\"f30a70f\" data-element_type=\"widget\" data-e-type=\"widget\" data-widget_type=\"button.default\">\n\t\t\t\t<div class=\"elementor-widget-container\">\n\t\t\t\t\t\t\t\t\t<div class=\"elementor-button-wrapper\">\n\t\t\t\t\t<a class=\"elementor-button elementor-button-link elementor-size-md\" href=\"https:\/\/afanoc.org\/es\/c\/gorras-solidarias\/\">\n\t\t\t\t\t\t<span class=\"elementor-button-content-wrapper\">\n\t\t\t\t\t\t<span class=\"elementor-button-icon\">\n\t\t\t\t<i aria-hidden=\"true\" class=\"fas fa-shopping-bag\"><\/i>\t\t\t<\/span>\n\t\t\t\t\t\t\t\t\t<span class=\"elementor-button-text\">C\u00f3mprala<\/span>\n\t\t\t\t\t<\/span>\n\t\t\t\t\t<\/a>\n\t\t\t\t<\/div>\n\t\t\t\t\t\t\t\t<\/div>\n\t\t\t\t<\/div>\n\t\t\t\t\t<\/div>\n\t\t<\/div>\n\t\t\t\t\t<\/div>\n\t\t<\/section>\n\t\t<div class=\"elementor-element elementor-element-829bdf6 e-flex e-con-boxed e-con e-parent\" data-id=\"829bdf6\" data-element_type=\"container\" data-e-type=\"container\" data-settings=\"{&quot;background_background&quot;:&quot;classic&quot;}\">\n\t\t\t\t\t<div class=\"e-con-inner\">\n\t\t\t\t<div class=\"elementor-element elementor-element-62deb1a elementor-widget elementor-widget-heading\" data-id=\"62deb1a\" data-element_type=\"widget\" data-e-type=\"widget\" data-widget_type=\"heading.default\">\n\t\t\t\t<div class=\"elementor-widget-container\">\n\t\t\t\t\t<h2 class=\"elementor-heading-title elementor-size-default\">\u00a1Ven a la pr\u00f3xima <span style=\"color: #e17a26\">fiesta!<\/span><\/h2>\t\t\t\t<\/div>\n\t\t\t\t<\/div>\n\t\t<div class=\"elementor-element elementor-element-76cfb86 e-flex e-con-boxed e-con e-child\" data-id=\"76cfb86\" data-element_type=\"container\" data-e-type=\"container\">\n\t\t\t\t\t<div class=\"e-con-inner\">\n\t\t\t\t<div class=\"elementor-element elementor-element-7fb3cdd elementor-widget elementor-widget-eventprimeelementorallevents\" data-id=\"7fb3cdd\" data-element_type=\"widget\" data-e-type=\"widget\" data-widget_type=\"eventprimeelementorallevents.default\">\n\t\t\t\t<div class=\"elementor-widget-container\">\n\t\t\t\t\t<div class=\"emagic\">\r\n        <input type=\"hidden\" id=\"ep-events-style\" value=\"staggered_grid\"\/> \r\n    <div class=\"ep-events-container ep-box-wrap ep-staggered_grid-view ep-my-4\" id=\"ep-events-container\">\r\n                \r\n        \r\n        <div id=\"ep-events-content-container\" class=\"ep-mt-4\">                <div class=\"ep-events ep-box-row ep-event-list-staggered_grid-container  ep_events_front_views_staggered_grid_266\" id=\"ep_events_front_views_staggered_grid\" data-section_id=\"266\">\r\n                    \r\n    <div class=\"ep-event-card ep-mb-4 ep-card-col-4 \">\r\n        <div class=\"ep-box-card-item ep-border ep-rounded ep-overflow-hidden\">\r\n            <div class=\"ep-box-card-thumb ep-overflow-hidden ep-position-relative \">\r\n                                    <a href=\"https:\/\/afanoc.org\/es\/blog\/e\/los-mercados-de-hospitalet-de-llobregat-se-vuelven-a-poner-la-gorra\/\"  class=\"ep-img-link\">\r\n                            <img decoding=\"async\" width=\"724\" height=\"1024\" src=\"https:\/\/afanoc.org\/wp-content\/uploads\/Cartell-Marcats-PGorra-Hospitalet-2026-1.jpg\" class=\"img-fluid ep-rounded-1 ep-box-w-100 ep-event-cover\" alt=\"Los mercados de Hospitalet de Llobregat se vuelven a poner la gorra!\" \/>                    <\/a>                <div class=\"ep-box-card-icon-group ep-position-absolute ep-bg-white ep-rounded-top ep-d-inline-flex\">\r\n                    <!--wishlist-->\r\n                                        <!--social sharing-->\r\n                                        <div class=\"ep-social-share-action-wrap\">\r\n                        <div class=\"ep-event-action ep-cursor ep-position-relative ep-px-2\">\r\n                            <span class=\"material-icons-outlined ep-handle-share ep-button-text-color ep-fs-6\">share<\/span>\r\n                                                        <ul class=\"ep-event-share ep-m-0 ep-px-0\" style=\"display:none;\">\r\n                                <li class=\"ep-event-social-icon\" title=\"\">\r\n                                    <a class=\"facebook\" href=\"https:\/\/www.facebook.com\/sharer\/sharer.php?u=https:\/\/afanoc.org\/es\/blog\/e\/los-mercados-de-hospitalet-de-llobregat-se-vuelven-a-poner-la-gorra\/\" onclick=\"javascript:window.open(this.href, '', 'menubar=no,toolbar=no,resizable=yes,scrollbars=yes,height=500,width=600'); return false;\" target=\"_blank\" title=\"Share on Facebook\">\r\n                                        <span class=\"ep-social-title\" title=\"Facebook\"> <svg xmlns=\"http:\/\/www.w3.org\/2000\/svg\" viewBox=\"0 0 320 512\"><!-- Font Awesome Pro 5.15.4 by @fontawesome - https:\/\/fontawesome.com License - https:\/\/fontawesome.com\/license (Commercial License) --><path d=\"M279.14 288l14.22-92.66h-88.91v-60.13c0-25.35 12.42-50.06 52.24-50.06h40.42V6.26S260.43 0 225.36 0c-73.22 0-121.08 44.38-121.08 124.72v70.62H22.89V288h81.39v224h100.17V288z\"\/><\/svg> Facebook<\/span>\r\n                                    <\/a>\r\n                                <\/li>\r\n                                <li class=\"ep-event-social-icon\">\r\n                                    <a class=\"twitter\" href=\"https:\/\/twitter.com\/share?url=https:\/\/afanoc.org\/es\/blog\/e\/los-mercados-de-hospitalet-de-llobregat-se-vuelven-a-poner-la-gorra\/\" onclick=\"javascript:window.open(this.href, '', 'menubar=no,toolbar=no,resizable=yes,scrollbars=yes,height=600,width=500'); return false;\" target=\"_blank\" title=\"Share on Twitter\">\r\n                                        <span class=\"ep-social-title\"><svg xmlns=\"http:\/\/www.w3.org\/2000\/svg\" viewBox=\"0 0 512 512\"><!-- Font Awesome Pro 5.15.4 by @fontawesome - https:\/\/fontawesome.com License - https:\/\/fontawesome.com\/license (Commercial License) --><path d=\"M459.37 151.716c.325 4.548.325 9.097.325 13.645 0 138.72-105.583 298.558-298.558 298.558-59.452 0-114.68-17.219-161.137-47.106 8.447.974 16.568 1.299 25.34 1.299 49.055 0 94.213-16.568 130.274-44.832-46.132-.975-84.792-31.188-98.112-72.772 6.498.974 12.995 1.624 19.818 1.624 9.421 0 18.843-1.3 27.614-3.573-48.081-9.747-84.143-51.98-84.143-102.985v-1.299c13.969 7.797 30.214 12.67 47.431 13.319-28.264-18.843-46.781-51.005-46.781-87.391 0-19.492 5.197-37.36 14.294-52.954 51.655 63.675 129.3 105.258 216.365 109.807-1.624-7.797-2.599-15.918-2.599-24.04 0-57.828 46.782-104.934 104.934-104.934 30.213 0 57.502 12.67 76.67 33.137 23.715-4.548 46.456-13.32 66.599-25.34-7.798 24.366-24.366 44.833-46.132 57.827 21.117-2.273 41.584-8.122 60.426-16.243-14.292 20.791-32.161 39.308-52.628 54.253z\"\/><\/svg>Twitter<\/span>\r\n                                    <\/a>\r\n                                <\/li>\r\n\r\n                                <li class=\"ep-event-social-icon\">\r\n                                    <a href=\"https:\/\/www.linkedin.com\/sharing\/share-offsite\/?url=https:\/\/afanoc.org\/es\/blog\/e\/los-mercados-de-hospitalet-de-llobregat-se-vuelven-a-poner-la-gorra\/\" onclick=\"javascript:window.open(this.href, '', 'menubar=no,toolbar=no,resizable=yes,scrollbars=yes,height=600,width=500'); return false;\" target=\"_blank\" title=\"Share on Linkedin\">\r\n                                        <span class=\"ep-social-title\"><svg xmlns=\"http:\/\/www.w3.org\/2000\/svg\" viewBox=\"0 0 448 512\"><!-- Font Awesome Pro 5.15.4 by @fontawesome - https:\/\/fontawesome.com License - https:\/\/fontawesome.com\/license (Commercial License) --><path d=\"M100.28 448H7.4V148.9h92.88zM53.79 108.1C24.09 108.1 0 83.5 0 53.8a53.79 53.79 0 0 1 107.58 0c0 29.7-24.1 54.3-53.79 54.3zM447.9 448h-92.68V302.4c0-34.7-.7-79.2-48.29-79.2-48.29 0-55.69 37.7-55.69 76.7V448h-92.78V148.9h89.08v40.8h1.3c12.4-23.5 42.69-48.3 87.88-48.3 94 0 111.28 61.9 111.28 142.3V448z\"\/><\/svg>Linkedin<\/span>\r\n                                    <\/a>\r\n                                <\/li>\r\n                                <li class=\"ep-event-social-icon\">\r\n                                    <a href=\"https:\/\/api.whatsapp.com\/send?text=https:\/\/afanoc.org\/es\/blog\/e\/los-mercados-de-hospitalet-de-llobregat-se-vuelven-a-poner-la-gorra\/\" target=\"_blank\" title=\"Share on Whatsapp\">\r\n                                        <span class=\"ep-social-title\"><svg xmlns=\"http:\/\/www.w3.org\/2000\/svg\" viewBox=\"0 0 448 512\"><!-- Font Awesome Pro 5.15.4 by @fontawesome - https:\/\/fontawesome.com License - https:\/\/fontawesome.com\/license (Commercial License) --><path d=\"M380.9 97.1C339 55.1 283.2 32 223.9 32c-122.4 0-222 99.6-222 222 0 39.1 10.2 77.3 29.6 111L0 480l117.7-30.9c32.4 17.7 68.9 27 106.1 27h.1c122.3 0 224.1-99.6 224.1-222 0-59.3-25.2-115-67.1-157zm-157 341.6c-33.2 0-65.7-8.9-94-25.7l-6.7-4-69.8 18.3L72 359.2l-4.4-7c-18.5-29.4-28.2-63.3-28.2-98.2 0-101.7 82.8-184.5 184.6-184.5 49.3 0 95.6 19.2 130.4 54.1 34.8 34.9 56.2 81.2 56.1 130.5 0 101.8-84.9 184.6-186.6 184.6zm101.2-138.2c-5.5-2.8-32.8-16.2-37.9-18-5.1-1.9-8.8-2.8-12.5 2.8-3.7 5.6-14.3 18-17.6 21.8-3.2 3.7-6.5 4.2-12 1.4-32.6-16.3-54-29.1-75.5-66-5.7-9.8 5.7-9.1 16.3-30.3 1.8-3.7.9-6.9-.5-9.7-1.4-2.8-12.5-30.1-17.1-41.2-4.5-10.8-9.1-9.3-12.5-9.5-3.2-.2-6.9-.2-10.6-.2-3.7 0-9.7 1.4-14.8 6.9-5.1 5.6-19.4 19-19.4 46.3 0 27.3 19.9 53.7 22.6 57.4 2.8 3.7 39.1 59.7 94.8 83.8 35.2 15.2 49 16.5 66.6 13.9 10.7-1.6 32.8-13.4 37.4-26.4 4.6-13 4.6-24.1 3.2-26.4-1.3-2.5-5-3.9-10.5-6.6z\"\/><\/svg>Whatsapp<\/span>\r\n                                    <\/a>\r\n                                <\/li>\r\n                            <\/ul>\r\n                        <\/div>\r\n                    <\/div>                    \r\n                                    <\/div>\r\n            <\/div>\r\n            \r\n            \r\n            <div class=\"ep-box-card-content ep-text-small ep-p-3 ep-bg-white ep-d-flex ep-flex-column\">\r\n                <!-- Event Title -->\r\n                <div class=\"ep-box-title ep-box-card-title ep-mb-2\">\r\n                    <a href=\"https:\/\/afanoc.org\/es\/blog\/e\/los-mercados-de-hospitalet-de-llobregat-se-vuelven-a-poner-la-gorra\/\"  class=\"ep-fw-bold ep-fs-6 ep-my-3 ep-text-dark\">\r\n                        Los mercados de Hospitalet de Llobregat se vuelven a poner la gorra!                    <\/a>\r\n                <\/div>                    <div class=\"ep-event-details ep-d-flex ep-justify-content-between ep-mb-2\">\r\n                        <div class=\"ep-card-event-date ep-d-flex ep-text-muted \">\r\n                            <div class=\"ep-card-event-date-wrap ep-d-flex ep-fw-bold\">\r\n                                                                    <span class=\"ep-card-event-date-start ep-text-primary\">\r\n                                        S\u00e1b, 09 May 10:30                                    <\/span>                            <\/div>\r\n                        <\/div>\r\n                    <\/div>\r\n                \r\n                <!-- Event Description -->\r\n                <div class=\"ep-box-card-desc-masonry ep-box-card-desc ep-text-small ep-mb-2\">\r\n                    Un a\u00f1o m\u00e1s, podr\u00e1s conseguir tu gorra a los mercados de Hospitalet de Llobregat el s\u00e1bado 9 de mayo. El s\u00e1bado 9 de mayo, el \"Posa't la Gorra!\u201d vuelve a los mercados de Hospitalet de Llobregat con una nueva jornada solidaria. Durante la ma\u00f1ana, varias paradas de los mercados municipales ofrecer\u00e1n la posibilidad de recoger la gorra en horario de 10.30 h a 14.00 h. La gorra es de la campa\u00f1a actual, dise\u00f1ada por el artista Joan Turu, y se podr\u00e1 adquirir por el precio de 8\u20ac. Nos podr\u00e1s encontrar a los mercados de: Mercado de Santa Eul\u00e0lia Interior Mercado&hellip;                <\/div>\r\n\r\n                <!-- Hook after event description -->\r\n                                \r\n                <!-- Event Price -->\r\n                \r\n                <!-- Booking Status -->\r\n                            <\/div>\r\n            \r\n            \r\n            <div class=\"ep-text-center ep-card-footer ep-border-top ep-bg-white\">\r\n                                        <a href=\"https:\/\/afanoc.org\/es\/blog\/e\/los-mercados-de-hospitalet-de-llobregat-se-vuelven-a-poner-la-gorra\/\">\r\n                            <div class=\"ep-btn ep-btn-dark ep-box-w-100 ep-my-0 ep-py-2\">\r\n                                <span class=\"ep-fw-bold ep-text-small\">+ INFO<\/span>\r\n                            <\/div>\r\n                        <\/a>\r\n                                <\/div>\r\n\r\n            \r\n        <\/div>\r\n    <\/div>\r\n    <div class=\"ep-event-card ep-mb-4 ep-card-col-4 \">\r\n        <div class=\"ep-box-card-item ep-border ep-rounded ep-overflow-hidden\">\r\n            <div class=\"ep-box-card-thumb ep-overflow-hidden ep-position-relative \">\r\n                                    <a href=\"https:\/\/afanoc.org\/es\/blog\/e\/posat-la-gorra-en-el-camp-de-mart-de-tarragona-2\/\"  class=\"ep-img-link\">\r\n                            <img decoding=\"async\" width=\"727\" height=\"1024\" src=\"https:\/\/afanoc.org\/wp-content\/uploads\/Cartell-PGorra-Tarragona-2026_OK-727x1024.jpg\" class=\"img-fluid ep-rounded-1 ep-box-w-100 ep-event-cover\" alt=\"Posa\u2019t la Gorra! en el Camp de Mart de Tarragona\" srcset=\"https:\/\/afanoc.org\/wp-content\/uploads\/Cartell-PGorra-Tarragona-2026_OK-727x1024.jpg 727w, https:\/\/afanoc.org\/wp-content\/uploads\/Cartell-PGorra-Tarragona-2026_OK-227x320.jpg 227w, https:\/\/afanoc.org\/wp-content\/uploads\/Cartell-PGorra-Tarragona-2026_OK-107x150.jpg 107w, https:\/\/afanoc.org\/wp-content\/uploads\/Cartell-PGorra-Tarragona-2026_OK-768x1082.jpg 768w, https:\/\/afanoc.org\/wp-content\/uploads\/Cartell-PGorra-Tarragona-2026_OK-1091x1536.jpg 1091w, https:\/\/afanoc.org\/wp-content\/uploads\/Cartell-PGorra-Tarragona-2026_OK-1454x2048.jpg 1454w, https:\/\/afanoc.org\/wp-content\/uploads\/Cartell-PGorra-Tarragona-2026_OK-600x845.jpg 600w, https:\/\/afanoc.org\/wp-content\/uploads\/Cartell-PGorra-Tarragona-2026_OK-scaled.jpg 1818w\" sizes=\"(max-width: 727px) 100vw, 727px\" \/>                    <\/a>                <div class=\"ep-box-card-icon-group ep-position-absolute ep-bg-white ep-rounded-top ep-d-inline-flex\">\r\n                    <!--wishlist-->\r\n                                        <!--social sharing-->\r\n                                        <div class=\"ep-social-share-action-wrap\">\r\n                        <div class=\"ep-event-action ep-cursor ep-position-relative ep-px-2\">\r\n                            <span class=\"material-icons-outlined ep-handle-share ep-button-text-color ep-fs-6\">share<\/span>\r\n                                                        <ul class=\"ep-event-share ep-m-0 ep-px-0\" style=\"display:none;\">\r\n                                <li class=\"ep-event-social-icon\" title=\"\">\r\n                                    <a class=\"facebook\" href=\"https:\/\/www.facebook.com\/sharer\/sharer.php?u=https:\/\/afanoc.org\/es\/blog\/e\/posat-la-gorra-en-el-camp-de-mart-de-tarragona-2\/\" onclick=\"javascript:window.open(this.href, '', 'menubar=no,toolbar=no,resizable=yes,scrollbars=yes,height=500,width=600'); return false;\" target=\"_blank\" title=\"Share on Facebook\">\r\n                                        <span class=\"ep-social-title\" title=\"Facebook\"> <svg xmlns=\"http:\/\/www.w3.org\/2000\/svg\" viewBox=\"0 0 320 512\"><!-- Font Awesome Pro 5.15.4 by @fontawesome - https:\/\/fontawesome.com License - https:\/\/fontawesome.com\/license (Commercial License) --><path d=\"M279.14 288l14.22-92.66h-88.91v-60.13c0-25.35 12.42-50.06 52.24-50.06h40.42V6.26S260.43 0 225.36 0c-73.22 0-121.08 44.38-121.08 124.72v70.62H22.89V288h81.39v224h100.17V288z\"\/><\/svg> Facebook<\/span>\r\n                                    <\/a>\r\n                                <\/li>\r\n                                <li class=\"ep-event-social-icon\">\r\n                                    <a class=\"twitter\" href=\"https:\/\/twitter.com\/share?url=https:\/\/afanoc.org\/es\/blog\/e\/posat-la-gorra-en-el-camp-de-mart-de-tarragona-2\/\" onclick=\"javascript:window.open(this.href, '', 'menubar=no,toolbar=no,resizable=yes,scrollbars=yes,height=600,width=500'); return false;\" target=\"_blank\" title=\"Share on Twitter\">\r\n                                        <span class=\"ep-social-title\"><svg xmlns=\"http:\/\/www.w3.org\/2000\/svg\" viewBox=\"0 0 512 512\"><!-- Font Awesome Pro 5.15.4 by @fontawesome - https:\/\/fontawesome.com License - https:\/\/fontawesome.com\/license (Commercial License) --><path d=\"M459.37 151.716c.325 4.548.325 9.097.325 13.645 0 138.72-105.583 298.558-298.558 298.558-59.452 0-114.68-17.219-161.137-47.106 8.447.974 16.568 1.299 25.34 1.299 49.055 0 94.213-16.568 130.274-44.832-46.132-.975-84.792-31.188-98.112-72.772 6.498.974 12.995 1.624 19.818 1.624 9.421 0 18.843-1.3 27.614-3.573-48.081-9.747-84.143-51.98-84.143-102.985v-1.299c13.969 7.797 30.214 12.67 47.431 13.319-28.264-18.843-46.781-51.005-46.781-87.391 0-19.492 5.197-37.36 14.294-52.954 51.655 63.675 129.3 105.258 216.365 109.807-1.624-7.797-2.599-15.918-2.599-24.04 0-57.828 46.782-104.934 104.934-104.934 30.213 0 57.502 12.67 76.67 33.137 23.715-4.548 46.456-13.32 66.599-25.34-7.798 24.366-24.366 44.833-46.132 57.827 21.117-2.273 41.584-8.122 60.426-16.243-14.292 20.791-32.161 39.308-52.628 54.253z\"\/><\/svg>Twitter<\/span>\r\n                                    <\/a>\r\n                                <\/li>\r\n\r\n                                <li class=\"ep-event-social-icon\">\r\n                                    <a href=\"https:\/\/www.linkedin.com\/sharing\/share-offsite\/?url=https:\/\/afanoc.org\/es\/blog\/e\/posat-la-gorra-en-el-camp-de-mart-de-tarragona-2\/\" onclick=\"javascript:window.open(this.href, '', 'menubar=no,toolbar=no,resizable=yes,scrollbars=yes,height=600,width=500'); return false;\" target=\"_blank\" title=\"Share on Linkedin\">\r\n                                        <span class=\"ep-social-title\"><svg xmlns=\"http:\/\/www.w3.org\/2000\/svg\" viewBox=\"0 0 448 512\"><!-- Font Awesome Pro 5.15.4 by @fontawesome - https:\/\/fontawesome.com License - https:\/\/fontawesome.com\/license (Commercial License) --><path d=\"M100.28 448H7.4V148.9h92.88zM53.79 108.1C24.09 108.1 0 83.5 0 53.8a53.79 53.79 0 0 1 107.58 0c0 29.7-24.1 54.3-53.79 54.3zM447.9 448h-92.68V302.4c0-34.7-.7-79.2-48.29-79.2-48.29 0-55.69 37.7-55.69 76.7V448h-92.78V148.9h89.08v40.8h1.3c12.4-23.5 42.69-48.3 87.88-48.3 94 0 111.28 61.9 111.28 142.3V448z\"\/><\/svg>Linkedin<\/span>\r\n                                    <\/a>\r\n                                <\/li>\r\n                                <li class=\"ep-event-social-icon\">\r\n                                    <a href=\"https:\/\/api.whatsapp.com\/send?text=https:\/\/afanoc.org\/es\/blog\/e\/posat-la-gorra-en-el-camp-de-mart-de-tarragona-2\/\" target=\"_blank\" title=\"Share on Whatsapp\">\r\n                                        <span class=\"ep-social-title\"><svg xmlns=\"http:\/\/www.w3.org\/2000\/svg\" viewBox=\"0 0 448 512\"><!-- Font Awesome Pro 5.15.4 by @fontawesome - https:\/\/fontawesome.com License - https:\/\/fontawesome.com\/license (Commercial License) --><path d=\"M380.9 97.1C339 55.1 283.2 32 223.9 32c-122.4 0-222 99.6-222 222 0 39.1 10.2 77.3 29.6 111L0 480l117.7-30.9c32.4 17.7 68.9 27 106.1 27h.1c122.3 0 224.1-99.6 224.1-222 0-59.3-25.2-115-67.1-157zm-157 341.6c-33.2 0-65.7-8.9-94-25.7l-6.7-4-69.8 18.3L72 359.2l-4.4-7c-18.5-29.4-28.2-63.3-28.2-98.2 0-101.7 82.8-184.5 184.6-184.5 49.3 0 95.6 19.2 130.4 54.1 34.8 34.9 56.2 81.2 56.1 130.5 0 101.8-84.9 184.6-186.6 184.6zm101.2-138.2c-5.5-2.8-32.8-16.2-37.9-18-5.1-1.9-8.8-2.8-12.5 2.8-3.7 5.6-14.3 18-17.6 21.8-3.2 3.7-6.5 4.2-12 1.4-32.6-16.3-54-29.1-75.5-66-5.7-9.8 5.7-9.1 16.3-30.3 1.8-3.7.9-6.9-.5-9.7-1.4-2.8-12.5-30.1-17.1-41.2-4.5-10.8-9.1-9.3-12.5-9.5-3.2-.2-6.9-.2-10.6-.2-3.7 0-9.7 1.4-14.8 6.9-5.1 5.6-19.4 19-19.4 46.3 0 27.3 19.9 53.7 22.6 57.4 2.8 3.7 39.1 59.7 94.8 83.8 35.2 15.2 49 16.5 66.6 13.9 10.7-1.6 32.8-13.4 37.4-26.4 4.6-13 4.6-24.1 3.2-26.4-1.3-2.5-5-3.9-10.5-6.6z\"\/><\/svg>Whatsapp<\/span>\r\n                                    <\/a>\r\n                                <\/li>\r\n                            <\/ul>\r\n                        <\/div>\r\n                    <\/div>                    \r\n                                    <\/div>\r\n            <\/div>\r\n            \r\n            \r\n            <div class=\"ep-box-card-content ep-text-small ep-p-3 ep-bg-white ep-d-flex ep-flex-column\">\r\n                <!-- Event Title -->\r\n                <div class=\"ep-box-title ep-box-card-title ep-mb-2\">\r\n                    <a href=\"https:\/\/afanoc.org\/es\/blog\/e\/posat-la-gorra-en-el-camp-de-mart-de-tarragona-2\/\"  class=\"ep-fw-bold ep-fs-6 ep-my-3 ep-text-dark\">\r\n                        Posa\u2019t la Gorra! en el Camp de Mart de Tarragona                    <\/a>\r\n                <\/div>                    <div class=\"ep-box-card-venue ep-card-venue ep-text-muted ep-text-truncate\">Camp de Mart, Tarragona                    <\/div>                    <div class=\"ep-event-details ep-d-flex ep-justify-content-between ep-mb-2\">\r\n                        <div class=\"ep-card-event-date ep-d-flex ep-text-muted \">\r\n                            <div class=\"ep-card-event-date-wrap ep-d-flex ep-fw-bold\">\r\n                                                                    <span class=\"ep-card-event-date-start ep-text-primary\">\r\n                                        Dom, 07 Jun 11:00                                    <\/span>                            <\/div>\r\n                        <\/div>\r\n                    <\/div>\r\n                \r\n                <!-- Event Description -->\r\n                <div class=\"ep-box-card-desc-masonry ep-box-card-desc ep-text-small ep-mb-2\">\r\n                    El domingo 7 de junio, de 11.00 a 14.00 horas, el Camp de Mart de Tarragona acoger\u00e1 por tercer a\u00f1o consecutivo la fiesta \u201cPosa't la Gorra!\u201d. Este a\u00f1o, la fiesta cuenta con una gorra solidaria dise\u00f1ada por el ilustrador Joan Turu, que simboliza el valor del acompa\u00f1amiento y la complicidad. La gorra se podr\u00e1 adquirir en la talla infantil y adulto el mismo d\u00eda de la fiesta, en las paradas previas que organizaremos y a los diferentes puntos de venta habilitados en la ciudad y en varias poblaciones de la provincia. Para acceder, solo hay que llevar la gorra de&hellip;                <\/div>\r\n\r\n                <!-- Hook after event description -->\r\n                                \r\n                <!-- Event Price -->\r\n                \r\n                <!-- Booking Status -->\r\n                            <\/div>\r\n            \r\n            \r\n            <div class=\"ep-text-center ep-card-footer ep-border-top ep-bg-white\">\r\n                                        <a href=\"https:\/\/afanoc.org\/es\/blog\/e\/posat-la-gorra-en-el-camp-de-mart-de-tarragona-2\/\">\r\n                            <div class=\"ep-btn ep-btn-dark ep-box-w-100 ep-my-0 ep-py-2\">\r\n                                <span class=\"ep-fw-bold ep-text-small\">+ INFO<\/span>\r\n                            <\/div>\r\n                        <\/a>\r\n                                <\/div>\r\n\r\n            \r\n        <\/div>\r\n    <\/div>\r\n                <\/div>\r\n                                <\/div>\r\n            <\/div><\/div>                <script>\n                jQuery( '.ep-event-loader' ).hide();\n                <\/script>\n                \t\t\t\t<\/div>\n\t\t\t\t<\/div>\n\t\t\t\t\t<\/div>\n\t\t\t\t<\/div>\n\t\t\t\t\t<\/div>\n\t\t\t\t<\/div>\n\t\t<div class=\"elementor-element elementor-element-041d4ee elementor-hidden-mobile e-flex e-con-boxed e-con e-parent\" data-id=\"041d4ee\" data-element_type=\"container\" data-e-type=\"container\">\n\t\t\t\t\t<div class=\"e-con-inner\">\n\t\t<div class=\"elementor-element elementor-element-26a24e1 e-con-full e-flex e-con e-child\" data-id=\"26a24e1\" data-element_type=\"container\" data-e-type=\"container\">\n\t\t\t\t<div class=\"elementor-element elementor-element-18f7147 elementor-widget elementor-widget-image\" data-id=\"18f7147\" data-element_type=\"widget\" data-e-type=\"widget\" data-widget_type=\"image.default\">\n\t\t\t\t<div class=\"elementor-widget-container\">\n\t\t\t\t\t\t\t\t\t\t\t\t\t\t\t<img decoding=\"async\" width=\"1182\" height=\"248\" src=\"https:\/\/afanoc.org\/wp-content\/uploads\/posat-la-gorra-contrael-cancer-infantil.jpg\" class=\"attachment-full size-full wp-image-33035\" alt=\"\" srcset=\"https:\/\/afanoc.org\/wp-content\/uploads\/posat-la-gorra-contrael-cancer-infantil.jpg 1182w, https:\/\/afanoc.org\/wp-content\/uploads\/posat-la-gorra-contrael-cancer-infantil-300x63.jpg 300w, https:\/\/afanoc.org\/wp-content\/uploads\/posat-la-gorra-contrael-cancer-infantil-1024x215.jpg 1024w, https:\/\/afanoc.org\/wp-content\/uploads\/posat-la-gorra-contrael-cancer-infantil-768x161.jpg 768w, https:\/\/afanoc.org\/wp-content\/uploads\/posat-la-gorra-contrael-cancer-infantil-600x126.jpg 600w\" sizes=\"(max-width: 1182px) 100vw, 1182px\" \/>\t\t\t\t\t\t\t\t\t\t\t\t\t\t\t<\/div>\n\t\t\t\t<\/div>\n\t\t\t\t<\/div>\n\t\t\t\t\t<\/div>\n\t\t\t\t<\/div>\n\t\t<div class=\"elementor-element elementor-element-45412ef e-flex e-con-boxed e-con e-parent\" data-id=\"45412ef\" data-element_type=\"container\" data-e-type=\"container\">\n\t\t\t\t\t<div class=\"e-con-inner\">\n\t\t<div class=\"elementor-element elementor-element-bcad8dc e-con-full e-flex e-con e-child\" data-id=\"bcad8dc\" data-element_type=\"container\" data-e-type=\"container\">\n\t\t\t\t<div class=\"elementor-element elementor-element-65e5273 elementor-widget elementor-widget-text-editor\" data-id=\"65e5273\" data-element_type=\"widget\" data-e-type=\"widget\" data-widget_type=\"text-editor.default\">\n\t\t\t\t<div class=\"elementor-widget-container\">\n\t\t\t\t\t\t\t\t\t<h3><span style=\"color: #3c97fd;\">LA GORRA<\/span><\/h3>\n\t\t\t\t\t\t\t\t<\/div>\n\t\t\t\t<\/div>\n\t\t\t\t<div class=\"elementor-element elementor-element-c14d123 elementor-widget elementor-widget-text-editor\" data-id=\"c14d123\" data-element_type=\"widget\" data-e-type=\"widget\" data-widget_type=\"text-editor.default\">\n\t\t\t\t<div class=\"elementor-widget-container\">\n\t\t\t\t\t\t\t\t\t<p>El gorro cambia de dise\u00f1o cada a\u00f1o gracias a la colaboraci\u00f3n de marcas y dise\u00f1adores internacionales que aportan su visi\u00f3n a la campa\u00f1a a\u00f1adiendo un plus cualitativo que las convierte en un art\u00edculo solidario de coleccionismo.<\/p>\n\t\t\t\t\t\t\t\t<\/div>\n\t\t\t\t<\/div>\n\t\t\t\t<div class=\"elementor-element elementor-element-efbf329 elementor-align-center elementor-widget elementor-widget-button\" data-id=\"efbf329\" data-element_type=\"widget\" data-e-type=\"widget\" data-widget_type=\"button.default\">\n\t\t\t\t<div class=\"elementor-widget-container\">\n\t\t\t\t\t\t\t\t\t<div class=\"elementor-button-wrapper\">\n\t\t\t\t\t<a class=\"elementor-button elementor-button-link elementor-size-sm\" href=\"\/dev?product_cat=gorres-solidaries\" target=\"_blank\">\n\t\t\t\t\t\t<span class=\"elementor-button-content-wrapper\">\n\t\t\t\t\t\t\t\t\t<span class=\"elementor-button-text\">COMPRA LA GORRA<\/span>\n\t\t\t\t\t<\/span>\n\t\t\t\t\t<\/a>\n\t\t\t\t<\/div>\n\t\t\t\t\t\t\t\t<\/div>\n\t\t\t\t<\/div>\n\t\t\t\t<\/div>\n\t\t<div class=\"elementor-element elementor-element-a96e690 e-con-full e-flex e-con e-child\" data-id=\"a96e690\" data-element_type=\"container\" data-e-type=\"container\">\n\t\t\t\t<div class=\"elementor-element elementor-element-4d39c81 elementor-widget elementor-widget-text-editor\" data-id=\"4d39c81\" data-element_type=\"widget\" data-e-type=\"widget\" data-widget_type=\"text-editor.default\">\n\t\t\t\t<div class=\"elementor-widget-container\">\n\t\t\t\t\t\t\t\t\t<h3><span style=\"color: #fdb45c;\">FINANCIACI\u00d3N<\/span><\/h3>\n\t\t\t\t\t\t\t\t<\/div>\n\t\t\t\t<\/div>\n\t\t\t\t<div class=\"elementor-element elementor-element-ef2e8c1 elementor-widget elementor-widget-text-editor\" data-id=\"ef2e8c1\" data-element_type=\"widget\" data-e-type=\"widget\" data-widget_type=\"text-editor.default\">\n\t\t\t\t<div class=\"elementor-widget-container\">\n\t\t\t\t\t\t\t\t\t<p>La campa\u00f1a es la principal fuente de recursos para financiar los servicios que AFANOC ofrece desde los hospitales y sus sedes de Barcelona, \u200b\u200bLleida y Tarragona, tambi\u00e9n el alojamiento, los servicios y el mantenimiento de La Casa dels Xuklis. <\/p>\n\t\t\t\t\t\t\t\t<\/div>\n\t\t\t\t<\/div>\n\t\t\t\t<div class=\"elementor-element elementor-element-2adbe71 elementor-align-center elementor-widget elementor-widget-button\" data-id=\"2adbe71\" data-element_type=\"widget\" data-e-type=\"widget\" data-widget_type=\"button.default\">\n\t\t\t\t<div class=\"elementor-widget-container\">\n\t\t\t\t\t\t\t\t\t<div class=\"elementor-button-wrapper\">\n\t\t\t\t\t<a class=\"elementor-button elementor-button-link elementor-size-sm\" href=\"https:\/\/afanoc.org\/es\/somos-transparentes\/\">\n\t\t\t\t\t\t<span class=\"elementor-button-content-wrapper\">\n\t\t\t\t\t\t\t\t\t<span class=\"elementor-button-text\">TRANSPARENCIA<\/span>\n\t\t\t\t\t<\/span>\n\t\t\t\t\t<\/a>\n\t\t\t\t<\/div>\n\t\t\t\t\t\t\t\t<\/div>\n\t\t\t\t<\/div>\n\t\t\t\t<\/div>\n\t\t<div class=\"elementor-element elementor-element-2f48e5d e-con-full e-flex e-con e-child\" data-id=\"2f48e5d\" data-element_type=\"container\" data-e-type=\"container\">\n\t\t\t\t<div class=\"elementor-element elementor-element-8cf0831 elementor-widget elementor-widget-text-editor\" data-id=\"8cf0831\" data-element_type=\"widget\" data-e-type=\"widget\" data-widget_type=\"text-editor.default\">\n\t\t\t\t<div class=\"elementor-widget-container\">\n\t\t\t\t\t\t\t\t\t<h3><span style=\"color: #fe5e60;\">LAS FIESTAS<\/span><\/h3>\n\t\t\t\t\t\t\t\t<\/div>\n\t\t\t\t<\/div>\n\t\t\t\t<div class=\"elementor-element elementor-element-869f464 elementor-widget elementor-widget-text-editor\" data-id=\"869f464\" data-element_type=\"widget\" data-e-type=\"widget\" data-widget_type=\"text-editor.default\">\n\t\t\t\t<div class=\"elementor-widget-container\">\n\t\t\t\t\t\t\t\t\t<p>Las Fiestas de la gorra que se celebran en todo el territorio permiten compartir con la sociedad la realidad de estas familias desde un entorno l\u00fadico y festivo, contribuyendo a normalizar la enfermedad e implicando a peque\u00f1os y mayores a participar de estas fiestas.<\/p>\n\t\t\t\t\t\t\t\t<\/div>\n\t\t\t\t<\/div>\n\t\t\t\t<div class=\"elementor-element elementor-element-a33f095 elementor-align-center elementor-widget elementor-widget-button\" data-id=\"a33f095\" data-element_type=\"widget\" data-e-type=\"widget\" data-widget_type=\"button.default\">\n\t\t\t\t<div class=\"elementor-widget-container\">\n\t\t\t\t\t\t\t\t\t<div class=\"elementor-button-wrapper\">\n\t\t\t\t\t<a class=\"elementor-button elementor-button-link elementor-size-sm\" href=\"#%5Bwpgmza%20id=2%5D\">\n\t\t\t\t\t\t<span class=\"elementor-button-content-wrapper\">\n\t\t\t\t\t\t\t\t\t<span class=\"elementor-button-text\">TODAS LAS FIESTAS<\/span>\n\t\t\t\t\t<\/span>\n\t\t\t\t\t<\/a>\n\t\t\t\t<\/div>\n\t\t\t\t\t\t\t\t<\/div>\n\t\t\t\t<\/div>\n\t\t\t\t<\/div>\n\t\t\t\t\t<\/div>\n\t\t\t\t<\/div>\n\t\t<div class=\"elementor-element elementor-element-76183ca e-flex e-con-boxed e-con e-parent\" data-id=\"76183ca\" data-element_type=\"container\" data-e-type=\"container\">\n\t\t\t\t\t<div class=\"e-con-inner\">\n\t\t<div class=\"elementor-element elementor-element-f038ee4 e-con-full e-flex e-con e-child\" data-id=\"f038ee4\" data-element_type=\"container\" data-e-type=\"container\">\n\t\t\t\t<div class=\"elementor-element elementor-element-98742c3 elementor-widget elementor-widget-heading\" data-id=\"98742c3\" data-element_type=\"widget\" data-e-type=\"widget\" data-widget_type=\"heading.default\">\n\t\t\t\t<div class=\"elementor-widget-container\">\n\t\t\t\t\t<h2 class=\"elementor-heading-title elementor-size-default\">Establecimientos <span style=\"color: #e17a26\">colaboradores <\/span><\/h2>\t\t\t\t<\/div>\n\t\t\t\t<\/div>\n\t\t\t\t<div class=\"elementor-element elementor-element-28c8a28 elementor-align-center elementor-widget elementor-widget-button\" data-id=\"28c8a28\" data-element_type=\"widget\" data-e-type=\"widget\" data-widget_type=\"button.default\">\n\t\t\t\t<div class=\"elementor-widget-container\">\n\t\t\t\t\t\t\t\t\t<div class=\"elementor-button-wrapper\">\n\t\t\t\t\t<a class=\"elementor-button elementor-button-link elementor-size-lg\" href=\"https:\/\/afanoc.org\/es\/puntos-de-venta\/\">\n\t\t\t\t\t\t<span class=\"elementor-button-content-wrapper\">\n\t\t\t\t\t\t\t\t\t<span class=\"elementor-button-text\">Aqu\u00ed puedes encontrar tu punto de venta<\/span>\n\t\t\t\t\t<\/span>\n\t\t\t\t\t<\/a>\n\t\t\t\t<\/div>\n\t\t\t\t\t\t\t\t<\/div>\n\t\t\t\t<\/div>\n\t\t\t\t<\/div>\n\t\t\t\t\t<\/div>\n\t\t\t\t<\/div>\n\t\t<div class=\"elementor-element elementor-element-566d91c e-flex e-con-boxed e-con e-parent\" data-id=\"566d91c\" data-element_type=\"container\" data-e-type=\"container\">\n\t\t\t\t\t<div class=\"e-con-inner\">\n\t\t<div class=\"elementor-element elementor-element-f89d2f0 e-con-full e-flex e-con e-child\" data-id=\"f89d2f0\" data-element_type=\"container\" data-e-type=\"container\">\n\t\t\t\t<div class=\"elementor-element elementor-element-7c11c9a elementor-widget elementor-widget-heading\" data-id=\"7c11c9a\" data-element_type=\"widget\" data-e-type=\"widget\" data-widget_type=\"heading.default\">\n\t\t\t\t<div class=\"elementor-widget-container\">\n\t\t\t\t\t<h3 class=\"elementor-heading-title elementor-size-default\">Galer\u00eda de im\u00e1genes de <span style=\"color: #e17a26\">Posa't la gorra<\/span><\/h3>\t\t\t\t<\/div>\n\t\t\t\t<\/div>\n\t\t\t\t<\/div>\n\t\t\t\t\t<\/div>\n\t\t\t\t<\/div>\n\t\t<div class=\"elementor-element elementor-element-e8e122d e-flex e-con-boxed e-con e-parent\" data-id=\"e8e122d\" data-element_type=\"container\" data-e-type=\"container\">\n\t\t\t\t\t<div class=\"e-con-inner\">\n\t\t<div class=\"elementor-element elementor-element-cdc8acb e-con-full e-flex e-con e-child\" data-id=\"cdc8acb\" data-element_type=\"container\" data-e-type=\"container\">\n\t\t\t\t<div class=\"elementor-element elementor-element-f8f131b elementor--h-position-center elementor--v-position-middle elementor-arrows-position-inside elementor-pagination-position-inside elementor-widget elementor-widget-slides\" data-id=\"f8f131b\" data-element_type=\"widget\" data-e-type=\"widget\" data-settings=\"{&quot;navigation&quot;:&quot;both&quot;,&quot;autoplay&quot;:&quot;yes&quot;,&quot;pause_on_hover&quot;:&quot;yes&quot;,&quot;pause_on_interaction&quot;:&quot;yes&quot;,&quot;autoplay_speed&quot;:5000,&quot;infinite&quot;:&quot;yes&quot;,&quot;transition&quot;:&quot;slide&quot;,&quot;transition_speed&quot;:500}\" data-widget_type=\"slides.default\">\n\t\t\t\t<div class=\"elementor-widget-container\">\n\t\t\t\t\t\t\t\t\t<div class=\"elementor-swiper\">\n\t\t\t\t\t<div class=\"elementor-slides-wrapper elementor-main-swiper swiper\" role=\"region\" aria-roledescription=\"carousel\" aria-label=\"Diapositivas\" dir=\"ltr\" data-animation=\"fadeInUp\">\n\t\t\t\t<div class=\"swiper-wrapper elementor-slides\">\n\t\t\t\t\t\t\t\t\t\t<div class=\"elementor-repeater-item-faddd19 swiper-slide\" role=\"group\" aria-roledescription=\"slide\"><div class=\"swiper-slide-bg\" role=\"img\" aria-label=\"posat-la-gorra-afanoc-port-aventura\"><\/div><div class=\"elementor-background-overlay\"><\/div><a class=\"swiper-slide-inner\" href=\"https:\/\/www.flickr.com\/photos\/afanoc\/albums\/72157690511962584\" target=\"_blank\" rel=\"noopener\"><div class=\"swiper-slide-contents\"><div class=\"elementor-slide-heading\">BARCELONA<\/div><div class=\"elementor-slide-description\"><p>POSA'T LA GORRA!<\/p>\n<\/div><div  class=\"elementor-button elementor-slide-button elementor-size-sm\">VER M\u00c1S FOTOS<\/div><\/div><\/a><\/div>\t\t\t\t<\/div>\n\t\t\t\t\t\t\t<\/div>\n\t\t\t\t<\/div>\n\t\t\t\t\t\t\t\t<\/div>\n\t\t\t\t<\/div>\n\t\t\t\t<\/div>\n\t\t<div class=\"elementor-element elementor-element-e1152ba e-con-full e-flex e-con e-child\" data-id=\"e1152ba\" data-element_type=\"container\" data-e-type=\"container\">\n\t\t\t\t<div class=\"elementor-element elementor-element-4196c4b elementor--h-position-center elementor--v-position-middle elementor-arrows-position-inside elementor-pagination-position-inside elementor-widget elementor-widget-slides\" data-id=\"4196c4b\" data-element_type=\"widget\" data-e-type=\"widget\" data-settings=\"{&quot;transition_speed&quot;:502,&quot;navigation&quot;:&quot;both&quot;,&quot;autoplay&quot;:&quot;yes&quot;,&quot;pause_on_hover&quot;:&quot;yes&quot;,&quot;pause_on_interaction&quot;:&quot;yes&quot;,&quot;autoplay_speed&quot;:5000,&quot;infinite&quot;:&quot;yes&quot;,&quot;transition&quot;:&quot;slide&quot;}\" data-widget_type=\"slides.default\">\n\t\t\t\t<div class=\"elementor-widget-container\">\n\t\t\t\t\t\t\t\t\t<div class=\"elementor-swiper\">\n\t\t\t\t\t<div class=\"elementor-slides-wrapper elementor-main-swiper swiper\" role=\"region\" aria-roledescription=\"carousel\" aria-label=\"Diapositivas\" dir=\"ltr\" data-animation=\"fadeInUp\">\n\t\t\t\t<div class=\"swiper-wrapper elementor-slides\">\n\t\t\t\t\t\t\t\t\t\t<div class=\"elementor-repeater-item-fa7f99c swiper-slide\" role=\"group\" aria-roledescription=\"slide\"><div class=\"swiper-slide-bg\" role=\"img\" aria-label=\"posat-la-gorra-tarrega\"><\/div><div class=\"elementor-background-overlay\"><\/div><a class=\"swiper-slide-inner\" href=\"https:\/\/flic.kr\/s\/aHsjKyCZ6Q\" target=\"_blank\" rel=\"noopener\"><div class=\"swiper-slide-contents\"><div class=\"elementor-slide-heading\">TARRAGONA<\/div><div class=\"elementor-slide-description\"><p>PONTE LA GORRA<\/p>\n<\/div><div  class=\"elementor-button elementor-slide-button elementor-size-sm\">VER M\u00c1S FOTOS<\/div><\/div><\/a><\/div>\t\t\t\t<\/div>\n\t\t\t\t\t\t\t<\/div>\n\t\t\t\t<\/div>\n\t\t\t\t\t\t\t\t<\/div>\n\t\t\t\t<\/div>\n\t\t\t\t<\/div>\n\t\t\t\t<div class=\"elementor-element elementor-element-6ae834f elementor--h-position-center elementor--v-position-middle elementor-arrows-position-inside elementor-pagination-position-inside elementor-widget elementor-widget-slides\" data-id=\"6ae834f\" data-element_type=\"widget\" data-e-type=\"widget\" data-settings=\"{&quot;navigation&quot;:&quot;both&quot;,&quot;autoplay&quot;:&quot;yes&quot;,&quot;pause_on_hover&quot;:&quot;yes&quot;,&quot;pause_on_interaction&quot;:&quot;yes&quot;,&quot;autoplay_speed&quot;:5000,&quot;infinite&quot;:&quot;yes&quot;,&quot;transition&quot;:&quot;slide&quot;,&quot;transition_speed&quot;:500}\" data-widget_type=\"slides.default\">\n\t\t\t\t<div class=\"elementor-widget-container\">\n\t\t\t\t\t\t\t\t\t<div class=\"elementor-swiper\">\n\t\t\t\t\t<div class=\"elementor-slides-wrapper elementor-main-swiper swiper\" role=\"region\" aria-roledescription=\"carousel\" aria-label=\"Diapositivas\" dir=\"ltr\" data-animation=\"fadeInUp\">\n\t\t\t\t<div class=\"swiper-wrapper elementor-slides\">\n\t\t\t\t\t\t\t\t\t\t<div class=\"elementor-repeater-item-48c05cd swiper-slide\" role=\"group\" aria-roledescription=\"slide\"><div class=\"swiper-slide-bg\" role=\"img\" aria-label=\"posat-la-gorra-cervera\"><\/div><div class=\"elementor-background-overlay\"><\/div><a class=\"swiper-slide-inner\" href=\"https:\/\/flic.kr\/s\/aHsktvwvXr\" target=\"_blank\" rel=\"noopener\"><div class=\"swiper-slide-contents\"><div class=\"elementor-slide-heading\">LLEIDA<\/div><div class=\"elementor-slide-description\"><p>PONTE LA GORRA<\/p>\n<\/div><div  class=\"elementor-button elementor-slide-button elementor-size-sm\">VER M\u00c1S FOTOS<\/div><\/div><\/a><\/div>\t\t\t\t<\/div>\n\t\t\t\t\t\t\t<\/div>\n\t\t\t\t<\/div>\n\t\t\t\t\t\t\t\t<\/div>\n\t\t\t\t<\/div>\n\t\t<div class=\"elementor-element elementor-element-5ac18bf e-con-full e-flex e-con e-child\" data-id=\"5ac18bf\" data-element_type=\"container\" data-e-type=\"container\">\n\t\t\t\t<div class=\"elementor-element elementor-element-9cddab0 elementor--h-position-center elementor--v-position-middle elementor-arrows-position-inside elementor-pagination-position-inside elementor-widget elementor-widget-slides\" data-id=\"9cddab0\" data-element_type=\"widget\" data-e-type=\"widget\" data-settings=\"{&quot;navigation&quot;:&quot;both&quot;,&quot;autoplay&quot;:&quot;yes&quot;,&quot;pause_on_hover&quot;:&quot;yes&quot;,&quot;pause_on_interaction&quot;:&quot;yes&quot;,&quot;autoplay_speed&quot;:5000,&quot;infinite&quot;:&quot;yes&quot;,&quot;transition&quot;:&quot;slide&quot;,&quot;transition_speed&quot;:500}\" data-widget_type=\"slides.default\">\n\t\t\t\t<div class=\"elementor-widget-container\">\n\t\t\t\t\t\t\t\t\t<div class=\"elementor-swiper\">\n\t\t\t\t\t<div class=\"elementor-slides-wrapper elementor-main-swiper swiper\" role=\"region\" aria-roledescription=\"carousel\" aria-label=\"Diapositivas\" dir=\"ltr\" data-animation=\"fadeInUp\">\n\t\t\t\t<div class=\"swiper-wrapper elementor-slides\">\n\t\t\t\t\t\t\t\t\t\t<div class=\"elementor-repeater-item-48c05cd swiper-slide\" role=\"group\" aria-roledescription=\"slide\"><div class=\"swiper-slide-bg\" role=\"img\" aria-label=\"posat-la-gorra-cervera\"><\/div><div class=\"elementor-background-overlay\"><\/div><a class=\"swiper-slide-inner\" href=\"https:\/\/flic.kr\/s\/aHsktvwvXr\" target=\"_blank\" rel=\"noopener\"><div class=\"swiper-slide-contents\"><div class=\"elementor-slide-heading\">LLEIDA<\/div><div class=\"elementor-slide-description\"><p>PONTE LA GORRA<\/p>\n<\/div><div  class=\"elementor-button elementor-slide-button elementor-size-sm\">VER M\u00c1S FOTOS<\/div><\/div><\/a><\/div>\t\t\t\t<\/div>\n\t\t\t\t\t\t\t<\/div>\n\t\t\t\t<\/div>\n\t\t\t\t\t\t\t\t<\/div>\n\t\t\t\t<\/div>\n\t\t\t\t<\/div>\n\t\t<div class=\"elementor-element elementor-element-6a43ac0 e-con-full e-flex e-con e-child\" data-id=\"6a43ac0\" data-element_type=\"container\" data-e-type=\"container\">\n\t\t\t\t<div class=\"elementor-element elementor-element-b487de5 elementor--h-position-center elementor--v-position-middle elementor-arrows-position-inside elementor-pagination-position-inside elementor-widget elementor-widget-slides\" data-id=\"b487de5\" data-element_type=\"widget\" data-e-type=\"widget\" data-settings=\"{&quot;navigation&quot;:&quot;both&quot;,&quot;autoplay&quot;:&quot;yes&quot;,&quot;pause_on_hover&quot;:&quot;yes&quot;,&quot;pause_on_interaction&quot;:&quot;yes&quot;,&quot;autoplay_speed&quot;:5000,&quot;infinite&quot;:&quot;yes&quot;,&quot;transition&quot;:&quot;slide&quot;,&quot;transition_speed&quot;:500}\" data-widget_type=\"slides.default\">\n\t\t\t\t<div class=\"elementor-widget-container\">\n\t\t\t\t\t\t\t\t\t<div class=\"elementor-swiper\">\n\t\t\t\t\t<div class=\"elementor-slides-wrapper elementor-main-swiper swiper\" role=\"region\" aria-roledescription=\"carousel\" aria-label=\"Diapositivas\" dir=\"ltr\" data-animation=\"fadeInUp\">\n\t\t\t\t<div class=\"swiper-wrapper elementor-slides\">\n\t\t\t\t\t\t\t\t\t\t<div class=\"elementor-repeater-item-48c05cd swiper-slide\" role=\"group\" aria-roledescription=\"slide\"><div class=\"swiper-slide-bg\" role=\"img\" aria-label=\"posat-la-gorra-cervera\"><\/div><div class=\"elementor-background-overlay\"><\/div><a class=\"swiper-slide-inner\" href=\"https:\/\/flic.kr\/s\/aHBqjCxiU1\" target=\"_blank\" rel=\"noopener\"><div class=\"swiper-slide-contents\"><div class=\"elementor-slide-heading\">GIRONA<\/div><div class=\"elementor-slide-description\"><p>PONTE LA GORRA<\/p>\n<\/div><div  class=\"elementor-button elementor-slide-button elementor-size-sm\">VER M\u00c1S FOTOS<\/div><\/div><\/a><\/div>\t\t\t\t<\/div>\n\t\t\t\t\t\t\t<\/div>\n\t\t\t\t<\/div>\n\t\t\t\t\t\t\t\t<\/div>\n\t\t\t\t<\/div>\n\t\t\t\t<\/div>\n\t\t\t\t\t<\/div>\n\t\t\t\t<\/div>\n\t\t<div class=\"elementor-element elementor-element-6aba5f5 e-flex e-con-boxed e-con e-parent\" data-id=\"6aba5f5\" data-element_type=\"container\" data-e-type=\"container\">\n\t\t\t\t\t<div class=\"e-con-inner\">\n\t\t<div class=\"elementor-element elementor-element-e4a46e2 e-con-full e-flex e-con e-child\" data-id=\"e4a46e2\" data-element_type=\"container\" data-e-type=\"container\">\n\t\t\t\t<div class=\"elementor-element elementor-element-faac54e elementor-arrows-position-outside elementor-widget elementor-widget-image-carousel\" data-id=\"faac54e\" data-element_type=\"widget\" data-e-type=\"widget\" data-settings=\"{&quot;slides_to_show&quot;:&quot;8&quot;,&quot;slides_to_show_tablet&quot;:&quot;6&quot;,&quot;slides_to_show_mobile&quot;:&quot;3&quot;,&quot;slides_to_scroll&quot;:&quot;8&quot;,&quot;slides_to_scroll_tablet&quot;:&quot;6&quot;,&quot;slides_to_scroll_mobile&quot;:&quot;4&quot;,&quot;navigation&quot;:&quot;arrows&quot;,&quot;autoplay&quot;:&quot;yes&quot;,&quot;pause_on_hover&quot;:&quot;yes&quot;,&quot;pause_on_interaction&quot;:&quot;yes&quot;,&quot;autoplay_speed&quot;:5000,&quot;infinite&quot;:&quot;yes&quot;,&quot;speed&quot;:500,&quot;image_spacing_custom&quot;:{&quot;unit&quot;:&quot;px&quot;,&quot;size&quot;:20,&quot;sizes&quot;:[]},&quot;image_spacing_custom_tablet&quot;:{&quot;unit&quot;:&quot;px&quot;,&quot;size&quot;:&quot;&quot;,&quot;sizes&quot;:[]},&quot;image_spacing_custom_mobile&quot;:{&quot;unit&quot;:&quot;px&quot;,&quot;size&quot;:&quot;&quot;,&quot;sizes&quot;:[]}}\" data-widget_type=\"image-carousel.default\">\n\t\t\t\t<div class=\"elementor-widget-container\">\n\t\t\t\t\t\t\t<div class=\"elementor-image-carousel-wrapper swiper\" role=\"region\" aria-roledescription=\"carousel\" aria-label=\"Carrusel de im\u00e1genes\" dir=\"ltr\">\n\t\t\t<div class=\"elementor-image-carousel swiper-wrapper\" aria-live=\"off\">\n\t\t\t\t\t\t\t\t<div class=\"swiper-slide\" role=\"group\" aria-roledescription=\"slide\" aria-label=\"1 de 66\"><figure class=\"swiper-slide-inner\"><img decoding=\"async\" class=\"swiper-slide-image\" src=\"https:\/\/afanoc.org\/wp-content\/uploads\/Gene.jpg\" alt=\"Gene\" \/><\/figure><\/div><div class=\"swiper-slide\" role=\"group\" aria-roledescription=\"slide\" aria-label=\"2 de 66\"><figure class=\"swiper-slide-inner\"><img decoding=\"async\" class=\"swiper-slide-image\" src=\"https:\/\/afanoc.org\/wp-content\/uploads\/Tibi.jpg\" alt=\"Tibi\" \/><\/figure><\/div><div class=\"swiper-slide\" role=\"group\" aria-roledescription=\"slide\" aria-label=\"3 de 66\"><figure class=\"swiper-slide-inner\"><img decoding=\"async\" class=\"swiper-slide-image\" src=\"https:\/\/afanoc.org\/wp-content\/uploads\/mERCATS-BCN.jpg\" alt=\"mERCATS BCN\" \/><\/figure><\/div><div class=\"swiper-slide\" role=\"group\" aria-roledescription=\"slide\" aria-label=\"4 de 66\"><figure class=\"swiper-slide-inner\"><img decoding=\"async\" class=\"swiper-slide-image\" src=\"https:\/\/afanoc.org\/wp-content\/uploads\/Fundacio-Caioxa.jpg\" alt=\"Fundacio Caioxa\" \/><\/figure><\/div><div class=\"swiper-slide\" role=\"group\" aria-roledescription=\"slide\" aria-label=\"5 de 66\"><figure class=\"swiper-slide-inner\"><img decoding=\"async\" class=\"swiper-slide-image\" src=\"https:\/\/afanoc.org\/wp-content\/uploads\/Tager-300x300.jpg\" alt=\"Tager\" \/><\/figure><\/div><div class=\"swiper-slide\" role=\"group\" aria-roledescription=\"slide\" aria-label=\"6 de 66\"><figure class=\"swiper-slide-inner\"><img decoding=\"async\" class=\"swiper-slide-image\" src=\"https:\/\/afanoc.org\/wp-content\/uploads\/AVVM.png\" alt=\"AVVM\" \/><\/figure><\/div><div class=\"swiper-slide\" role=\"group\" aria-roledescription=\"slide\" aria-label=\"7 de 66\"><figure class=\"swiper-slide-inner\"><img decoding=\"async\" class=\"swiper-slide-image\" src=\"https:\/\/afanoc.org\/wp-content\/uploads\/Bibliotques.png\" alt=\"Bibliotques\" \/><\/figure><\/div><div class=\"swiper-slide\" role=\"group\" aria-roledescription=\"slide\" aria-label=\"8 de 66\"><figure class=\"swiper-slide-inner\"><img decoding=\"async\" class=\"swiper-slide-image\" src=\"https:\/\/afanoc.org\/wp-content\/uploads\/Carhause.jpg\" alt=\"Carhause\" \/><\/figure><\/div><div class=\"swiper-slide\" role=\"group\" aria-roledescription=\"slide\" aria-label=\"9 de 66\"><figure class=\"swiper-slide-inner\"><img decoding=\"async\" class=\"swiper-slide-image\" src=\"https:\/\/afanoc.org\/wp-content\/uploads\/CocaCola.png\" alt=\"CocaCola\" \/><\/figure><\/div><div class=\"swiper-slide\" role=\"group\" aria-roledescription=\"slide\" aria-label=\"10 de 66\"><figure class=\"swiper-slide-inner\"><img decoding=\"async\" class=\"swiper-slide-image\" src=\"https:\/\/afanoc.org\/wp-content\/uploads\/Consum.png\" alt=\"Consum\" \/><\/figure><\/div><div class=\"swiper-slide\" role=\"group\" aria-roledescription=\"slide\" aria-label=\"11 de 66\"><figure class=\"swiper-slide-inner\"><img decoding=\"async\" class=\"swiper-slide-image\" src=\"https:\/\/afanoc.org\/wp-content\/uploads\/Cope.png\" alt=\"Cope\" \/><\/figure><\/div><div class=\"swiper-slide\" role=\"group\" aria-roledescription=\"slide\" aria-label=\"12 de 66\"><figure class=\"swiper-slide-inner\"><img decoding=\"async\" class=\"swiper-slide-image\" src=\"https:\/\/afanoc.org\/wp-content\/uploads\/Departament-Salut.png\" alt=\"Departament Salut\" \/><\/figure><\/div><div class=\"swiper-slide\" role=\"group\" aria-roledescription=\"slide\" aria-label=\"13 de 66\"><figure class=\"swiper-slide-inner\"><img decoding=\"async\" class=\"swiper-slide-image\" src=\"https:\/\/afanoc.org\/wp-content\/uploads\/Los-40.png\" alt=\"Los 40\" \/><\/figure><\/div><div class=\"swiper-slide\" role=\"group\" aria-roledescription=\"slide\" aria-label=\"14 de 66\"><figure class=\"swiper-slide-inner\"><img decoding=\"async\" class=\"swiper-slide-image\" src=\"https:\/\/afanoc.org\/wp-content\/uploads\/MercatsBarcelona.jpg\" alt=\"MercatsBarcelona\" \/><\/figure><\/div><div class=\"swiper-slide\" role=\"group\" aria-roledescription=\"slide\" aria-label=\"15 de 66\"><figure class=\"swiper-slide-inner\"><img decoding=\"async\" class=\"swiper-slide-image\" src=\"https:\/\/afanoc.org\/wp-content\/uploads\/Mitjans-Coorporatius.png\" alt=\"Mitjans Coorporatius\" \/><\/figure><\/div><div class=\"swiper-slide\" role=\"group\" aria-roledescription=\"slide\" aria-label=\"16 de 66\"><figure class=\"swiper-slide-inner\"><img decoding=\"async\" class=\"swiper-slide-image\" src=\"https:\/\/afanoc.org\/wp-content\/uploads\/Pla-Onco.png\" alt=\"Pla Onco\" \/><\/figure><\/div><div class=\"swiper-slide\" role=\"group\" aria-roledescription=\"slide\" aria-label=\"17 de 66\"><figure class=\"swiper-slide-inner\"><img decoding=\"async\" class=\"swiper-slide-image\" src=\"https:\/\/afanoc.org\/wp-content\/uploads\/Poble-Espanyol.png\" alt=\"Poble Espanyol\" \/><\/figure><\/div><div class=\"swiper-slide\" role=\"group\" aria-roledescription=\"slide\" aria-label=\"18 de 66\"><figure class=\"swiper-slide-inner\"><img decoding=\"async\" class=\"swiper-slide-image\" src=\"https:\/\/afanoc.org\/wp-content\/uploads\/San-Miguel.png\" alt=\"San Miguel\" \/><\/figure><\/div><div class=\"swiper-slide\" role=\"group\" aria-roledescription=\"slide\" aria-label=\"19 de 66\"><figure class=\"swiper-slide-inner\"><img decoding=\"async\" class=\"swiper-slide-image\" src=\"https:\/\/afanoc.org\/wp-content\/uploads\/Stereorent.jpg\" alt=\"Stereorent\" \/><\/figure><\/div><div class=\"swiper-slide\" role=\"group\" aria-roledescription=\"slide\" aria-label=\"20 de 66\"><figure class=\"swiper-slide-inner\"><img decoding=\"async\" class=\"swiper-slide-image\" src=\"https:\/\/afanoc.org\/wp-content\/uploads\/Tallada.png\" alt=\"Tallada\" \/><\/figure><\/div><div class=\"swiper-slide\" role=\"group\" aria-roledescription=\"slide\" aria-label=\"21 de 66\"><figure class=\"swiper-slide-inner\"><img decoding=\"async\" class=\"swiper-slide-image\" src=\"https:\/\/afanoc.org\/wp-content\/uploads\/Transgroumet-1.png\" alt=\"Transgroumet\" \/><\/figure><\/div><div class=\"swiper-slide\" role=\"group\" aria-roledescription=\"slide\" aria-label=\"22 de 66\"><figure class=\"swiper-slide-inner\"><img decoding=\"async\" class=\"swiper-slide-image\" src=\"https:\/\/afanoc.org\/wp-content\/uploads\/Clubsuper3.png\" alt=\"Clubsuper3\" \/><\/figure><\/div><div class=\"swiper-slide\" role=\"group\" aria-roledescription=\"slide\" aria-label=\"23 de 66\"><figure class=\"swiper-slide-inner\"><img decoding=\"async\" class=\"swiper-slide-image\" src=\"https:\/\/afanoc.org\/wp-content\/uploads\/Ajuntament-de-Lleida.png\" alt=\"Ajuntament de Lleida\" \/><\/figure><\/div><div class=\"swiper-slide\" role=\"group\" aria-roledescription=\"slide\" aria-label=\"24 de 66\"><figure class=\"swiper-slide-inner\"><img decoding=\"async\" class=\"swiper-slide-image\" src=\"https:\/\/afanoc.org\/wp-content\/uploads\/diputacio-logo-2012.png\" alt=\"diputacio-logo-2012\" \/><\/figure><\/div><div class=\"swiper-slide\" role=\"group\" aria-roledescription=\"slide\" aria-label=\"25 de 66\"><figure class=\"swiper-slide-inner\"><img decoding=\"async\" class=\"swiper-slide-image\" src=\"https:\/\/afanoc.org\/wp-content\/uploads\/FVoluntariat-2.jpg\" alt=\"FVoluntariat\" \/><\/figure><\/div><div class=\"swiper-slide\" role=\"group\" aria-roledescription=\"slide\" aria-label=\"26 de 66\"><figure class=\"swiper-slide-inner\"><img decoding=\"async\" class=\"swiper-slide-image\" src=\"https:\/\/afanoc.org\/wp-content\/uploads\/Obra-social-La-Caixa.png\" alt=\"Obra-social-La-Caixa\" \/><\/figure><\/div><div class=\"swiper-slide\" role=\"group\" aria-roledescription=\"slide\" aria-label=\"27 de 66\"><figure class=\"swiper-slide-inner\"><img decoding=\"async\" class=\"swiper-slide-image\" src=\"https:\/\/afanoc.org\/wp-content\/uploads\/Port-Tarragona-2.jpg\" alt=\"Port Tarragona\" \/><\/figure><\/div><div class=\"swiper-slide\" role=\"group\" aria-roledescription=\"slide\" aria-label=\"28 de 66\"><figure class=\"swiper-slide-inner\"><img decoding=\"async\" class=\"swiper-slide-image\" src=\"https:\/\/afanoc.org\/wp-content\/uploads\/Logo-Ganados-Gili.png\" alt=\"Logo Ganados Gili\" \/><\/figure><\/div><div class=\"swiper-slide\" role=\"group\" aria-roledescription=\"slide\" aria-label=\"29 de 66\"><figure class=\"swiper-slide-inner\"><img decoding=\"async\" class=\"swiper-slide-image\" src=\"https:\/\/afanoc.org\/wp-content\/uploads\/Logo-Ilerfred-Vectorial.png\" alt=\"Logo Ilerfred Vectorial\" \/><\/figure><\/div><div class=\"swiper-slide\" role=\"group\" aria-roledescription=\"slide\" aria-label=\"30 de 66\"><figure class=\"swiper-slide-inner\"><img decoding=\"async\" class=\"swiper-slide-image\" src=\"https:\/\/afanoc.org\/wp-content\/uploads\/plusfresc-sns-fons.png\" alt=\"plusfresc sns fons\" \/><\/figure><\/div><div class=\"swiper-slide\" role=\"group\" aria-roledescription=\"slide\" aria-label=\"31 de 66\"><figure class=\"swiper-slide-inner\"><img decoding=\"async\" class=\"swiper-slide-image\" src=\"https:\/\/afanoc.org\/wp-content\/uploads\/subiros-redones-H-1.png\" alt=\"subiros redones H 1\" \/><\/figure><\/div><div class=\"swiper-slide\" role=\"group\" aria-roledescription=\"slide\" aria-label=\"32 de 66\"><figure class=\"swiper-slide-inner\"><img decoding=\"async\" class=\"swiper-slide-image\" src=\"https:\/\/afanoc.org\/wp-content\/uploads\/consorci-educcio-barcelona.jpg\" alt=\"consorci-educcio-barcelona\" \/><\/figure><\/div><div class=\"swiper-slide\" role=\"group\" aria-roledescription=\"slide\" aria-label=\"33 de 66\"><figure class=\"swiper-slide-inner\"><img decoding=\"async\" class=\"swiper-slide-image\" src=\"https:\/\/afanoc.org\/wp-content\/uploads\/bcr-habitat.jpg\" alt=\"bcr-habitat\" \/><\/figure><\/div><div class=\"swiper-slide\" role=\"group\" aria-roledescription=\"slide\" aria-label=\"34 de 66\"><figure class=\"swiper-slide-inner\"><img decoding=\"async\" class=\"swiper-slide-image\" src=\"https:\/\/afanoc.org\/wp-content\/uploads\/barcelona-serveis-municipals.jpg\" alt=\"barcelona-serveis-municipals\" \/><\/figure><\/div><div class=\"swiper-slide\" role=\"group\" aria-roledescription=\"slide\" aria-label=\"35 de 66\"><figure class=\"swiper-slide-inner\"><img decoding=\"async\" class=\"swiper-slide-image\" src=\"https:\/\/afanoc.org\/wp-content\/uploads\/kiloenergia.jpg\" alt=\"kiloenergia\" \/><\/figure><\/div><div class=\"swiper-slide\" role=\"group\" aria-roledescription=\"slide\" aria-label=\"36 de 66\"><figure class=\"swiper-slide-inner\"><img decoding=\"async\" class=\"swiper-slide-image\" src=\"https:\/\/afanoc.org\/wp-content\/uploads\/grupo-petit.jpg\" alt=\"grupo-petit\" \/><\/figure><\/div><div class=\"swiper-slide\" role=\"group\" aria-roledescription=\"slide\" aria-label=\"37 de 66\"><figure class=\"swiper-slide-inner\"><img decoding=\"async\" class=\"swiper-slide-image\" src=\"https:\/\/afanoc.org\/wp-content\/uploads\/Main-1.jpg\" alt=\"Main\" \/><\/figure><\/div><div class=\"swiper-slide\" role=\"group\" aria-roledescription=\"slide\" aria-label=\"38 de 66\"><figure class=\"swiper-slide-inner\"><img decoding=\"async\" class=\"swiper-slide-image\" src=\"https:\/\/afanoc.org\/wp-content\/uploads\/La-manana.jpg\" alt=\"La man\u0303ana\" \/><\/figure><\/div><div class=\"swiper-slide\" role=\"group\" aria-roledescription=\"slide\" aria-label=\"39 de 66\"><figure class=\"swiper-slide-inner\"><img decoding=\"async\" class=\"swiper-slide-image\" src=\"https:\/\/afanoc.org\/wp-content\/uploads\/Romero-Polo-1.jpg\" alt=\"Romero Polo\" \/><\/figure><\/div><div class=\"swiper-slide\" role=\"group\" aria-roledescription=\"slide\" aria-label=\"40 de 66\"><figure class=\"swiper-slide-inner\"><img decoding=\"async\" class=\"swiper-slide-image\" src=\"https:\/\/afanoc.org\/wp-content\/uploads\/Serveto-1.jpg\" alt=\"Serveto\" \/><\/figure><\/div><div class=\"swiper-slide\" role=\"group\" aria-roledescription=\"slide\" aria-label=\"41 de 66\"><figure class=\"swiper-slide-inner\"><img decoding=\"async\" class=\"swiper-slide-image\" src=\"https:\/\/afanoc.org\/wp-content\/uploads\/SC24-1.jpg\" alt=\"SC24\" \/><\/figure><\/div><div class=\"swiper-slide\" role=\"group\" aria-roledescription=\"slide\" aria-label=\"42 de 66\"><figure class=\"swiper-slide-inner\"><img decoding=\"async\" class=\"swiper-slide-image\" src=\"https:\/\/afanoc.org\/wp-content\/uploads\/autobusos.jpg\" alt=\"autobusos\" \/><\/figure><\/div><div class=\"swiper-slide\" role=\"group\" aria-roledescription=\"slide\" aria-label=\"43 de 66\"><figure class=\"swiper-slide-inner\"><img decoding=\"async\" class=\"swiper-slide-image\" src=\"https:\/\/afanoc.org\/wp-content\/uploads\/Segre-1.jpg\" alt=\"Segre\" \/><\/figure><\/div><div class=\"swiper-slide\" role=\"group\" aria-roledescription=\"slide\" aria-label=\"44 de 66\"><figure class=\"swiper-slide-inner\"><img decoding=\"async\" class=\"swiper-slide-image\" src=\"https:\/\/afanoc.org\/wp-content\/uploads\/transperfect.jpg\" alt=\"transperfect\" \/><\/figure><\/div><div class=\"swiper-slide\" role=\"group\" aria-roledescription=\"slide\" aria-label=\"45 de 66\"><figure class=\"swiper-slide-inner\"><img decoding=\"async\" class=\"swiper-slide-image\" src=\"https:\/\/afanoc.org\/wp-content\/uploads\/Bivid-1.jpg\" alt=\"Bivid\" \/><\/figure><\/div><div class=\"swiper-slide\" role=\"group\" aria-roledescription=\"slide\" aria-label=\"46 de 66\"><figure class=\"swiper-slide-inner\"><img decoding=\"async\" class=\"swiper-slide-image\" src=\"https:\/\/afanoc.org\/wp-content\/uploads\/lleida-diari.jpg\" alt=\"lleida diari\" \/><\/figure><\/div><div class=\"swiper-slide\" role=\"group\" aria-roledescription=\"slide\" aria-label=\"47 de 66\"><figure class=\"swiper-slide-inner\"><img decoding=\"async\" class=\"swiper-slide-image\" src=\"https:\/\/afanoc.org\/wp-content\/uploads\/Ownat.jpg\" alt=\"Ownat\" \/><\/figure><\/div><div class=\"swiper-slide\" role=\"group\" aria-roledescription=\"slide\" aria-label=\"48 de 66\"><figure class=\"swiper-slide-inner\"><img decoding=\"async\" class=\"swiper-slide-image\" src=\"https:\/\/afanoc.org\/wp-content\/uploads\/Energianufri.jpg\" alt=\"Energianufri\" \/><\/figure><\/div><div class=\"swiper-slide\" role=\"group\" aria-roledescription=\"slide\" aria-label=\"49 de 66\"><figure class=\"swiper-slide-inner\"><img decoding=\"async\" class=\"swiper-slide-image\" src=\"https:\/\/afanoc.org\/wp-content\/uploads\/Solucions.jpg\" alt=\"Solucions\" \/><\/figure><\/div><div class=\"swiper-slide\" role=\"group\" aria-roledescription=\"slide\" aria-label=\"50 de 66\"><figure class=\"swiper-slide-inner\"><img decoding=\"async\" class=\"swiper-slide-image\" src=\"https:\/\/afanoc.org\/wp-content\/uploads\/Educart.jpg\" alt=\"Educart\" \/><\/figure><\/div><div class=\"swiper-slide\" role=\"group\" aria-roledescription=\"slide\" aria-label=\"51 de 66\"><figure class=\"swiper-slide-inner\"><img decoding=\"async\" class=\"swiper-slide-image\" src=\"https:\/\/afanoc.org\/wp-content\/uploads\/La-Muralla.jpg\" alt=\"La Muralla\" \/><\/figure><\/div><div class=\"swiper-slide\" role=\"group\" aria-roledescription=\"slide\" aria-label=\"52 de 66\"><figure class=\"swiper-slide-inner\"><img decoding=\"async\" class=\"swiper-slide-image\" src=\"https:\/\/afanoc.org\/wp-content\/uploads\/Lluis-Jimenez.jpg\" alt=\"Lluis Jimenez\" \/><\/figure><\/div><div class=\"swiper-slide\" role=\"group\" aria-roledescription=\"slide\" aria-label=\"53 de 66\"><figure class=\"swiper-slide-inner\"><img decoding=\"async\" class=\"swiper-slide-image\" src=\"https:\/\/afanoc.org\/wp-content\/uploads\/Via-T.jpg\" alt=\"Via T\" \/><\/figure><\/div><div class=\"swiper-slide\" role=\"group\" aria-roledescription=\"slide\" aria-label=\"54 de 66\"><figure class=\"swiper-slide-inner\"><img decoding=\"async\" class=\"swiper-slide-image\" src=\"https:\/\/afanoc.org\/wp-content\/uploads\/aLWAYS.jpg\" alt=\"aLWAYS\" \/><\/figure><\/div><div class=\"swiper-slide\" role=\"group\" aria-roledescription=\"slide\" aria-label=\"55 de 66\"><figure class=\"swiper-slide-inner\"><img decoding=\"async\" class=\"swiper-slide-image\" src=\"https:\/\/afanoc.org\/wp-content\/uploads\/M.jpg\" alt=\"M\" \/><\/figure><\/div><div class=\"swiper-slide\" role=\"group\" aria-roledescription=\"slide\" aria-label=\"56 de 66\"><figure class=\"swiper-slide-inner\"><img decoding=\"async\" class=\"swiper-slide-image\" src=\"https:\/\/afanoc.org\/wp-content\/uploads\/Abacus.jpg\" alt=\"Abacus\" \/><\/figure><\/div><div class=\"swiper-slide\" role=\"group\" aria-roledescription=\"slide\" aria-label=\"57 de 66\"><figure class=\"swiper-slide-inner\"><img decoding=\"async\" class=\"swiper-slide-image\" src=\"https:\/\/afanoc.org\/wp-content\/uploads\/Tac12.jpg\" alt=\"Tac12\" \/><\/figure><\/div><div class=\"swiper-slide\" role=\"group\" aria-roledescription=\"slide\" aria-label=\"58 de 66\"><figure class=\"swiper-slide-inner\"><img decoding=\"async\" class=\"swiper-slide-image\" src=\"https:\/\/afanoc.org\/wp-content\/uploads\/Vinc-de-Bosc.jpg\" alt=\"Vinc de Bosc\" \/><\/figure><\/div><div class=\"swiper-slide\" role=\"group\" aria-roledescription=\"slide\" aria-label=\"59 de 66\"><figure class=\"swiper-slide-inner\"><img decoding=\"async\" class=\"swiper-slide-image\" src=\"https:\/\/afanoc.org\/wp-content\/uploads\/Diputacio-Tarragona-1.jpg\" alt=\"Diputacio Tarragona\" \/><\/figure><\/div><div class=\"swiper-slide\" role=\"group\" aria-roledescription=\"slide\" aria-label=\"60 de 66\"><figure class=\"swiper-slide-inner\"><img decoding=\"async\" class=\"swiper-slide-image\" src=\"https:\/\/afanoc.org\/wp-content\/uploads\/Xiquets.jpg\" alt=\"Xiquets\" \/><\/figure><\/div><div class=\"swiper-slide\" role=\"group\" aria-roledescription=\"slide\" aria-label=\"61 de 66\"><figure class=\"swiper-slide-inner\"><img decoding=\"async\" class=\"swiper-slide-image\" src=\"https:\/\/afanoc.org\/wp-content\/uploads\/Caprabo.jpg\" alt=\"Caprabo\" \/><\/figure><\/div><div class=\"swiper-slide\" role=\"group\" aria-roledescription=\"slide\" aria-label=\"62 de 66\"><figure class=\"swiper-slide-inner\"><img decoding=\"async\" class=\"swiper-slide-image\" src=\"https:\/\/afanoc.org\/wp-content\/uploads\/Clear-Channel.jpg\" alt=\"Clear Channel\" \/><\/figure><\/div><div class=\"swiper-slide\" role=\"group\" aria-roledescription=\"slide\" aria-label=\"63 de 66\"><figure class=\"swiper-slide-inner\"><img decoding=\"async\" class=\"swiper-slide-image\" src=\"https:\/\/afanoc.org\/wp-content\/uploads\/TMB.jpg\" alt=\"TMB\" \/><\/figure><\/div><div class=\"swiper-slide\" role=\"group\" aria-roledescription=\"slide\" aria-label=\"64 de 66\"><figure class=\"swiper-slide-inner\"><img decoding=\"async\" class=\"swiper-slide-image\" src=\"https:\/\/afanoc.org\/wp-content\/uploads\/Zoo-bcn.jpg\" alt=\"Zoo Barcelona\" \/><\/figure><\/div><div class=\"swiper-slide\" role=\"group\" aria-roledescription=\"slide\" aria-label=\"65 de 66\"><figure class=\"swiper-slide-inner\"><img decoding=\"async\" class=\"swiper-slide-image\" src=\"https:\/\/afanoc.org\/wp-content\/uploads\/Bonarea-1.jpg\" alt=\"Bonarea\" \/><\/figure><\/div><div class=\"swiper-slide\" role=\"group\" aria-roledescription=\"slide\" aria-label=\"66 de 66\"><figure class=\"swiper-slide-inner\"><img decoding=\"async\" class=\"swiper-slide-image\" src=\"https:\/\/afanoc.org\/wp-content\/uploads\/Copiral.jpg\" alt=\"Copiral\" \/><\/figure><\/div>\t\t\t<\/div>\n\t\t\t\t\t\t\t\t\t\t\t\t<div class=\"elementor-swiper-button elementor-swiper-button-prev\" role=\"button\" tabindex=\"0\">\n\t\t\t\t\t\t<i aria-hidden=\"true\" class=\"eicon-chevron-left\"><\/i>\t\t\t\t\t<\/div>\n\t\t\t\t\t<div class=\"elementor-swiper-button elementor-swiper-button-next\" role=\"button\" tabindex=\"0\">\n\t\t\t\t\t\t<i aria-hidden=\"true\" class=\"eicon-chevron-right\"><\/i>\t\t\t\t\t<\/div>\n\t\t\t\t\n\t\t\t\t\t\t\t\t\t<\/div>\n\t\t\t\t\t\t<\/div>\n\t\t\t\t<\/div>\n\t\t\t\t<\/div>\n\t\t\t\t\t<\/div>\n\t\t\t\t<\/div>\n\t\t\t\t<\/div>\n\t\t","protected":false},"excerpt":{"rendered":"<p>Posa&#8217;t la Gorra! La campa\u00f1a 2025-26 hace hincapi\u00e9 en el acompa\u00f1amientodel entorno inmediato del ni\u00f1o, ni\u00f1a o joven con c\u00e1ncer. Nuestra tarea principal es la de acompa\u00f1ar a las familias a lo largo de todo el proceso de la enfermedad, una tarea que debe ir acompa\u00f1ada, indispensablemente, de la atenci\u00f3n sanitaria, l\u00fadica y educativa. Celebramos [&hellip;]<\/p>\n","protected":false},"author":692,"featured_media":59613,"parent":0,"menu_order":0,"comment_status":"closed","ping_status":"closed","template":"elementor_header_footer","meta":{"site-sidebar-layout":"default","site-content-layout":"","ast-site-content-layout":"default","site-content-style":"default","site-sidebar-style":"default","ast-global-header-display":"","ast-banner-title-visibility":"","ast-main-header-display":"","ast-hfb-above-header-display":"","ast-hfb-below-header-display":"","ast-hfb-mobile-header-display":"","site-post-title":"","ast-breadcrumbs-content":"","ast-featured-img":"","footer-sml-layout":"","theme-transparent-header-meta":"","adv-header-id-meta":"","stick-header-meta":"","header-above-stick-meta":"","header-main-stick-meta":"","header-below-stick-meta":"","astra-migrate-meta-layouts":"default","ast-page-background-enabled":"default","ast-page-background-meta":{"desktop":{"background-color":"var(--ast-global-color-4)","background-image":"","background-repeat":"repeat","background-position":"center center","background-size":"auto","background-attachment":"scroll","background-type":"","background-media":"","overlay-type":"","overlay-color":"","overlay-opacity":"","overlay-gradient":""},"tablet":{"background-color":"","background-image":"","background-repeat":"repeat","background-position":"center center","background-size":"auto","background-attachment":"scroll","background-type":"","background-media":"","overlay-type":"","overlay-color":"","overlay-opacity":"","overlay-gradient":""},"mobile":{"background-color":"","background-image":"","background-repeat":"repeat","background-position":"center center","background-size":"auto","background-attachment":"scroll","background-type":"","background-media":"","overlay-type":"","overlay-color":"","overlay-opacity":"","overlay-gradient":""}},"ast-content-background-meta":{"desktop":{"background-color":"var(--ast-global-color-5)","background-image":"","background-repeat":"repeat","background-position":"center center","background-size":"auto","background-attachment":"scroll","background-type":"","background-media":"","overlay-type":"","overlay-color":"","overlay-opacity":"","overlay-gradient":""},"tablet":{"background-color":"var(--ast-global-color-5)","background-image":"","background-repeat":"repeat","background-position":"center center","background-size":"auto","background-attachment":"scroll","background-type":"","background-media":"","overlay-type":"","overlay-color":"","overlay-opacity":"","overlay-gradient":""},"mobile":{"background-color":"var(--ast-global-color-5)","background-image":"","background-repeat":"repeat","background-position":"center center","background-size":"auto","background-attachment":"scroll","background-type":"","background-media":"","overlay-type":"","overlay-color":"","overlay-opacity":"","overlay-gradient":""}},"footnotes":""},"class_list":["post-43159","page","type-page","status-publish","has-post-thumbnail","hentry"],"publishpress_future_workflow_manual_trigger":{"enabledWorkflows":[]},"_links":{"self":[{"href":"https:\/\/afanoc.org\/es\/wp-json\/wp\/v2\/pages\/43159","targetHints":{"allow":["GET"]}}],"collection":[{"href":"https:\/\/afanoc.org\/es\/wp-json\/wp\/v2\/pages"}],"about":[{"href":"https:\/\/afanoc.org\/es\/wp-json\/wp\/v2\/types\/page"}],"author":[{"embeddable":true,"href":"https:\/\/afanoc.org\/es\/wp-json\/wp\/v2\/users\/692"}],"replies":[{"embeddable":true,"href":"https:\/\/afanoc.org\/es\/wp-json\/wp\/v2\/comments?post=43159"}],"version-history":[{"count":0,"href":"https:\/\/afanoc.org\/es\/wp-json\/wp\/v2\/pages\/43159\/revisions"}],"wp:featuredmedia":[{"embeddable":true,"href":"https:\/\/afanoc.org\/es\/wp-json\/wp\/v2\/media\/59613"}],"wp:attachment":[{"href":"https:\/\/afanoc.org\/es\/wp-json\/wp\/v2\/media?parent=43159"}],"curies":[{"name":"wp","href":"https:\/\/api.w.org\/{rel}","templated":true}]}}