{"id":43117,"date":"2022-06-03T19:49:23","date_gmt":"2022-06-03T17:49:23","guid":{"rendered":"https:\/\/afanoc.org\/voluntariat\/"},"modified":"2025-01-30T19:28:34","modified_gmt":"2025-01-30T17:28:34","slug":"voluntariado","status":"publish","type":"page","link":"https:\/\/afanoc.org\/es\/voluntariado\/","title":{"rendered":"Voluntariado"},"content":{"rendered":"\t\t<div data-elementor-type=\"wp-page\" data-elementor-id=\"43117\" class=\"elementor elementor-43117 elementor-4780\" data-elementor-post-type=\"page\">\n\t\t\t\t<div class=\"elementor-element elementor-element-0449443 e-flex e-con-boxed e-con e-parent\" data-id=\"0449443\" data-element_type=\"container\" data-e-type=\"container\" data-settings=\"{&quot;background_background&quot;:&quot;classic&quot;}\">\n\t\t\t\t\t<div class=\"e-con-inner\">\n\t\t\t\t\t<\/div>\n\t\t\t\t<\/div>\n\t\t\t\t<section class=\"elementor-section elementor-top-section elementor-element elementor-element-408b4dce elementor-section-boxed elementor-section-height-default elementor-section-height-default\" data-id=\"408b4dce\" data-element_type=\"section\" data-e-type=\"section\">\n\t\t\t\t\t\t<div class=\"elementor-container elementor-column-gap-default\">\n\t\t\t\t\t<div class=\"elementor-column elementor-col-100 elementor-top-column elementor-element elementor-element-63ce0225\" data-id=\"63ce0225\" data-element_type=\"column\" data-e-type=\"column\">\n\t\t\t<div class=\"elementor-widget-wrap elementor-element-populated\">\n\t\t\t\t\t\t<div class=\"elementor-element elementor-element-27d8b951 elementor-widget elementor-widget-woocommerce-breadcrumb\" data-id=\"27d8b951\" data-element_type=\"widget\" data-e-type=\"widget\" data-widget_type=\"woocommerce-breadcrumb.default\">\n\t\t\t\t<div class=\"elementor-widget-container\">\n\t\t\t\t\t<nav class=\"woocommerce-breadcrumb\" aria-label=\"Breadcrumb\">Inicio<\/nav>\t\t\t\t<\/div>\n\t\t\t\t<\/div>\n\t\t\t\t<div class=\"elementor-element elementor-element-eb533e5 elementor-widget elementor-widget-heading\" data-id=\"eb533e5\" data-element_type=\"widget\" data-e-type=\"widget\" data-widget_type=\"heading.default\">\n\t\t\t\t<div class=\"elementor-widget-container\">\n\t\t\t\t\t<h1 class=\"elementor-heading-title elementor-size-default\">Voluntariado<\/h1>\t\t\t\t<\/div>\n\t\t\t\t<\/div>\n\t\t\t\t\t<\/div>\n\t\t<\/div>\n\t\t\t\t\t<\/div>\n\t\t<\/section>\n\t\t\t\t<section class=\"elementor-section elementor-top-section elementor-element elementor-element-710346df elementor-section-boxed elementor-section-height-default elementor-section-height-default\" data-id=\"710346df\" data-element_type=\"section\" data-e-type=\"section\">\n\t\t\t\t\t\t<div class=\"elementor-container elementor-column-gap-default\">\n\t\t\t\t\t<div class=\"elementor-column elementor-col-50 elementor-top-column elementor-element elementor-element-2ad0c237\" data-id=\"2ad0c237\" data-element_type=\"column\" data-e-type=\"column\">\n\t\t\t<div class=\"elementor-widget-wrap elementor-element-populated\">\n\t\t\t\t\t\t<div class=\"elementor-element elementor-element-27f9967 elementor-widget elementor-widget-text-editor\" data-id=\"27f9967\" data-element_type=\"widget\" data-e-type=\"widget\" data-widget_type=\"text-editor.default\">\n\t\t\t\t<div class=\"elementor-widget-container\">\n\t\t\t\t\t\t\t\t\t<h3>Personas con <span style=\"color: #e17a26;\">compromiso<\/span>. El voluntariado es clave en el acompa\u00f1amiento durante el proceso de la enfermedad<\/h3>\n\t\t\t\t\t\t\t\t<\/div>\n\t\t\t\t<\/div>\n\t\t\t\t<div class=\"elementor-element elementor-element-5736b123 elementor-widget elementor-widget-text-editor\" data-id=\"5736b123\" data-element_type=\"widget\" data-e-type=\"widget\" data-widget_type=\"text-editor.default\">\n\t\t\t\t<div class=\"elementor-widget-container\">\n\t\t\t\t\t\t\t\t\t<p><span style=\"font-weight: 400;\">El voluntariado representa uno de los pilares m\u00e1s importantes de la entidad, un apoyo imprescindible sin el que no ser\u00eda posible llevar a cabo diferentes proyectos de atenci\u00f3n y acompa\u00f1amiento a las familias, tanto dentro como fuera de los hospitales, las cuatro sedes de AFANOC y La Casa de los Xuklis.<\/span><\/p>\n<p><span style=\"font-weight: 400;\">Cada vez son m\u00e1s las personas que quieren pasar a la acci\u00f3n y piensan que ofreciendo parte de su tiempo libre para ayudar a los dem\u00e1s es la mejor manera de contribuir al bien com\u00fan. Por eso la figura de la persona voluntaria se ha convertido en un motor indispensable dentro de nuestra sociedad actual.<\/span><\/p>\n<p><span style=\"font-weight: 400;\">En AFANOC tenemos el privilegio de contar con un equipo de voluntariado muy numeroso que desarrolla esta tarea tan necesaria y complementaria a la del equipo profesional.<\/span><\/p>\n<p><span style=\"font-weight: 400;\">Las personas voluntarias tienen presencia en diferentes espacios de intervenci\u00f3n y AFANOC se ocupa de formarlas de acuerdo con las especificidades de cada uno de estos espacios.<\/span><\/p>\n\t\t\t\t\t\t\t\t<\/div>\n\t\t\t\t<\/div>\n\t\t\t\t\t<\/div>\n\t\t<\/div>\n\t\t\t\t<div class=\"elementor-column elementor-col-50 elementor-top-column elementor-element elementor-element-623055a3\" data-id=\"623055a3\" data-element_type=\"column\" data-e-type=\"column\" data-settings=\"{&quot;background_background&quot;:&quot;classic&quot;}\">\n\t\t\t<div class=\"elementor-widget-wrap elementor-element-populated\">\n\t\t\t\t\t\t<div class=\"elementor-element elementor-element-f7f545d elementor-widget elementor-widget-heading\" data-id=\"f7f545d\" data-element_type=\"widget\" data-e-type=\"widget\" data-widget_type=\"heading.default\">\n\t\t\t\t<div class=\"elementor-widget-container\">\n\t\t\t\t\t<h2 class=\"elementor-heading-title elementor-size-default\">\u00bfQuieres hacer un voluntariado con nosotros?<\/h2>\t\t\t\t<\/div>\n\t\t\t\t<\/div>\n\t\t\t\t<div class=\"elementor-element elementor-element-52bf26d elementor-align-justify elementor-widget__width-inherit elementor-widget elementor-widget-button\" data-id=\"52bf26d\" data-element_type=\"widget\" data-e-type=\"widget\" data-widget_type=\"button.default\">\n\t\t\t\t<div class=\"elementor-widget-container\">\n\t\t\t\t\t\t\t\t\t<div class=\"elementor-button-wrapper\">\n\t\t\t\t\t<a class=\"elementor-button elementor-button-link elementor-size-lg\" href=\"https:\/\/afanoc.org\/es\/hazte-voluntario\/\">\n\t\t\t\t\t\t<span class=\"elementor-button-content-wrapper\">\n\t\t\t\t\t\t\t\t\t<span class=\"elementor-button-text\">HAZTE VOLUNTARIO<\/span>\n\t\t\t\t\t<\/span>\n\t\t\t\t\t<\/a>\n\t\t\t\t<\/div>\n\t\t\t\t\t\t\t\t<\/div>\n\t\t\t\t<\/div>\n\t\t\t\t\t<\/div>\n\t\t<\/div>\n\t\t\t\t\t<\/div>\n\t\t<\/section>\n\t\t\t\t<section class=\"elementor-section elementor-top-section elementor-element elementor-element-3f390885 elementor-section-boxed elementor-section-height-default elementor-section-height-default\" data-id=\"3f390885\" data-element_type=\"section\" data-e-type=\"section\">\n\t\t\t\t\t\t<div class=\"elementor-container elementor-column-gap-default\">\n\t\t\t\t\t<div class=\"elementor-column elementor-col-100 elementor-top-column elementor-element elementor-element-2fc40eeb\" data-id=\"2fc40eeb\" data-element_type=\"column\" data-e-type=\"column\">\n\t\t\t<div class=\"elementor-widget-wrap elementor-element-populated\">\n\t\t\t\t\t\t<div class=\"elementor-element elementor-element-7408aaf0 elementor-widget elementor-widget-spacer\" data-id=\"7408aaf0\" data-element_type=\"widget\" data-e-type=\"widget\" data-widget_type=\"spacer.default\">\n\t\t\t\t<div class=\"elementor-widget-container\">\n\t\t\t\t\t\t\t<div class=\"elementor-spacer\">\n\t\t\t<div class=\"elementor-spacer-inner\"><\/div>\n\t\t<\/div>\n\t\t\t\t\t\t<\/div>\n\t\t\t\t<\/div>\n\t\t\t\t\t<\/div>\n\t\t<\/div>\n\t\t\t\t\t<\/div>\n\t\t<\/section>\n\t\t\t\t<section class=\"elementor-section elementor-top-section elementor-element elementor-element-ac0f17e elementor-section-stretched elementor-section-boxed elementor-section-height-default elementor-section-height-default\" data-id=\"ac0f17e\" data-element_type=\"section\" data-e-type=\"section\" data-settings=\"{&quot;stretch_section&quot;:&quot;section-stretched&quot;}\">\n\t\t\t\t\t\t<div class=\"elementor-container elementor-column-gap-default\">\n\t\t\t\t\t<div class=\"elementor-column elementor-col-100 elementor-top-column elementor-element elementor-element-a68a7ef\" data-id=\"a68a7ef\" data-element_type=\"column\" data-e-type=\"column\">\n\t\t\t<div class=\"elementor-widget-wrap elementor-element-populated\">\n\t\t\t\t\t\t<div class=\"elementor-element elementor-element-ab7672f elementor-widget elementor-widget-text-editor\" data-id=\"ab7672f\" data-element_type=\"widget\" data-e-type=\"widget\" data-widget_type=\"text-editor.default\">\n\t\t\t\t<div class=\"elementor-widget-container\">\n\t\t\t\t\t\t\t\t\t<h2>Tipo de <span style=\"color: #e17a26;\">Voluntariado<\/span><\/h2>\n\t\t\t\t\t\t\t\t<\/div>\n\t\t\t\t<\/div>\n\t\t\t\t\t<\/div>\n\t\t<\/div>\n\t\t\t\t\t<\/div>\n\t\t<\/section>\n\t\t\t\t<section class=\"elementor-section elementor-top-section elementor-element elementor-element-7fdee74 elementor-section-stretched elementor-section-boxed elementor-section-height-default elementor-section-height-default\" data-id=\"7fdee74\" data-element_type=\"section\" data-e-type=\"section\" data-settings=\"{&quot;stretch_section&quot;:&quot;section-stretched&quot;}\">\n\t\t\t\t\t\t<div class=\"elementor-container elementor-column-gap-default\">\n\t\t\t\t\t<div class=\"elementor-column elementor-col-33 elementor-top-column elementor-element elementor-element-c41e022\" data-id=\"c41e022\" data-element_type=\"column\" data-e-type=\"column\">\n\t\t\t<div class=\"elementor-widget-wrap elementor-element-populated\">\n\t\t\t\t\t\t<div class=\"elementor-element elementor-element-c5418c8 elementor-widget elementor-widget-image\" data-id=\"c5418c8\" data-element_type=\"widget\" data-e-type=\"widget\" data-widget_type=\"image.default\">\n\t\t\t\t<div class=\"elementor-widget-container\">\n\t\t\t\t\t\t\t\t\t\t\t\t\t\t\t<img decoding=\"async\" width=\"300\" height=\"233\" src=\"https:\/\/afanoc.org\/wp-content\/uploads\/Voluntariat-Hospitalari-2-300x233.jpg\" class=\"attachment-medium size-medium wp-image-51646\" alt=\"Voluntariat Hospitalari\" srcset=\"https:\/\/afanoc.org\/wp-content\/uploads\/Voluntariat-Hospitalari-2-300x233.jpg 300w, https:\/\/afanoc.org\/wp-content\/uploads\/Voluntariat-Hospitalari-2-150x117.jpg 150w, https:\/\/afanoc.org\/wp-content\/uploads\/Voluntariat-Hospitalari-2.jpg 324w\" sizes=\"(max-width: 300px) 100vw, 300px\" \/>\t\t\t\t\t\t\t\t\t\t\t\t\t\t\t<\/div>\n\t\t\t\t<\/div>\n\t\t\t\t<div class=\"elementor-element elementor-element-6706204 elementor-widget elementor-widget-text-editor\" data-id=\"6706204\" data-element_type=\"widget\" data-e-type=\"widget\" data-widget_type=\"text-editor.default\">\n\t\t\t\t<div class=\"elementor-widget-container\">\n\t\t\t\t\t\t\t\t\t<h3>Hospitalario<\/h3>\n<p><span style=\"font-weight: 400;\">El voluntariado hospitalario de AFANOC apoya a los ni\u00f1os y adolescentes ya sus familiares durante los per\u00edodos de ingreso o los tratamientos ambulatorios, en el Servicio de Oncolog\u00eda y Hematolog\u00eda Pedi\u00e1tricas del Hospital Vall d&#8217;Hebron. El voluntariado acompa\u00f1a, juega y propone actividades a la vez que ofrece espacios de respiro a los principales cuidadores y cuidadoras. <\/span><\/p><\/p>\n\t\t\t\t\t\t\t\t<\/div>\n\t\t\t\t<\/div>\n\t\t\t\t\t<\/div>\n\t\t<\/div>\n\t\t\t\t<div class=\"elementor-column elementor-col-33 elementor-top-column elementor-element elementor-element-97661e7\" data-id=\"97661e7\" data-element_type=\"column\" data-e-type=\"column\">\n\t\t\t<div class=\"elementor-widget-wrap elementor-element-populated\">\n\t\t\t\t\t\t<div class=\"elementor-element elementor-element-04297e5 elementor-widget elementor-widget-image\" data-id=\"04297e5\" data-element_type=\"widget\" data-e-type=\"widget\" data-widget_type=\"image.default\">\n\t\t\t\t<div class=\"elementor-widget-container\">\n\t\t\t\t\t\t\t\t\t\t\t\t\t\t\t<img decoding=\"async\" width=\"300\" height=\"233\" src=\"https:\/\/afanoc.org\/wp-content\/uploads\/Voluntariat-Casa-Xuklis-300x233.jpg\" class=\"attachment-medium size-medium wp-image-51656\" alt=\"\" srcset=\"https:\/\/afanoc.org\/wp-content\/uploads\/Voluntariat-Casa-Xuklis-300x233.jpg 300w, https:\/\/afanoc.org\/wp-content\/uploads\/Voluntariat-Casa-Xuklis-150x117.jpg 150w, https:\/\/afanoc.org\/wp-content\/uploads\/Voluntariat-Casa-Xuklis.jpg 324w\" sizes=\"(max-width: 300px) 100vw, 300px\" \/>\t\t\t\t\t\t\t\t\t\t\t\t\t\t\t<\/div>\n\t\t\t\t<\/div>\n\t\t\t\t<div class=\"elementor-element elementor-element-4667ab9 elementor-widget elementor-widget-text-editor\" data-id=\"4667ab9\" data-element_type=\"widget\" data-e-type=\"widget\" data-widget_type=\"text-editor.default\">\n\t\t\t\t<div class=\"elementor-widget-container\">\n\t\t\t\t\t\t\t\t\t<h3 class=\"title-heading-left\">La Casa de los Xuklis<\/h3>\n<p><span style=\"font-weight: 400;\">Durante las tardes de lunes a viernes y s\u00e1bados por la ma\u00f1ana, nuestro Voluntariado ofrece actividades y talleres programados, con el objetivo de enriquecer y aportar aire fresco a las familias alojadas en La Casa.<\/span><\/p>\n\t\t\t\t\t\t\t\t<\/div>\n\t\t\t\t<\/div>\n\t\t\t\t\t<\/div>\n\t\t<\/div>\n\t\t\t\t<div class=\"elementor-column elementor-col-33 elementor-top-column elementor-element elementor-element-ab81b9d\" data-id=\"ab81b9d\" data-element_type=\"column\" data-e-type=\"column\">\n\t\t\t<div class=\"elementor-widget-wrap elementor-element-populated\">\n\t\t\t\t\t\t<div class=\"elementor-element elementor-element-ecb2529 elementor-widget elementor-widget-image\" data-id=\"ecb2529\" data-element_type=\"widget\" data-e-type=\"widget\" data-widget_type=\"image.default\">\n\t\t\t\t<div class=\"elementor-widget-container\">\n\t\t\t\t\t\t\t\t\t\t\t\t\t\t\t<img decoding=\"async\" width=\"300\" height=\"233\" src=\"https:\/\/afanoc.org\/wp-content\/uploads\/Voluntariat-Domiciliari-1-300x233.jpg\" class=\"attachment-medium size-medium wp-image-51650\" alt=\"Voluntariat Domiciliari\" srcset=\"https:\/\/afanoc.org\/wp-content\/uploads\/Voluntariat-Domiciliari-1-300x233.jpg 300w, https:\/\/afanoc.org\/wp-content\/uploads\/Voluntariat-Domiciliari-1-150x117.jpg 150w, https:\/\/afanoc.org\/wp-content\/uploads\/Voluntariat-Domiciliari-1.jpg 324w\" sizes=\"(max-width: 300px) 100vw, 300px\" \/>\t\t\t\t\t\t\t\t\t\t\t\t\t\t\t<\/div>\n\t\t\t\t<\/div>\n\t\t\t\t<div class=\"elementor-element elementor-element-a129e57 elementor-widget elementor-widget-text-editor\" data-id=\"a129e57\" data-element_type=\"widget\" data-e-type=\"widget\" data-widget_type=\"text-editor.default\">\n\t\t\t\t<div class=\"elementor-widget-container\">\n\t\t\t\t\t\t\t\t\t<h3 class=\"title-heading-left\">Domiciliario<\/h3>\n<p><span style=\"font-weight: 400;\">El voluntariado domiciliario pretende ser ayuda en la adaptaci\u00f3n que viven las familias a ra\u00edz del diagn\u00f3stico. Puede dirigirse tanto al ni\u00f1o que est\u00e1 enfermo como a sus hermanos o hermanas, con la intenci\u00f3n de darles respuesta a las diferentes necesidades que puedan surgir. Paralelamente supone un apoyo a las personas cuidadoras ofreci\u00e9ndoles espacios de respiro.  <\/span><\/p>\n\t\t\t\t\t\t\t\t<\/div>\n\t\t\t\t<\/div>\n\t\t\t\t\t<\/div>\n\t\t<\/div>\n\t\t\t\t\t<\/div>\n\t\t<\/section>\n\t\t\t\t<section class=\"elementor-section elementor-top-section elementor-element elementor-element-5e456b6 elementor-section-stretched elementor-section-boxed elementor-section-height-default elementor-section-height-default\" data-id=\"5e456b6\" data-element_type=\"section\" data-e-type=\"section\" data-settings=\"{&quot;stretch_section&quot;:&quot;section-stretched&quot;}\">\n\t\t\t\t\t\t<div class=\"elementor-container elementor-column-gap-default\">\n\t\t\t\t\t<div class=\"elementor-column elementor-col-33 elementor-top-column elementor-element elementor-element-de953eb\" data-id=\"de953eb\" data-element_type=\"column\" data-e-type=\"column\">\n\t\t\t<div class=\"elementor-widget-wrap elementor-element-populated\">\n\t\t\t\t\t\t<div class=\"elementor-element elementor-element-0eb0f63 elementor-widget elementor-widget-image\" data-id=\"0eb0f63\" data-element_type=\"widget\" data-e-type=\"widget\" data-widget_type=\"image.default\">\n\t\t\t\t<div class=\"elementor-widget-container\">\n\t\t\t\t\t\t\t\t\t\t\t\t\t\t\t<img decoding=\"async\" width=\"300\" height=\"233\" src=\"https:\/\/afanoc.org\/wp-content\/uploads\/Voluntariat-Actes-1-300x233.jpg\" class=\"attachment-medium size-medium wp-image-51653\" alt=\"\" srcset=\"https:\/\/afanoc.org\/wp-content\/uploads\/Voluntariat-Actes-1-300x233.jpg 300w, https:\/\/afanoc.org\/wp-content\/uploads\/Voluntariat-Actes-1-150x117.jpg 150w, https:\/\/afanoc.org\/wp-content\/uploads\/Voluntariat-Actes-1.jpg 324w\" sizes=\"(max-width: 300px) 100vw, 300px\" \/>\t\t\t\t\t\t\t\t\t\t\t\t\t\t\t<\/div>\n\t\t\t\t<\/div>\n\t\t\t\t<div class=\"elementor-element elementor-element-0dee01b elementor-widget elementor-widget-text-editor\" data-id=\"0dee01b\" data-element_type=\"widget\" data-e-type=\"widget\" data-widget_type=\"text-editor.default\">\n\t\t\t\t<div class=\"elementor-widget-container\">\n\t\t\t\t\t\t\t\t\t<h3 class=\"title-heading-left\"><b>Acciones de sensibilizaci\u00f3n y difusi\u00f3n<\/b><\/h3>\n<p><span style=\"font-weight: 400;\">Hacer visible la realidad del c\u00e1ncer infantil y la labor que desarrolla AFANOC es importante para contar con la implicaci\u00f3n de la ciudadan\u00eda. Un equipo de personas voluntarias colaboran en estas acciones de sensibilizaci\u00f3n y difusi\u00f3n, participando en actos, campa\u00f1as y eventos p\u00fablicos.   <\/span><\/p>\n\t\t\t\t\t\t\t\t<\/div>\n\t\t\t\t<\/div>\n\t\t\t\t\t<\/div>\n\t\t<\/div>\n\t\t\t\t<div class=\"elementor-column elementor-col-33 elementor-top-column elementor-element elementor-element-5fca96b\" data-id=\"5fca96b\" data-element_type=\"column\" data-e-type=\"column\">\n\t\t\t<div class=\"elementor-widget-wrap elementor-element-populated\">\n\t\t\t\t\t\t<div class=\"elementor-element elementor-element-e62eebf elementor-widget elementor-widget-image\" data-id=\"e62eebf\" data-element_type=\"widget\" data-e-type=\"widget\" data-widget_type=\"image.default\">\n\t\t\t\t<div class=\"elementor-widget-container\">\n\t\t\t\t\t\t\t\t\t\t\t\t\t\t\t<img decoding=\"async\" width=\"320\" height=\"249\" src=\"https:\/\/afanoc.org\/wp-content\/uploads\/Grup-joves-320x249.jpg\" class=\"attachment-medium size-medium wp-image-68920\" alt=\"Grup de joves de l&#039;AFANOC\" srcset=\"https:\/\/afanoc.org\/wp-content\/uploads\/Grup-joves-320x249.jpg 320w, https:\/\/afanoc.org\/wp-content\/uploads\/Grup-joves-150x117.jpg 150w, https:\/\/afanoc.org\/wp-content\/uploads\/Grup-joves.jpg 324w\" sizes=\"(max-width: 320px) 100vw, 320px\" \/>\t\t\t\t\t\t\t\t\t\t\t\t\t\t\t<\/div>\n\t\t\t\t<\/div>\n\t\t\t\t<div class=\"elementor-element elementor-element-4e47374 elementor-widget elementor-widget-text-editor\" data-id=\"4e47374\" data-element_type=\"widget\" data-e-type=\"widget\" data-widget_type=\"text-editor.default\">\n\t\t\t\t<div class=\"elementor-widget-container\">\n\t\t\t\t\t\t\t\t\t<h3><b>Grupo de J\u00f3venes  <br \/><\/b><\/h3>\n<p>El Grup de Joves cuenta con la colaboraci\u00f3n y acompa\u00f1amiento de personas voluntarias que participan en las propuestas mensuales de car\u00e1cter l\u00fadico y educativo con el objetivo de fomentar espacios de encuentro entre iguales que han pasado por la misma situaci\u00f3n<\/p>\n\t\t\t\t\t\t\t\t<\/div>\n\t\t\t\t<\/div>\n\t\t\t\t\t<\/div>\n\t\t<\/div>\n\t\t\t\t<div class=\"elementor-column elementor-col-33 elementor-top-column elementor-element elementor-element-b7016e3\" data-id=\"b7016e3\" data-element_type=\"column\" data-e-type=\"column\">\n\t\t\t<div class=\"elementor-widget-wrap elementor-element-populated\">\n\t\t\t\t\t\t<div class=\"elementor-element elementor-element-fb465a0 elementor-widget elementor-widget-image\" data-id=\"fb465a0\" data-element_type=\"widget\" data-e-type=\"widget\" data-widget_type=\"image.default\">\n\t\t\t\t<div class=\"elementor-widget-container\">\n\t\t\t\t\t\t\t\t\t\t\t\t\t\t\t<img decoding=\"async\" width=\"300\" height=\"233\" src=\"https:\/\/afanoc.org\/wp-content\/uploads\/voluntariat-admin-300x233.jpg\" class=\"attachment-medium size-medium wp-image-32581\" alt=\"\" srcset=\"https:\/\/afanoc.org\/wp-content\/uploads\/voluntariat-admin-300x233.jpg 300w, https:\/\/afanoc.org\/wp-content\/uploads\/voluntariat-admin.jpg 360w\" sizes=\"(max-width: 300px) 100vw, 300px\" \/>\t\t\t\t\t\t\t\t\t\t\t\t\t\t\t<\/div>\n\t\t\t\t<\/div>\n\t\t\t\t<div class=\"elementor-element elementor-element-4f47ba0 elementor-widget elementor-widget-text-editor\" data-id=\"4f47ba0\" data-element_type=\"widget\" data-e-type=\"widget\" data-widget_type=\"text-editor.default\">\n\t\t\t\t<div class=\"elementor-widget-container\">\n\t\t\t\t\t\t\t\t\t<h3 class=\"title-heading-left\">Tareas <b>de oficina<\/b><\/h3>\n<p><span style=\"font-weight: 400;\">Este tipo de voluntariado, por un lado desarrolla tareas de apoyo a la administraci\u00f3n, gesti\u00f3n y organizaci\u00f3n de las actividades que lleva a cabo la asociaci\u00f3n en su d\u00eda a d\u00eda y por otro lado, apoya en la organizaci\u00f3n de archivos y documentos de la entidad, ya sean propios del \u00e1rea de voluntariado como otros.<\/span><\/p>\n\t\t\t\t\t\t\t\t<\/div>\n\t\t\t\t<\/div>\n\t\t\t\t\t<\/div>\n\t\t<\/div>\n\t\t\t\t\t<\/div>\n\t\t<\/section>\n\t\t<div class=\"elementor-element elementor-element-393f5cd e-flex e-con-boxed e-con e-parent\" data-id=\"393f5cd\" data-element_type=\"container\" data-e-type=\"container\">\n\t\t\t\t\t<div class=\"e-con-inner\">\n\t\t\t\t<div class=\"elementor-element elementor-element-227f39c elementor-widget elementor-widget-text-editor\" data-id=\"227f39c\" data-element_type=\"widget\" data-e-type=\"widget\" data-widget_type=\"text-editor.default\">\n\t\t\t\t<div class=\"elementor-widget-container\">\n\t\t\t\t\t\t\t\t\t<h2>Formaci\u00f3n <span style=\"color: #e17a26;\">Voluntariado<\/span><\/h2>\n\t\t\t\t\t\t\t\t<\/div>\n\t\t\t\t<\/div>\n\t\t\t\t\t<\/div>\n\t\t\t\t<\/div>\n\t\t<div class=\"elementor-element elementor-element-3e91c84 e-flex e-con-boxed e-con e-parent\" data-id=\"3e91c84\" data-element_type=\"container\" data-e-type=\"container\">\n\t\t\t\t\t<div class=\"e-con-inner\">\n\t\t\t\t<div class=\"elementor-element elementor-element-1b9995b elementor-widget elementor-widget-text-editor\" data-id=\"1b9995b\" data-element_type=\"widget\" data-e-type=\"widget\" data-widget_type=\"text-editor.default\">\n\t\t\t\t<div class=\"elementor-widget-container\">\n\t\t\t\t\t\t\t\t\t<p><span style=\"font-weight: 400;\">Desde AFANOC consideramos que la formaci\u00f3n es una herramienta fundamental para mejorar la acci\u00f3n voluntaria, dotando de recursos y herramientas a aquellas personas que forman parte del equipo de Voluntariado de la entidad.<\/span><\/p>\n<p><span style=\"font-weight: 400;\">Ofrecemos diferentes cursos propios y tambi\u00e9n derivamos a aquellas formaciones que se organizan desde la FCVS, la FECEC y la FEFCI y que consideramos adecuadas por nuestro equipo de Voluntariado.<\/span><\/p>\n\t\t\t\t\t\t\t\t<\/div>\n\t\t\t\t<\/div>\n\t\t\t\t\t<\/div>\n\t\t\t\t<\/div>\n\t\t<div class=\"elementor-element elementor-element-15b6a76 e-flex e-con-boxed e-con e-parent\" data-id=\"15b6a76\" data-element_type=\"container\" data-e-type=\"container\">\n\t\t\t\t\t<div class=\"e-con-inner\">\n\t\t<div class=\"elementor-element elementor-element-77656f7 e-con-full e-flex e-con e-child\" data-id=\"77656f7\" data-element_type=\"container\" data-e-type=\"container\">\n\t\t\t\t<div class=\"elementor-element elementor-element-2eb6232 elementor-widget elementor-widget-image\" data-id=\"2eb6232\" data-element_type=\"widget\" data-e-type=\"widget\" data-widget_type=\"image.default\">\n\t\t\t\t<div class=\"elementor-widget-container\">\n\t\t\t\t\t\t\t\t\t\t\t\t\t\t\t\t<a href=\"https:\/\/afanoc.org\/es\/voluntariado\/formacion-barcelona\/\">\n\t\t\t\t\t\t\t<img decoding=\"async\" width=\"320\" height=\"320\" src=\"https:\/\/afanoc.org\/wp-content\/uploads\/Formacio-Barcelona.jpg\" class=\"attachment-large size-large wp-image-67693\" alt=\"Formacio Barcelona\" srcset=\"https:\/\/afanoc.org\/wp-content\/uploads\/Formacio-Barcelona.jpg 320w, https:\/\/afanoc.org\/wp-content\/uploads\/Formacio-Barcelona-150x150.jpg 150w, https:\/\/afanoc.org\/wp-content\/uploads\/Formacio-Barcelona-300x300.jpg 300w, https:\/\/afanoc.org\/wp-content\/uploads\/Formacio-Barcelona-100x100.jpg 100w, https:\/\/afanoc.org\/wp-content\/uploads\/Formacio-Barcelona-50x50.jpg 50w\" sizes=\"(max-width: 320px) 100vw, 320px\" \/>\t\t\t\t\t\t\t\t<\/a>\n\t\t\t\t\t\t\t\t\t\t\t\t\t\t\t<\/div>\n\t\t\t\t<\/div>\n\t\t\t\t<div class=\"elementor-element elementor-element-6085b38 elementor-align-center elementor-widget elementor-widget-button\" data-id=\"6085b38\" data-element_type=\"widget\" data-e-type=\"widget\" data-widget_type=\"button.default\">\n\t\t\t\t<div class=\"elementor-widget-container\">\n\t\t\t\t\t\t\t\t\t<div class=\"elementor-button-wrapper\">\n\t\t\t\t\t<a class=\"elementor-button elementor-button-link elementor-size-sm\" href=\"https:\/\/afanoc.org\/es\/voluntariado\/formacion-barcelona\/\">\n\t\t\t\t\t\t<span class=\"elementor-button-content-wrapper\">\n\t\t\t\t\t\t\t\t\t<span class=\"elementor-button-text\">Inscr\u00edbete en el taller de Barcelona<\/span>\n\t\t\t\t\t<\/span>\n\t\t\t\t\t<\/a>\n\t\t\t\t<\/div>\n\t\t\t\t\t\t\t\t<\/div>\n\t\t\t\t<\/div>\n\t\t\t\t<\/div>\n\t\t<div class=\"elementor-element elementor-element-e7e6586 e-con-full e-flex e-con e-child\" data-id=\"e7e6586\" data-element_type=\"container\" data-e-type=\"container\">\n\t\t\t\t<div class=\"elementor-element elementor-element-4d25d09 elementor-widget elementor-widget-image\" data-id=\"4d25d09\" data-element_type=\"widget\" data-e-type=\"widget\" data-widget_type=\"image.default\">\n\t\t\t\t<div class=\"elementor-widget-container\">\n\t\t\t\t\t\t\t\t\t\t\t\t\t\t\t\t<a href=\"https:\/\/afanoc.org\/es\/voluntariado\/formacion-lleida\/\">\n\t\t\t\t\t\t\t<img decoding=\"async\" width=\"320\" height=\"320\" src=\"https:\/\/afanoc.org\/wp-content\/uploads\/Formacio-Lleida.jpg\" class=\"attachment-large size-large wp-image-67695\" alt=\"Formacio Lleida\" srcset=\"https:\/\/afanoc.org\/wp-content\/uploads\/Formacio-Lleida.jpg 320w, https:\/\/afanoc.org\/wp-content\/uploads\/Formacio-Lleida-150x150.jpg 150w, https:\/\/afanoc.org\/wp-content\/uploads\/Formacio-Lleida-300x300.jpg 300w, https:\/\/afanoc.org\/wp-content\/uploads\/Formacio-Lleida-100x100.jpg 100w, https:\/\/afanoc.org\/wp-content\/uploads\/Formacio-Lleida-50x50.jpg 50w\" sizes=\"(max-width: 320px) 100vw, 320px\" \/>\t\t\t\t\t\t\t\t<\/a>\n\t\t\t\t\t\t\t\t\t\t\t\t\t\t\t<\/div>\n\t\t\t\t<\/div>\n\t\t\t\t<div class=\"elementor-element elementor-element-4144da2 elementor-align-center elementor-widget elementor-widget-button\" data-id=\"4144da2\" data-element_type=\"widget\" data-e-type=\"widget\" data-widget_type=\"button.default\">\n\t\t\t\t<div class=\"elementor-widget-container\">\n\t\t\t\t\t\t\t\t\t<div class=\"elementor-button-wrapper\">\n\t\t\t\t\t<a class=\"elementor-button elementor-button-link elementor-size-sm\" href=\"https:\/\/afanoc.org\/es\/voluntariado\/formacion-lleida\/\">\n\t\t\t\t\t\t<span class=\"elementor-button-content-wrapper\">\n\t\t\t\t\t\t\t\t\t<span class=\"elementor-button-text\">Inscr\u00edbete en el taller de Lleida<\/span>\n\t\t\t\t\t<\/span>\n\t\t\t\t\t<\/a>\n\t\t\t\t<\/div>\n\t\t\t\t\t\t\t\t<\/div>\n\t\t\t\t<\/div>\n\t\t\t\t<\/div>\n\t\t<div class=\"elementor-element elementor-element-f85297b e-con-full e-flex e-con e-child\" data-id=\"f85297b\" data-element_type=\"container\" data-e-type=\"container\">\n\t\t\t\t<div class=\"elementor-element elementor-element-ec0a1fd elementor-widget elementor-widget-image\" data-id=\"ec0a1fd\" data-element_type=\"widget\" data-e-type=\"widget\" data-widget_type=\"image.default\">\n\t\t\t\t<div class=\"elementor-widget-container\">\n\t\t\t\t\t\t\t\t\t\t\t\t\t\t\t\t<a href=\"https:\/\/afanoc.org\/es\/voluntariado\/formacion-tarragona\/\">\n\t\t\t\t\t\t\t<img decoding=\"async\" width=\"320\" height=\"320\" src=\"https:\/\/afanoc.org\/wp-content\/uploads\/Formacio-Tarragona.jpg\" class=\"attachment-large size-large wp-image-67697\" alt=\"Formacio Tarragona\" srcset=\"https:\/\/afanoc.org\/wp-content\/uploads\/Formacio-Tarragona.jpg 320w, https:\/\/afanoc.org\/wp-content\/uploads\/Formacio-Tarragona-150x150.jpg 150w, https:\/\/afanoc.org\/wp-content\/uploads\/Formacio-Tarragona-300x300.jpg 300w, https:\/\/afanoc.org\/wp-content\/uploads\/Formacio-Tarragona-100x100.jpg 100w, https:\/\/afanoc.org\/wp-content\/uploads\/Formacio-Tarragona-50x50.jpg 50w\" sizes=\"(max-width: 320px) 100vw, 320px\" \/>\t\t\t\t\t\t\t\t<\/a>\n\t\t\t\t\t\t\t\t\t\t\t\t\t\t\t<\/div>\n\t\t\t\t<\/div>\n\t\t\t\t<div class=\"elementor-element elementor-element-9dcdfda elementor-align-center elementor-widget elementor-widget-button\" data-id=\"9dcdfda\" data-element_type=\"widget\" data-e-type=\"widget\" data-widget_type=\"button.default\">\n\t\t\t\t<div class=\"elementor-widget-container\">\n\t\t\t\t\t\t\t\t\t<div class=\"elementor-button-wrapper\">\n\t\t\t\t\t<a class=\"elementor-button elementor-button-link elementor-size-sm\" href=\"https:\/\/afanoc.org\/es\/voluntariado\/formacion-tarragona\/\">\n\t\t\t\t\t\t<span class=\"elementor-button-content-wrapper\">\n\t\t\t\t\t\t\t\t\t<span class=\"elementor-button-text\">Inscr\u00edbete en el taller de Tarragona<\/span>\n\t\t\t\t\t<\/span>\n\t\t\t\t\t<\/a>\n\t\t\t\t<\/div>\n\t\t\t\t\t\t\t\t<\/div>\n\t\t\t\t<\/div>\n\t\t\t\t<\/div>\n\t\t<div class=\"elementor-element elementor-element-751c93d e-con-full e-flex e-con e-child\" data-id=\"751c93d\" data-element_type=\"container\" data-e-type=\"container\">\n\t\t\t\t<div class=\"elementor-element elementor-element-c7dfce2 elementor-widget elementor-widget-image\" data-id=\"c7dfce2\" data-element_type=\"widget\" data-e-type=\"widget\" data-widget_type=\"image.default\">\n\t\t\t\t<div class=\"elementor-widget-container\">\n\t\t\t\t\t\t\t\t\t\t\t\t\t\t\t\t<a href=\"https:\/\/afanoc.org\/es\/voluntariado\/formacion-girona\/\">\n\t\t\t\t\t\t\t<img decoding=\"async\" width=\"320\" height=\"320\" src=\"https:\/\/afanoc.org\/wp-content\/uploads\/Formacio-Girona.jpg\" class=\"attachment-large size-large wp-image-67701\" alt=\"\" srcset=\"https:\/\/afanoc.org\/wp-content\/uploads\/Formacio-Girona.jpg 320w, https:\/\/afanoc.org\/wp-content\/uploads\/Formacio-Girona-150x150.jpg 150w, https:\/\/afanoc.org\/wp-content\/uploads\/Formacio-Girona-300x300.jpg 300w, https:\/\/afanoc.org\/wp-content\/uploads\/Formacio-Girona-100x100.jpg 100w, https:\/\/afanoc.org\/wp-content\/uploads\/Formacio-Girona-50x50.jpg 50w\" sizes=\"(max-width: 320px) 100vw, 320px\" \/>\t\t\t\t\t\t\t\t<\/a>\n\t\t\t\t\t\t\t\t\t\t\t\t\t\t\t<\/div>\n\t\t\t\t<\/div>\n\t\t\t\t<div class=\"elementor-element elementor-element-300932d elementor-align-center elementor-widget elementor-widget-button\" data-id=\"300932d\" data-element_type=\"widget\" data-e-type=\"widget\" data-widget_type=\"button.default\">\n\t\t\t\t<div class=\"elementor-widget-container\">\n\t\t\t\t\t\t\t\t\t<div class=\"elementor-button-wrapper\">\n\t\t\t\t\t<a class=\"elementor-button elementor-button-link elementor-size-sm\" href=\"https:\/\/afanoc.org\/es\/voluntariado\/formacion-girona\/\">\n\t\t\t\t\t\t<span class=\"elementor-button-content-wrapper\">\n\t\t\t\t\t\t\t\t\t<span class=\"elementor-button-text\">Inscr\u00edbete en el taller de Girona<\/span>\n\t\t\t\t\t<\/span>\n\t\t\t\t\t<\/a>\n\t\t\t\t<\/div>\n\t\t\t\t\t\t\t\t<\/div>\n\t\t\t\t<\/div>\n\t\t\t\t<\/div>\n\t\t\t\t\t<\/div>\n\t\t\t\t<\/div>\n\t\t<div class=\"elementor-element elementor-element-63cd3ef e-flex e-con-boxed e-con e-parent\" data-id=\"63cd3ef\" data-element_type=\"container\" data-e-type=\"container\">\n\t\t\t\t\t<div class=\"e-con-inner\">\n\t\t\t\t<div class=\"elementor-element elementor-element-fed8e90 elementor-widget elementor-widget-spacer\" data-id=\"fed8e90\" data-element_type=\"widget\" data-e-type=\"widget\" data-widget_type=\"spacer.default\">\n\t\t\t\t<div class=\"elementor-widget-container\">\n\t\t\t\t\t\t\t<div class=\"elementor-spacer\">\n\t\t\t<div class=\"elementor-spacer-inner\"><\/div>\n\t\t<\/div>\n\t\t\t\t\t\t<\/div>\n\t\t\t\t<\/div>\n\t\t\t\t\t<\/div>\n\t\t\t\t<\/div>\n\t\t\t\t<\/div>\n\t\t","protected":false},"excerpt":{"rendered":"<p>Voluntariado Personas con compromiso. El voluntariado es clave en el acompa\u00f1amiento durante el proceso de la enfermedad El voluntariado representa uno de los pilares m\u00e1s importantes de la entidad, un apoyo imprescindible sin el que no ser\u00eda posible llevar a cabo diferentes proyectos de atenci\u00f3n y acompa\u00f1amiento a las familias, tanto dentro como fuera de [&hellip;]<\/p>\n","protected":false},"author":692,"featured_media":32583,"parent":0,"menu_order":0,"comment_status":"closed","ping_status":"closed","template":"elementor_header_footer","meta":{"site-sidebar-layout":"default","site-content-layout":"","ast-site-content-layout":"default","site-content-style":"default","site-sidebar-style":"default","ast-global-header-display":"","ast-banner-title-visibility":"","ast-main-header-display":"","ast-hfb-above-header-display":"","ast-hfb-below-header-display":"","ast-hfb-mobile-header-display":"","site-post-title":"","ast-breadcrumbs-content":"","ast-featured-img":"","footer-sml-layout":"","theme-transparent-header-meta":"","adv-header-id-meta":"","stick-header-meta":"","header-above-stick-meta":"","header-main-stick-meta":"","header-below-stick-meta":"","astra-migrate-meta-layouts":"default","ast-page-background-enabled":"default","ast-page-background-meta":{"desktop":{"background-color":"var(--ast-global-color-4)","background-image":"","background-repeat":"repeat","background-position":"center center","background-size":"auto","background-attachment":"scroll","background-type":"","background-media":"","overlay-type":"","overlay-color":"","overlay-opacity":"","overlay-gradient":""},"tablet":{"background-color":"","background-image":"","background-repeat":"repeat","background-position":"center center","background-size":"auto","background-attachment":"scroll","background-type":"","background-media":"","overlay-type":"","overlay-color":"","overlay-opacity":"","overlay-gradient":""},"mobile":{"background-color":"","background-image":"","background-repeat":"repeat","background-position":"center center","background-size":"auto","background-attachment":"scroll","background-type":"","background-media":"","overlay-type":"","overlay-color":"","overlay-opacity":"","overlay-gradient":""}},"ast-content-background-meta":{"desktop":{"background-color":"var(--ast-global-color-5)","background-image":"","background-repeat":"repeat","background-position":"center center","background-size":"auto","background-attachment":"scroll","background-type":"","background-media":"","overlay-type":"","overlay-color":"","overlay-opacity":"","overlay-gradient":""},"tablet":{"background-color":"var(--ast-global-color-5)","background-image":"","background-repeat":"repeat","background-position":"center center","background-size":"auto","background-attachment":"scroll","background-type":"","background-media":"","overlay-type":"","overlay-color":"","overlay-opacity":"","overlay-gradient":""},"mobile":{"background-color":"var(--ast-global-color-5)","background-image":"","background-repeat":"repeat","background-position":"center center","background-size":"auto","background-attachment":"scroll","background-type":"","background-media":"","overlay-type":"","overlay-color":"","overlay-opacity":"","overlay-gradient":""}},"footnotes":""},"class_list":["post-43117","page","type-page","status-publish","has-post-thumbnail","hentry"],"publishpress_future_workflow_manual_trigger":{"enabledWorkflows":[]},"_links":{"self":[{"href":"https:\/\/afanoc.org\/es\/wp-json\/wp\/v2\/pages\/43117","targetHints":{"allow":["GET"]}}],"collection":[{"href":"https:\/\/afanoc.org\/es\/wp-json\/wp\/v2\/pages"}],"about":[{"href":"https:\/\/afanoc.org\/es\/wp-json\/wp\/v2\/types\/page"}],"author":[{"embeddable":true,"href":"https:\/\/afanoc.org\/es\/wp-json\/wp\/v2\/users\/692"}],"replies":[{"embeddable":true,"href":"https:\/\/afanoc.org\/es\/wp-json\/wp\/v2\/comments?post=43117"}],"version-history":[{"count":0,"href":"https:\/\/afanoc.org\/es\/wp-json\/wp\/v2\/pages\/43117\/revisions"}],"wp:featuredmedia":[{"embeddable":true,"href":"https:\/\/afanoc.org\/es\/wp-json\/wp\/v2\/media\/32583"}],"wp:attachment":[{"href":"https:\/\/afanoc.org\/es\/wp-json\/wp\/v2\/media?parent=43117"}],"curies":[{"name":"wp","href":"https:\/\/api.w.org\/{rel}","templated":true}]}}