{"id":43108,"date":"2022-04-01T09:45:38","date_gmt":"2022-04-01T07:45:38","guid":{"rendered":"https:\/\/afanoc.org\/suport-psicoemocional\/"},"modified":"2025-09-15T17:46:54","modified_gmt":"2025-09-15T15:46:54","slug":"apoyo-psicoemocional","status":"publish","type":"page","link":"https:\/\/afanoc.org\/es\/apoyo-psicoemocional\/","title":{"rendered":"Apoyo Psicoemocional"},"content":{"rendered":"\t\t<div data-elementor-type=\"wp-page\" data-elementor-id=\"43108\" class=\"elementor elementor-43108 elementor-1268\" data-elementor-post-type=\"page\">\n\t\t\t\t<div class=\"elementor-element elementor-element-5b59845 e-con-full e-flex e-con e-parent\" data-id=\"5b59845\" data-element_type=\"container\" data-e-type=\"container\" data-settings=\"{&quot;background_background&quot;:&quot;classic&quot;}\">\n\t\t<div class=\"elementor-element elementor-element-40cdc05 e-con-full e-flex e-con e-child\" data-id=\"40cdc05\" data-element_type=\"container\" data-e-type=\"container\">\n\t\t\t\t<\/div>\n\t\t\t\t<\/div>\n\t\t\t\t<section class=\"elementor-section elementor-top-section elementor-element elementor-element-341c3b4a elementor-section-boxed elementor-section-height-default elementor-section-height-default\" data-id=\"341c3b4a\" data-element_type=\"section\" data-e-type=\"section\">\n\t\t\t\t\t\t<div class=\"elementor-container elementor-column-gap-default\">\n\t\t\t\t\t<div class=\"elementor-column elementor-col-66 elementor-top-column elementor-element elementor-element-aabf834\" data-id=\"aabf834\" data-element_type=\"column\" data-e-type=\"column\">\n\t\t\t<div class=\"elementor-widget-wrap elementor-element-populated\">\n\t\t\t\t\t\t<div class=\"elementor-element elementor-element-d40d0e4 elementor-widget elementor-widget-woocommerce-breadcrumb\" data-id=\"d40d0e4\" data-element_type=\"widget\" data-e-type=\"widget\" data-widget_type=\"woocommerce-breadcrumb.default\">\n\t\t\t\t<div class=\"elementor-widget-container\">\n\t\t\t\t\t<nav class=\"woocommerce-breadcrumb\" aria-label=\"Breadcrumb\">Inicio<\/nav>\t\t\t\t<\/div>\n\t\t\t\t<\/div>\n\t\t\t\t<div class=\"elementor-element elementor-element-a34f608 elementor-widget elementor-widget-heading\" data-id=\"a34f608\" data-element_type=\"widget\" data-e-type=\"widget\" data-widget_type=\"heading.default\">\n\t\t\t\t<div class=\"elementor-widget-container\">\n\t\t\t\t\t<h1 class=\"elementor-heading-title elementor-size-default\">Atenci\u00f3n <span style=\"color: #e17a26\">Psicoemocional<\/span><\/h1>\t\t\t\t<\/div>\n\t\t\t\t<\/div>\n\t\t\t\t<div class=\"elementor-element elementor-element-1670d6c elementor-widget elementor-widget-text-editor\" data-id=\"1670d6c\" data-element_type=\"widget\" data-e-type=\"widget\" data-widget_type=\"text-editor.default\">\n\t\t\t\t<div class=\"elementor-widget-container\">\n\t\t\t\t\t\t\t\t\t<p><strong>Ayudamos las familias a gestionar los cambios que aparecen en el \u00e1mbito emocional ante el diagn\u00f3stico del hijo o la hija.<\/strong><\/p>\n\t\t\t\t\t\t\t\t<\/div>\n\t\t\t\t<\/div>\n\t\t\t\t<div class=\"elementor-element elementor-element-b2c997a elementor-widget elementor-widget-heading\" data-id=\"b2c997a\" data-element_type=\"widget\" data-e-type=\"widget\" data-widget_type=\"heading.default\">\n\t\t\t\t<div class=\"elementor-widget-container\">\n\t\t\t\t\t<h2 class=\"elementor-heading-title elementor-size-default\">Acompa\u00f1amiento a las familias. <\/h2>\t\t\t\t<\/div>\n\t\t\t\t<\/div>\n\t\t\t\t<div class=\"elementor-element elementor-element-6ac98869 elementor-widget elementor-widget-text-editor\" data-id=\"6ac98869\" data-element_type=\"widget\" data-e-type=\"widget\" data-widget_type=\"text-editor.default\">\n\t\t\t\t<div class=\"elementor-widget-container\">\n\t\t\t\t\t\t\t\t\t<p>Cuando un ni\u00f1o o adolescente es diagnosticado de una enfermedad oncohematol\u00f3gica, tanto \u00e9l como su familia experimentan <strong>un impacto que les altera la vida de manera muy significativa<\/strong>. Deber\u00e1n convivir con una serie de cambios que les transformar\u00e1 su din\u00e1mica habitual: el entorno sanitario desconocido, tratamientos m\u00e9dicos, pruebas diagn\u00f3sticas, <strong>hospitalizaci\u00f3n<\/strong> u hospital de d\u00eda, el lenguaje complejo de los diferentes profesionales sanitarios, y sobre todo, el distanciamiento del entorno habitual del que, hasta ahora, era su d\u00eda a d\u00eda.<\/p>\n<p>Ante esta nueva y estresante situaci\u00f3n, aparte de los recursos propios para poder afrontarla, en muchos momentos <strong>habr\u00e1 que plantear dudas, expresar emociones complejas<\/strong> , compartir miedos y\/o angustias, en relaci\u00f3n a todo lo que est\u00e1 pasando: c\u00f3mo tratar el hijo\/a enfermo; c\u00f3mo manejar la informaci\u00f3n con el resto de hijos y familia; c\u00f3mo vivir esta dif\u00edcil experiencia con la pareja y como padres; qu\u00e9 papel debe tener la escuela o el instituto, etc\u2026<\/p>\n<p><strong>Les acompa\u00f1amos desde el inicio de la enfermedad y durante todo el proceso.<\/strong><\/p>\n<p>Ofrecemos atenci\u00f3n directa en el <span style=\"color: #ff6600;\"><strong>Pediatric Cancer Center del Hospital de Sant Joan de D\u00e9u de Barcelona,<\/strong><\/span> donde llevamos a cabo el servicio de apoyo emocional, en la acogida de las nuevas familias y en el grupo de apoyo para padres y madres en el inicio. Tambi\u00e9n realizamos un acompa\u00f1amiento y apoyo emocional en la Casa dels Xuklis y desde las diferentes sedes de AFANOC. <\/p>\n<p>Se atienden totas las peticiones que nos llegan, siempre en coordinaci\u00f3n con los equipos tratantes de los hospitales de referencia.<\/p>\n\t\t\t\t\t\t\t\t<\/div>\n\t\t\t\t<\/div>\n\t\t\t\t<div class=\"elementor-element elementor-element-f0b95a4 elementor-widget elementor-widget-heading\" data-id=\"f0b95a4\" data-element_type=\"widget\" data-e-type=\"widget\" data-widget_type=\"heading.default\">\n\t\t\t\t<div class=\"elementor-widget-container\">\n\t\t\t\t\t<h2 class=\"elementor-heading-title elementor-size-default\">Atenci\u00f3n Psicol\u00f3gica<\/h2>\t\t\t\t<\/div>\n\t\t\t\t<\/div>\n\t\t\t\t<div class=\"elementor-element elementor-element-94e2246 elementor-widget elementor-widget-text-editor\" data-id=\"94e2246\" data-element_type=\"widget\" data-e-type=\"widget\" data-widget_type=\"text-editor.default\">\n\t\t\t\t<div class=\"elementor-widget-container\">\n\t\t\t\t\t\t\t\t\t<p>La evidencia del impacta emocional del diagn\u00f3stico, las alteraciones que implican la hospitalizaci\u00f3n y\/o los tratamientos m\u00e9dicos en el n\u00facleo familiar, las secuelas que pueden derivar de los tratamientos as\u00ed como las consecuencias en el \u00e1mbito del funcionamiento psicosocial y educativo, entre otros, <strong>justifica la importancia de intervenir para facilitar el ajuste emocional y la adaptaci\u00f3n del ni\u00f1o o adolescente enfermo<\/strong> y sus familiares a la nueva situaci\u00f3n. Debido a que el impacto emocional afecta a todo el n\u00facleo familiar, el servicio se ofrece a cualquier miembro de la familia.<\/p>\n<p>Se ofrece apoyo psicol\u00f3gico a las familias con un hijo o una hija con diagn\u00f3stico de c\u00e1ncer en los diferentes momentos de la evoluci\u00f3n de la enfermedad.<\/p>\n<p><strong>La atenci\u00f3n psicol\u00f3gica<\/strong> se suele realizar de manera individual o en pareja, tanto desde las sedes de AFANOC como en el Pediatric Cancer Center del Hospital de Sant Joan de D\u00e9u. A nivel grupal se llevan a cabo de los <strong>Grupos terap\u00e9uticos para padres y madres<\/strong>. <\/p>\n\t\t\t\t\t\t\t\t<\/div>\n\t\t\t\t<\/div>\n\t\t\t\t<div class=\"elementor-element elementor-element-f46665d elementor-widget elementor-widget-heading\" data-id=\"f46665d\" data-element_type=\"widget\" data-e-type=\"widget\" data-widget_type=\"heading.default\">\n\t\t\t\t<div class=\"elementor-widget-container\">\n\t\t\t\t\t<h2 class=\"elementor-heading-title elementor-size-default\">Acompa\u00f1amiento al Duelo<\/h2>\t\t\t\t<\/div>\n\t\t\t\t<\/div>\n\t\t\t\t<div class=\"elementor-element elementor-element-412b88a elementor-widget elementor-widget-text-editor\" data-id=\"412b88a\" data-element_type=\"widget\" data-e-type=\"widget\" data-widget_type=\"text-editor.default\">\n\t\t\t\t<div class=\"elementor-widget-container\">\n\t\t\t\t\t\t\t\t\t<p>El proceso de p\u00e9rdida y duelo, se inicia en el momento del diagn\u00f3stico donde tanto los ni\u00f1os y\/o adolescentes y sus familias <strong>afrontan la p\u00e9rdida de la salud<\/strong> en s\u00ed mismos o en uno de sus miembros y de una situaci\u00f3n conocida. adentran en <strong>un proceso desconocido<\/strong> , incierto, donde habr\u00e1 ganancias y tambi\u00e9n p\u00e9rdidas.<\/p>\n<p>En algunos de los diagn\u00f3sticos o situaciones de tratamiento de la enfermedad, el equipo de cuidados paliativos acompa\u00f1a al menor ya su familia desde el principio y <strong>se centra el acompa\u00f1amiento en el aumento de la calidad de vida de la persona<\/strong> . tratamiento de la sintomatolog\u00eda y el apoyo a toda la familia, que son fundamentales, <strong>siendo el menor el centro de atenci\u00f3n.<\/strong><\/p>\n<p>En per\u00edodos de fase final de vida el ni\u00f1o\/a enfermo necesita que lo comprendan ya la vez necesita que alguien haga ese esfuerzo por \u00e9l. <strong>Las familias deben afrontar el miedo a la muerte<\/strong> , el miedo a la comunicaci\u00f3n con el ni\u00f1o\/ay el desconocimiento de sus propias acciones y reacciones de futuro.<\/p>\n<p><strong>Colaboramos con el Servicio de Atenci\u00f3n Paliativa<\/strong> y Paciente Cr\u00f3nico Complejo en el Hospital Sant Joan de D\u00e9u a trav\u00e9s del apoyo emocional a las familias y a los profesionales con el programa Cuidarnos.<\/p>\n<p>Acompa\u00f1amos a las escuelas con asesoramiento en la fase final de vida de un alumno y la gesti\u00f3n del duelo en el alumnado.<\/p>\n<p>El acompa\u00f1amiento al proceso de duelo lo realizamos a nivel individual, de pareja o familia, y desde la sede de Barcelona gestionamos Grupos de Duelo para padres y madres que han sufrido la muerte de un hijo o hija.<\/p>\n\t\t\t\t\t\t\t\t<\/div>\n\t\t\t\t<\/div>\n\t\t\t\t<div class=\"elementor-element elementor-element-c09b140 elementor-widget elementor-widget-text-editor\" data-id=\"c09b140\" data-element_type=\"widget\" data-e-type=\"widget\" data-widget_type=\"text-editor.default\">\n\t\t\t\t<div class=\"elementor-widget-container\">\n\t\t\t\t\t\t\t\t\t<p style=\"text-align: center;\"><strong>Aqu\u00ed puedes encontrar algunas de las recomendaciones para acompa\u00f1ar el duelo, un proceso normal, natural y necesario.<\/strong> <\/p>\n\t\t\t\t\t\t\t\t<\/div>\n\t\t\t\t<\/div>\n\t\t\t\t<div class=\"elementor-element elementor-element-05621fb elementor-button-danger elementor-align-left elementor-widget elementor-widget-button\" data-id=\"05621fb\" data-element_type=\"widget\" data-e-type=\"widget\" data-widget_type=\"button.default\">\n\t\t\t\t<div class=\"elementor-widget-container\">\n\t\t\t\t\t\t\t\t\t<div class=\"elementor-button-wrapper\">\n\t\t\t\t\t<a class=\"elementor-button elementor-button-link elementor-size-lg\" href=\"https:\/\/afanoc.org\/wp-content\/uploads\/recomanacionsCAT.pdf\" target=\"_blank\">\n\t\t\t\t\t\t<span class=\"elementor-button-content-wrapper\">\n\t\t\t\t\t\t\t\t\t<span class=\"elementor-button-text\">RECOMENDACIONES DUELO<\/span>\n\t\t\t\t\t<\/span>\n\t\t\t\t\t<\/a>\n\t\t\t\t<\/div>\n\t\t\t\t\t\t\t\t<\/div>\n\t\t\t\t<\/div>\n\t\t\t\t<div class=\"elementor-element elementor-element-509075c elementor-widget elementor-widget-heading\" data-id=\"509075c\" data-element_type=\"widget\" data-e-type=\"widget\" data-widget_type=\"heading.default\">\n\t\t\t\t<div class=\"elementor-widget-container\">\n\t\t\t\t\t<h2 class=\"elementor-heading-title elementor-size-default\">Terapia Familiar Sist\u00e9mica<\/h2>\t\t\t\t<\/div>\n\t\t\t\t<\/div>\n\t\t\t\t<div class=\"elementor-element elementor-element-4c69af1 elementor-widget elementor-widget-text-editor\" data-id=\"4c69af1\" data-element_type=\"widget\" data-e-type=\"widget\" data-widget_type=\"text-editor.default\">\n\t\t\t\t<div class=\"elementor-widget-container\">\n\t\t\t\t\t\t\t\t\t<p>La terapia familiar sist\u00e9mica es un enfoque terap\u00e9utico que, de manera global e integral, <strong>trabaja los sistemas familiares y sus subsistemas<\/strong> (pareja, individuo, hijos\/as) y otros grupos sociales significativos para <strong>determinar el origen de los conflictos<\/strong> y buscar cambios en las din\u00e1micas de estas relaciones que sean capaces de conseguir una soluci\u00f3n.<\/p><p><strong>Entender la familia como una entidad con l\u00edmites, partes relacionadas e interdependientes<\/strong>, en que el cambio que afecte una de estas partes tiene efectos sobre las otras.<\/p><p>En estas relaciones pueden surgir conflictos o acontecimientos que afecten las din\u00e1micas del sistema y la manera como el mismo individuo se comporta. Por lo tanto, siempre hay <strong>parte activa del conflicto y parte activa en la resoluci\u00f3n.<\/strong> Ampliar el foco del conflicto, desfocalitzar-*lo, observarlo con perspectiva analizando las aportaciones de cada uno de los miembros. Despu\u00e9s de un conflicto, p\u00e9rdida, crisis\u2026 Cada miembro se tiene que recolocar y volver a encontrar su espacio en la familia a partir del cambio.<\/p><p>Seg\u00fan las necesidades de las familias que tienen o han tenido un ni\u00f1o con c\u00e1ncer se ofrecen desde la sede de Barcelona, los siguientes acompa\u00f1amientos:<\/p><ul><li><u>Terapia Familiar Sist\u00e9mica grupal de cuidadores y cuidadoras<\/u> (trabajo terap\u00e9utico compartido, crear espacios de confidencialidad y v\u00ednculo entre iguales)<\/li><li><u>Terapia Familiar Sist\u00e9mica grupal de hermanos y hermanas<\/u> (trabajo terap\u00e9utico compartido, crear espacios de confidencialidad y v\u00ednculo entre iguales)<\/li><li><u>Terapia Familiar Sist\u00e9mica por el n\u00facleo familiar<\/u> (trabajo terap\u00e9utico para los miembros familiares convivientes, facilitar la comprensi\u00f3n de la enfermedad, potenciar las habilidades personales y sociales de los diversos miembros del n\u00facleo familiar para tener una buena adaptaci\u00f3n a la nueva situaci\u00f3n y contexto, acompa\u00f1ar al adaptaci\u00f3n a las secuelas f\u00edsicas, psicol\u00f3gicas y sociales que haya podido provocar la enfermedad)<\/li><\/ul>\t\t\t\t\t\t\t\t<\/div>\n\t\t\t\t<\/div>\n\t\t\t\t<div class=\"elementor-element elementor-element-d7211cb elementor-widget elementor-widget-heading\" data-id=\"d7211cb\" data-element_type=\"widget\" data-e-type=\"widget\" data-widget_type=\"heading.default\">\n\t\t\t\t<div class=\"elementor-widget-container\">\n\t\t\t\t\t<h2 class=\"elementor-heading-title elementor-size-default\">Neuropsicolog\u00eda en oncolog\u00eda pedi\u00e1trica<\/h2>\t\t\t\t<\/div>\n\t\t\t\t<\/div>\n\t\t\t\t<div class=\"elementor-element elementor-element-a976e97 elementor-widget elementor-widget-text-editor\" data-id=\"a976e97\" data-element_type=\"widget\" data-e-type=\"widget\" data-widget_type=\"text-editor.default\">\n\t\t\t\t<div class=\"elementor-widget-container\">\n\t\t\t\t\t\t\t\t\t<p>La neuropsicolog\u00eda se encarga de estudiar c\u00f3mo se ven afectadas las funciones cognitivas (atenci\u00f3n, concentraci\u00f3n, memoria, lenguaje, habilidades acad\u00e9micas\u2026) frente a enfermedades o condiciones que afecten al Sistema Nervioso Central (cerebro y m\u00e9dula espinal).<\/p><p>Sabemos que el c\u00e1ncer infantil y sus tratamientos pueden producir lo que se conoce como secuelas neurocognitivas, es decir, pueden provocar dificultades para concentrarse, memorizar, aprender, planificar, expresarse verbal o lentitud en el procesamiento de la informaci\u00f3n, entre otros. Estas dificultades pueden afectar a nivel acad\u00e9mico pero tambi\u00e9n emocional y social, en forma de bloqueo, sentimientos de rabia, aislamiento\u2026<\/p><p>Por todo esto, en el proceso oncol\u00f3gico infantil es de vital importancia valorar los aspectos cognitivos y realizar un buen seguimiento para poder detectar posibles alteraciones y ofrecer, si es necesario, un tratamiento de rehabilitaci\u00f3n neuropsicol\u00f3gica enfocado en proporcionar t\u00e9cnicas y estrategias para mejorar y compensar las dificultades, teniendo como base los puntos fuertes y potencialidades de cada ni\u00f1o\/a o adolescente. El objetivo final es conseguir maximizar su adaptaci\u00f3n funcional en el d\u00eda a d\u00eda, favoreciendo as\u00ed su calidad de vida.<\/p><p>La valoraci\u00f3n neuropsicol\u00f3gica se lleva a cabo a trav\u00e9s de entrevistas con los padres y el ni\u00f1o\/a o adolescente y de la administraci\u00f3n de tests cognitivos estandarizados que sirven para evaluar el nivel de las diferentes funciones (atenci\u00f3n, memoria, lenguaje\u2026). La evaluaci\u00f3n completa suele requerir unas 3 horas. Posteriormente la informaci\u00f3n recogida se analiza y se plasma en un informe neuropsic\u00f3logico que es de mucha utilidad en la escuela para llevar a cabo las adaptaciones necesarias en funci\u00f3n del perfil. La rehabilitaci\u00f3n neuropsicol\u00f3gica se realiza de forma individualizada y se basa en intentar mejorar las funciones cognitivas alteradas a trav\u00e9s de t\u00e9cnicas y estrategias cognitivo-conductuales y ayud\u00e1ndose de los puntos fuertes de cada persona. En todo el proceso siempre es importante poder trabajar en coordinaci\u00f3n de la familia y el resto de profesionales que atiendan al ni\u00f1o o adolescente.<\/p>\t\t\t\t\t\t\t\t<\/div>\n\t\t\t\t<\/div>\n\t\t\t\t\t<\/div>\n\t\t<\/div>\n\t\t\t\t<div class=\"elementor-column elementor-col-33 elementor-top-column elementor-element elementor-element-56c1ed9\" data-id=\"56c1ed9\" data-element_type=\"column\" data-e-type=\"column\">\n\t\t\t<div class=\"elementor-widget-wrap elementor-element-populated\">\n\t\t\t\t\t\t<div class=\"elementor-element elementor-element-e7a6736 elementor-widget elementor-widget-image\" data-id=\"e7a6736\" data-element_type=\"widget\" data-e-type=\"widget\" data-widget_type=\"image.default\">\n\t\t\t\t<div class=\"elementor-widget-container\">\n\t\t\t\t\t\t\t\t\t\t\t\t\t\t\t<img decoding=\"async\" width=\"663\" height=\"663\" src=\"https:\/\/afanoc.org\/wp-content\/uploads\/suport-lateral.png\" class=\"attachment-large size-large wp-image-33095\" alt=\"\" srcset=\"https:\/\/afanoc.org\/wp-content\/uploads\/suport-lateral.png 663w, https:\/\/afanoc.org\/wp-content\/uploads\/suport-lateral-300x300.png 300w, https:\/\/afanoc.org\/wp-content\/uploads\/suport-lateral-150x150.png 150w, https:\/\/afanoc.org\/wp-content\/uploads\/suport-lateral-600x600.png 600w, https:\/\/afanoc.org\/wp-content\/uploads\/suport-lateral-100x100.png 100w\" sizes=\"(max-width: 663px) 100vw, 663px\" \/>\t\t\t\t\t\t\t\t\t\t\t\t\t\t\t<\/div>\n\t\t\t\t<\/div>\n\t\t\t\t<div class=\"elementor-element elementor-element-c4f6642 elementor-widget elementor-widget-text-editor\" data-id=\"c4f6642\" data-element_type=\"widget\" data-e-type=\"widget\" data-widget_type=\"text-editor.default\">\n\t\t\t\t<div class=\"elementor-widget-container\">\n\t\t\t\t\t\t\t\t\t<h4 style=\"text-align: center;\">Si necesitas <strong>Atenci\u00f3n Psicoemocional<\/strong>, \u00a1ll\u00e1menos o \u00a1escr\u00edbenos un mail!<\/h4>\t\t\t\t\t\t\t\t<\/div>\n\t\t\t\t<\/div>\n\t\t\t\t<div class=\"elementor-element elementor-element-0bcd539 elementor-button-danger elementor-align-center elementor-widget elementor-widget-button\" data-id=\"0bcd539\" data-element_type=\"widget\" data-e-type=\"widget\" data-widget_type=\"button.default\">\n\t\t\t\t<div class=\"elementor-widget-container\">\n\t\t\t\t\t\t\t\t\t<div class=\"elementor-button-wrapper\">\n\t\t\t\t\t<a class=\"elementor-button elementor-button-link elementor-size-lg\" href=\"http:\/\/psicologia@afanoc.org\" target=\"_blank\">\n\t\t\t\t\t\t<span class=\"elementor-button-content-wrapper\">\n\t\t\t\t\t\t\t\t\t<span class=\"elementor-button-text\">CONTACTA CON NOSOTROS<\/span>\n\t\t\t\t\t<\/span>\n\t\t\t\t\t<\/a>\n\t\t\t\t<\/div>\n\t\t\t\t\t\t\t\t<\/div>\n\t\t\t\t<\/div>\n\t\t\t\t<div class=\"elementor-element elementor-element-bc116a8 elementor-button-danger elementor-align-center elementor-widget elementor-widget-button\" data-id=\"bc116a8\" data-element_type=\"widget\" data-e-type=\"widget\" data-widget_type=\"button.default\">\n\t\t\t\t<div class=\"elementor-widget-container\">\n\t\t\t\t\t\t\t\t\t<div class=\"elementor-button-wrapper\">\n\t\t\t\t\t<a class=\"elementor-button elementor-size-lg\" role=\"button\">\n\t\t\t\t\t\t<span class=\"elementor-button-content-wrapper\">\n\t\t\t\t\t\t\t\t\t<span class=\"elementor-button-text\">RECOMENDACIONES DUELO<\/span>\n\t\t\t\t\t<\/span>\n\t\t\t\t\t<\/a>\n\t\t\t\t<\/div>\n\t\t\t\t\t\t\t\t<\/div>\n\t\t\t\t<\/div>\n\t\t\t\t<div class=\"elementor-element elementor-element-1d18c42 elementor-button-danger elementor-align-center elementor-widget elementor-widget-button\" data-id=\"1d18c42\" data-element_type=\"widget\" data-e-type=\"widget\" data-widget_type=\"button.default\">\n\t\t\t\t<div class=\"elementor-widget-container\">\n\t\t\t\t\t\t\t\t\t<div class=\"elementor-button-wrapper\">\n\t\t\t\t\t<a class=\"elementor-button elementor-size-lg\" role=\"button\">\n\t\t\t\t\t\t<span class=\"elementor-button-content-wrapper\">\n\t\t\t\t\t\t\t\t\t<span class=\"elementor-button-text\">FORMACI\u00d3N<\/span>\n\t\t\t\t\t<\/span>\n\t\t\t\t\t<\/a>\n\t\t\t\t<\/div>\n\t\t\t\t\t\t\t\t<\/div>\n\t\t\t\t<\/div>\n\t\t\t\t\t<\/div>\n\t\t<\/div>\n\t\t\t\t\t<\/div>\n\t\t<\/section>\n\t\t\t\t<section class=\"elementor-section elementor-top-section elementor-element elementor-element-b063677 elementor-section-stretched elementor-section-boxed elementor-section-height-default elementor-section-height-default\" data-id=\"b063677\" data-element_type=\"section\" data-e-type=\"section\" data-settings=\"{&quot;background_background&quot;:&quot;classic&quot;,&quot;stretch_section&quot;:&quot;section-stretched&quot;}\">\n\t\t\t\t\t\t<div class=\"elementor-container elementor-column-gap-default\">\n\t\t\t\t\t<div class=\"elementor-column elementor-col-50 elementor-top-column elementor-element elementor-element-bd478a1\" data-id=\"bd478a1\" data-element_type=\"column\" data-e-type=\"column\">\n\t\t\t<div class=\"elementor-widget-wrap elementor-element-populated\">\n\t\t\t\t\t\t<div class=\"elementor-element elementor-element-b90c108 elementor-widget elementor-widget-heading\" data-id=\"b90c108\" data-element_type=\"widget\" data-e-type=\"widget\" data-widget_type=\"heading.default\">\n\t\t\t\t<div class=\"elementor-widget-container\">\n\t\t\t\t\t<h3 class=\"elementor-heading-title elementor-size-default\">Cu\u00e1ndo pedir ayuda.<\/h3>\t\t\t\t<\/div>\n\t\t\t\t<\/div>\n\t\t\t\t<div class=\"elementor-element elementor-element-5492af1 elementor-widget elementor-widget-text-editor\" data-id=\"5492af1\" data-element_type=\"widget\" data-e-type=\"widget\" data-widget_type=\"text-editor.default\">\n\t\t\t\t<div class=\"elementor-widget-container\">\n\t\t\t\t\t\t\t\t\tLa familia puede requerir la ayuda u orientaci\u00f3n del psic\u00f3logo en alguna de las siguientes etapas: <ul>\n \t<li>Diagn\u00f3stico<\/li>\n \t<li>Hospitalizaci\u00f3n y tratamiento<\/li>\n \t<li>Remisi\u00f3n, tratamiento ambulatorio o alta<\/li>\n \t<li>Reca\u00edda del tratamiento hasta nueva reemisi\u00f3n<\/li>\n \t<li>Tratamientos paliativos y muerte<\/li>\n<\/ul>\n\t\t\t\t\t\t\t\t<\/div>\n\t\t\t\t<\/div>\n\t\t\t\t\t<\/div>\n\t\t<\/div>\n\t\t\t\t<div class=\"elementor-column elementor-col-50 elementor-top-column elementor-element elementor-element-353a736\" data-id=\"353a736\" data-element_type=\"column\" data-e-type=\"column\">\n\t\t\t<div class=\"elementor-widget-wrap elementor-element-populated\">\n\t\t\t\t\t\t<div class=\"elementor-element elementor-element-59da5f4 elementor-widget elementor-widget-heading\" data-id=\"59da5f4\" data-element_type=\"widget\" data-e-type=\"widget\" data-widget_type=\"heading.default\">\n\t\t\t\t<div class=\"elementor-widget-container\">\n\t\t\t\t\t<h3 class=\"elementor-heading-title elementor-size-default\">Duelo.<\/h3>\t\t\t\t<\/div>\n\t\t\t\t<\/div>\n\t\t\t\t<div class=\"elementor-element elementor-element-6a97860 elementor-widget elementor-widget-text-editor\" data-id=\"6a97860\" data-element_type=\"widget\" data-e-type=\"widget\" data-widget_type=\"text-editor.default\">\n\t\t\t\t<div class=\"elementor-widget-container\">\n\t\t\t\t\t\t\t\t\t<p>En la secci\u00f3n de Duelo, el tipo de intervenci\u00f3n var\u00eda en funci\u00f3n de las necesidades y demandas, puede ser:<\/p>\n<ul>\n<li>Apoyo emocional<\/li>\n<li>Asesoramiento y atenci\u00f3n formal para elaborar la p\u00e9rdida<\/li>\n<\/ul>\n\t\t\t\t\t\t\t\t<\/div>\n\t\t\t\t<\/div>\n\t\t\t\t\t<\/div>\n\t\t<\/div>\n\t\t\t\t\t<\/div>\n\t\t<\/section>\n\t\t\t\t<\/div>\n\t\t","protected":false},"excerpt":{"rendered":"<p>Atenci\u00f3n Psicoemocional Ayudamos las familias a gestionar los cambios que aparecen en el \u00e1mbito emocional ante el diagn\u00f3stico del hijo o la hija. Acompa\u00f1amiento a las familias. Cuando un ni\u00f1o o adolescente es diagnosticado de una enfermedad oncohematol\u00f3gica, tanto \u00e9l como su familia experimentan un impacto que les altera la vida de manera muy significativa. [&hellip;]<\/p>\n","protected":false},"author":692,"featured_media":42525,"parent":0,"menu_order":0,"comment_status":"closed","ping_status":"closed","template":"elementor_header_footer","meta":{"site-sidebar-layout":"default","site-content-layout":"","ast-site-content-layout":"default","site-content-style":"default","site-sidebar-style":"default","ast-global-header-display":"","ast-banner-title-visibility":"","ast-main-header-display":"","ast-hfb-above-header-display":"","ast-hfb-below-header-display":"","ast-hfb-mobile-header-display":"","site-post-title":"","ast-breadcrumbs-content":"","ast-featured-img":"","footer-sml-layout":"","theme-transparent-header-meta":"","adv-header-id-meta":"","stick-header-meta":"","header-above-stick-meta":"","header-main-stick-meta":"","header-below-stick-meta":"","astra-migrate-meta-layouts":"default","ast-page-background-enabled":"default","ast-page-background-meta":{"desktop":{"background-color":"var(--ast-global-color-4)","background-image":"","background-repeat":"repeat","background-position":"center center","background-size":"auto","background-attachment":"scroll","background-type":"","background-media":"","overlay-type":"","overlay-color":"","overlay-opacity":"","overlay-gradient":""},"tablet":{"background-color":"","background-image":"","background-repeat":"repeat","background-position":"center center","background-size":"auto","background-attachment":"scroll","background-type":"","background-media":"","overlay-type":"","overlay-color":"","overlay-opacity":"","overlay-gradient":""},"mobile":{"background-color":"","background-image":"","background-repeat":"repeat","background-position":"center center","background-size":"auto","background-attachment":"scroll","background-type":"","background-media":"","overlay-type":"","overlay-color":"","overlay-opacity":"","overlay-gradient":""}},"ast-content-background-meta":{"desktop":{"background-color":"var(--ast-global-color-5)","background-image":"","background-repeat":"repeat","background-position":"center center","background-size":"auto","background-attachment":"scroll","background-type":"","background-media":"","overlay-type":"","overlay-color":"","overlay-opacity":"","overlay-gradient":""},"tablet":{"background-color":"var(--ast-global-color-5)","background-image":"","background-repeat":"repeat","background-position":"center center","background-size":"auto","background-attachment":"scroll","background-type":"","background-media":"","overlay-type":"","overlay-color":"","overlay-opacity":"","overlay-gradient":""},"mobile":{"background-color":"var(--ast-global-color-5)","background-image":"","background-repeat":"repeat","background-position":"center center","background-size":"auto","background-attachment":"scroll","background-type":"","background-media":"","overlay-type":"","overlay-color":"","overlay-opacity":"","overlay-gradient":""}},"footnotes":""},"class_list":["post-43108","page","type-page","status-publish","has-post-thumbnail","hentry"],"publishpress_future_workflow_manual_trigger":{"enabledWorkflows":[]},"_links":{"self":[{"href":"https:\/\/afanoc.org\/es\/wp-json\/wp\/v2\/pages\/43108","targetHints":{"allow":["GET"]}}],"collection":[{"href":"https:\/\/afanoc.org\/es\/wp-json\/wp\/v2\/pages"}],"about":[{"href":"https:\/\/afanoc.org\/es\/wp-json\/wp\/v2\/types\/page"}],"author":[{"embeddable":true,"href":"https:\/\/afanoc.org\/es\/wp-json\/wp\/v2\/users\/692"}],"replies":[{"embeddable":true,"href":"https:\/\/afanoc.org\/es\/wp-json\/wp\/v2\/comments?post=43108"}],"version-history":[{"count":0,"href":"https:\/\/afanoc.org\/es\/wp-json\/wp\/v2\/pages\/43108\/revisions"}],"wp:featuredmedia":[{"embeddable":true,"href":"https:\/\/afanoc.org\/es\/wp-json\/wp\/v2\/media\/42525"}],"wp:attachment":[{"href":"https:\/\/afanoc.org\/es\/wp-json\/wp\/v2\/media?parent=43108"}],"curies":[{"name":"wp","href":"https:\/\/api.w.org\/{rel}","templated":true}]}}