{"id":43076,"date":"2022-04-06T05:28:41","date_gmt":"2022-04-06T03:28:41","guid":{"rendered":"https:\/\/afanoc.org\/que-es-afanoc\/historia\/"},"modified":"2025-02-12T15:42:52","modified_gmt":"2025-02-12T13:42:52","slug":"historia","status":"publish","type":"page","link":"https:\/\/afanoc.org\/es\/que-es-afanoc\/historia\/","title":{"rendered":"Historia"},"content":{"rendered":"\t\t<div data-elementor-type=\"wp-page\" data-elementor-id=\"43076\" class=\"elementor elementor-43076 elementor-1451\" data-elementor-post-type=\"page\">\n\t\t\t\t\t\t<section class=\"elementor-section elementor-top-section elementor-element elementor-element-6250ade3 elementor-section-height-min-height elementor-section-stretched elementor-section-boxed elementor-section-height-default elementor-section-items-middle\" data-id=\"6250ade3\" data-element_type=\"section\" data-e-type=\"section\" data-settings=\"{&quot;stretch_section&quot;:&quot;section-stretched&quot;,&quot;background_background&quot;:&quot;classic&quot;}\">\n\t\t\t\t\t\t<div class=\"elementor-container elementor-column-gap-default\">\n\t\t\t\t\t<div class=\"elementor-column elementor-col-100 elementor-top-column elementor-element elementor-element-53794b86\" data-id=\"53794b86\" data-element_type=\"column\" data-e-type=\"column\">\n\t\t\t<div class=\"elementor-widget-wrap\">\n\t\t\t\t\t\t\t<\/div>\n\t\t<\/div>\n\t\t\t\t\t<\/div>\n\t\t<\/section>\n\t\t\t\t<section class=\"elementor-section elementor-top-section elementor-element elementor-element-bf7c623 elementor-section-boxed elementor-section-height-default elementor-section-height-default\" data-id=\"bf7c623\" data-element_type=\"section\" data-e-type=\"section\">\n\t\t\t\t\t\t<div class=\"elementor-container elementor-column-gap-default\">\n\t\t\t\t\t<div class=\"elementor-column elementor-col-100 elementor-top-column elementor-element elementor-element-eef22c9\" data-id=\"eef22c9\" data-element_type=\"column\" data-e-type=\"column\">\n\t\t\t<div class=\"elementor-widget-wrap elementor-element-populated\">\n\t\t\t\t\t\t<div class=\"elementor-element elementor-element-28f50225 elementor-widget elementor-widget-woocommerce-breadcrumb\" data-id=\"28f50225\" data-element_type=\"widget\" data-e-type=\"widget\" data-widget_type=\"woocommerce-breadcrumb.default\">\n\t\t\t\t<div class=\"elementor-widget-container\">\n\t\t\t\t\t<nav class=\"woocommerce-breadcrumb\" aria-label=\"Breadcrumb\">Inicio<\/nav>\t\t\t\t<\/div>\n\t\t\t\t<\/div>\n\t\t\t\t<div class=\"elementor-element elementor-element-477e983 elementor-widget elementor-widget-heading\" data-id=\"477e983\" data-element_type=\"widget\" data-e-type=\"widget\" data-widget_type=\"heading.default\">\n\t\t\t\t<div class=\"elementor-widget-container\">\n\t\t\t\t\t<h1 class=\"elementor-heading-title elementor-size-default\">Los <span style=\"color: #e17a26\">Inicios<\/span><\/h1>\t\t\t\t<\/div>\n\t\t\t\t<\/div>\n\t\t\t\t<div class=\"elementor-element elementor-element-3d15f01 elementor-widget elementor-widget-text-editor\" data-id=\"3d15f01\" data-element_type=\"widget\" data-e-type=\"widget\" data-widget_type=\"text-editor.default\">\n\t\t\t\t<div class=\"elementor-widget-container\">\n\t\t\t\t\t\t\t\t\t<p><strong>La Asociaci\u00f3n de Familiares y Amigos de Ni\u00f1os Oncol\u00f3gicos de Catalu\u00f1a nace en 1987 a ra\u00edz de la experiencia vital de un grupo de padres y madres<\/strong><\/p>\n\t\t\t\t\t\t\t\t<\/div>\n\t\t\t\t<\/div>\n\t\t\t\t\t<\/div>\n\t\t<\/div>\n\t\t\t\t\t<\/div>\n\t\t<\/section>\n\t\t\t\t<section class=\"elementor-section elementor-top-section elementor-element elementor-element-50bfbfe2 elementor-section-boxed elementor-section-height-default elementor-section-height-default\" data-id=\"50bfbfe2\" data-element_type=\"section\" data-e-type=\"section\">\n\t\t\t\t\t\t<div class=\"elementor-container elementor-column-gap-default\">\n\t\t\t\t\t<div class=\"elementor-column elementor-col-50 elementor-top-column elementor-element elementor-element-70ea3e6c\" data-id=\"70ea3e6c\" data-element_type=\"column\" data-e-type=\"column\">\n\t\t\t<div class=\"elementor-widget-wrap elementor-element-populated\">\n\t\t\t\t\t\t<div class=\"elementor-element elementor-element-80ff476 elementor-widget elementor-widget-text-editor\" data-id=\"80ff476\" data-element_type=\"widget\" data-e-type=\"widget\" data-widget_type=\"text-editor.default\">\n\t\t\t\t<div class=\"elementor-widget-container\">\n\t\t\t\t\t\t\t\t\t<p class=\"p2\">Fueron familias que se encontraron con la situaci\u00f3n de tener a sus hijos o hijas ingresados \u200b\u200ben el hospital con diagn\u00f3stico de c\u00e1ncer. Aquello les hizo detectar muchas carencias que exist\u00edan entonces. Necesidades espec\u00edficas derivadas de este diagn\u00f3stico que hicieron que se organizaran para buscar soluciones y encontrar respondidas que mejoraran este proceso. A lo largo de estos a\u00f1os, la entidad se ha profesionalizado y ha puesto en marcha programas y<span class=\"Apple-converted-space\"> <\/span>servicios destinados a mejorar la calidad de vida y la salud psicosocial de todos estos ni\u00f1os y adolescentes y sus familias.<span class=\"Apple-converted-space\"> <\/span><\/p>\n<p>En 1988, la entidad fue registrada como Asociaci\u00f3n no lucrativa con el n\u00ba 9846 en el Registro de entidades jur\u00eddicas del Departamento de Justicia de la Generalidad de Catalu\u00f1a.<\/p>\n<p>AFANOC ha desarrollado desde su creaci\u00f3n una importante labor en \u00e1mbitos muy diversos en torno a las necesidades que tienen las familias cuando un ni\u00f1o es diagnosticado de c\u00e1ncer. Necesidades muy diversas que afectan tanto al ni\u00f1o o ni\u00f1a, como a los padres, madres, hermanos, hermanas, amigos, escuela\u2026<\/p>\n<p>La realidad que se encontraron en 1987 no se correspond\u00eda con las necesidades que se generaban con esta enfermedad de larga duraci\u00f3n y de pron\u00f3stico incierto: <\/p>\n\t\t\t\t\t\t\t\t<\/div>\n\t\t\t\t<\/div>\n\t\t\t\t\t<\/div>\n\t\t<\/div>\n\t\t\t\t<div class=\"elementor-column elementor-col-50 elementor-top-column elementor-element elementor-element-d776040\" data-id=\"d776040\" data-element_type=\"column\" data-e-type=\"column\">\n\t\t\t<div class=\"elementor-widget-wrap elementor-element-populated\">\n\t\t\t\t\t\t<div class=\"elementor-element elementor-element-3dc9bd1 elementor-widget elementor-widget-text-editor\" data-id=\"3dc9bd1\" data-element_type=\"widget\" data-e-type=\"widget\" data-widget_type=\"text-editor.default\">\n\t\t\t\t<div class=\"elementor-widget-container\">\n\t\t\t\t\t\t\t\t\t<p>estancias muy largas en espacios no preparados para los ni\u00f1os y ni\u00f1as ni para sus acompa\u00f1antes, familias desplazadas lejos de sus casas sin sitio donde dormir y descansar, ning\u00fan apoyo psicol\u00f3gico para afrontar las diferentes etapas del tratamiento, falta de est\u00edmulos para los ni\u00f1os, ausencia de planificaci\u00f3n para escolarizarlos, falta de informaci\u00f3n sobre la enfermedad\u2026 En resumen, las familias se sent\u00edan sin ninguna ayuda ni apoyo.<\/p>\n<p>En un principio los familiares comenzaron organizando grupos de ayuda mutua, grupos de duelo, grupos de b\u00fasqueda de informaci\u00f3n de la enfermedad y comenz\u00f3 a consolidarse un peque\u00f1o grupo de voluntarios bien activos. A medida que la entidad se iba consolidando y creciendo se vio la necesidad de profesionalizar la Asociaci\u00f3n con un equipo multidisciplinario.<\/p>\n\t\t\t\t\t\t\t\t<\/div>\n\t\t\t\t<\/div>\n\t\t\t\t<div class=\"elementor-element elementor-element-129443a elementor-widget elementor-widget-image\" data-id=\"129443a\" data-element_type=\"widget\" data-e-type=\"widget\" data-widget_type=\"image.default\">\n\t\t\t\t<div class=\"elementor-widget-container\">\n\t\t\t\t\t\t\t\t\t\t\t\t\t\t\t<img decoding=\"async\" width=\"493\" height=\"234\" src=\"https:\/\/afanoc.org\/wp-content\/uploads\/Inicis.jpg\" class=\"attachment-large size-large wp-image-50178\" alt=\"Inicis AFANOC\" srcset=\"https:\/\/afanoc.org\/wp-content\/uploads\/Inicis.jpg 493w, https:\/\/afanoc.org\/wp-content\/uploads\/Inicis-300x142.jpg 300w, https:\/\/afanoc.org\/wp-content\/uploads\/Inicis-150x71.jpg 150w\" sizes=\"(max-width: 493px) 100vw, 493px\" \/>\t\t\t\t\t\t\t\t\t\t\t\t\t\t\t<\/div>\n\t\t\t\t<\/div>\n\t\t\t\t\t<\/div>\n\t\t<\/div>\n\t\t\t\t\t<\/div>\n\t\t<\/section>\n\t\t\t\t<section class=\"elementor-section elementor-top-section elementor-element elementor-element-2f9bb6f elementor-section-stretched elementor-section-boxed elementor-section-height-default elementor-section-height-default\" data-id=\"2f9bb6f\" data-element_type=\"section\" data-e-type=\"section\" data-settings=\"{&quot;background_background&quot;:&quot;classic&quot;,&quot;stretch_section&quot;:&quot;section-stretched&quot;}\">\n\t\t\t\t\t\t<div class=\"elementor-container elementor-column-gap-default\">\n\t\t\t\t\t<div class=\"elementor-column elementor-col-100 elementor-top-column elementor-element elementor-element-7f144481\" data-id=\"7f144481\" data-element_type=\"column\" data-e-type=\"column\">\n\t\t\t<div class=\"elementor-widget-wrap elementor-element-populated\">\n\t\t\t\t\t\t<div class=\"elementor-element elementor-element-41df48f0 elementor-widget elementor-widget-text-editor\" data-id=\"41df48f0\" data-element_type=\"widget\" data-e-type=\"widget\" data-widget_type=\"text-editor.default\">\n\t\t\t\t<div class=\"elementor-widget-container\">\n\t\t\t\t\t\t\t\t\t<p style=\"text-align: center;\"><strong>Durante todos estos a\u00f1os la entidad ha puesto en marcha programas y servicios con el objetivo de mejorar la calidad de vida de los ni\u00f1os y adolescentes con c\u00e1ncer y sus familias y ha trabajado en la mejora de la salud psicosocial de todas ellas.<\/strong><\/p>\n\t\t\t\t\t\t\t\t<\/div>\n\t\t\t\t<\/div>\n\t\t\t\t\t<\/div>\n\t\t<\/div>\n\t\t\t\t\t<\/div>\n\t\t<\/section>\n\t\t\t\t<section class=\"elementor-section elementor-top-section elementor-element elementor-element-afea774 elementor-section-boxed elementor-section-height-default elementor-section-height-default\" data-id=\"afea774\" data-element_type=\"section\" data-e-type=\"section\">\n\t\t\t\t\t\t<div class=\"elementor-container elementor-column-gap-default\">\n\t\t\t\t\t<div class=\"elementor-column elementor-col-100 elementor-top-column elementor-element elementor-element-9f5675e\" data-id=\"9f5675e\" data-element_type=\"column\" data-e-type=\"column\">\n\t\t\t<div class=\"elementor-widget-wrap elementor-element-populated\">\n\t\t\t\t\t\t<div class=\"elementor-element elementor-element-9d9de44 elementor-widget elementor-widget-text-editor\" data-id=\"9d9de44\" data-element_type=\"widget\" data-e-type=\"widget\" data-widget_type=\"text-editor.default\">\n\t\t\t\t<div class=\"elementor-widget-container\">\n\t\t\t\t\t\t\t\t\t<p>Podemos destacar algunas de las fechas m\u00e1s significativas para AFANOC a lo largo de estos a\u00f1os:<\/p>\n\t\t\t\t\t\t\t\t<\/div>\n\t\t\t\t<\/div>\n\t\t\t\t<div class=\"elementor-element elementor-element-2ff70b8 uael-timeline--center uael-timeline-responsive-tablet uael-timeline-arrow-center elementor-widget elementor-widget-uael-timeline\" data-id=\"2ff70b8\" data-element_type=\"widget\" data-e-type=\"widget\" data-widget_type=\"uael-timeline.default\">\n\t\t\t\t<div class=\"elementor-widget-container\">\n\t\t\t\t\t<div class=\"uael-timeline-wrapper uael-timeline-node\">\n\t\n\t<div class=\"uael-timeline-main\">\n\t\t<div class=\"uael-days\">\n\t\t\t\t\t\t\t\t\t\t\t\t<div class=\"elementor-repeater-item-c8dd075 uael-timeline-field animate-border out-view\">\n\t\t\t\t\t\t<div class=\"uael-timeline-widget uael-timeline-right\">\n\t\t\t\t\t\t\t<div class=\"uael-timeline-marker\">\n\t\t\t\t\t\t\t\t<span class=\"timeline-icon-new out-view-timeline-icon\">\n\t\t\t\t\t\t\t\t\t<i aria-hidden=\"true\" class=\"fa fa-calendar\"><\/i>\t\t\t\t\t\t\t\t<\/span>\n\t\t\t\t\t\t\t<\/div>\n\n\t\t\t\t\t\t\t<div class=\"uael-day-new uael-day-right\">\n\t\t\t\t\t\t\t\t<div class=\"uael-events-new\">\n\t\t\t\t\t\t\t\t\t\t\t\t\t\t\t\t\t\t<div class=\"uael-events-inner-new\">\n\t\t\t\t\t\t\t\t\t\t\t\t\t\t\t\t\t\t\t\t\t<div class=\"uael-timeline-date-hide uael-date-inner\"><div class=\"inner-date-new\"><p >1992<\/p><\/div>\n\t\t\t\t\t\t\t\t\t\t\t<\/div>\n\t\t\t\t\t\t\t\t\t\t\t\t\t\t\t\t\t\t\t\t<div class=\"uael-content\">\n\t\t\t\t\t\t\t\t\t\t\t\t\t\t\t\t\t\t\t\t\t\t\t\t\t\t\t\t\t\t\t\t\t\t\t\t\t\t\t\t\t\t\t\t\t\t\t\t\t\t\t\t\t\t\t\t\t\t\t\t\t\t\t\t\t\t\t<div class=\"uael-timeline-desc-content\"> <p>El voluntariado de AFANOC acompa\u00f1a desde el a\u00f1o 1992 a los ni\u00f1os y adolescentes con c\u00e1ncer en tratamiento al Servicio de Oncolog\u00eda y Hematolog\u00eda Pedi\u00e1tricas del Hospital de la Vall d&#8217;Hebron.<\/p><\/div>\n\t\t\t\t\t\t\t\t\t\t\t\t\t\t\t\t\t\t\t\t\t\t\t\t\t\t\t\t\t\t\t\t<\/div>\n\t\t\t\t\t\t\t\t\t\t\t\t\t\t\t\t\t\t\t\t\t\t\t<div class=\"uael-timeline-arrow\"><\/div>\n\t\t\t\t\t\t\t\t\t\t\t\t\t\t\t\t\t\t\t\t<\/div>\n\t\t\t\t\t\t\t\t\t\t\t\t\t\t\t\t\t<\/div>\n\t\t\t\t\t\t\t<\/div>\n\t\t\t\t\t\t\t\t\t\t\t\t\t\t\t<div class=\"uael-timeline-date-new\">\n\t\t\t\t\t\t\t\t\t<div class=\"uael-date-new\"><div class=\"inner-date-new\"><div >1992<\/div><\/div>\n\t\t\t\t\t\t\t\t\t<\/div>\n\t\t\t\t\t\t\t\t<\/div>\n\t\t\t\t\t\t\t\t\t\t\t\t\t<\/div>\n\t\t\t\t\t<\/div>\n\t\t\t\t\t\t\t\t\t\t\t\t\t\t\t\t\t<div class=\"elementor-repeater-item-a337ee8 uael-timeline-field animate-border out-view\">\n\t\t\t\t\t\t<div class=\"uael-timeline-widget uael-timeline-left\">\n\t\t\t\t\t\t\t<div class=\"uael-timeline-marker\">\n\t\t\t\t\t\t\t\t<span class=\"timeline-icon-new out-view-timeline-icon\">\n\t\t\t\t\t\t\t\t\t<i aria-hidden=\"true\" class=\"fa fa-calendar\"><\/i>\t\t\t\t\t\t\t\t<\/span>\n\t\t\t\t\t\t\t<\/div>\n\n\t\t\t\t\t\t\t<div class=\"uael-day-new uael-day-left\">\n\t\t\t\t\t\t\t\t<div class=\"uael-events-new\">\n\t\t\t\t\t\t\t\t\t\t\t\t\t\t\t\t\t\t<div class=\"uael-events-inner-new\">\n\t\t\t\t\t\t\t\t\t\t\t\t\t\t\t\t\t\t\t\t\t<div class=\"uael-timeline-date-hide uael-date-inner\"><div class=\"inner-date-new\"><p >1998<\/p><\/div>\n\t\t\t\t\t\t\t\t\t\t\t<\/div>\n\t\t\t\t\t\t\t\t\t\t\t\t\t\t\t\t\t\t\t\t<div class=\"uael-content\">\n\t\t\t\t\t\t\t\t\t\t\t\t\t\t\t\t\t\t\t\t\t\t\t\t\t\t\t\t\t\t\t\t\t\t\t\t\t\t\t\t\t\t\t\t\t\t\t\t\t\t\t\t\t\t\t\t\t\t\t\t\t\t\t\t\t\t\t<div class=\"uael-timeline-desc-content\"> <p>AFANOC firma un convenio en 1998 con el Servicio de Oncolog\u00eda y Hematolog\u00eda Pedi\u00e1tricas del Hospital Vall de Hebron para realizar actividades de voluntariado y otros programas de apoyo a las familias a nivel psicosocial.<\/p><\/div>\n\t\t\t\t\t\t\t\t\t\t\t\t\t\t\t\t\t\t\t\t\t\t\t\t\t\t\t\t\t\t\t\t<\/div>\n\t\t\t\t\t\t\t\t\t\t\t\t\t\t\t\t\t\t\t\t\t\t\t<div class=\"uael-timeline-arrow\"><\/div>\n\t\t\t\t\t\t\t\t\t\t\t\t\t\t\t\t\t\t\t\t<\/div>\n\t\t\t\t\t\t\t\t\t\t\t\t\t\t\t\t\t<\/div>\n\t\t\t\t\t\t\t<\/div>\n\t\t\t\t\t\t\t\t\t\t\t\t\t\t\t<div class=\"uael-timeline-date-new\">\n\t\t\t\t\t\t\t\t\t<div class=\"uael-date-new\"><div class=\"inner-date-new\"><div >1998<\/div><\/div>\n\t\t\t\t\t\t\t\t\t<\/div>\n\t\t\t\t\t\t\t\t<\/div>\n\t\t\t\t\t\t\t\t\t\t\t\t\t<\/div>\n\t\t\t\t\t<\/div>\n\t\t\t\t\t\t\t\t\t\t\t\t\t\t\t\t\t<div class=\"elementor-repeater-item-db86eb6 uael-timeline-field animate-border out-view\">\n\t\t\t\t\t\t<div class=\"uael-timeline-widget uael-timeline-right\">\n\t\t\t\t\t\t\t<div class=\"uael-timeline-marker\">\n\t\t\t\t\t\t\t\t<span class=\"timeline-icon-new out-view-timeline-icon\">\n\t\t\t\t\t\t\t\t\t<i aria-hidden=\"true\" class=\"fa fa-calendar\"><\/i>\t\t\t\t\t\t\t\t<\/span>\n\t\t\t\t\t\t\t<\/div>\n\n\t\t\t\t\t\t\t<div class=\"uael-day-new uael-day-right\">\n\t\t\t\t\t\t\t\t<div class=\"uael-events-new\">\n\t\t\t\t\t\t\t\t\t\t\t\t\t\t\t\t\t\t<div class=\"uael-events-inner-new\">\n\t\t\t\t\t\t\t\t\t\t\t\t\t\t\t\t\t\t\t\t\t<div class=\"uael-timeline-date-hide uael-date-inner\"><div class=\"inner-date-new\"><p >2000<\/p><\/div>\n\t\t\t\t\t\t\t\t\t\t\t<\/div>\n\t\t\t\t\t\t\t\t\t\t\t\t\t\t\t\t\t\t\t\t<div class=\"uael-content\">\n\t\t\t\t\t\t\t\t\t\t\t\t\t\t\t\t\t\t\t\t\t\t\t\t\t\t\t\t\t\t\t\t\t\t\t\t\t\t\t\t\t\t\t\t\t\t\t\t\t\t\t\t\t\t\t\t\t\t\t\t\t\t\t\t\t\t\t<div class=\"uael-timeline-desc-content\"> <p>El 19 de mayo del 2000, AFANOC es reconocida por su labor como entidad declarada de utilidad p\u00fablica con el n\u00famero 79630 por el Ministerio del Interior en reconocimiento de su tarea.<\/p><\/div>\n\t\t\t\t\t\t\t\t\t\t\t\t\t\t\t\t\t\t\t\t\t\t\t\t\t\t\t\t\t\t\t\t<\/div>\n\t\t\t\t\t\t\t\t\t\t\t\t\t\t\t\t\t\t\t\t\t\t\t<div class=\"uael-timeline-arrow\"><\/div>\n\t\t\t\t\t\t\t\t\t\t\t\t\t\t\t\t\t\t\t\t<\/div>\n\t\t\t\t\t\t\t\t\t\t\t\t\t\t\t\t\t<\/div>\n\t\t\t\t\t\t\t<\/div>\n\t\t\t\t\t\t\t\t\t\t\t\t\t\t\t<div class=\"uael-timeline-date-new\">\n\t\t\t\t\t\t\t\t\t<div class=\"uael-date-new\"><div class=\"inner-date-new\"><div >2000<\/div><\/div>\n\t\t\t\t\t\t\t\t\t<\/div>\n\t\t\t\t\t\t\t\t<\/div>\n\t\t\t\t\t\t\t\t\t\t\t\t\t<\/div>\n\t\t\t\t\t<\/div>\n\t\t\t\t\t\t\t\t\t\t\t\t\t\t\t\t\t<div class=\"elementor-repeater-item-32e8304 uael-timeline-field animate-border out-view\">\n\t\t\t\t\t\t<div class=\"uael-timeline-widget uael-timeline-left\">\n\t\t\t\t\t\t\t<div class=\"uael-timeline-marker\">\n\t\t\t\t\t\t\t\t<span class=\"timeline-icon-new out-view-timeline-icon\">\n\t\t\t\t\t\t\t\t\t<i aria-hidden=\"true\" class=\"fa fa-calendar\"><\/i>\t\t\t\t\t\t\t\t<\/span>\n\t\t\t\t\t\t\t<\/div>\n\n\t\t\t\t\t\t\t<div class=\"uael-day-new uael-day-left\">\n\t\t\t\t\t\t\t\t<div class=\"uael-events-new\">\n\t\t\t\t\t\t\t\t\t\t\t\t\t\t\t\t\t\t<div class=\"uael-events-inner-new\">\n\t\t\t\t\t\t\t\t\t\t\t\t\t\t\t\t\t\t\t\t\t<div class=\"uael-timeline-date-hide uael-date-inner\"><div class=\"inner-date-new\"><p >2001<\/p><\/div>\n\t\t\t\t\t\t\t\t\t\t\t<\/div>\n\t\t\t\t\t\t\t\t\t\t\t\t\t\t\t\t\t\t\t\t<div class=\"uael-content\">\n\t\t\t\t\t\t\t\t\t\t\t\t\t\t\t\t\t\t\t\t\t\t\t\t\t\t\t\t\t\t\t\t\t\t\t\t\t\t\t\t\t\t\t\t\t\t\t\t\t\t\t\t\t\t\t\t\t\t\t\t\t\t\t\t\t\t\t<div class=\"uael-timeline-desc-content\"> <p>En 2001 se inicia la campa\u00f1a de sensibilizaci\u00f3n \u201cPosa\u2019t la Gorra!\u201d en Barcelona, la cual culmina con una fiesta en el Parque Zool\u00f3gico. Con el tiempo se ha convertido en una campa\u00f1a plenamente consolidada y ha dado a conocer el c\u00e1ncer infantil y sus repercusiones en muchas poblaciones de Catalu\u00f1a.<\/p><\/div>\n\t\t\t\t\t\t\t\t\t\t\t\t\t\t\t\t\t\t\t\t\t\t\t\t\t\t\t\t\t\t\t\t<\/div>\n\t\t\t\t\t\t\t\t\t\t\t\t\t\t\t\t\t\t\t\t\t\t\t<div class=\"uael-timeline-arrow\"><\/div>\n\t\t\t\t\t\t\t\t\t\t\t\t\t\t\t\t\t\t\t\t<\/div>\n\t\t\t\t\t\t\t\t\t\t\t\t\t\t\t\t\t<\/div>\n\t\t\t\t\t\t\t<\/div>\n\t\t\t\t\t\t\t\t\t\t\t\t\t\t\t<div class=\"uael-timeline-date-new\">\n\t\t\t\t\t\t\t\t\t<div class=\"uael-date-new\"><div class=\"inner-date-new\"><div >2001<\/div><\/div>\n\t\t\t\t\t\t\t\t\t<\/div>\n\t\t\t\t\t\t\t\t<\/div>\n\t\t\t\t\t\t\t\t\t\t\t\t\t<\/div>\n\t\t\t\t\t<\/div>\n\t\t\t\t\t\t\t\t\t\t\t\t\t\t\t\t\t<div class=\"elementor-repeater-item-62c4ad1 uael-timeline-field animate-border out-view\">\n\t\t\t\t\t\t<div class=\"uael-timeline-widget uael-timeline-right\">\n\t\t\t\t\t\t\t<div class=\"uael-timeline-marker\">\n\t\t\t\t\t\t\t\t<span class=\"timeline-icon-new out-view-timeline-icon\">\n\t\t\t\t\t\t\t\t\t<i aria-hidden=\"true\" class=\"fa fa-calendar\"><\/i>\t\t\t\t\t\t\t\t<\/span>\n\t\t\t\t\t\t\t<\/div>\n\n\t\t\t\t\t\t\t<div class=\"uael-day-new uael-day-right\">\n\t\t\t\t\t\t\t\t<div class=\"uael-events-new\">\n\t\t\t\t\t\t\t\t\t\t\t\t\t\t\t\t\t\t<div class=\"uael-events-inner-new\">\n\t\t\t\t\t\t\t\t\t\t\t\t\t\t\t\t\t\t\t\t\t<div class=\"uael-timeline-date-hide uael-date-inner\"><div class=\"inner-date-new\"><p >2002<\/p><\/div>\n\t\t\t\t\t\t\t\t\t\t\t<\/div>\n\t\t\t\t\t\t\t\t\t\t\t\t\t\t\t\t\t\t\t\t<div class=\"uael-content\">\n\t\t\t\t\t\t\t\t\t\t\t\t\t\t\t\t\t\t\t\t\t\t\t\t\t\t\t\t\t\t\t\t\t\t\t\t\t\t\t\t\t\t\t\t\t\t\t\t\t\t\t\t\t\t\t\t\t\t\t\t\t\t\t\t\t\t\t<div class=\"uael-timeline-desc-content\"> <p>Uno de los momentos cumbre llega en 2002 cuando AFANOC consigue intervenir en el dise\u00f1o y la adecuaci\u00f3n de la nueva planta de oncolog\u00eda y hematolog\u00eda del Hospital Maternoinfantil de la Vall de Hebron. Fue un reconocimiento a la tarea realizada hasta el momento y una visualizaci\u00f3n de sus ideas y objetivos.<\/p><\/div>\n\t\t\t\t\t\t\t\t\t\t\t\t\t\t\t\t\t\t\t\t\t\t\t\t\t\t\t\t\t\t\t\t<\/div>\n\t\t\t\t\t\t\t\t\t\t\t\t\t\t\t\t\t\t\t\t\t\t\t<div class=\"uael-timeline-arrow\"><\/div>\n\t\t\t\t\t\t\t\t\t\t\t\t\t\t\t\t\t\t\t\t<\/div>\n\t\t\t\t\t\t\t\t\t\t\t\t\t\t\t\t\t<\/div>\n\t\t\t\t\t\t\t<\/div>\n\t\t\t\t\t\t\t\t\t\t\t\t\t\t\t<div class=\"uael-timeline-date-new\">\n\t\t\t\t\t\t\t\t\t<div class=\"uael-date-new\"><div class=\"inner-date-new\"><div >2002<\/div><\/div>\n\t\t\t\t\t\t\t\t\t<\/div>\n\t\t\t\t\t\t\t\t<\/div>\n\t\t\t\t\t\t\t\t\t\t\t\t\t<\/div>\n\t\t\t\t\t<\/div>\n\t\t\t\t\t\t\t\t\t\t\t\t\t\t\t\t\t<div class=\"elementor-repeater-item-cfd2253 uael-timeline-field animate-border out-view\">\n\t\t\t\t\t\t<div class=\"uael-timeline-widget uael-timeline-left\">\n\t\t\t\t\t\t\t<div class=\"uael-timeline-marker\">\n\t\t\t\t\t\t\t\t<span class=\"timeline-icon-new out-view-timeline-icon\">\n\t\t\t\t\t\t\t\t\t<i aria-hidden=\"true\" class=\"fa fa-calendar\"><\/i>\t\t\t\t\t\t\t\t<\/span>\n\t\t\t\t\t\t\t<\/div>\n\n\t\t\t\t\t\t\t<div class=\"uael-day-new uael-day-left\">\n\t\t\t\t\t\t\t\t<div class=\"uael-events-new\">\n\t\t\t\t\t\t\t\t\t\t\t\t\t\t\t\t\t\t<div class=\"uael-events-inner-new\">\n\t\t\t\t\t\t\t\t\t\t\t\t\t\t\t\t\t\t\t\t\t<div class=\"uael-timeline-date-hide uael-date-inner\"><div class=\"inner-date-new\"><p >2003<\/p><\/div>\n\t\t\t\t\t\t\t\t\t\t\t<\/div>\n\t\t\t\t\t\t\t\t\t\t\t\t\t\t\t\t\t\t\t\t<div class=\"uael-content\">\n\t\t\t\t\t\t\t\t\t\t\t\t\t\t\t\t\t\t\t\t\t\t\t\t\t\t\t\t\t\t\t\t\t\t\t\t\t\t\t\t\t\t\t\t\t\t\t\t\t\t\t\t\t\t\t\t\t\t\t\t\t\t\t\t\t\t\t<div class=\"uael-timeline-desc-content\"> <p>En el a\u00f1o 2003 se firma un nuevo convenio con el Servicio de Oncolog\u00eda y Hematolog\u00eda Pedi\u00e1tricas del Hospital de la Vall d&#8217;Hebron para velar por el buen funcionamiento de las salas de juegos, la coordinaci\u00f3n del voluntariado, la implementaci\u00f3n de nuestros programas y la atenci\u00f3n emocional al personal sanitario implicado.<\/p><p>En 2003, la Consejer\u00eda de Sanidad de la Generalidad de Catalu\u00f1a nos otorga la Placa Josep Trueta al m\u00e9rito sanitario. Tambi\u00e9n firmamos un convenio con el Hospital Universitario Germans Trias i Pujol para apoyar a las familias tratadas en este hospital.<\/p><\/div>\n\t\t\t\t\t\t\t\t\t\t\t\t\t\t\t\t\t\t\t\t\t\t\t\t\t\t\t\t\t\t\t\t<\/div>\n\t\t\t\t\t\t\t\t\t\t\t\t\t\t\t\t\t\t\t\t\t\t\t<div class=\"uael-timeline-arrow\"><\/div>\n\t\t\t\t\t\t\t\t\t\t\t\t\t\t\t\t\t\t\t\t<\/div>\n\t\t\t\t\t\t\t\t\t\t\t\t\t\t\t\t\t<\/div>\n\t\t\t\t\t\t\t<\/div>\n\t\t\t\t\t\t\t\t\t\t\t\t\t\t\t<div class=\"uael-timeline-date-new\">\n\t\t\t\t\t\t\t\t\t<div class=\"uael-date-new\"><div class=\"inner-date-new\"><div >2003<\/div><\/div>\n\t\t\t\t\t\t\t\t\t<\/div>\n\t\t\t\t\t\t\t\t<\/div>\n\t\t\t\t\t\t\t\t\t\t\t\t\t<\/div>\n\t\t\t\t\t<\/div>\n\t\t\t\t\t\t\t\t\t\t\t\t\t\t\t\t\t<div class=\"elementor-repeater-item-c7c3ecd uael-timeline-field animate-border out-view\">\n\t\t\t\t\t\t<div class=\"uael-timeline-widget uael-timeline-right\">\n\t\t\t\t\t\t\t<div class=\"uael-timeline-marker\">\n\t\t\t\t\t\t\t\t<span class=\"timeline-icon-new out-view-timeline-icon\">\n\t\t\t\t\t\t\t\t\t<i aria-hidden=\"true\" class=\"fa fa-calendar\"><\/i>\t\t\t\t\t\t\t\t<\/span>\n\t\t\t\t\t\t\t<\/div>\n\n\t\t\t\t\t\t\t<div class=\"uael-day-new uael-day-right\">\n\t\t\t\t\t\t\t\t<div class=\"uael-events-new\">\n\t\t\t\t\t\t\t\t\t\t\t\t\t\t\t\t\t\t<div class=\"uael-events-inner-new\">\n\t\t\t\t\t\t\t\t\t\t\t\t\t\t\t\t\t\t\t\t\t<div class=\"uael-timeline-date-hide uael-date-inner\"><div class=\"inner-date-new\"><p >2004<\/p><\/div>\n\t\t\t\t\t\t\t\t\t\t\t<\/div>\n\t\t\t\t\t\t\t\t\t\t\t\t\t\t\t\t\t\t\t\t<div class=\"uael-content\">\n\t\t\t\t\t\t\t\t\t\t\t\t\t\t\t\t\t\t\t\t\t\t\t\t\t\t\t\t\t\t\t\t\t\t\t\t\t\t\t\t\t\t\t\t\t\t\t\t\t\t\t\t\t\t\t\t\t\t\t\t\t\t\t\t\t\t\t<div class=\"uael-timeline-desc-content\"> <p>Otro momento importante para AFANOC es la creaci\u00f3n de una delegaci\u00f3n en Tarragona para atender a todas las familias de la demarcaci\u00f3n de Tarragona y Tierras del Ebro. Este mismo a\u00f1o tambi\u00e9n se inaugura la nueva planta de oncolog\u00eda y hematolog\u00eda del Hospital Maternoinfantil de la Vall de Hebron.<\/p><\/div>\n\t\t\t\t\t\t\t\t\t\t\t\t\t\t\t\t\t\t\t\t\t\t\t\t\t\t\t\t\t\t\t\t<\/div>\n\t\t\t\t\t\t\t\t\t\t\t\t\t\t\t\t\t\t\t\t\t\t\t<div class=\"uael-timeline-arrow\"><\/div>\n\t\t\t\t\t\t\t\t\t\t\t\t\t\t\t\t\t\t\t\t<\/div>\n\t\t\t\t\t\t\t\t\t\t\t\t\t\t\t\t\t<\/div>\n\t\t\t\t\t\t\t<\/div>\n\t\t\t\t\t\t\t\t\t\t\t\t\t\t\t<div class=\"uael-timeline-date-new\">\n\t\t\t\t\t\t\t\t\t<div class=\"uael-date-new\"><div class=\"inner-date-new\"><div >2004<\/div><\/div>\n\t\t\t\t\t\t\t\t\t<\/div>\n\t\t\t\t\t\t\t\t<\/div>\n\t\t\t\t\t\t\t\t\t\t\t\t\t<\/div>\n\t\t\t\t\t<\/div>\n\t\t\t\t\t\t\t\t\t\t\t\t\t\t\t\t\t<div class=\"elementor-repeater-item-56e166b uael-timeline-field animate-border out-view\">\n\t\t\t\t\t\t<div class=\"uael-timeline-widget uael-timeline-left\">\n\t\t\t\t\t\t\t<div class=\"uael-timeline-marker\">\n\t\t\t\t\t\t\t\t<span class=\"timeline-icon-new out-view-timeline-icon\">\n\t\t\t\t\t\t\t\t\t<i aria-hidden=\"true\" class=\"fa fa-calendar\"><\/i>\t\t\t\t\t\t\t\t<\/span>\n\t\t\t\t\t\t\t<\/div>\n\n\t\t\t\t\t\t\t<div class=\"uael-day-new uael-day-left\">\n\t\t\t\t\t\t\t\t<div class=\"uael-events-new\">\n\t\t\t\t\t\t\t\t\t\t\t\t\t\t\t\t\t\t<div class=\"uael-events-inner-new\">\n\t\t\t\t\t\t\t\t\t\t\t\t\t\t\t\t\t\t\t\t\t<div class=\"uael-timeline-date-hide uael-date-inner\"><div class=\"inner-date-new\"><p >2005<\/p><\/div>\n\t\t\t\t\t\t\t\t\t\t\t<\/div>\n\t\t\t\t\t\t\t\t\t\t\t\t\t\t\t\t\t\t\t\t<div class=\"uael-content\">\n\t\t\t\t\t\t\t\t\t\t\t\t\t\t\t\t\t\t\t\t\t\t\t\t\t\t\t\t\t\t\t\t\t\t\t\t\t\t\t\t\t\t\t\t\t\t\t\t\t\t\t\t\t\t\t\t\t\t\t\t\t\t\t\t\t\t\t<div class=\"uael-timeline-desc-content\"> <p>En 2005 se firma un primer convenio con el Hospital Sant Joan de D\u00e9u para la implementaci\u00f3n de nuestros programas (atenci\u00f3n psicol\u00f3gica, atenci\u00f3n social, etc.) en la Unidad de Oncolog\u00eda y Hematolog\u00eda. El objetivo es velar por el buen funcionamiento de los talleres y actividades que llevamos a cabo y proporcionar atenci\u00f3n y apoyo emocional al personal sanitario implicado.<\/p><\/div>\n\t\t\t\t\t\t\t\t\t\t\t\t\t\t\t\t\t\t\t\t\t\t\t\t\t\t\t\t\t\t\t\t<\/div>\n\t\t\t\t\t\t\t\t\t\t\t\t\t\t\t\t\t\t\t\t\t\t\t<div class=\"uael-timeline-arrow\"><\/div>\n\t\t\t\t\t\t\t\t\t\t\t\t\t\t\t\t\t\t\t\t<\/div>\n\t\t\t\t\t\t\t\t\t\t\t\t\t\t\t\t\t<\/div>\n\t\t\t\t\t\t\t<\/div>\n\t\t\t\t\t\t\t\t\t\t\t\t\t\t\t<div class=\"uael-timeline-date-new\">\n\t\t\t\t\t\t\t\t\t<div class=\"uael-date-new\"><div class=\"inner-date-new\"><div >2005<\/div><\/div>\n\t\t\t\t\t\t\t\t\t<\/div>\n\t\t\t\t\t\t\t\t<\/div>\n\t\t\t\t\t\t\t\t\t\t\t\t\t<\/div>\n\t\t\t\t\t<\/div>\n\t\t\t\t\t\t\t\t\t\t\t\t\t\t\t\t\t<div class=\"elementor-repeater-item-8b6a0c3 uael-timeline-field animate-border out-view\">\n\t\t\t\t\t\t<div class=\"uael-timeline-widget uael-timeline-right\">\n\t\t\t\t\t\t\t<div class=\"uael-timeline-marker\">\n\t\t\t\t\t\t\t\t<span class=\"timeline-icon-new out-view-timeline-icon\">\n\t\t\t\t\t\t\t\t\t<i aria-hidden=\"true\" class=\"fa fa-calendar\"><\/i>\t\t\t\t\t\t\t\t<\/span>\n\t\t\t\t\t\t\t<\/div>\n\n\t\t\t\t\t\t\t<div class=\"uael-day-new uael-day-right\">\n\t\t\t\t\t\t\t\t<div class=\"uael-events-new\">\n\t\t\t\t\t\t\t\t\t\t\t\t\t\t\t\t\t\t<div class=\"uael-events-inner-new\">\n\t\t\t\t\t\t\t\t\t\t\t\t\t\t\t\t\t\t\t\t\t<div class=\"uael-timeline-date-hide uael-date-inner\"><div class=\"inner-date-new\"><p >2006<\/p><\/div>\n\t\t\t\t\t\t\t\t\t\t\t<\/div>\n\t\t\t\t\t\t\t\t\t\t\t\t\t\t\t\t\t\t\t\t<div class=\"uael-content\">\n\t\t\t\t\t\t\t\t\t\t\t\t\t\t\t\t\t\t\t\t\t\t\t\t\t\t\t\t\t\t\t\t\t\t\t\t\t\t\t\t\t\t\t\t\t\t\t\t\t\t\t\t\t\t\t\t\t\t\t\t\t\t\t\t\t\t\t<div class=\"uael-timeline-desc-content\"> <p>Otro paso muy importante ocurre en el a\u00f1o 2006 cuando la Diputaci\u00f3n de Barcelona cede a la AFANOC los terrenos para construir la Casa de los Xuklis y se constituye la Fundaci\u00f3n Privada Ni\u00f1as y Ni\u00f1os con C\u00e1ncer, que ser\u00e1 la encargada de gestionar todo el proceso.<\/p><p>Por otro lado, el Departamento de Gobernaci\u00f3n y Administraciones P\u00fablicas de la Generalidad de Catalu\u00f1a nos otorga el Premio Nacional del Voluntariado 2006.<\/p><\/div>\n\t\t\t\t\t\t\t\t\t\t\t\t\t\t\t\t\t\t\t\t\t\t\t\t\t\t\t\t\t\t\t\t<\/div>\n\t\t\t\t\t\t\t\t\t\t\t\t\t\t\t\t\t\t\t\t\t\t\t<div class=\"uael-timeline-arrow\"><\/div>\n\t\t\t\t\t\t\t\t\t\t\t\t\t\t\t\t\t\t\t\t<\/div>\n\t\t\t\t\t\t\t\t\t\t\t\t\t\t\t\t\t<\/div>\n\t\t\t\t\t\t\t<\/div>\n\t\t\t\t\t\t\t\t\t\t\t\t\t\t\t<div class=\"uael-timeline-date-new\">\n\t\t\t\t\t\t\t\t\t<div class=\"uael-date-new\"><div class=\"inner-date-new\"><div >2006<\/div><\/div>\n\t\t\t\t\t\t\t\t\t<\/div>\n\t\t\t\t\t\t\t\t<\/div>\n\t\t\t\t\t\t\t\t\t\t\t\t\t<\/div>\n\t\t\t\t\t<\/div>\n\t\t\t\t\t\t\t\t\t\t\t\t\t\t\t\t\t<div class=\"elementor-repeater-item-465e0ad uael-timeline-field animate-border out-view\">\n\t\t\t\t\t\t<div class=\"uael-timeline-widget uael-timeline-left\">\n\t\t\t\t\t\t\t<div class=\"uael-timeline-marker\">\n\t\t\t\t\t\t\t\t<span class=\"timeline-icon-new out-view-timeline-icon\">\n\t\t\t\t\t\t\t\t\t<i aria-hidden=\"true\" class=\"fa fa-calendar\"><\/i>\t\t\t\t\t\t\t\t<\/span>\n\t\t\t\t\t\t\t<\/div>\n\n\t\t\t\t\t\t\t<div class=\"uael-day-new uael-day-left\">\n\t\t\t\t\t\t\t\t<div class=\"uael-events-new\">\n\t\t\t\t\t\t\t\t\t\t\t\t\t\t\t\t\t\t<div class=\"uael-events-inner-new\">\n\t\t\t\t\t\t\t\t\t\t\t\t\t\t\t\t\t\t\t\t\t<div class=\"uael-timeline-date-hide uael-date-inner\"><div class=\"inner-date-new\"><p >2009<\/p><\/div>\n\t\t\t\t\t\t\t\t\t\t\t<\/div>\n\t\t\t\t\t\t\t\t\t\t\t\t\t\t\t\t\t\t\t\t<div class=\"uael-content\">\n\t\t\t\t\t\t\t\t\t\t\t\t\t\t\t\t\t\t\t\t\t\t\t\t\t\t\t\t\t\t\t\t\t\t\t\t\t\t\t\t\t\t\t\t\t\t\t\t\t\t\t\t\t\t\t\t\t\t\t\t\t\t\t\t\t\t\t<div class=\"uael-timeline-desc-content\"> <p>El Ministerio de Sanidad y Pol\u00edtica Social nos otorga el premio Estatal de Voluntariado Social en 2009.<br> En 2009 se realiza el acto de la colocaci\u00f3n de la Primera Piedra de la Casa de los Xuklis.<\/p><p>Firmamos en 2009 un convenio de colaboraci\u00f3n con el Hospital Universitario Joan XXIII de Tarragona para que AFANOC pueda llevar a cabo sus actividades en el hospital cuando haya una familia con tratamiento oncohematol\u00f3gico.<\/p><\/div>\n\t\t\t\t\t\t\t\t\t\t\t\t\t\t\t\t\t\t\t\t\t\t\t\t\t\t\t\t\t\t\t\t<\/div>\n\t\t\t\t\t\t\t\t\t\t\t\t\t\t\t\t\t\t\t\t\t\t\t<div class=\"uael-timeline-arrow\"><\/div>\n\t\t\t\t\t\t\t\t\t\t\t\t\t\t\t\t\t\t\t\t<\/div>\n\t\t\t\t\t\t\t\t\t\t\t\t\t\t\t\t\t<\/div>\n\t\t\t\t\t\t\t<\/div>\n\t\t\t\t\t\t\t\t\t\t\t\t\t\t\t<div class=\"uael-timeline-date-new\">\n\t\t\t\t\t\t\t\t\t<div class=\"uael-date-new\"><div class=\"inner-date-new\"><div >2009<\/div><\/div>\n\t\t\t\t\t\t\t\t\t<\/div>\n\t\t\t\t\t\t\t\t<\/div>\n\t\t\t\t\t\t\t\t\t\t\t\t\t<\/div>\n\t\t\t\t\t<\/div>\n\t\t\t\t\t\t\t\t\t\t\t\t\t\t\t\t\t<div class=\"elementor-repeater-item-0688db1 uael-timeline-field animate-border out-view\">\n\t\t\t\t\t\t<div class=\"uael-timeline-widget uael-timeline-right\">\n\t\t\t\t\t\t\t<div class=\"uael-timeline-marker\">\n\t\t\t\t\t\t\t\t<span class=\"timeline-icon-new out-view-timeline-icon\">\n\t\t\t\t\t\t\t\t\t<i aria-hidden=\"true\" class=\"fa fa-calendar\"><\/i>\t\t\t\t\t\t\t\t<\/span>\n\t\t\t\t\t\t\t<\/div>\n\n\t\t\t\t\t\t\t<div class=\"uael-day-new uael-day-right\">\n\t\t\t\t\t\t\t\t<div class=\"uael-events-new\">\n\t\t\t\t\t\t\t\t\t\t\t\t\t\t\t\t\t\t<div class=\"uael-events-inner-new\">\n\t\t\t\t\t\t\t\t\t\t\t\t\t\t\t\t\t\t\t\t\t<div class=\"uael-timeline-date-hide uael-date-inner\"><div class=\"inner-date-new\"><p >2011<\/p><\/div>\n\t\t\t\t\t\t\t\t\t\t\t<\/div>\n\t\t\t\t\t\t\t\t\t\t\t\t\t\t\t\t\t\t\t\t<div class=\"uael-content\">\n\t\t\t\t\t\t\t\t\t\t\t\t\t\t\t\t\t\t\t\t\t\t\t\t\t\t\t\t\t\t\t\t\t\t\t\t\t\t\t\t\t\t\t\t\t\t\t\t\t\t\t\t\t\t\t\t\t\t\t\t\t\t\t\t\t\t\t<div class=\"uael-timeline-desc-content\"> <p>En el a\u00f1o 2011 entra la primera familia en la Casa de los Xuklis.<\/p><\/div>\n\t\t\t\t\t\t\t\t\t\t\t\t\t\t\t\t\t\t\t\t\t\t\t\t\t\t\t\t\t\t\t\t<\/div>\n\t\t\t\t\t\t\t\t\t\t\t\t\t\t\t\t\t\t\t\t\t\t\t<div class=\"uael-timeline-arrow\"><\/div>\n\t\t\t\t\t\t\t\t\t\t\t\t\t\t\t\t\t\t\t\t<\/div>\n\t\t\t\t\t\t\t\t\t\t\t\t\t\t\t\t\t<\/div>\n\t\t\t\t\t\t\t<\/div>\n\t\t\t\t\t\t\t\t\t\t\t\t\t\t\t<div class=\"uael-timeline-date-new\">\n\t\t\t\t\t\t\t\t\t<div class=\"uael-date-new\"><div class=\"inner-date-new\"><div >2011<\/div><\/div>\n\t\t\t\t\t\t\t\t\t<\/div>\n\t\t\t\t\t\t\t\t<\/div>\n\t\t\t\t\t\t\t\t\t\t\t\t\t<\/div>\n\t\t\t\t\t<\/div>\n\t\t\t\t\t\t\t\t\t\t\t\t\t\t\t\t\t<div class=\"elementor-repeater-item-c007450 uael-timeline-field animate-border out-view\">\n\t\t\t\t\t\t<div class=\"uael-timeline-widget uael-timeline-left\">\n\t\t\t\t\t\t\t<div class=\"uael-timeline-marker\">\n\t\t\t\t\t\t\t\t<span class=\"timeline-icon-new out-view-timeline-icon\">\n\t\t\t\t\t\t\t\t\t<i aria-hidden=\"true\" class=\"fa fa-calendar\"><\/i>\t\t\t\t\t\t\t\t<\/span>\n\t\t\t\t\t\t\t<\/div>\n\n\t\t\t\t\t\t\t<div class=\"uael-day-new uael-day-left\">\n\t\t\t\t\t\t\t\t<div class=\"uael-events-new\">\n\t\t\t\t\t\t\t\t\t\t\t\t\t\t\t\t\t\t<div class=\"uael-events-inner-new\">\n\t\t\t\t\t\t\t\t\t\t\t\t\t\t\t\t\t\t\t\t\t<div class=\"uael-timeline-date-hide uael-date-inner\"><div class=\"inner-date-new\"><p >2013<\/p><\/div>\n\t\t\t\t\t\t\t\t\t\t\t<\/div>\n\t\t\t\t\t\t\t\t\t\t\t\t\t\t\t\t\t\t\t\t<div class=\"uael-content\">\n\t\t\t\t\t\t\t\t\t\t\t\t\t\t\t\t\t\t\t\t\t\t\t\t\t\t\t\t\t\t\t\t\t\t\t\t\t\t\t\t\t\t\t\t\t\t\t\t\t\t\t\t\t\t\t\t\t\t\t\t\t\t\t\t\t\t\t<div class=\"uael-timeline-desc-content\"> <p>La Seu de Lleida abre sus puertas en 2013 y tiene como objetivo dar respuesta y cubrir todas las necesidades de las familias que tienen hijos\/as enfermos de c\u00e1ncer.<\/p><\/div>\n\t\t\t\t\t\t\t\t\t\t\t\t\t\t\t\t\t\t\t\t\t\t\t\t\t\t\t\t\t\t\t\t<\/div>\n\t\t\t\t\t\t\t\t\t\t\t\t\t\t\t\t\t\t\t\t\t\t\t<div class=\"uael-timeline-arrow\"><\/div>\n\t\t\t\t\t\t\t\t\t\t\t\t\t\t\t\t\t\t\t\t<\/div>\n\t\t\t\t\t\t\t\t\t\t\t\t\t\t\t\t\t<\/div>\n\t\t\t\t\t\t\t<\/div>\n\t\t\t\t\t\t\t\t\t\t\t\t\t\t\t<div class=\"uael-timeline-date-new\">\n\t\t\t\t\t\t\t\t\t<div class=\"uael-date-new\"><div class=\"inner-date-new\"><div >2013<\/div><\/div>\n\t\t\t\t\t\t\t\t\t<\/div>\n\t\t\t\t\t\t\t\t<\/div>\n\t\t\t\t\t\t\t\t\t\t\t\t\t<\/div>\n\t\t\t\t\t<\/div>\n\t\t\t\t\t\t\t\t\t\t\t\t\t\t\t\t\t<div class=\"elementor-repeater-item-076f4d8 uael-timeline-field animate-border out-view\">\n\t\t\t\t\t\t<div class=\"uael-timeline-widget uael-timeline-right\">\n\t\t\t\t\t\t\t<div class=\"uael-timeline-marker\">\n\t\t\t\t\t\t\t\t<span class=\"timeline-icon-new out-view-timeline-icon\">\n\t\t\t\t\t\t\t\t\t<i aria-hidden=\"true\" class=\"fa fa-calendar\"><\/i>\t\t\t\t\t\t\t\t<\/span>\n\t\t\t\t\t\t\t<\/div>\n\n\t\t\t\t\t\t\t<div class=\"uael-day-new uael-day-right\">\n\t\t\t\t\t\t\t\t<div class=\"uael-events-new\">\n\t\t\t\t\t\t\t\t\t\t\t\t\t\t\t\t\t\t<div class=\"uael-events-inner-new\">\n\t\t\t\t\t\t\t\t\t\t\t\t\t\t\t\t\t\t\t\t\t<div class=\"uael-timeline-date-hide uael-date-inner\"><div class=\"inner-date-new\"><p >2015<\/p><\/div>\n\t\t\t\t\t\t\t\t\t\t\t<\/div>\n\t\t\t\t\t\t\t\t\t\t\t\t\t\t\t\t\t\t\t\t<div class=\"uael-content\">\n\t\t\t\t\t\t\t\t\t\t\t\t\t\t\t\t\t\t\t\t\t\t\t\t\t\t\t\t\t\t\t\t\t\t\t\t\t\t\t\t\t\t\t\t\t\t\t\t\t\t\t\t\t\t\t\t\t\t\t\t\t\t\t\t\t\t\t<div class=\"uael-timeline-desc-content\"> <p>En 2015, AFANOC inicia la remodelaci\u00f3n de la planta de Oncolog\u00eda y Hematolog\u00eda Pedi\u00e1tricas del Hospital de la Vall de Hebron, empezando por los espacios l\u00fadicos y educativos y el despacho de la asociaci\u00f3n.<\/p><\/div>\n\t\t\t\t\t\t\t\t\t\t\t\t\t\t\t\t\t\t\t\t\t\t\t\t\t\t\t\t\t\t\t\t<\/div>\n\t\t\t\t\t\t\t\t\t\t\t\t\t\t\t\t\t\t\t\t\t\t\t<div class=\"uael-timeline-arrow\"><\/div>\n\t\t\t\t\t\t\t\t\t\t\t\t\t\t\t\t\t\t\t\t<\/div>\n\t\t\t\t\t\t\t\t\t\t\t\t\t\t\t\t\t<\/div>\n\t\t\t\t\t\t\t<\/div>\n\t\t\t\t\t\t\t\t\t\t\t\t\t\t\t<div class=\"uael-timeline-date-new\">\n\t\t\t\t\t\t\t\t\t<div class=\"uael-date-new\"><div class=\"inner-date-new\"><div >2015<\/div><\/div>\n\t\t\t\t\t\t\t\t\t<\/div>\n\t\t\t\t\t\t\t\t<\/div>\n\t\t\t\t\t\t\t\t\t\t\t\t\t<\/div>\n\t\t\t\t\t<\/div>\n\t\t\t\t\t\t\t\t\t\t\t\t\t\t\t\t\t<div class=\"elementor-repeater-item-53640b2 uael-timeline-field animate-border out-view\">\n\t\t\t\t\t\t<div class=\"uael-timeline-widget uael-timeline-left\">\n\t\t\t\t\t\t\t<div class=\"uael-timeline-marker\">\n\t\t\t\t\t\t\t\t<span class=\"timeline-icon-new out-view-timeline-icon\">\n\t\t\t\t\t\t\t\t\t<i aria-hidden=\"true\" class=\"fa fa-calendar\"><\/i>\t\t\t\t\t\t\t\t<\/span>\n\t\t\t\t\t\t\t<\/div>\n\n\t\t\t\t\t\t\t<div class=\"uael-day-new uael-day-left\">\n\t\t\t\t\t\t\t\t<div class=\"uael-events-new\">\n\t\t\t\t\t\t\t\t\t\t\t\t\t\t\t\t\t\t<div class=\"uael-events-inner-new\">\n\t\t\t\t\t\t\t\t\t\t\t\t\t\t\t\t\t\t\t\t\t<div class=\"uael-timeline-date-hide uael-date-inner\"><div class=\"inner-date-new\"><p >2016<\/p><\/div>\n\t\t\t\t\t\t\t\t\t\t\t<\/div>\n\t\t\t\t\t\t\t\t\t\t\t\t\t\t\t\t\t\t\t\t<div class=\"uael-content\">\n\t\t\t\t\t\t\t\t\t\t\t\t\t\t\t\t\t\t\t\t\t\t\t\t\t\t\t\t\t\t\t\t\t\t\t\t\t\t\t\t\t\t\t\t\t\t\t\t\t\t\t\t\t\t\t\t\t\t\t\t\t\t\t\t\t\t\t<div class=\"uael-timeline-desc-content\"> <p>En 2016, la Generalidad de Catalu\u00f1a otorga la Cruz de Sant Jordi a AFANOC en reconocimiento a toda su trayectoria.<\/p><\/div>\n\t\t\t\t\t\t\t\t\t\t\t\t\t\t\t\t\t\t\t\t\t\t\t\t\t\t\t\t\t\t\t\t<\/div>\n\t\t\t\t\t\t\t\t\t\t\t\t\t\t\t\t\t\t\t\t\t\t\t<div class=\"uael-timeline-arrow\"><\/div>\n\t\t\t\t\t\t\t\t\t\t\t\t\t\t\t\t\t\t\t\t<\/div>\n\t\t\t\t\t\t\t\t\t\t\t\t\t\t\t\t\t<\/div>\n\t\t\t\t\t\t\t<\/div>\n\t\t\t\t\t\t\t\t\t\t\t\t\t\t\t<div class=\"uael-timeline-date-new\">\n\t\t\t\t\t\t\t\t\t<div class=\"uael-date-new\"><div class=\"inner-date-new\"><div >2016<\/div><\/div>\n\t\t\t\t\t\t\t\t\t<\/div>\n\t\t\t\t\t\t\t\t<\/div>\n\t\t\t\t\t\t\t\t\t\t\t\t\t<\/div>\n\t\t\t\t\t<\/div>\n\t\t\t\t\t\t\t\t\t\t\t\t\t\t\t\t\t<div class=\"elementor-repeater-item-90ee138 uael-timeline-field animate-border out-view\">\n\t\t\t\t\t\t<div class=\"uael-timeline-widget uael-timeline-right\">\n\t\t\t\t\t\t\t<div class=\"uael-timeline-marker\">\n\t\t\t\t\t\t\t\t<span class=\"timeline-icon-new out-view-timeline-icon\">\n\t\t\t\t\t\t\t\t\t<i aria-hidden=\"true\" class=\"fa fa-calendar\"><\/i>\t\t\t\t\t\t\t\t<\/span>\n\t\t\t\t\t\t\t<\/div>\n\n\t\t\t\t\t\t\t<div class=\"uael-day-new uael-day-right\">\n\t\t\t\t\t\t\t\t<div class=\"uael-events-new\">\n\t\t\t\t\t\t\t\t\t\t\t\t\t\t\t\t\t\t<div class=\"uael-events-inner-new\">\n\t\t\t\t\t\t\t\t\t\t\t\t\t\t\t\t\t\t\t\t\t<div class=\"uael-timeline-date-hide uael-date-inner\"><div class=\"inner-date-new\"><p >2018<\/p><\/div>\n\t\t\t\t\t\t\t\t\t\t\t<\/div>\n\t\t\t\t\t\t\t\t\t\t\t\t\t\t\t\t\t\t\t\t<div class=\"uael-content\">\n\t\t\t\t\t\t\t\t\t\t\t\t\t\t\t\t\t\t\t\t\t\t\t\t\t\t\t\t\t\t\t\t\t\t\t\t\t\t\t\t\t\t\t\t\t\t\t\t\t\t\t\t\t\t\t\t\t\t\t\t\t\t\t\t\t\t\t<div class=\"uael-timeline-desc-content\"> <p>El a\u00f1o 2018, propuesta por el distrito de Horta Guinard\u00f3, el Consejo Plenario del Ayuntamiento decide otorgar a AFANOC la medalla de honor de la ciudad de Barcelona. La ciudad reconoce la val\u00eda de las entidades y personas que, con su esfuerzo y trabajo, ayudan a construir una ciudad m\u00e1s humana y m\u00e1s amable.<\/p><\/div>\n\t\t\t\t\t\t\t\t\t\t\t\t\t\t\t\t\t\t\t\t\t\t\t\t\t\t\t\t\t\t\t\t<\/div>\n\t\t\t\t\t\t\t\t\t\t\t\t\t\t\t\t\t\t\t\t\t\t\t<div class=\"uael-timeline-arrow\"><\/div>\n\t\t\t\t\t\t\t\t\t\t\t\t\t\t\t\t\t\t\t\t<\/div>\n\t\t\t\t\t\t\t\t\t\t\t\t\t\t\t\t\t<\/div>\n\t\t\t\t\t\t\t<\/div>\n\t\t\t\t\t\t\t\t\t\t\t\t\t\t\t<div class=\"uael-timeline-date-new\">\n\t\t\t\t\t\t\t\t\t<div class=\"uael-date-new\"><div class=\"inner-date-new\"><div >2018<\/div><\/div>\n\t\t\t\t\t\t\t\t\t<\/div>\n\t\t\t\t\t\t\t\t<\/div>\n\t\t\t\t\t\t\t\t\t\t\t\t\t<\/div>\n\t\t\t\t\t<\/div>\n\t\t\t\t\t\t\t\t\t\t\t\t\t\t\t\t\t<div class=\"elementor-repeater-item-dd49c59 uael-timeline-field animate-border out-view\">\n\t\t\t\t\t\t<div class=\"uael-timeline-widget uael-timeline-left\">\n\t\t\t\t\t\t\t<div class=\"uael-timeline-marker\">\n\t\t\t\t\t\t\t\t<span class=\"timeline-icon-new out-view-timeline-icon\">\n\t\t\t\t\t\t\t\t\t<i aria-hidden=\"true\" class=\"fa fa-calendar\"><\/i>\t\t\t\t\t\t\t\t<\/span>\n\t\t\t\t\t\t\t<\/div>\n\n\t\t\t\t\t\t\t<div class=\"uael-day-new uael-day-left\">\n\t\t\t\t\t\t\t\t<div class=\"uael-events-new\">\n\t\t\t\t\t\t\t\t\t\t\t\t\t\t\t\t\t\t<div class=\"uael-events-inner-new\">\n\t\t\t\t\t\t\t\t\t\t\t\t\t\t\t\t\t\t\t\t\t<div class=\"uael-timeline-date-hide uael-date-inner\"><div class=\"inner-date-new\"><p >2024<\/p><\/div>\n\t\t\t\t\t\t\t\t\t\t\t<\/div>\n\t\t\t\t\t\t\t\t\t\t\t\t\t\t\t\t\t\t\t\t<div class=\"uael-content\">\n\t\t\t\t\t\t\t\t\t\t\t\t\t\t\t\t\t\t\t\t\t\t\t\t\t\t\t\t\t\t\t\t\t\t\t\t\t\t\t\t\t\t\t\t\t\t\t\t\t\t\t\t\t\t\t\t\t\t\t\t\t\t\t\t\t\t\t<div class=\"uael-timeline-desc-content\"> <p>La Seu de Girona abri\u00f3 sus puertas en 2024 y tiene como objetivo dar respuestas y cubrir todas las necesidades de las familias que tienen hijos\/as enfermos de c\u00e1ncer de las tierras de Girona.<\/p><\/div>\n\t\t\t\t\t\t\t\t\t\t\t\t\t\t\t\t\t\t\t\t\t\t\t\t\t\t\t\t\t\t\t\t<\/div>\n\t\t\t\t\t\t\t\t\t\t\t\t\t\t\t\t\t\t\t\t\t\t\t<div class=\"uael-timeline-arrow\"><\/div>\n\t\t\t\t\t\t\t\t\t\t\t\t\t\t\t\t\t\t\t\t<\/div>\n\t\t\t\t\t\t\t\t\t\t\t\t\t\t\t\t\t<\/div>\n\t\t\t\t\t\t\t<\/div>\n\t\t\t\t\t\t\t\t\t\t\t\t\t\t\t<div class=\"uael-timeline-date-new\">\n\t\t\t\t\t\t\t\t\t<div class=\"uael-date-new\"><div class=\"inner-date-new\"><div >2024<\/div><\/div>\n\t\t\t\t\t\t\t\t\t<\/div>\n\t\t\t\t\t\t\t\t<\/div>\n\t\t\t\t\t\t\t\t\t\t\t\t\t<\/div>\n\t\t\t\t\t<\/div>\n\t\t\t\t\t\t\t\t\t\t<\/div>\n\t\t<div class=\"uael-timeline__line\">\n\t\t\t<div class=\"uael-timeline__line__inner\"><\/div>\n\t\t<\/div>\n\t<\/div>\n<\/div>\n\n\t\t\t\t<\/div>\n\t\t\t\t<\/div>\n\t\t\t\t\t<\/div>\n\t\t<\/div>\n\t\t\t\t\t<\/div>\n\t\t<\/section>\n\t\t\t\t<\/div>\n\t\t","protected":false},"excerpt":{"rendered":"<p>Los Inicios La Asociaci\u00f3n de Familiares y Amigos de Ni\u00f1os Oncol\u00f3gicos de Catalu\u00f1a nace en 1987 a ra\u00edz de la experiencia vital de un grupo de padres y madres Fueron familias que se encontraron con la situaci\u00f3n de tener a sus hijos o hijas ingresados \u200b\u200ben el hospital con diagn\u00f3stico de c\u00e1ncer. Aquello les hizo [&hellip;]<\/p>\n","protected":false},"author":692,"featured_media":58785,"parent":43074,"menu_order":0,"comment_status":"closed","ping_status":"closed","template":"elementor_header_footer","meta":{"site-sidebar-layout":"default","site-content-layout":"","ast-site-content-layout":"default","site-content-style":"default","site-sidebar-style":"default","ast-global-header-display":"","ast-banner-title-visibility":"","ast-main-header-display":"","ast-hfb-above-header-display":"","ast-hfb-below-header-display":"","ast-hfb-mobile-header-display":"","site-post-title":"","ast-breadcrumbs-content":"","ast-featured-img":"","footer-sml-layout":"","theme-transparent-header-meta":"","adv-header-id-meta":"","stick-header-meta":"","header-above-stick-meta":"","header-main-stick-meta":"","header-below-stick-meta":"","astra-migrate-meta-layouts":"default","ast-page-background-enabled":"default","ast-page-background-meta":{"desktop":{"background-color":"var(--ast-global-color-4)","background-image":"","background-repeat":"repeat","background-position":"center center","background-size":"auto","background-attachment":"scroll","background-type":"","background-media":"","overlay-type":"","overlay-color":"","overlay-opacity":"","overlay-gradient":""},"tablet":{"background-color":"","background-image":"","background-repeat":"repeat","background-position":"center center","background-size":"auto","background-attachment":"scroll","background-type":"","background-media":"","overlay-type":"","overlay-color":"","overlay-opacity":"","overlay-gradient":""},"mobile":{"background-color":"","background-image":"","background-repeat":"repeat","background-position":"center center","background-size":"auto","background-attachment":"scroll","background-type":"","background-media":"","overlay-type":"","overlay-color":"","overlay-opacity":"","overlay-gradient":""}},"ast-content-background-meta":{"desktop":{"background-color":"var(--ast-global-color-5)","background-image":"","background-repeat":"repeat","background-position":"center center","background-size":"auto","background-attachment":"scroll","background-type":"","background-media":"","overlay-type":"","overlay-color":"","overlay-opacity":"","overlay-gradient":""},"tablet":{"background-color":"var(--ast-global-color-5)","background-image":"","background-repeat":"repeat","background-position":"center center","background-size":"auto","background-attachment":"scroll","background-type":"","background-media":"","overlay-type":"","overlay-color":"","overlay-opacity":"","overlay-gradient":""},"mobile":{"background-color":"var(--ast-global-color-5)","background-image":"","background-repeat":"repeat","background-position":"center center","background-size":"auto","background-attachment":"scroll","background-type":"","background-media":"","overlay-type":"","overlay-color":"","overlay-opacity":"","overlay-gradient":""}},"footnotes":""},"class_list":["post-43076","page","type-page","status-publish","has-post-thumbnail","hentry"],"publishpress_future_workflow_manual_trigger":{"enabledWorkflows":[]},"_links":{"self":[{"href":"https:\/\/afanoc.org\/es\/wp-json\/wp\/v2\/pages\/43076","targetHints":{"allow":["GET"]}}],"collection":[{"href":"https:\/\/afanoc.org\/es\/wp-json\/wp\/v2\/pages"}],"about":[{"href":"https:\/\/afanoc.org\/es\/wp-json\/wp\/v2\/types\/page"}],"author":[{"embeddable":true,"href":"https:\/\/afanoc.org\/es\/wp-json\/wp\/v2\/users\/692"}],"replies":[{"embeddable":true,"href":"https:\/\/afanoc.org\/es\/wp-json\/wp\/v2\/comments?post=43076"}],"version-history":[{"count":0,"href":"https:\/\/afanoc.org\/es\/wp-json\/wp\/v2\/pages\/43076\/revisions"}],"up":[{"embeddable":true,"href":"https:\/\/afanoc.org\/es\/wp-json\/wp\/v2\/pages\/43074"}],"wp:featuredmedia":[{"embeddable":true,"href":"https:\/\/afanoc.org\/es\/wp-json\/wp\/v2\/media\/58785"}],"wp:attachment":[{"href":"https:\/\/afanoc.org\/es\/wp-json\/wp\/v2\/media?parent=43076"}],"curies":[{"name":"wp","href":"https:\/\/api.w.org\/{rel}","templated":true}]}}