{"id":43069,"date":"2022-04-06T21:46:47","date_gmt":"2022-04-06T19:46:47","guid":{"rendered":"https:\/\/afanoc.org\/inici\/"},"modified":"2026-04-24T10:44:07","modified_gmt":"2026-04-24T08:44:07","slug":"inicio-2","status":"publish","type":"page","link":"https:\/\/afanoc.org\/es\/","title":{"rendered":"Inicio"},"content":{"rendered":"\t\t<div data-elementor-type=\"wp-page\" data-elementor-id=\"43069\" class=\"elementor elementor-43069 elementor-1608\" data-elementor-post-type=\"page\">\n\t\t\t\t<div class=\"elementor-element elementor-element-ec3a0ac e-con-full elementor-hidden-tablet elementor-hidden-desktop e-flex e-con e-parent\" data-id=\"ec3a0ac\" data-element_type=\"container\" data-e-type=\"container\">\n\t\t<div class=\"elementor-element elementor-element-baeb8f0 e-con-full e-flex e-con e-child\" data-id=\"baeb8f0\" data-element_type=\"container\" data-e-type=\"container\">\n\t\t\t\t<div class=\"elementor-element elementor-element-b2c509c elementor-skin-slideshow elementor-arrows-yes elementor-widget elementor-widget-media-carousel\" data-id=\"b2c509c\" data-element_type=\"widget\" data-e-type=\"widget\" data-settings=\"{&quot;skin&quot;:&quot;slideshow&quot;,&quot;slideshow_slides_per_view&quot;:&quot;1&quot;,&quot;space_between&quot;:{&quot;unit&quot;:&quot;px&quot;,&quot;size&quot;:0,&quot;sizes&quot;:[]},&quot;centered_slides&quot;:&quot;yes&quot;,&quot;effect&quot;:&quot;slide&quot;,&quot;show_arrows&quot;:&quot;yes&quot;,&quot;speed&quot;:500,&quot;autoplay&quot;:&quot;yes&quot;,&quot;autoplay_speed&quot;:5000,&quot;loop&quot;:&quot;yes&quot;,&quot;pause_on_hover&quot;:&quot;yes&quot;,&quot;pause_on_interaction&quot;:&quot;yes&quot;,&quot;space_between_tablet&quot;:{&quot;unit&quot;:&quot;px&quot;,&quot;size&quot;:10,&quot;sizes&quot;:[]},&quot;space_between_mobile&quot;:{&quot;unit&quot;:&quot;px&quot;,&quot;size&quot;:10,&quot;sizes&quot;:[]}}\" data-widget_type=\"media-carousel.default\">\n\t\t\t\t<div class=\"elementor-widget-container\">\n\t\t\t\t\t\t\t\t\t<div class=\"elementor-swiper\">\n\t\t\t\t\t<div class=\"elementor-main-swiper swiper\" role=\"region\" aria-roledescription=\"carousel\" aria-label=\"Diapositives\">\n\t\t\t\t<div class=\"swiper-wrapper\">\n\t\t\t\t\t\t\t\t\t\t\t<div class=\"swiper-slide\" role=\"group\" aria-roledescription=\"slide\">\n\t\t\t\t\t\t\t<a href=\"https:\/\/afanoc.helpbysc.com\/apadrina\/habitacio\/casaxuklis\" target=\"_blank\" rel=\"noopener\">\t\t<div class=\"elementor-carousel-image\" role=\"img\" aria-label=\"\" style=\"background-image: url(&#039;https:\/\/afanoc.org\/wp-content\/uploads\/banner-mob-500x400-CAS.jpg&#039;)\">\n\n\t\t\t\n\t\t\t\t\t<\/div>\n\t\t<\/a>\t\t\t\t\t\t<\/div>\n\t\t\t\t\t\t\t\t\t\t\t<div class=\"swiper-slide\" role=\"group\" aria-roledescription=\"slide\">\n\t\t\t\t\t\t\t<a href=\"https:\/\/afanoc.org\/es\/posat-la-gorra\/\">\t\t<div class=\"elementor-carousel-image\" role=\"img\" aria-label=\"Posa&#039;t la Gorra con Joan Turu\" style=\"background-image: url(&#039;https:\/\/afanoc.org\/wp-content\/uploads\/Mobil2_PGorra-2025_Bcn_Cast.jpg&#039;)\">\n\n\t\t\t\n\t\t\t\t\t<\/div>\n\t\t<\/a>\t\t\t\t\t\t<\/div>\n\t\t\t\t\t\t\t\t\t\t\t<div class=\"swiper-slide\" role=\"group\" aria-roledescription=\"slide\">\n\t\t\t\t\t\t\t<a href=\"https:\/\/afanoc.org\/es\/c\/regalos-solidarios\/\">\t\t<div class=\"elementor-carousel-image\" role=\"img\" aria-label=\"Productos deportivos de Afanoc\" style=\"background-image: url(&#039;https:\/\/afanoc.org\/wp-content\/uploads\/Banners-campanya-esport-afanoc_MobilTienda_Cast.jpg&#039;)\">\n\n\t\t\t\n\t\t\t\t\t<\/div>\n\t\t<\/a>\t\t\t\t\t\t<\/div>\n\t\t\t\t\t\t\t\t\t<\/div>\n\t\t\t\t\t\t\t\t\t\t\t\t\t\t\t<div class=\"elementor-swiper-button elementor-swiper-button-prev\" role=\"button\" tabindex=\"0\" aria-label=\"Anterior\">\n\t\t\t\t\t\t\t<i aria-hidden=\"true\" class=\"eicon-chevron-left\"><\/i>\t\t\t\t\t\t<\/div>\n\t\t\t\t\t\t<div class=\"elementor-swiper-button elementor-swiper-button-next\" role=\"button\" tabindex=\"0\" aria-label=\"Siguiente\">\n\t\t\t\t\t\t\t<i aria-hidden=\"true\" class=\"eicon-chevron-right\"><\/i>\t\t\t\t\t\t<\/div>\n\t\t\t\t\t\t\t\t\t\t\t\t\t\t\t\t\t<\/div>\n\t\t\t\t<\/div>\n\t\t\t\t\t\t\t\t<div class=\"elementor-swiper\">\n\t\t\t\t\t<div class=\"elementor-main-swiper swiper elementor-thumbnails-swiper swiper\" role=\"region region\" aria-roledescription=\"carousel carousel\" aria-label=\"Diapositives Diapositives\">\n\t\t\t\t<div class=\"swiper-wrapper\">\n\t\t\t\t\t\t\t\t\t\t\t<div class=\"swiper-slide\" role=\"group\" aria-roledescription=\"slide\">\n\t\t\t\t\t\t\t\t\t<div class=\"elementor-carousel-image\" role=\"img\" aria-label=\"\" style=\"background-image: url(&#039;https:\/\/afanoc.org\/wp-content\/uploads\/banner-mob-500x400-CAS.jpg&#039;)\">\n\n\t\t\t\n\t\t\t\t\t<\/div>\n\t\t<\/a>\t\t\t\t\t\t<\/div>\n\t\t\t\t\t\t\t\t\t\t\t<div class=\"swiper-slide\" role=\"group\" aria-roledescription=\"slide\">\n\t\t\t\t\t\t\t\t\t<div class=\"elementor-carousel-image\" role=\"img\" aria-label=\"Posa&#039;t la Gorra con Joan Turu\" style=\"background-image: url(&#039;https:\/\/afanoc.org\/wp-content\/uploads\/Mobil2_PGorra-2025_Bcn_Cast.jpg&#039;)\">\n\n\t\t\t\n\t\t\t\t\t<\/div>\n\t\t<\/a>\t\t\t\t\t\t<\/div>\n\t\t\t\t\t\t\t\t\t\t\t<div class=\"swiper-slide\" role=\"group\" aria-roledescription=\"slide\">\n\t\t\t\t\t\t\t\t\t<div class=\"elementor-carousel-image\" role=\"img\" aria-label=\"Productos deportivos de Afanoc\" style=\"background-image: url(&#039;https:\/\/afanoc.org\/wp-content\/uploads\/Banners-campanya-esport-afanoc_MobilTienda_Cast.jpg&#039;)\">\n\n\t\t\t\n\t\t\t\t\t<\/div>\n\t\t<\/a>\t\t\t\t\t\t<\/div>\n\t\t\t\t\t\t\t\t\t<\/div>\n\t\t\t\t\t\t\t\t\t\t\t\t\t\t\t\t\t\t\t\t\t<\/div>\n\t\t\t\t<\/div>\n\t\t\t\t\t\t\t\t<\/div>\n\t\t\t\t<\/div>\n\t\t\t\t<\/div>\n\t\t\t\t<\/div>\n\t\t<div class=\"elementor-element elementor-element-d8569f0 e-con-full elementor-hidden-mobile e-flex e-con e-parent\" data-id=\"d8569f0\" data-element_type=\"container\" data-e-type=\"container\">\n\t\t\t\t<div class=\"elementor-element elementor-element-f4b4027 uael-ins-normal uael-img-carousel-arrow-outside elementor-widget elementor-widget-uael-image-gallery\" data-id=\"f4b4027\" data-element_type=\"widget\" data-e-type=\"widget\" data-settings=\"{&quot;slides_to_show&quot;:1,&quot;slides_to_show_tablet&quot;:3,&quot;slides_to_show_mobile&quot;:2,&quot;slides_to_scroll&quot;:1,&quot;slides_to_scroll_tablet&quot;:1,&quot;slides_to_scroll_mobile&quot;:1,&quot;column_gap&quot;:{&quot;unit&quot;:&quot;px&quot;,&quot;size&quot;:20,&quot;sizes&quot;:[]},&quot;column_gap_tablet&quot;:{&quot;unit&quot;:&quot;px&quot;,&quot;size&quot;:&quot;&quot;,&quot;sizes&quot;:[]},&quot;column_gap_mobile&quot;:{&quot;unit&quot;:&quot;px&quot;,&quot;size&quot;:&quot;&quot;,&quot;sizes&quot;:[]}}\" data-widget_type=\"uael-image-gallery.default\">\n\t\t\t\t<div class=\"elementor-widget-container\">\n\t\t\t\t\t<div class=\"uael-gallery-parent uael-caption- uael-gallery-unjustified\"><div data-image_carousel=\"{&quot;slidesToShow&quot;:1,&quot;slidesToScroll&quot;:1,&quot;autoplaySpeed&quot;:5000,&quot;autoplay&quot;:true,&quot;infinite&quot;:true,&quot;pauseOnHover&quot;:true,&quot;speed&quot;:500,&quot;arrows&quot;:true,&quot;dots&quot;:true,&quot;rtl&quot;:false,&quot;responsive&quot;:[{&quot;breakpoint&quot;:1024,&quot;settings&quot;:{&quot;slidesToShow&quot;:3,&quot;slidesToScroll&quot;:1}},{&quot;breakpoint&quot;:767,&quot;settings&quot;:{&quot;slidesToShow&quot;:2,&quot;slidesToScroll&quot;:1}}]}\" class=\"uael-img-gallery-wrap uael-img-carousel-wrap uael-nav-both\" data-filter-default=\"Todo\"><div class=\"uael-grid-item  uael-img-gallery-item-1\"><div class=\"uael-grid-item-content\"><span class=\"uael-grid-img uael-grid-gallery-img uael-ins-hover elementor-clickable\" data-elementor-open-lightbox=\"no\"><div class=\"uael-grid-img-thumbnail uael-ins-target\"><img decoding=\"async\" width=\"2560\" height=\"674\" src=\"https:\/\/afanoc.org\/wp-content\/uploads\/banner-web-2560x674-CAS.jpg\" class=\"attachment-full size-full wp-image-77409\" alt=\"\" \/><\/div><div class=\"uael-grid-img-overlay\"><\/div><\/span><\/div><\/div><div class=\"uael-grid-item  uael-img-gallery-item-2\"><div class=\"uael-grid-item-content\"><span class=\"uael-grid-img uael-grid-gallery-img uael-ins-hover elementor-clickable\" data-elementor-open-lightbox=\"no\"><div class=\"uael-grid-img-thumbnail uael-ins-target\"><img decoding=\"async\" width=\"2560\" height=\"674\" src=\"https:\/\/afanoc.org\/wp-content\/uploads\/Web2_PGorra-2025_Bcn_Cast-1.jpg\" class=\"attachment-full size-full wp-image-75013\" alt=\"\" srcset=\"https:\/\/afanoc.org\/wp-content\/uploads\/Web2_PGorra-2025_Bcn_Cast-1.jpg 2560w, https:\/\/afanoc.org\/wp-content\/uploads\/Web2_PGorra-2025_Bcn_Cast-1-320x84.jpg 320w, https:\/\/afanoc.org\/wp-content\/uploads\/Web2_PGorra-2025_Bcn_Cast-1-1024x270.jpg 1024w, https:\/\/afanoc.org\/wp-content\/uploads\/Web2_PGorra-2025_Bcn_Cast-1-150x39.jpg 150w, https:\/\/afanoc.org\/wp-content\/uploads\/Web2_PGorra-2025_Bcn_Cast-1-768x202.jpg 768w, https:\/\/afanoc.org\/wp-content\/uploads\/Web2_PGorra-2025_Bcn_Cast-1-1536x404.jpg 1536w, https:\/\/afanoc.org\/wp-content\/uploads\/Web2_PGorra-2025_Bcn_Cast-1-2048x539.jpg 2048w, https:\/\/afanoc.org\/wp-content\/uploads\/Web2_PGorra-2025_Bcn_Cast-1-600x158.jpg 600w\" sizes=\"(max-width: 2560px) 100vw, 2560px\" \/><\/div><div class=\"uael-grid-img-overlay\"><\/div><\/span><\/div><\/div><div class=\"uael-grid-item  uael-img-gallery-item-3\"><div class=\"uael-grid-item-content\"><span class=\"uael-grid-img uael-grid-gallery-img uael-ins-hover elementor-clickable\" data-elementor-open-lightbox=\"no\"><div class=\"uael-grid-img-thumbnail uael-ins-target\"><img decoding=\"async\" width=\"2560\" height=\"674\" src=\"https:\/\/afanoc.org\/wp-content\/uploads\/Web-El-Gran-Llibre-dels-Xuklis_Cast-scaled.jpg\" class=\"attachment-full size-full wp-image-69944\" alt=\"Web El Gran Llibre dels Xuklis_Cast\" srcset=\"https:\/\/afanoc.org\/wp-content\/uploads\/Web-El-Gran-Llibre-dels-Xuklis_Cast-scaled.jpg 2560w, https:\/\/afanoc.org\/wp-content\/uploads\/Web-El-Gran-Llibre-dels-Xuklis_Cast-320x84.jpg 320w, https:\/\/afanoc.org\/wp-content\/uploads\/Web-El-Gran-Llibre-dels-Xuklis_Cast-1024x270.jpg 1024w, https:\/\/afanoc.org\/wp-content\/uploads\/Web-El-Gran-Llibre-dels-Xuklis_Cast-150x40.jpg 150w, https:\/\/afanoc.org\/wp-content\/uploads\/Web-El-Gran-Llibre-dels-Xuklis_Cast-768x202.jpg 768w, https:\/\/afanoc.org\/wp-content\/uploads\/Web-El-Gran-Llibre-dels-Xuklis_Cast-1536x405.jpg 1536w, https:\/\/afanoc.org\/wp-content\/uploads\/Web-El-Gran-Llibre-dels-Xuklis_Cast-2048x539.jpg 2048w, https:\/\/afanoc.org\/wp-content\/uploads\/Web-El-Gran-Llibre-dels-Xuklis_Cast-600x158.jpg 600w\" sizes=\"(max-width: 2560px) 100vw, 2560px\" \/><\/div><div class=\"uael-grid-img-overlay\"><\/div><\/span><\/div><\/div><\/div><\/div>\t\t\t\t<\/div>\n\t\t\t\t<\/div>\n\t\t\t\t<\/div>\n\t\t<div class=\"elementor-element elementor-element-d084114 e-con-full e-flex e-con e-parent\" data-id=\"d084114\" data-element_type=\"container\" data-e-type=\"container\">\n\t\t<div class=\"elementor-element elementor-element-db0abbb e-con-full e-flex e-con e-child\" data-id=\"db0abbb\" data-element_type=\"container\" data-e-type=\"container\">\n\t\t\t\t<div class=\"elementor-element elementor-element-144aa5a elementor-widget-tablet__width-auto elementor-widget-divider--view-line elementor-widget elementor-widget-divider\" data-id=\"144aa5a\" data-element_type=\"widget\" data-e-type=\"widget\" data-widget_type=\"divider.default\">\n\t\t\t\t<div class=\"elementor-widget-container\">\n\t\t\t\t\t\t\t<div class=\"elementor-divider\">\n\t\t\t<span class=\"elementor-divider-separator\">\n\t\t\t\t\t\t<\/span>\n\t\t<\/div>\n\t\t\t\t\t\t<\/div>\n\t\t\t\t<\/div>\n\t\t\t\t<div class=\"elementor-element elementor-element-c1c9061 elementor-widget__width-initial elementor-widget-tablet__width-auto elementor-widget elementor-widget-heading\" data-id=\"c1c9061\" data-element_type=\"widget\" data-e-type=\"widget\" data-widget_type=\"heading.default\">\n\t\t\t\t<div class=\"elementor-widget-container\">\n\t\t\t\t\t<h2 class=\"elementor-heading-title elementor-size-default\">Qu\u00e9 <span style=\"color: #EC672C\">Hacemos<\/span> en AFANOC<\/h2>\t\t\t\t<\/div>\n\t\t\t\t<\/div>\n\t\t\t\t<div class=\"elementor-element elementor-element-5860fa4 elementor-widget-divider--view-line elementor-widget elementor-widget-divider\" data-id=\"5860fa4\" data-element_type=\"widget\" data-e-type=\"widget\" data-widget_type=\"divider.default\">\n\t\t\t\t<div class=\"elementor-widget-container\">\n\t\t\t\t\t\t\t<div class=\"elementor-divider\">\n\t\t\t<span class=\"elementor-divider-separator\">\n\t\t\t\t\t\t<\/span>\n\t\t<\/div>\n\t\t\t\t\t\t<\/div>\n\t\t\t\t<\/div>\n\t\t\t\t<\/div>\n\t\t\t\t<\/div>\n\t\t<div class=\"elementor-element elementor-element-413a02c e-flex e-con-boxed e-con e-parent\" data-id=\"413a02c\" data-element_type=\"container\" data-e-type=\"container\">\n\t\t\t\t\t<div class=\"e-con-inner\">\n\t\t<div class=\"elementor-element elementor-element-6f8b5a6 e-con-full e-flex e-con e-child\" data-id=\"6f8b5a6\" data-element_type=\"container\" data-e-type=\"container\">\n\t\t\t\t<div class=\"elementor-element elementor-element-acb5ff0 elementor-widget elementor-widget-image\" data-id=\"acb5ff0\" data-element_type=\"widget\" data-e-type=\"widget\" data-widget_type=\"image.default\">\n\t\t\t\t<div class=\"elementor-widget-container\">\n\t\t\t\t\t\t\t\t\t\t\t\t\t\t\t\t<a href=\"https:\/\/afanoc.org\/es\/apoyo-psicoemocional\/\">\n\t\t\t\t\t\t\t<img decoding=\"async\" width=\"600\" height=\"600\" src=\"https:\/\/afanoc.org\/wp-content\/uploads\/afanoc-suport-families.png\" class=\"attachment-large size-large wp-image-39644\" alt=\"\" srcset=\"https:\/\/afanoc.org\/wp-content\/uploads\/afanoc-suport-families.png 600w, https:\/\/afanoc.org\/wp-content\/uploads\/afanoc-suport-families-300x300.png 300w, https:\/\/afanoc.org\/wp-content\/uploads\/afanoc-suport-families-150x150.png 150w, https:\/\/afanoc.org\/wp-content\/uploads\/afanoc-suport-families-100x100.png 100w\" sizes=\"(max-width: 600px) 100vw, 600px\" \/>\t\t\t\t\t\t\t\t<\/a>\n\t\t\t\t\t\t\t\t\t\t\t\t\t\t\t<\/div>\n\t\t\t\t<\/div>\n\t\t\t\t<div class=\"elementor-element elementor-element-4e86d31 elementor-widget elementor-widget-text-editor\" data-id=\"4e86d31\" data-element_type=\"widget\" data-e-type=\"widget\" data-widget_type=\"text-editor.default\">\n\t\t\t\t<div class=\"elementor-widget-container\">\n\t\t\t\t\t\t\t\t\t<p><a href=\"https:\/\/afanoc.org\/es\/apoyo-psicoemocional\/\">Atenci\u00f3n Familias<\/a><\/p>\t\t\t\t\t\t\t\t<\/div>\n\t\t\t\t<\/div>\n\t\t\t\t<\/div>\n\t\t<div class=\"elementor-element elementor-element-6408a50 e-con-full e-flex e-con e-child\" data-id=\"6408a50\" data-element_type=\"container\" data-e-type=\"container\">\n\t\t\t\t<div class=\"elementor-element elementor-element-11b18a7 elementor-widget elementor-widget-image\" data-id=\"11b18a7\" data-element_type=\"widget\" data-e-type=\"widget\" data-widget_type=\"image.default\">\n\t\t\t\t<div class=\"elementor-widget-container\">\n\t\t\t\t\t\t\t\t\t\t\t\t\t\t\t\t<a href=\"https:\/\/afanoc.org\/es\/voluntariado\/\">\n\t\t\t\t\t\t\t<img decoding=\"async\" width=\"600\" height=\"600\" src=\"https:\/\/afanoc.org\/wp-content\/uploads\/afanoc-voluntariat.png\" class=\"attachment-large size-large wp-image-39647\" alt=\"\" srcset=\"https:\/\/afanoc.org\/wp-content\/uploads\/afanoc-voluntariat.png 600w, https:\/\/afanoc.org\/wp-content\/uploads\/afanoc-voluntariat-300x300.png 300w, https:\/\/afanoc.org\/wp-content\/uploads\/afanoc-voluntariat-150x150.png 150w, https:\/\/afanoc.org\/wp-content\/uploads\/afanoc-voluntariat-100x100.png 100w\" sizes=\"(max-width: 600px) 100vw, 600px\" \/>\t\t\t\t\t\t\t\t<\/a>\n\t\t\t\t\t\t\t\t\t\t\t\t\t\t\t<\/div>\n\t\t\t\t<\/div>\n\t\t\t\t<div class=\"elementor-element elementor-element-cd5e9d7 elementor-widget elementor-widget-text-editor\" data-id=\"cd5e9d7\" data-element_type=\"widget\" data-e-type=\"widget\" data-widget_type=\"text-editor.default\">\n\t\t\t\t<div class=\"elementor-widget-container\">\n\t\t\t\t\t\t\t\t\t<p style=\"text-align: center;\"><a href=\"https:\/\/afanoc.org\/es\/voluntariado\/\" data-wplink-edit=\"true\">Voluntariado<\/a><\/p>\t\t\t\t\t\t\t\t<\/div>\n\t\t\t\t<\/div>\n\t\t\t\t<\/div>\n\t\t<div class=\"elementor-element elementor-element-3713dbd e-con-full e-flex e-con e-child\" data-id=\"3713dbd\" data-element_type=\"container\" data-e-type=\"container\">\n\t\t\t\t<div class=\"elementor-element elementor-element-0fa809e elementor-widget elementor-widget-image\" data-id=\"0fa809e\" data-element_type=\"widget\" data-e-type=\"widget\" data-widget_type=\"image.default\">\n\t\t\t\t<div class=\"elementor-widget-container\">\n\t\t\t\t\t\t\t\t\t\t\t\t\t\t\t\t<a href=\"https:\/\/afanoc.org\/es\/grupo-de-jovenes\/\">\n\t\t\t\t\t\t\t<img decoding=\"async\" width=\"600\" height=\"600\" src=\"https:\/\/afanoc.org\/wp-content\/uploads\/afanoc-grup-de-joves.png\" class=\"attachment-large size-large wp-image-39650\" alt=\"\" srcset=\"https:\/\/afanoc.org\/wp-content\/uploads\/afanoc-grup-de-joves.png 600w, https:\/\/afanoc.org\/wp-content\/uploads\/afanoc-grup-de-joves-300x300.png 300w, https:\/\/afanoc.org\/wp-content\/uploads\/afanoc-grup-de-joves-150x150.png 150w, https:\/\/afanoc.org\/wp-content\/uploads\/afanoc-grup-de-joves-100x100.png 100w\" sizes=\"(max-width: 600px) 100vw, 600px\" \/>\t\t\t\t\t\t\t\t<\/a>\n\t\t\t\t\t\t\t\t\t\t\t\t\t\t\t<\/div>\n\t\t\t\t<\/div>\n\t\t\t\t<div class=\"elementor-element elementor-element-a9d9c72 elementor-widget elementor-widget-text-editor\" data-id=\"a9d9c72\" data-element_type=\"widget\" data-e-type=\"widget\" data-widget_type=\"text-editor.default\">\n\t\t\t\t<div class=\"elementor-widget-container\">\n\t\t\t\t\t\t\t\t\t<p style=\"text-align: center;\"><a href=\"https:\/\/afanoc.org\/es\/grupo-de-jovenes\/\">Grupo de J\u00f3venes<\/a><\/p>\t\t\t\t\t\t\t\t<\/div>\n\t\t\t\t<\/div>\n\t\t\t\t<\/div>\n\t\t<div class=\"elementor-element elementor-element-dc7468f e-con-full e-flex e-con e-child\" data-id=\"dc7468f\" data-element_type=\"container\" data-e-type=\"container\">\n\t\t\t\t<div class=\"elementor-element elementor-element-b5cda98 elementor-widget elementor-widget-image\" data-id=\"b5cda98\" data-element_type=\"widget\" data-e-type=\"widget\" data-widget_type=\"image.default\">\n\t\t\t\t<div class=\"elementor-widget-container\">\n\t\t\t\t\t\t\t\t\t\t\t\t\t\t\t\t<a href=\"https:\/\/afanoc.org\/es\/humanitzacion-hospitalaria\/\">\n\t\t\t\t\t\t\t<img decoding=\"async\" width=\"600\" height=\"600\" src=\"https:\/\/afanoc.org\/wp-content\/uploads\/afanoc-presencia-hospitals.png\" class=\"attachment-large size-large wp-image-39653\" alt=\"\" srcset=\"https:\/\/afanoc.org\/wp-content\/uploads\/afanoc-presencia-hospitals.png 600w, https:\/\/afanoc.org\/wp-content\/uploads\/afanoc-presencia-hospitals-300x300.png 300w, https:\/\/afanoc.org\/wp-content\/uploads\/afanoc-presencia-hospitals-150x150.png 150w, https:\/\/afanoc.org\/wp-content\/uploads\/afanoc-presencia-hospitals-100x100.png 100w\" sizes=\"(max-width: 600px) 100vw, 600px\" \/>\t\t\t\t\t\t\t\t<\/a>\n\t\t\t\t\t\t\t\t\t\t\t\t\t\t\t<\/div>\n\t\t\t\t<\/div>\n\t\t\t\t<div class=\"elementor-element elementor-element-5761287 elementor-widget elementor-widget-text-editor\" data-id=\"5761287\" data-element_type=\"widget\" data-e-type=\"widget\" data-widget_type=\"text-editor.default\">\n\t\t\t\t<div class=\"elementor-widget-container\">\n\t\t\t\t\t\t\t\t\t<p style=\"text-align: center;\"><a href=\"https:\/\/afanoc.org\/es\/humanitzacion-hospitalaria\/\">Presencia Hospitales<\/a><\/p>\t\t\t\t\t\t\t\t<\/div>\n\t\t\t\t<\/div>\n\t\t\t\t<\/div>\n\t\t<div class=\"elementor-element elementor-element-47b01b4 e-con-full e-flex e-con e-child\" data-id=\"47b01b4\" data-element_type=\"container\" data-e-type=\"container\">\n\t\t\t\t<div class=\"elementor-element elementor-element-da3a1d9 elementor-widget elementor-widget-image\" data-id=\"da3a1d9\" data-element_type=\"widget\" data-e-type=\"widget\" data-widget_type=\"image.default\">\n\t\t\t\t<div class=\"elementor-widget-container\">\n\t\t\t\t\t\t\t\t\t\t\t\t\t\t\t\t<a href=\"https:\/\/afanoc.org\/es\/posat-la-gorra\/\">\n\t\t\t\t\t\t\t<img decoding=\"async\" width=\"1024\" height=\"1024\" src=\"https:\/\/afanoc.org\/wp-content\/uploads\/Gorra-web-pagina--1024x1024.png\" class=\"attachment-large size-large wp-image-73904\" alt=\"Gorra Joan Turu\" srcset=\"https:\/\/afanoc.org\/wp-content\/uploads\/Gorra-web-pagina--1024x1024.png 1024w, https:\/\/afanoc.org\/wp-content\/uploads\/Gorra-web-pagina--320x320.png 320w, https:\/\/afanoc.org\/wp-content\/uploads\/Gorra-web-pagina--150x150.png 150w, https:\/\/afanoc.org\/wp-content\/uploads\/Gorra-web-pagina--768x768.png 768w, https:\/\/afanoc.org\/wp-content\/uploads\/Gorra-web-pagina--300x300.png 300w, https:\/\/afanoc.org\/wp-content\/uploads\/Gorra-web-pagina--600x600.png 600w, https:\/\/afanoc.org\/wp-content\/uploads\/Gorra-web-pagina--100x100.png 100w, https:\/\/afanoc.org\/wp-content\/uploads\/Gorra-web-pagina--50x50.png 50w, https:\/\/afanoc.org\/wp-content\/uploads\/Gorra-web-pagina-.png 1536w\" sizes=\"(max-width: 1024px) 100vw, 1024px\" \/>\t\t\t\t\t\t\t\t<\/a>\n\t\t\t\t\t\t\t\t\t\t\t\t\t\t\t<\/div>\n\t\t\t\t<\/div>\n\t\t\t\t<div class=\"elementor-element elementor-element-4db70da elementor-widget elementor-widget-text-editor\" data-id=\"4db70da\" data-element_type=\"widget\" data-e-type=\"widget\" data-widget_type=\"text-editor.default\">\n\t\t\t\t<div class=\"elementor-widget-container\">\n\t\t\t\t\t\t\t\t\t<p style=\"text-align: center;\"><a href=\"https:\/\/afanoc.org\/es\/posat-la-gorra\/\">Ponte la Gorra<\/a><\/p>\t\t\t\t\t\t\t\t<\/div>\n\t\t\t\t<\/div>\n\t\t\t\t<\/div>\n\t\t<div class=\"elementor-element elementor-element-1baa211 e-con-full e-flex e-con e-child\" data-id=\"1baa211\" data-element_type=\"container\" data-e-type=\"container\">\n\t\t\t\t<div class=\"elementor-element elementor-element-2e1c50f elementor-widget elementor-widget-image\" data-id=\"2e1c50f\" data-element_type=\"widget\" data-e-type=\"widget\" data-widget_type=\"image.default\">\n\t\t\t\t<div class=\"elementor-widget-container\">\n\t\t\t\t\t\t\t\t\t\t\t\t\t\t\t\t<a href=\"https:\/\/afanoc.org\/es\/rockpelsxuklis\/\">\n\t\t\t\t\t\t\t<img decoding=\"async\" width=\"600\" height=\"600\" src=\"https:\/\/afanoc.org\/wp-content\/uploads\/afanoc-rock-pels-xuklis.png\" class=\"attachment-large size-large wp-image-39659\" alt=\"\" srcset=\"https:\/\/afanoc.org\/wp-content\/uploads\/afanoc-rock-pels-xuklis.png 600w, https:\/\/afanoc.org\/wp-content\/uploads\/afanoc-rock-pels-xuklis-300x300.png 300w, https:\/\/afanoc.org\/wp-content\/uploads\/afanoc-rock-pels-xuklis-150x150.png 150w, https:\/\/afanoc.org\/wp-content\/uploads\/afanoc-rock-pels-xuklis-100x100.png 100w\" sizes=\"(max-width: 600px) 100vw, 600px\" \/>\t\t\t\t\t\t\t\t<\/a>\n\t\t\t\t\t\t\t\t\t\t\t\t\t\t\t<\/div>\n\t\t\t\t<\/div>\n\t\t\t\t<div class=\"elementor-element elementor-element-652d82a elementor-widget elementor-widget-text-editor\" data-id=\"652d82a\" data-element_type=\"widget\" data-e-type=\"widget\" data-widget_type=\"text-editor.default\">\n\t\t\t\t<div class=\"elementor-widget-container\">\n\t\t\t\t\t\t\t\t\t<a href=\"https:\/\/afanoc.org\/es\/rockpelsxuklis\/\">RockpelsXuklis<\/a>\t\t\t\t\t\t\t\t<\/div>\n\t\t\t\t<\/div>\n\t\t\t\t<\/div>\n\t\t\t\t\t<\/div>\n\t\t\t\t<\/div>\n\t\t<div class=\"elementor-element elementor-element-66417ef e-flex e-con-boxed e-con e-parent\" data-id=\"66417ef\" data-element_type=\"container\" data-e-type=\"container\">\n\t\t\t\t\t<div class=\"e-con-inner\">\n\t\t<div class=\"elementor-element elementor-element-06fb45b e-con-full e-flex e-con e-child\" data-id=\"06fb45b\" data-element_type=\"container\" data-e-type=\"container\">\n\t\t\t\t<div class=\"elementor-element elementor-element-4ef1465 elementor-widget elementor-widget-video\" data-id=\"4ef1465\" data-element_type=\"widget\" data-e-type=\"widget\" data-settings=\"{&quot;youtube_url&quot;:&quot;https:\\\/\\\/youtu.be\\\/N8GZCWq7RL4&quot;,&quot;video_type&quot;:&quot;youtube&quot;,&quot;controls&quot;:&quot;yes&quot;}\" data-widget_type=\"video.default\">\n\t\t\t\t<div class=\"elementor-widget-container\">\n\t\t\t\t\t\t\t<div class=\"elementor-wrapper elementor-open-inline\">\n\t\t\t<div class=\"elementor-video\"><\/div>\t\t<\/div>\n\t\t\t\t\t\t<\/div>\n\t\t\t\t<\/div>\n\t\t\t\t<\/div>\n\t\t<div class=\"elementor-element elementor-element-5f28bc2 e-con-full e-flex e-con e-child\" data-id=\"5f28bc2\" data-element_type=\"container\" data-e-type=\"container\">\n\t\t\t\t<div class=\"elementor-element elementor-element-e59251e elementor-widget elementor-widget-text-editor\" data-id=\"e59251e\" data-element_type=\"widget\" data-e-type=\"widget\" data-widget_type=\"text-editor.default\">\n\t\t\t\t<div class=\"elementor-widget-container\">\n\t\t\t\t\t\t\t\t\t<h3>LA CASA DELS XUKLIS CELEBRA 15 A\u00d1OS<\/h3>\t\t\t\t\t\t\t\t<\/div>\n\t\t\t\t<\/div>\n\t\t\t\t<div class=\"elementor-element elementor-element-f04f2a9 elementor-widget elementor-widget-heading\" data-id=\"f04f2a9\" data-element_type=\"widget\" data-e-type=\"widget\" data-widget_type=\"heading.default\">\n\t\t\t\t<div class=\"elementor-widget-container\">\n\t\t\t\t\t<h2 class=\"elementor-heading-title elementor-size-default\">\n<span style=\"color: #EC672C\">Un hogar lejos de casa<\/span><\/h2>\t\t\t\t<\/div>\n\t\t\t\t<\/div>\n\t\t\t\t<div class=\"elementor-element elementor-element-3abc865 elementor-widget elementor-widget-text-editor\" data-id=\"3abc865\" data-element_type=\"widget\" data-e-type=\"widget\" data-widget_type=\"text-editor.default\">\n\t\t\t\t<div class=\"elementor-widget-container\">\n\t\t\t\t\t\t\t\t\t<p>La Casa dels Xuklis es un alojamiento temporal para las familias con un hijo o hija con c\u00e1ncer y que deben desplazarse a Barcelona para recibir los tratamientos en los hospitales de referencia: el Hospital Universitario Vall d&#8217;Hebron y el SJD Pediatric Cancer Center.<\/p><p>Un proyecto pionero y referente social en Catalunya por su acompa\u00f1amiento integral a las familias. Un recurso en el que los ni\u00f1os\/as pueden seguir siendo ni\u00f1os, a pesar de la enfermedad.<\/p><p>En estos 15 a\u00f1os&#8230; forma parte de su historia y apadrina a una habitaci\u00f3n. \u00bfNos ayudas a hacerlo posible?<\/p>\t\t\t\t\t\t\t\t<\/div>\n\t\t\t\t<\/div>\n\t\t\t\t<div class=\"elementor-element elementor-element-1e425ba elementor-align-left elementor-mobile-align-center elementor-widget elementor-widget-button\" data-id=\"1e425ba\" data-element_type=\"widget\" data-e-type=\"widget\" data-widget_type=\"button.default\">\n\t\t\t\t<div class=\"elementor-widget-container\">\n\t\t\t\t\t\t\t\t\t<div class=\"elementor-button-wrapper\">\n\t\t\t\t\t<a class=\"elementor-button elementor-button-link elementor-size-sm\" href=\"https:\/\/afanoc.org\/es\/la-casa-dels-xuklis\/\" target=\"_blank\" rel=\"nofollow\">\n\t\t\t\t\t\t<span class=\"elementor-button-content-wrapper\">\n\t\t\t\t\t\t<span class=\"elementor-button-icon\">\n\t\t\t\t<i aria-hidden=\"true\" class=\"fas fa-hand-holding-heart\"><\/i>\t\t\t<\/span>\n\t\t\t\t\t\t\t\t\t<span class=\"elementor-button-text\">APADRINA UNA HABITACI\u00d3N<\/span>\n\t\t\t\t\t<\/span>\n\t\t\t\t\t<\/a>\n\t\t\t\t<\/div>\n\t\t\t\t\t\t\t\t<\/div>\n\t\t\t\t<\/div>\n\t\t\t\t<\/div>\n\t\t\t\t\t<\/div>\n\t\t\t\t<\/div>\n\t\t<div class=\"elementor-element elementor-element-ecdc56c e-flex e-con-boxed e-con e-parent\" data-id=\"ecdc56c\" data-element_type=\"container\" data-e-type=\"container\">\n\t\t\t\t\t<div class=\"e-con-inner\">\n\t\t<div class=\"elementor-element elementor-element-1cfa6d3 e-con-full e-flex e-con e-child\" data-id=\"1cfa6d3\" data-element_type=\"container\" data-e-type=\"container\">\n\t\t\t\t<div class=\"elementor-element elementor-element-09e8517 elementor-widget elementor-widget-heading\" data-id=\"09e8517\" data-element_type=\"widget\" data-e-type=\"widget\" data-widget_type=\"heading.default\">\n\t\t\t\t<div class=\"elementor-widget-container\">\n\t\t\t\t\t<h2 class=\"elementor-heading-title elementor-size-default\">\u00bfNos <span style=\"color: #EC672C\">ayudas?<\/span><\/h2>\t\t\t\t<\/div>\n\t\t\t\t<\/div>\n\t\t\t\t<div class=\"elementor-element elementor-element-aa0a6d3 elementor-widget-divider--view-line elementor-widget elementor-widget-divider\" data-id=\"aa0a6d3\" data-element_type=\"widget\" data-e-type=\"widget\" data-widget_type=\"divider.default\">\n\t\t\t\t<div class=\"elementor-widget-container\">\n\t\t\t\t\t\t\t<div class=\"elementor-divider\">\n\t\t\t<span class=\"elementor-divider-separator\">\n\t\t\t\t\t\t<\/span>\n\t\t<\/div>\n\t\t\t\t\t\t<\/div>\n\t\t\t\t<\/div>\n\t\t\t\t<div class=\"elementor-element elementor-element-09e3e3f elementor-widget elementor-widget-text-editor\" data-id=\"09e3e3f\" data-element_type=\"widget\" data-e-type=\"widget\" data-widget_type=\"text-editor.default\">\n\t\t\t\t<div class=\"elementor-widget-container\">\n\t\t\t\t\t\t\t\t\tCada paso es de gigantes\t\t\t\t\t\t\t\t<\/div>\n\t\t\t\t<\/div>\n\t\t<div class=\"elementor-element elementor-element-f1e1d5c e-con-full e-flex e-con e-child\" data-id=\"f1e1d5c\" data-element_type=\"container\" data-e-type=\"container\">\n\t\t<div class=\"elementor-element elementor-element-8bb280e e-con-full e-flex e-con e-child\" data-id=\"8bb280e\" data-element_type=\"container\" data-e-type=\"container\">\n\t\t\t\t<div class=\"elementor-element elementor-element-68892a2 elementor-widget elementor-widget-image\" data-id=\"68892a2\" data-element_type=\"widget\" data-e-type=\"widget\" data-widget_type=\"image.default\">\n\t\t\t\t<div class=\"elementor-widget-container\">\n\t\t\t\t\t\t\t\t\t\t\t\t\t\t\t<img decoding=\"async\" width=\"364\" height=\"145\" src=\"https:\/\/afanoc.org\/wp-content\/uploads\/empreses-solidaries.webp\" class=\"attachment-large size-large wp-image-77678\" alt=\"\" \/>\t\t\t\t\t\t\t\t\t\t\t\t\t\t\t<\/div>\n\t\t\t\t<\/div>\n\t\t\t\t<div class=\"elementor-element elementor-element-30afe7a elementor-widget elementor-widget-heading\" data-id=\"30afe7a\" data-element_type=\"widget\" data-e-type=\"widget\" data-widget_type=\"heading.default\">\n\t\t\t\t<div class=\"elementor-widget-container\">\n\t\t\t\t\t<h3 class=\"elementor-heading-title elementor-size-default\">EMPRESA SOLIDARIA<\/h3>\t\t\t\t<\/div>\n\t\t\t\t<\/div>\n\t\t\t\t<div class=\"elementor-element elementor-element-256904f elementor-widget elementor-widget-text-editor\" data-id=\"256904f\" data-element_type=\"widget\" data-e-type=\"widget\" data-widget_type=\"text-editor.default\">\n\t\t\t\t<div class=\"elementor-widget-container\">\n\t\t\t\t\t\t\t\t\tColaborando con Afanoc, tu empresa puede marcar la diferencia en la vida de tantas personas, seguro que eres consciente, pero\u2026 \u00bfSabes que puede significar realmente?\t\t\t\t\t\t\t\t<\/div>\n\t\t\t\t<\/div>\n\t\t\t\t<div class=\"elementor-element elementor-element-b033fd4 elementor-align-center elementor-mobile-align-center elementor-widget elementor-widget-button\" data-id=\"b033fd4\" data-element_type=\"widget\" data-e-type=\"widget\" data-widget_type=\"button.default\">\n\t\t\t\t<div class=\"elementor-widget-container\">\n\t\t\t\t\t\t\t\t\t<div class=\"elementor-button-wrapper\">\n\t\t\t\t\t<a class=\"elementor-button elementor-button-link elementor-size-sm\" href=\"https:\/\/afanoc.org\/es\/empresa-solidaria\/\">\n\t\t\t\t\t\t<span class=\"elementor-button-content-wrapper\">\n\t\t\t\t\t\t\t\t\t<span class=\"elementor-button-text\">COLABORA<\/span>\n\t\t\t\t\t<\/span>\n\t\t\t\t\t<\/a>\n\t\t\t\t<\/div>\n\t\t\t\t\t\t\t\t<\/div>\n\t\t\t\t<\/div>\n\t\t\t\t<\/div>\n\t\t<div class=\"elementor-element elementor-element-1071710 e-con-full e-flex e-con e-child\" data-id=\"1071710\" data-element_type=\"container\" data-e-type=\"container\">\n\t\t\t\t<div class=\"elementor-element elementor-element-787a3db elementor-widget elementor-widget-image\" data-id=\"787a3db\" data-element_type=\"widget\" data-e-type=\"widget\" data-widget_type=\"image.default\">\n\t\t\t\t<div class=\"elementor-widget-container\">\n\t\t\t\t\t\t\t\t\t\t\t\t\t\t\t<img decoding=\"async\" width=\"364\" height=\"145\" src=\"https:\/\/afanoc.org\/wp-content\/uploads\/home-socis.webp\" class=\"attachment-large size-large wp-image-77682\" alt=\"\" \/>\t\t\t\t\t\t\t\t\t\t\t\t\t\t\t<\/div>\n\t\t\t\t<\/div>\n\t\t\t\t<div class=\"elementor-element elementor-element-2439b49 elementor-widget elementor-widget-heading\" data-id=\"2439b49\" data-element_type=\"widget\" data-e-type=\"widget\" data-widget_type=\"heading.default\">\n\t\t\t\t<div class=\"elementor-widget-container\">\n\t\t\t\t\t<h3 class=\"elementor-heading-title elementor-size-default\">HAZTE SOCIO O SOCIA<\/h3>\t\t\t\t<\/div>\n\t\t\t\t<\/div>\n\t\t\t\t<div class=\"elementor-element elementor-element-7a387c4 elementor-widget elementor-widget-text-editor\" data-id=\"7a387c4\" data-element_type=\"widget\" data-e-type=\"widget\" data-widget_type=\"text-editor.default\">\n\t\t\t\t<div class=\"elementor-widget-container\">\n\t\t\t\t\t\t\t\t\t<p>Haciendo socio\/a contribuyes a sacar adelante proyectos de atenci\u00f3n psicosocial integral a las familias de un ni\u00f1o o adolescente con c\u00e1ncer ya mejorar su calidad de vida. <\/p>\t\t\t\t\t\t\t\t<\/div>\n\t\t\t\t<\/div>\n\t\t\t\t<div class=\"elementor-element elementor-element-98ac4d8 elementor-align-center elementor-mobile-align-center elementor-widget elementor-widget-button\" data-id=\"98ac4d8\" data-element_type=\"widget\" data-e-type=\"widget\" data-widget_type=\"button.default\">\n\t\t\t\t<div class=\"elementor-widget-container\">\n\t\t\t\t\t\t\t\t\t<div class=\"elementor-button-wrapper\">\n\t\t\t\t\t<a class=\"elementor-button elementor-button-link elementor-size-sm\" href=\"https:\/\/afanoc.org\/es\/hazte-socio\/\">\n\t\t\t\t\t\t<span class=\"elementor-button-content-wrapper\">\n\t\t\t\t\t\t\t\t\t<span class=\"elementor-button-text\">\u00a1AS\u00d3CIATE!<\/span>\n\t\t\t\t\t<\/span>\n\t\t\t\t\t<\/a>\n\t\t\t\t<\/div>\n\t\t\t\t\t\t\t\t<\/div>\n\t\t\t\t<\/div>\n\t\t\t\t<\/div>\n\t\t<div class=\"elementor-element elementor-element-5da3937 e-con-full e-flex e-con e-child\" data-id=\"5da3937\" data-element_type=\"container\" data-e-type=\"container\">\n\t\t\t\t<div class=\"elementor-element elementor-element-7952ef7 elementor-widget elementor-widget-image\" data-id=\"7952ef7\" data-element_type=\"widget\" data-e-type=\"widget\" data-widget_type=\"image.default\">\n\t\t\t\t<div class=\"elementor-widget-container\">\n\t\t\t\t\t\t\t\t\t\t\t\t\t\t\t<img decoding=\"async\" width=\"347\" height=\"126\" src=\"https:\/\/afanoc.org\/wp-content\/uploads\/home-voluntariat.webp\" class=\"attachment-large size-large wp-image-77684\" alt=\"\" \/>\t\t\t\t\t\t\t\t\t\t\t\t\t\t\t<\/div>\n\t\t\t\t<\/div>\n\t\t\t\t<div class=\"elementor-element elementor-element-81c8ab4 elementor-widget elementor-widget-heading\" data-id=\"81c8ab4\" data-element_type=\"widget\" data-e-type=\"widget\" data-widget_type=\"heading.default\">\n\t\t\t\t<div class=\"elementor-widget-container\">\n\t\t\t\t\t<h3 class=\"elementor-heading-title elementor-size-default\">VOLUNTARIAS Y VOLUNTARIOS<\/h3>\t\t\t\t<\/div>\n\t\t\t\t<\/div>\n\t\t\t\t<div class=\"elementor-element elementor-element-8fb56ce elementor-widget elementor-widget-text-editor\" data-id=\"8fb56ce\" data-element_type=\"widget\" data-e-type=\"widget\" data-widget_type=\"text-editor.default\">\n\t\t\t\t<div class=\"elementor-widget-container\">\n\t\t\t\t\t\t\t\t\tEl voluntariado representa uno de los pilares m\u00e1s importantes de la entidad gracias a su apoyo en proyectos de atenci\u00f3n y acompa\u00f1amiento a las familias tanto dentro como fuera de los hospitales.\t\t\t\t\t\t\t\t<\/div>\n\t\t\t\t<\/div>\n\t\t\t\t<div class=\"elementor-element elementor-element-75d2d2f elementor-align-center elementor-widget elementor-widget-button\" data-id=\"75d2d2f\" data-element_type=\"widget\" data-e-type=\"widget\" data-widget_type=\"button.default\">\n\t\t\t\t<div class=\"elementor-widget-container\">\n\t\t\t\t\t\t\t\t\t<div class=\"elementor-button-wrapper\">\n\t\t\t\t\t<a class=\"elementor-button elementor-button-link elementor-size-sm\" href=\"https:\/\/afanoc.org\/es\/hazte-voluntario\/\" target=\"_blank\" rel=\"nofollow\">\n\t\t\t\t\t\t<span class=\"elementor-button-content-wrapper\">\n\t\t\t\t\t\t\t\t\t<span class=\"elementor-button-text\">PARTICIPA<\/span>\n\t\t\t\t\t<\/span>\n\t\t\t\t\t<\/a>\n\t\t\t\t<\/div>\n\t\t\t\t\t\t\t\t<\/div>\n\t\t\t\t<\/div>\n\t\t\t\t<\/div>\n\t\t\t\t<\/div>\n\t\t\t\t<\/div>\n\t\t\t\t\t<\/div>\n\t\t\t\t<\/div>\n\t\t<div class=\"elementor-element elementor-element-a0455a6 e-con-full e-flex e-con e-parent\" data-id=\"a0455a6\" data-element_type=\"container\" data-e-type=\"container\">\n\t\t<div class=\"elementor-element elementor-element-3e8c56d e-con-full e-flex e-con e-child\" data-id=\"3e8c56d\" data-element_type=\"container\" data-e-type=\"container\">\n\t\t\t\t<div class=\"elementor-element elementor-element-fe6308c elementor-widget-divider--view-line elementor-widget elementor-widget-divider\" data-id=\"fe6308c\" data-element_type=\"widget\" data-e-type=\"widget\" data-widget_type=\"divider.default\">\n\t\t\t\t<div class=\"elementor-widget-container\">\n\t\t\t\t\t\t\t<div class=\"elementor-divider\">\n\t\t\t<span class=\"elementor-divider-separator\">\n\t\t\t\t\t\t<\/span>\n\t\t<\/div>\n\t\t\t\t\t\t<\/div>\n\t\t\t\t<\/div>\n\t\t\t\t<div class=\"elementor-element elementor-element-95f268a elementor-widget__width-initial elementor-widget-tablet__width-auto elementor-widget elementor-widget-heading\" data-id=\"95f268a\" data-element_type=\"widget\" data-e-type=\"widget\" data-widget_type=\"heading.default\">\n\t\t\t\t<div class=\"elementor-widget-container\">\n\t\t\t\t\t<h2 class=\"elementor-heading-title elementor-size-default\">Actualidad <span style=\"color: #EC672C\">AFANOC<\/span><\/h2>\t\t\t\t<\/div>\n\t\t\t\t<\/div>\n\t\t\t\t<div class=\"elementor-element elementor-element-018064d elementor-widget-divider--view-line elementor-widget elementor-widget-divider\" data-id=\"018064d\" data-element_type=\"widget\" data-e-type=\"widget\" data-widget_type=\"divider.default\">\n\t\t\t\t<div class=\"elementor-widget-container\">\n\t\t\t\t\t\t\t<div class=\"elementor-divider\">\n\t\t\t<span class=\"elementor-divider-separator\">\n\t\t\t\t\t\t<\/span>\n\t\t<\/div>\n\t\t\t\t\t\t<\/div>\n\t\t\t\t<\/div>\n\t\t\t\t<\/div>\n\t\t\t\t<\/div>\n\t\t<div class=\"elementor-element elementor-element-0f098c0 e-flex e-con-boxed e-con e-parent\" data-id=\"0f098c0\" data-element_type=\"container\" data-e-type=\"container\" data-settings=\"{&quot;background_background&quot;:&quot;classic&quot;}\">\n\t\t\t\t\t<div class=\"e-con-inner\">\n\t\t<div class=\"elementor-element elementor-element-0a2344f e-con-full e-flex e-con e-child\" data-id=\"0a2344f\" data-element_type=\"container\" data-e-type=\"container\">\n\t\t\t\t<div class=\"elementor-element elementor-element-3a806bb elementor-widget-divider--view-line elementor-widget elementor-widget-divider\" data-id=\"3a806bb\" data-element_type=\"widget\" data-e-type=\"widget\" data-widget_type=\"divider.default\">\n\t\t\t\t<div class=\"elementor-widget-container\">\n\t\t\t\t\t\t\t<div class=\"elementor-divider\">\n\t\t\t<span class=\"elementor-divider-separator\">\n\t\t\t\t\t\t<\/span>\n\t\t<\/div>\n\t\t\t\t\t\t<\/div>\n\t\t\t\t<\/div>\n\t\t\t\t<div class=\"elementor-element elementor-element-2a71f9a elementor-widget elementor-widget-text-editor\" data-id=\"2a71f9a\" data-element_type=\"widget\" data-e-type=\"widget\" data-widget_type=\"text-editor.default\">\n\t\t\t\t<div class=\"elementor-widget-container\">\n\t\t\t\t\t\t\t\t\t<p><a href=\"https:\/\/afanoc.org\/es\/blog\/\">Ver todas las noticias<\/a><\/p>\t\t\t\t\t\t\t\t<\/div>\n\t\t\t\t<\/div>\n\t\t\t\t<div class=\"elementor-element elementor-element-a320e83 elementor-widget elementor-widget-uael-posts\" data-id=\"a320e83\" data-element_type=\"widget\" data-e-type=\"widget\" data-settings=\"{&quot;classic_slides_to_show&quot;:3,&quot;classic_slides_to_show_tablet&quot;:2,&quot;classic_slides_to_show_mobile&quot;:1,&quot;classic_show_filters&quot;:&quot;no&quot;}\" data-widget_type=\"uael-posts.classic\">\n\t\t\t\t<div class=\"elementor-widget-container\">\n\t\t\t\t\t\t\t<div class=\"uael-post__header\">\n\t\t\t\t\t<\/div>\n\t\t<div class=\"uael-post__body\">\n\t\t\t\n\t\t\n\t\t<div class=\"uael-blog-terms-position- uael-post-image-top uael-post-grid uael-posts\" data-query-type=\"custom\" data-structure=\"normal\" data-layout=\"\" data-page=\"43069\" data-skin=\"classic\" data-filter-default=\"\" data-offset-top=\"30\" >\n\n\t\t\t\t\t\t\t<div class=\"uael-post-grid__inner uael-post__columns-3 uael-post__columns-tablet-2 uael-post__columns-mobile-1\">\n\t\t\t\n<div class=\"uael-post-wrapper   hospitales j\u00f3venes \">\n\t<div class=\"uael-post__bg-wrap uael-bg-wrap-disabled \">\n\n\t\t\t\t\n\t\t<div class=\"uael-post__inner-wrap uael-inner-wrap-disabled\">\n\n\t\t\t\t<div class=\"uael-post__thumbnail\">\n\t\t\t\n\t\t\t<a href=\"https:\/\/afanoc.org\/es\/blog\/primera-jornada-sobre-cancer-en-adolescents-i-joves-adults-els-anomenats-aya\/\" target=\"_self\" title=\"Primera jornada sobre c\u00e1ncer en adolescentes y j\u00f3venes adultos, los llamados AYA\"><img decoding=\"async\" width=\"600\" height=\"426\" src=\"https:\/\/afanoc.org\/wp-content\/uploads\/jornada-pacients-aya-1.png\" class=\"attachment-full size-full wp-image-78023\" alt=\"\" \/><\/a>\n\t\t\t\t\t<\/div>\n\t\t\n\t\t\t\n\t\t\t<div class=\"uael-post__content-wrap uael-content-wrap-disabled\">\n\t\t\t\t\t<h3 class=\"uael-post__title\">\n\n\t\t\n\t\t\t\t\t\t<a href=\"https:\/\/afanoc.org\/es\/blog\/primera-jornada-sobre-cancer-en-adolescents-i-joves-adults-els-anomenats-aya\/\" target=\"_self\">\n\t\t\t\tPrimera jornada sobre c\u00e1ncer en adolescentes y j\u00f3venes adultos, los llamados AYA\t\t\t<\/a>\n\n\t\t\t\t<\/h3>\n\t\t\n\t\t<div class=\"uael-post__excerpt\">\n\t\t\tCoincidiendo con los cuatro a\u00f1os de la Unidad AYA, el acto ha contado tanto con profesionales en atenci\u00f3n oncol\u00f3gica como con pacientes y familias. La ...\t\t<\/div>\n\n\t\t\t\t\t<a class=\"uael-post__read-more elementor-button\" href=\"https:\/\/afanoc.org\/es\/blog\/primera-jornada-sobre-cancer-en-adolescents-i-joves-adults-els-anomenats-aya\/\" target=\"_self\" aria-labelledby=\"uael-post-78026\">\n\t\t\t\t\t<span class=\"elementor-button-content-wrapper\">\n\t\t\t\t\t\t\t\t\t\t\t\t\t\t<span class=\"elementor-button-icon elementor-align-icon-left\">\n\n\t\t\t\t\t\t\t\t\t\n\t\t\t\t\t\t\t\t<\/span>\n\t\t\t\t\t\t\t\t\t\t\t\t\t\n\t\t\t\t\t\t<span class=\"elementor-button-text\" id=uael-post-78026>Leer m\u00e1s \u2192<\/span>\n\t\t\t\t\t<\/span>\n\t\t\t\t<\/a>\n\t\t\t\t\t\t<\/div>\n\t\t\t\n\t\t<\/div>\n\t\t\n\t<\/div>\n\n<\/div>\n\n<div class=\"uael-post-wrapper   comunicaci\u00f3n-y-sensibilizaci\u00f3n hospitales \">\n\t<div class=\"uael-post__bg-wrap uael-bg-wrap-disabled \">\n\n\t\t\t\t\n\t\t<div class=\"uael-post__inner-wrap uael-inner-wrap-disabled\">\n\n\t\t\t\t<div class=\"uael-post__thumbnail\">\n\t\t\t\n\t\t\t<a href=\"https:\/\/afanoc.org\/es\/blog\/participem-en-la-jornada-per-a-pacients-sobre-la-investigacio-en-tumors-cerebrals\/\" target=\"_self\" title=\"Participamos en la jornada para pacientes sobre la investigaci\u00f3n en tumores cerebrales\"><img decoding=\"async\" width=\"600\" height=\"426\" src=\"https:\/\/afanoc.org\/wp-content\/uploads\/tumors-cerebrals-afanoc.png\" class=\"attachment-full size-full wp-image-77980\" alt=\"\" \/><\/a>\n\t\t\t\t\t<\/div>\n\t\t\n\t\t\t\n\t\t\t<div class=\"uael-post__content-wrap uael-content-wrap-disabled\">\n\t\t\t\t\t<h3 class=\"uael-post__title\">\n\n\t\t\n\t\t\t\t\t\t<a href=\"https:\/\/afanoc.org\/es\/blog\/participem-en-la-jornada-per-a-pacients-sobre-la-investigacio-en-tumors-cerebrals\/\" target=\"_self\">\n\t\t\t\tParticipamos en la jornada para pacientes sobre la investigaci\u00f3n en tumores cerebrales\t\t\t<\/a>\n\n\t\t\t\t<\/h3>\n\t\t\n\t\t<div class=\"uael-post__excerpt\">\n\t\t\tLa sesi\u00f3n, organizada por el Instituto de Oncolog\u00eda Vall d&#8217;Hebron (VHIO), fue un punto de encuentro valioso entre profesionales, pacientes, familias y entidades. AFANOC reafirm\u00f3 ...\t\t<\/div>\n\n\t\t\t\t\t<a class=\"uael-post__read-more elementor-button\" href=\"https:\/\/afanoc.org\/es\/blog\/participem-en-la-jornada-per-a-pacients-sobre-la-investigacio-en-tumors-cerebrals\/\" target=\"_self\" aria-labelledby=\"uael-post-77985\">\n\t\t\t\t\t<span class=\"elementor-button-content-wrapper\">\n\t\t\t\t\t\t\t\t\t\t\t\t\t\t<span class=\"elementor-button-icon elementor-align-icon-left\">\n\n\t\t\t\t\t\t\t\t\t\n\t\t\t\t\t\t\t\t<\/span>\n\t\t\t\t\t\t\t\t\t\t\t\t\t\n\t\t\t\t\t\t<span class=\"elementor-button-text\" id=uael-post-77985>Leer m\u00e1s \u2192<\/span>\n\t\t\t\t\t<\/span>\n\t\t\t\t<\/a>\n\t\t\t\t\t\t<\/div>\n\t\t\t\n\t\t<\/div>\n\t\t\n\t<\/div>\n\n<\/div>\n\n<div class=\"uael-post-wrapper   j\u00f3venes noticias \">\n\t<div class=\"uael-post__bg-wrap uael-bg-wrap-disabled \">\n\n\t\t\t\t\n\t\t<div class=\"uael-post__inner-wrap uael-inner-wrap-disabled\">\n\n\t\t\t\t<div class=\"uael-post__thumbnail\">\n\t\t\t\n\t\t\t<a href=\"https:\/\/afanoc.org\/es\/blog\/els-kamaleonix-el-grup-de-joves-supervivents-que-transforma-lexperiencia-oncologica-en-accio\/\" target=\"_self\" title=\"Los &#8216;Kamaleonix&#8217;: el grupo de j\u00f3venes supervivientes que transforma la experiencia oncol\u00f3gica en acci\u00f3n\"><img decoding=\"async\" width=\"600\" height=\"426\" src=\"https:\/\/afanoc.org\/wp-content\/uploads\/kamaleonix-grup.jpg\" class=\"attachment-full size-full wp-image-77847\" alt=\"\" \/><\/a>\n\t\t\t\t\t<\/div>\n\t\t\n\t\t\t\n\t\t\t<div class=\"uael-post__content-wrap uael-content-wrap-disabled\">\n\t\t\t\t\t<h3 class=\"uael-post__title\">\n\n\t\t\n\t\t\t\t\t\t<a href=\"https:\/\/afanoc.org\/es\/blog\/els-kamaleonix-el-grup-de-joves-supervivents-que-transforma-lexperiencia-oncologica-en-accio\/\" target=\"_self\">\n\t\t\t\tLos &#8216;Kamaleonix&#8217;: el grupo de j\u00f3venes supervivientes que transforma la experiencia oncol\u00f3gica en acci\u00f3n\t\t\t<\/a>\n\n\t\t\t\t<\/h3>\n\t\t\n\t\t<div class=\"uael-post__excerpt\">\n\t\t\t&#8216;Kamaleonix&#8217; es el espacio de j\u00f3venes supervivientes de AFANOC, creado en 2024, que convierte la adversidad vivida durante un proceso oncol\u00f3gico en fuerza colectiva, comunidad ...\t\t<\/div>\n\n\t\t\t\t\t<a class=\"uael-post__read-more elementor-button\" href=\"https:\/\/afanoc.org\/es\/blog\/els-kamaleonix-el-grup-de-joves-supervivents-que-transforma-lexperiencia-oncologica-en-accio\/\" target=\"_self\" aria-labelledby=\"uael-post-77863\">\n\t\t\t\t\t<span class=\"elementor-button-content-wrapper\">\n\t\t\t\t\t\t\t\t\t\t\t\t\t\t<span class=\"elementor-button-icon elementor-align-icon-left\">\n\n\t\t\t\t\t\t\t\t\t\n\t\t\t\t\t\t\t\t<\/span>\n\t\t\t\t\t\t\t\t\t\t\t\t\t\n\t\t\t\t\t\t<span class=\"elementor-button-text\" id=uael-post-77863>Leer m\u00e1s \u2192<\/span>\n\t\t\t\t\t<\/span>\n\t\t\t\t<\/a>\n\t\t\t\t\t\t<\/div>\n\t\t\t\n\t\t<\/div>\n\t\t\n\t<\/div>\n\n<\/div>\n\t\t\t\t<\/div>\n\t\t\t\t\t\t\n\t\t<\/div>\n\n\t\t\t\t\t\t<\/div>\n\t\t<div class=\"uael-post__footer\">\n\t\t\t\t\t<\/div>\n\t\t\t\t\t\t<\/div>\n\t\t\t\t<\/div>\n\t\t\t\t<\/div>\n\t\t\t\t\t<\/div>\n\t\t\t\t<\/div>\n\t\t<div class=\"elementor-element elementor-element-f965978 e-con-full e-flex e-con e-parent\" data-id=\"f965978\" data-element_type=\"container\" data-e-type=\"container\">\n\t\t<div class=\"elementor-element elementor-element-444755c e-con-full e-flex e-con e-child\" data-id=\"444755c\" data-element_type=\"container\" data-e-type=\"container\">\n\t\t\t\t<div class=\"elementor-element elementor-element-51c9d5d elementor-widget-divider--view-line elementor-widget elementor-widget-divider\" data-id=\"51c9d5d\" data-element_type=\"widget\" data-e-type=\"widget\" data-widget_type=\"divider.default\">\n\t\t\t\t<div class=\"elementor-widget-container\">\n\t\t\t\t\t\t\t<div class=\"elementor-divider\">\n\t\t\t<span class=\"elementor-divider-separator\">\n\t\t\t\t\t\t<\/span>\n\t\t<\/div>\n\t\t\t\t\t\t<\/div>\n\t\t\t\t<\/div>\n\t\t\t\t<div class=\"elementor-element elementor-element-e43533e elementor-widget__width-initial elementor-widget-tablet__width-auto elementor-widget elementor-widget-heading\" data-id=\"e43533e\" data-element_type=\"widget\" data-e-type=\"widget\" data-widget_type=\"heading.default\">\n\t\t\t\t<div class=\"elementor-widget-container\">\n\t\t\t\t\t<h2 class=\"elementor-heading-title elementor-size-default\">Agenda <span style=\"color: #EC672C\">AFANOC<\/span><\/h2>\t\t\t\t<\/div>\n\t\t\t\t<\/div>\n\t\t\t\t<div class=\"elementor-element elementor-element-511d15c elementor-widget-divider--view-line elementor-widget elementor-widget-divider\" data-id=\"511d15c\" data-element_type=\"widget\" data-e-type=\"widget\" data-widget_type=\"divider.default\">\n\t\t\t\t<div class=\"elementor-widget-container\">\n\t\t\t\t\t\t\t<div class=\"elementor-divider\">\n\t\t\t<span class=\"elementor-divider-separator\">\n\t\t\t\t\t\t<\/span>\n\t\t<\/div>\n\t\t\t\t\t\t<\/div>\n\t\t\t\t<\/div>\n\t\t\t\t<\/div>\n\t\t\t\t<\/div>\n\t\t<div class=\"elementor-element elementor-element-9796f67 e-flex e-con-boxed e-con e-parent\" data-id=\"9796f67\" data-element_type=\"container\" data-e-type=\"container\" data-settings=\"{&quot;background_background&quot;:&quot;classic&quot;}\">\n\t\t\t\t\t<div class=\"e-con-inner\">\n\t\t<div class=\"elementor-element elementor-element-8d27c7d e-con-full e-flex e-con e-child\" data-id=\"8d27c7d\" data-element_type=\"container\" data-e-type=\"container\">\n\t\t\t\t<div class=\"elementor-element elementor-element-c3121ee elementor-widget-divider--view-line elementor-widget elementor-widget-divider\" data-id=\"c3121ee\" data-element_type=\"widget\" data-e-type=\"widget\" data-widget_type=\"divider.default\">\n\t\t\t\t<div class=\"elementor-widget-container\">\n\t\t\t\t\t\t\t<div class=\"elementor-divider\">\n\t\t\t<span class=\"elementor-divider-separator\">\n\t\t\t\t\t\t<\/span>\n\t\t<\/div>\n\t\t\t\t\t\t<\/div>\n\t\t\t\t<\/div>\n\t\t\t\t<div class=\"elementor-element elementor-element-ed88e2c elementor-widget elementor-widget-text-editor\" data-id=\"ed88e2c\" data-element_type=\"widget\" data-e-type=\"widget\" data-widget_type=\"text-editor.default\">\n\t\t\t\t<div class=\"elementor-widget-container\">\n\t\t\t\t\t\t\t\t\t<p><a href=\"https:\/\/afanoc.org\/es\/eventos\/\">Ver todos los eventos<\/a><\/p>\t\t\t\t\t\t\t\t<\/div>\n\t\t\t\t<\/div>\n\t\t\t\t<div class=\"elementor-element elementor-element-e9fa29f elementor-widget elementor-widget-eventprimeelementorallevents\" data-id=\"e9fa29f\" data-element_type=\"widget\" data-e-type=\"widget\" data-widget_type=\"eventprimeelementorallevents.default\">\n\t\t\t\t<div class=\"elementor-widget-container\">\n\t\t\t\t\t<div class=\"emagic\">\r\n        <input type=\"hidden\" id=\"ep-events-style\" value=\"staggered_grid\"\/> \r\n    <div class=\"ep-events-container ep-box-wrap ep-staggered_grid-view ep-my-4\" id=\"ep-events-container\">\r\n                \r\n        \r\n        <div id=\"ep-events-content-container\" class=\"ep-mt-4\">                <div class=\"ep-events ep-box-row ep-event-list-staggered_grid-container  ep_events_front_views_staggered_grid_581\" id=\"ep_events_front_views_staggered_grid\" data-section_id=\"581\">\r\n                    \r\n    <div class=\"ep-event-card ep-mb-4 ep-card-col-3 \">\r\n        <div class=\"ep-box-card-item ep-border ep-rounded ep-overflow-hidden\">\r\n            <div class=\"ep-box-card-thumb ep-overflow-hidden ep-position-relative \">\r\n                                    <a href=\"https:\/\/afanoc.org\/blog\/e\/els-mercats-de-lhospitalet-de-llobregat-es-tornen-a-posar-la-gorra\/\" class=\"ep-img-link\">\r\n                            <img decoding=\"async\" width=\"724\" height=\"1024\" src=\"https:\/\/afanoc.org\/wp-content\/uploads\/Cartell-Marcats-PGorra-Hospitalet-2026-1.jpg\" class=\"img-fluid ep-rounded-1 ep-box-w-100 ep-event-cover\" alt=\"Els mercats de l\u2019Hospitalet de Llobregat es tornen a posar la gorra!\" \/>                    <\/a>                <div class=\"ep-box-card-icon-group ep-position-absolute ep-bg-white ep-rounded-top ep-d-inline-flex\">\r\n                    <!--wishlist-->\r\n                                        <!--social sharing-->\r\n                                        <div class=\"ep-social-share-action-wrap\">\r\n                        <div class=\"ep-event-action ep-cursor ep-position-relative ep-px-2\">\r\n                            <span class=\"material-icons-outlined ep-handle-share ep-button-text-color ep-fs-6\">share<\/span>\r\n                                                        <ul class=\"ep-event-share ep-m-0 ep-px-0\" style=\"display:none;\">\r\n                                <li class=\"ep-event-social-icon\" title=\"\">\r\n                                    <a class=\"facebook\" href=\"https:\/\/www.facebook.com\/sharer\/sharer.php?u=https:\/\/afanoc.org\/blog\/e\/els-mercats-de-lhospitalet-de-llobregat-es-tornen-a-posar-la-gorra\/\" onclick=\"javascript:window.open(this.href, &#039;&#039;, &#039;menubar=no,toolbar=no,resizable=yes,scrollbars=yes,height=500,width=600&#039;); return false;\" target=\"_blank\" title=\"Share on Facebook\">\r\n                                        <span class=\"ep-social-title\" title=\"Facebook\"> <svg xmlns=\"http:\/\/www.w3.org\/2000\/svg\" viewBox=\"0 0 320 512\"><!-- Font Awesome Pro 5.15.4 by @fontawesome - https:\/\/fontawesome.com License - https:\/\/fontawesome.com\/license (Commercial License) --><path d=\"M279.14 288l14.22-92.66h-88.91v-60.13c0-25.35 12.42-50.06 52.24-50.06h40.42V6.26S260.43 0 225.36 0c-73.22 0-121.08 44.38-121.08 124.72v70.62H22.89V288h81.39v224h100.17V288z\"\/><\/svg> Facebook<\/span>\r\n                                    <\/a>\r\n                                <\/li>\r\n                                <li class=\"ep-event-social-icon\">\r\n                                    <a class=\"twitter\" href=\"https:\/\/twitter.com\/share?url=https:\/\/afanoc.org\/blog\/e\/els-mercats-de-lhospitalet-de-llobregat-es-tornen-a-posar-la-gorra\/\" onclick=\"javascript:window.open(this.href, &#039;&#039;, &#039;menubar=no,toolbar=no,resizable=yes,scrollbars=yes,height=600,width=500&#039;); return false;\" target=\"_blank\" title=\"Share on Twitter\">\r\n                                        <span class=\"ep-social-title\"><svg xmlns=\"http:\/\/www.w3.org\/2000\/svg\" viewBox=\"0 0 512 512\"><!-- Font Awesome Pro 5.15.4 by @fontawesome - https:\/\/fontawesome.com License - https:\/\/fontawesome.com\/license (Commercial License) --><path d=\"M459.37 151.716c.325 4.548.325 9.097.325 13.645 0 138.72-105.583 298.558-298.558 298.558-59.452 0-114.68-17.219-161.137-47.106 8.447.974 16.568 1.299 25.34 1.299 49.055 0 94.213-16.568 130.274-44.832-46.132-.975-84.792-31.188-98.112-72.772 6.498.974 12.995 1.624 19.818 1.624 9.421 0 18.843-1.3 27.614-3.573-48.081-9.747-84.143-51.98-84.143-102.985v-1.299c13.969 7.797 30.214 12.67 47.431 13.319-28.264-18.843-46.781-51.005-46.781-87.391 0-19.492 5.197-37.36 14.294-52.954 51.655 63.675 129.3 105.258 216.365 109.807-1.624-7.797-2.599-15.918-2.599-24.04 0-57.828 46.782-104.934 104.934-104.934 30.213 0 57.502 12.67 76.67 33.137 23.715-4.548 46.456-13.32 66.599-25.34-7.798 24.366-24.366 44.833-46.132 57.827 21.117-2.273 41.584-8.122 60.426-16.243-14.292 20.791-32.161 39.308-52.628 54.253z\"\/><\/svg>Twitter<\/span>\r\n                                    <\/a>\r\n                                <\/li>\r\n\r\n                                <li class=\"ep-event-social-icon\">\r\n                                    <a href=\"https:\/\/www.linkedin.com\/sharing\/share-offsite\/?url=https:\/\/afanoc.org\/blog\/e\/els-mercats-de-lhospitalet-de-llobregat-es-tornen-a-posar-la-gorra\/\" onclick=\"javascript:window.open(this.href, &#039;&#039;, &#039;menubar=no,toolbar=no,resizable=yes,scrollbars=yes,height=600,width=500&#039;); return false;\" target=\"_blank\" title=\"Share on Linkedin\">\r\n                                        <span class=\"ep-social-title\"><svg xmlns=\"http:\/\/www.w3.org\/2000\/svg\" viewBox=\"0 0 448 512\"><!-- Font Awesome Pro 5.15.4 by @fontawesome - https:\/\/fontawesome.com License - https:\/\/fontawesome.com\/license (Commercial License) --><path d=\"M100.28 448H7.4V148.9h92.88zM53.79 108.1C24.09 108.1 0 83.5 0 53.8a53.79 53.79 0 0 1 107.58 0c0 29.7-24.1 54.3-53.79 54.3zM447.9 448h-92.68V302.4c0-34.7-.7-79.2-48.29-79.2-48.29 0-55.69 37.7-55.69 76.7V448h-92.78V148.9h89.08v40.8h1.3c12.4-23.5 42.69-48.3 87.88-48.3 94 0 111.28 61.9 111.28 142.3V448z\"\/><\/svg>Linkedin<\/span>\r\n                                    <\/a>\r\n                                <\/li>\r\n                                <li class=\"ep-event-social-icon\">\r\n                                    <a href=\"https:\/\/api.whatsapp.com\/send?text=https:\/\/afanoc.org\/blog\/e\/els-mercats-de-lhospitalet-de-llobregat-es-tornen-a-posar-la-gorra\/\" target=\"_blank\" title=\"Share on Whatsapp\">\r\n                                        <span class=\"ep-social-title\"><svg xmlns=\"http:\/\/www.w3.org\/2000\/svg\" viewBox=\"0 0 448 512\"><!-- Font Awesome Pro 5.15.4 by @fontawesome - https:\/\/fontawesome.com License - https:\/\/fontawesome.com\/license (Commercial License) --><path d=\"M380.9 97.1C339 55.1 283.2 32 223.9 32c-122.4 0-222 99.6-222 222 0 39.1 10.2 77.3 29.6 111L0 480l117.7-30.9c32.4 17.7 68.9 27 106.1 27h.1c122.3 0 224.1-99.6 224.1-222 0-59.3-25.2-115-67.1-157zm-157 341.6c-33.2 0-65.7-8.9-94-25.7l-6.7-4-69.8 18.3L72 359.2l-4.4-7c-18.5-29.4-28.2-63.3-28.2-98.2 0-101.7 82.8-184.5 184.6-184.5 49.3 0 95.6 19.2 130.4 54.1 34.8 34.9 56.2 81.2 56.1 130.5 0 101.8-84.9 184.6-186.6 184.6zm101.2-138.2c-5.5-2.8-32.8-16.2-37.9-18-5.1-1.9-8.8-2.8-12.5 2.8-3.7 5.6-14.3 18-17.6 21.8-3.2 3.7-6.5 4.2-12 1.4-32.6-16.3-54-29.1-75.5-66-5.7-9.8 5.7-9.1 16.3-30.3 1.8-3.7.9-6.9-.5-9.7-1.4-2.8-12.5-30.1-17.1-41.2-4.5-10.8-9.1-9.3-12.5-9.5-3.2-.2-6.9-.2-10.6-.2-3.7 0-9.7 1.4-14.8 6.9-5.1 5.6-19.4 19-19.4 46.3 0 27.3 19.9 53.7 22.6 57.4 2.8 3.7 39.1 59.7 94.8 83.8 35.2 15.2 49 16.5 66.6 13.9 10.7-1.6 32.8-13.4 37.4-26.4 4.6-13 4.6-24.1 3.2-26.4-1.3-2.5-5-3.9-10.5-6.6z\"\/><\/svg>Whatsapp<\/span>\r\n                                    <\/a>\r\n                                <\/li>\r\n                            <\/ul>\r\n                        <\/div>\r\n                    <\/div>                    \r\n                                    <\/div>\r\n            <\/div>\r\n            \r\n            \r\n            <div class=\"ep-box-card-content ep-text-small ep-p-3 ep-bg-white ep-d-flex ep-flex-column\">\r\n                <!-- Event Title -->\r\n                <div class=\"ep-box-title ep-box-card-title ep-mb-2\">\r\n                    <a href=\"https:\/\/afanoc.org\/blog\/e\/els-mercats-de-lhospitalet-de-llobregat-es-tornen-a-posar-la-gorra\/\" class=\"ep-fw-bold ep-fs-6 ep-my-3 ep-text-dark\">\r\n                        Els mercats de l\u2019Hospitalet de Llobregat es tornen a posar la gorra!                    <\/a>\r\n                <\/div>                    <div class=\"ep-event-details ep-d-flex ep-justify-content-between ep-mb-2\">\r\n                        <div class=\"ep-card-event-date ep-d-flex ep-text-muted \">\r\n                            <div class=\"ep-card-event-date-wrap ep-d-flex ep-fw-bold\">\r\n                                                                    <span class=\"ep-card-event-date-start ep-text-primary\">\r\n                                        S\u00e1b, 09 May 10:30                                    <\/span>                            <\/div>\r\n                        <\/div>\r\n                    <\/div>\r\n                \r\n                <!-- Event Description -->\r\n                <div class=\"ep-box-card-desc-masonry ep-box-card-desc ep-text-small ep-mb-2\">\r\n                    Un any m\u00e9s, podr\u00e0s aconseguir la teva gorra als mercats d\u2019Hospitalet de Llobregat el dissabte 9 de maig. El dissabte 9 de maig, el \u201cPosa\u2019t la Gorra!\u201d torna als mercats de l\u2019Hospitalet de Llobregat amb una nova jornada solid\u00e0ria. Durant el mat\u00ed, diverses parades dels mercats municipals oferiran la possibilitat de recollir la gorra en horari de 10.30 h a 14.00 h. La gorra \u00e9s la de la campanya actual, dissenyada per l\u2019artista Joan Turu, i es podr\u00e0 adquirir al preu de 8\u20ac. Ens podr\u00e0s trobar als mercats de: Mercat de Santa Eul\u00e0lia Interior Mercat de Santa Eul\u00e0lia Exterior Mercat&hellip;                <\/div>\r\n\r\n                <!-- Hook after event description -->\r\n                                \r\n                <!-- Event Price -->\r\n                \r\n                <!-- Booking Status -->\r\n                            <\/div>\r\n            \r\n            \r\n            <div class=\"ep-text-center ep-card-footer ep-border-top ep-bg-white\">\r\n                                        <a href=\"https:\/\/afanoc.org\/blog\/e\/els-mercats-de-lhospitalet-de-llobregat-es-tornen-a-posar-la-gorra\/\">\r\n                            <div class=\"ep-btn ep-btn-dark ep-box-w-100 ep-my-0 ep-py-2\">\r\n                                <span class=\"ep-fw-bold ep-text-small\">+ INFO<\/span>\r\n                            <\/div>\r\n                        <\/a>\r\n                                <\/div>\r\n\r\n            \r\n        <\/div>\r\n    <\/div>\r\n    <div class=\"ep-event-card ep-mb-4 ep-card-col-3 \">\r\n        <div class=\"ep-box-card-item ep-border ep-rounded ep-overflow-hidden\">\r\n            <div class=\"ep-box-card-thumb ep-overflow-hidden ep-position-relative \">\r\n                                    <a href=\"https:\/\/afanoc.org\/es\/blog\/e\/concierto-vermut-en-montbau-con-akustiko-y-el-xavi-solo\/\" class=\"ep-img-link\">\r\n                            <img decoding=\"async\" width=\"724\" height=\"1024\" src=\"https:\/\/afanoc.org\/wp-content\/uploads\/Vine-al-concert-vermut.jpg\" class=\"img-fluid ep-rounded-1 ep-box-w-100 ep-event-cover\" alt=\"Concierto vermut en Montbau!\" \/>                    <\/a>                <div class=\"ep-box-card-icon-group ep-position-absolute ep-bg-white ep-rounded-top ep-d-inline-flex\">\r\n                    <!--wishlist-->\r\n                                        <!--social sharing-->\r\n                                        <div class=\"ep-social-share-action-wrap\">\r\n                        <div class=\"ep-event-action ep-cursor ep-position-relative ep-px-2\">\r\n                            <span class=\"material-icons-outlined ep-handle-share ep-button-text-color ep-fs-6\">share<\/span>\r\n                                                        <ul class=\"ep-event-share ep-m-0 ep-px-0\" style=\"display:none;\">\r\n                                <li class=\"ep-event-social-icon\" title=\"\">\r\n                                    <a class=\"facebook\" href=\"https:\/\/www.facebook.com\/sharer\/sharer.php?u=https:\/\/afanoc.org\/es\/blog\/e\/concierto-vermut-en-montbau-con-akustiko-y-el-xavi-solo\/\" onclick=\"javascript:window.open(this.href, &#039;&#039;, &#039;menubar=no,toolbar=no,resizable=yes,scrollbars=yes,height=500,width=600&#039;); return false;\" target=\"_blank\" title=\"Share on Facebook\">\r\n                                        <span class=\"ep-social-title\" title=\"Facebook\"> <svg xmlns=\"http:\/\/www.w3.org\/2000\/svg\" viewBox=\"0 0 320 512\"><!-- Font Awesome Pro 5.15.4 by @fontawesome - https:\/\/fontawesome.com License - https:\/\/fontawesome.com\/license (Commercial License) --><path d=\"M279.14 288l14.22-92.66h-88.91v-60.13c0-25.35 12.42-50.06 52.24-50.06h40.42V6.26S260.43 0 225.36 0c-73.22 0-121.08 44.38-121.08 124.72v70.62H22.89V288h81.39v224h100.17V288z\"\/><\/svg> Facebook<\/span>\r\n                                    <\/a>\r\n                                <\/li>\r\n                                <li class=\"ep-event-social-icon\">\r\n                                    <a class=\"twitter\" href=\"https:\/\/twitter.com\/share?url=https:\/\/afanoc.org\/es\/blog\/e\/concierto-vermut-en-montbau-con-akustiko-y-el-xavi-solo\/\" onclick=\"javascript:window.open(this.href, &#039;&#039;, &#039;menubar=no,toolbar=no,resizable=yes,scrollbars=yes,height=600,width=500&#039;); return false;\" target=\"_blank\" title=\"Share on Twitter\">\r\n                                        <span class=\"ep-social-title\"><svg xmlns=\"http:\/\/www.w3.org\/2000\/svg\" viewBox=\"0 0 512 512\"><!-- Font Awesome Pro 5.15.4 by @fontawesome - https:\/\/fontawesome.com License - https:\/\/fontawesome.com\/license (Commercial License) --><path d=\"M459.37 151.716c.325 4.548.325 9.097.325 13.645 0 138.72-105.583 298.558-298.558 298.558-59.452 0-114.68-17.219-161.137-47.106 8.447.974 16.568 1.299 25.34 1.299 49.055 0 94.213-16.568 130.274-44.832-46.132-.975-84.792-31.188-98.112-72.772 6.498.974 12.995 1.624 19.818 1.624 9.421 0 18.843-1.3 27.614-3.573-48.081-9.747-84.143-51.98-84.143-102.985v-1.299c13.969 7.797 30.214 12.67 47.431 13.319-28.264-18.843-46.781-51.005-46.781-87.391 0-19.492 5.197-37.36 14.294-52.954 51.655 63.675 129.3 105.258 216.365 109.807-1.624-7.797-2.599-15.918-2.599-24.04 0-57.828 46.782-104.934 104.934-104.934 30.213 0 57.502 12.67 76.67 33.137 23.715-4.548 46.456-13.32 66.599-25.34-7.798 24.366-24.366 44.833-46.132 57.827 21.117-2.273 41.584-8.122 60.426-16.243-14.292 20.791-32.161 39.308-52.628 54.253z\"\/><\/svg>Twitter<\/span>\r\n                                    <\/a>\r\n                                <\/li>\r\n\r\n                                <li class=\"ep-event-social-icon\">\r\n                                    <a href=\"https:\/\/www.linkedin.com\/sharing\/share-offsite\/?url=https:\/\/afanoc.org\/es\/blog\/e\/concierto-vermut-en-montbau-con-akustiko-y-el-xavi-solo\/\" onclick=\"javascript:window.open(this.href, &#039;&#039;, &#039;menubar=no,toolbar=no,resizable=yes,scrollbars=yes,height=600,width=500&#039;); return false;\" target=\"_blank\" title=\"Share on Linkedin\">\r\n                                        <span class=\"ep-social-title\"><svg xmlns=\"http:\/\/www.w3.org\/2000\/svg\" viewBox=\"0 0 448 512\"><!-- Font Awesome Pro 5.15.4 by @fontawesome - https:\/\/fontawesome.com License - https:\/\/fontawesome.com\/license (Commercial License) --><path d=\"M100.28 448H7.4V148.9h92.88zM53.79 108.1C24.09 108.1 0 83.5 0 53.8a53.79 53.79 0 0 1 107.58 0c0 29.7-24.1 54.3-53.79 54.3zM447.9 448h-92.68V302.4c0-34.7-.7-79.2-48.29-79.2-48.29 0-55.69 37.7-55.69 76.7V448h-92.78V148.9h89.08v40.8h1.3c12.4-23.5 42.69-48.3 87.88-48.3 94 0 111.28 61.9 111.28 142.3V448z\"\/><\/svg>Linkedin<\/span>\r\n                                    <\/a>\r\n                                <\/li>\r\n                                <li class=\"ep-event-social-icon\">\r\n                                    <a href=\"https:\/\/api.whatsapp.com\/send?text=https:\/\/afanoc.org\/es\/blog\/e\/concierto-vermut-en-montbau-con-akustiko-y-el-xavi-solo\/\" target=\"_blank\" title=\"Share on Whatsapp\">\r\n                                        <span class=\"ep-social-title\"><svg xmlns=\"http:\/\/www.w3.org\/2000\/svg\" viewBox=\"0 0 448 512\"><!-- Font Awesome Pro 5.15.4 by @fontawesome - https:\/\/fontawesome.com License - https:\/\/fontawesome.com\/license (Commercial License) --><path d=\"M380.9 97.1C339 55.1 283.2 32 223.9 32c-122.4 0-222 99.6-222 222 0 39.1 10.2 77.3 29.6 111L0 480l117.7-30.9c32.4 17.7 68.9 27 106.1 27h.1c122.3 0 224.1-99.6 224.1-222 0-59.3-25.2-115-67.1-157zm-157 341.6c-33.2 0-65.7-8.9-94-25.7l-6.7-4-69.8 18.3L72 359.2l-4.4-7c-18.5-29.4-28.2-63.3-28.2-98.2 0-101.7 82.8-184.5 184.6-184.5 49.3 0 95.6 19.2 130.4 54.1 34.8 34.9 56.2 81.2 56.1 130.5 0 101.8-84.9 184.6-186.6 184.6zm101.2-138.2c-5.5-2.8-32.8-16.2-37.9-18-5.1-1.9-8.8-2.8-12.5 2.8-3.7 5.6-14.3 18-17.6 21.8-3.2 3.7-6.5 4.2-12 1.4-32.6-16.3-54-29.1-75.5-66-5.7-9.8 5.7-9.1 16.3-30.3 1.8-3.7.9-6.9-.5-9.7-1.4-2.8-12.5-30.1-17.1-41.2-4.5-10.8-9.1-9.3-12.5-9.5-3.2-.2-6.9-.2-10.6-.2-3.7 0-9.7 1.4-14.8 6.9-5.1 5.6-19.4 19-19.4 46.3 0 27.3 19.9 53.7 22.6 57.4 2.8 3.7 39.1 59.7 94.8 83.8 35.2 15.2 49 16.5 66.6 13.9 10.7-1.6 32.8-13.4 37.4-26.4 4.6-13 4.6-24.1 3.2-26.4-1.3-2.5-5-3.9-10.5-6.6z\"\/><\/svg>Whatsapp<\/span>\r\n                                    <\/a>\r\n                                <\/li>\r\n                            <\/ul>\r\n                        <\/div>\r\n                    <\/div>                    \r\n                                    <\/div>\r\n            <\/div>\r\n            \r\n            \r\n            <div class=\"ep-box-card-content ep-text-small ep-p-3 ep-bg-white ep-d-flex ep-flex-column\">\r\n                <!-- Event Title -->\r\n                <div class=\"ep-box-title ep-box-card-title ep-mb-2\">\r\n                    <a href=\"https:\/\/afanoc.org\/es\/blog\/e\/concierto-vermut-en-montbau-con-akustiko-y-el-xavi-solo\/\" class=\"ep-fw-bold ep-fs-6 ep-my-3 ep-text-dark\">\r\n                        Concierto vermut en Montbau!                    <\/a>\r\n                <\/div>                    <div class=\"ep-box-card-venue ep-card-venue ep-text-muted ep-text-truncate\">Sala Polivalent Montbau                    <\/div>                    <div class=\"ep-event-details ep-d-flex ep-justify-content-between ep-mb-2\">\r\n                        <div class=\"ep-card-event-date ep-d-flex ep-text-muted \">\r\n                            <div class=\"ep-card-event-date-wrap ep-d-flex ep-fw-bold\">\r\n                                                                    <span class=\"ep-card-event-date-start ep-text-primary\">\r\n                                        Dom, 10 May 11:30                                    <\/span>                            <\/div>\r\n                        <\/div>\r\n                    <\/div>\r\n                \r\n                <!-- Event Description -->\r\n                <div class=\"ep-box-card-desc-masonry ep-box-card-desc ep-text-small ep-mb-2\">\r\n                    M\u00fasica en directo y ambiente de vermut con dos propuestas llenas de energ\u00eda El 10 de mayo, la Sala Polivalente de Montbau acoge una nueva cita con la m\u00fasica en directo y el buen ambiente de vermut, con dos actuaciones que repasan grandes \u00e9xitos de diferentes d\u00e9cadas y estilos. AKUSTIKO \u2014 ofrecer\u00e1 un viaje musical por los grandes temas del rock, *disco, punk, *heavy y baladas desde los a\u00f1os 70 hasta la actualidad, con una propuesta vers\u00e1til y llena de energ\u00eda. EL XAVI SOLO \u2014 presentar\u00e1 un repertorio cargado de himnos de los a\u00f1os 80 hasta hoy, en formato \u00edntimo&hellip;                <\/div>\r\n\r\n                <!-- Hook after event description -->\r\n                                \r\n                <!-- Event Price -->\r\n                \r\n                <!-- Booking Status -->\r\n                            <\/div>\r\n            \r\n            \r\n            <div class=\"ep-text-center ep-card-footer ep-border-top ep-bg-white\">\r\n                                        <a href=\"https:\/\/afanoc.org\/es\/blog\/e\/concierto-vermut-en-montbau-con-akustiko-y-el-xavi-solo\/\">\r\n                            <div class=\"ep-btn ep-btn-dark ep-box-w-100 ep-my-0 ep-py-2\">\r\n                                <span class=\"ep-fw-bold ep-text-small\">+ INFO<\/span>\r\n                            <\/div>\r\n                        <\/a>\r\n                                <\/div>\r\n\r\n            \r\n        <\/div>\r\n    <\/div>\r\n    <div class=\"ep-event-card ep-mb-4 ep-card-col-3 \">\r\n        <div class=\"ep-box-card-item ep-border ep-rounded ep-overflow-hidden\">\r\n            <div class=\"ep-box-card-thumb ep-overflow-hidden ep-position-relative \">\r\n                                    <a href=\"https:\/\/afanoc.org\/es\/blog\/e\/festa-holi-solidaria-a-montblanc\/\" class=\"ep-img-link\">\r\n                            <img decoding=\"async\" width=\"724\" height=\"1024\" src=\"https:\/\/afanoc.org\/wp-content\/uploads\/Festa-Holi-26-1.jpeg\" class=\"img-fluid ep-rounded-1 ep-box-w-100 ep-event-cover\" alt=\"Festa Holi Solidaria en Montblanc\" \/>                    <\/a>                <div class=\"ep-box-card-icon-group ep-position-absolute ep-bg-white ep-rounded-top ep-d-inline-flex\">\r\n                    <!--wishlist-->\r\n                                        <!--social sharing-->\r\n                                        <div class=\"ep-social-share-action-wrap\">\r\n                        <div class=\"ep-event-action ep-cursor ep-position-relative ep-px-2\">\r\n                            <span class=\"material-icons-outlined ep-handle-share ep-button-text-color ep-fs-6\">share<\/span>\r\n                                                        <ul class=\"ep-event-share ep-m-0 ep-px-0\" style=\"display:none;\">\r\n                                <li class=\"ep-event-social-icon\" title=\"\">\r\n                                    <a class=\"facebook\" href=\"https:\/\/www.facebook.com\/sharer\/sharer.php?u=https:\/\/afanoc.org\/es\/blog\/e\/festa-holi-solidaria-a-montblanc\/\" onclick=\"javascript:window.open(this.href, &#039;&#039;, &#039;menubar=no,toolbar=no,resizable=yes,scrollbars=yes,height=500,width=600&#039;); return false;\" target=\"_blank\" title=\"Share on Facebook\">\r\n                                        <span class=\"ep-social-title\" title=\"Facebook\"> <svg xmlns=\"http:\/\/www.w3.org\/2000\/svg\" viewBox=\"0 0 320 512\"><!-- Font Awesome Pro 5.15.4 by @fontawesome - https:\/\/fontawesome.com License - https:\/\/fontawesome.com\/license (Commercial License) --><path d=\"M279.14 288l14.22-92.66h-88.91v-60.13c0-25.35 12.42-50.06 52.24-50.06h40.42V6.26S260.43 0 225.36 0c-73.22 0-121.08 44.38-121.08 124.72v70.62H22.89V288h81.39v224h100.17V288z\"\/><\/svg> Facebook<\/span>\r\n                                    <\/a>\r\n                                <\/li>\r\n                                <li class=\"ep-event-social-icon\">\r\n                                    <a class=\"twitter\" href=\"https:\/\/twitter.com\/share?url=https:\/\/afanoc.org\/es\/blog\/e\/festa-holi-solidaria-a-montblanc\/\" onclick=\"javascript:window.open(this.href, &#039;&#039;, &#039;menubar=no,toolbar=no,resizable=yes,scrollbars=yes,height=600,width=500&#039;); return false;\" target=\"_blank\" title=\"Share on Twitter\">\r\n                                        <span class=\"ep-social-title\"><svg xmlns=\"http:\/\/www.w3.org\/2000\/svg\" viewBox=\"0 0 512 512\"><!-- Font Awesome Pro 5.15.4 by @fontawesome - https:\/\/fontawesome.com License - https:\/\/fontawesome.com\/license (Commercial License) --><path d=\"M459.37 151.716c.325 4.548.325 9.097.325 13.645 0 138.72-105.583 298.558-298.558 298.558-59.452 0-114.68-17.219-161.137-47.106 8.447.974 16.568 1.299 25.34 1.299 49.055 0 94.213-16.568 130.274-44.832-46.132-.975-84.792-31.188-98.112-72.772 6.498.974 12.995 1.624 19.818 1.624 9.421 0 18.843-1.3 27.614-3.573-48.081-9.747-84.143-51.98-84.143-102.985v-1.299c13.969 7.797 30.214 12.67 47.431 13.319-28.264-18.843-46.781-51.005-46.781-87.391 0-19.492 5.197-37.36 14.294-52.954 51.655 63.675 129.3 105.258 216.365 109.807-1.624-7.797-2.599-15.918-2.599-24.04 0-57.828 46.782-104.934 104.934-104.934 30.213 0 57.502 12.67 76.67 33.137 23.715-4.548 46.456-13.32 66.599-25.34-7.798 24.366-24.366 44.833-46.132 57.827 21.117-2.273 41.584-8.122 60.426-16.243-14.292 20.791-32.161 39.308-52.628 54.253z\"\/><\/svg>Twitter<\/span>\r\n                                    <\/a>\r\n                                <\/li>\r\n\r\n                                <li class=\"ep-event-social-icon\">\r\n                                    <a href=\"https:\/\/www.linkedin.com\/sharing\/share-offsite\/?url=https:\/\/afanoc.org\/es\/blog\/e\/festa-holi-solidaria-a-montblanc\/\" onclick=\"javascript:window.open(this.href, &#039;&#039;, &#039;menubar=no,toolbar=no,resizable=yes,scrollbars=yes,height=600,width=500&#039;); return false;\" target=\"_blank\" title=\"Share on Linkedin\">\r\n                                        <span class=\"ep-social-title\"><svg xmlns=\"http:\/\/www.w3.org\/2000\/svg\" viewBox=\"0 0 448 512\"><!-- Font Awesome Pro 5.15.4 by @fontawesome - https:\/\/fontawesome.com License - https:\/\/fontawesome.com\/license (Commercial License) --><path d=\"M100.28 448H7.4V148.9h92.88zM53.79 108.1C24.09 108.1 0 83.5 0 53.8a53.79 53.79 0 0 1 107.58 0c0 29.7-24.1 54.3-53.79 54.3zM447.9 448h-92.68V302.4c0-34.7-.7-79.2-48.29-79.2-48.29 0-55.69 37.7-55.69 76.7V448h-92.78V148.9h89.08v40.8h1.3c12.4-23.5 42.69-48.3 87.88-48.3 94 0 111.28 61.9 111.28 142.3V448z\"\/><\/svg>Linkedin<\/span>\r\n                                    <\/a>\r\n                                <\/li>\r\n                                <li class=\"ep-event-social-icon\">\r\n                                    <a href=\"https:\/\/api.whatsapp.com\/send?text=https:\/\/afanoc.org\/es\/blog\/e\/festa-holi-solidaria-a-montblanc\/\" target=\"_blank\" title=\"Share on Whatsapp\">\r\n                                        <span class=\"ep-social-title\"><svg xmlns=\"http:\/\/www.w3.org\/2000\/svg\" viewBox=\"0 0 448 512\"><!-- Font Awesome Pro 5.15.4 by @fontawesome - https:\/\/fontawesome.com License - https:\/\/fontawesome.com\/license (Commercial License) --><path d=\"M380.9 97.1C339 55.1 283.2 32 223.9 32c-122.4 0-222 99.6-222 222 0 39.1 10.2 77.3 29.6 111L0 480l117.7-30.9c32.4 17.7 68.9 27 106.1 27h.1c122.3 0 224.1-99.6 224.1-222 0-59.3-25.2-115-67.1-157zm-157 341.6c-33.2 0-65.7-8.9-94-25.7l-6.7-4-69.8 18.3L72 359.2l-4.4-7c-18.5-29.4-28.2-63.3-28.2-98.2 0-101.7 82.8-184.5 184.6-184.5 49.3 0 95.6 19.2 130.4 54.1 34.8 34.9 56.2 81.2 56.1 130.5 0 101.8-84.9 184.6-186.6 184.6zm101.2-138.2c-5.5-2.8-32.8-16.2-37.9-18-5.1-1.9-8.8-2.8-12.5 2.8-3.7 5.6-14.3 18-17.6 21.8-3.2 3.7-6.5 4.2-12 1.4-32.6-16.3-54-29.1-75.5-66-5.7-9.8 5.7-9.1 16.3-30.3 1.8-3.7.9-6.9-.5-9.7-1.4-2.8-12.5-30.1-17.1-41.2-4.5-10.8-9.1-9.3-12.5-9.5-3.2-.2-6.9-.2-10.6-.2-3.7 0-9.7 1.4-14.8 6.9-5.1 5.6-19.4 19-19.4 46.3 0 27.3 19.9 53.7 22.6 57.4 2.8 3.7 39.1 59.7 94.8 83.8 35.2 15.2 49 16.5 66.6 13.9 10.7-1.6 32.8-13.4 37.4-26.4 4.6-13 4.6-24.1 3.2-26.4-1.3-2.5-5-3.9-10.5-6.6z\"\/><\/svg>Whatsapp<\/span>\r\n                                    <\/a>\r\n                                <\/li>\r\n                            <\/ul>\r\n                        <\/div>\r\n                    <\/div>                    \r\n                                    <\/div>\r\n            <\/div>\r\n            \r\n            \r\n            <div class=\"ep-box-card-content ep-text-small ep-p-3 ep-bg-white ep-d-flex ep-flex-column\">\r\n                <!-- Event Title -->\r\n                <div class=\"ep-box-title ep-box-card-title ep-mb-2\">\r\n                    <a href=\"https:\/\/afanoc.org\/es\/blog\/e\/festa-holi-solidaria-a-montblanc\/\" class=\"ep-fw-bold ep-fs-6 ep-my-3 ep-text-dark\">\r\n                        Festa Holi Solidaria en Montblanc                    <\/a>\r\n                <\/div>                    <div class=\"ep-box-card-venue ep-card-venue ep-text-muted ep-text-truncate\">Montblanc                    <\/div>                    <div class=\"ep-event-details ep-d-flex ep-justify-content-between ep-mb-2\">\r\n                        <div class=\"ep-card-event-date ep-d-flex ep-text-muted \">\r\n                            <div class=\"ep-card-event-date-wrap ep-d-flex ep-fw-bold\">\r\n                                                                    <span class=\"ep-card-event-date-start ep-text-primary\">\r\n                                        Dom, 10 May 11:30                                    <\/span>                            <\/div>\r\n                        <\/div>\r\n                    <\/div>\r\n                \r\n                <!-- Event Description -->\r\n                <div class=\"ep-box-card-desc-masonry ep-box-card-desc ep-text-small ep-mb-2\">\r\n                    Colores, m\u00fasica y solidaridad en apoyo a AFANOC Montblanc se te\u00f1ir\u00e1 de colores el pr\u00f3ximo 10 de mayo con la celebraci\u00f3n de la Fiesta Holi Solidaria, un evento lleno de alegr\u00eda y compromiso en beneficio de AFANOC. APUNTA! D\u00eda: 10 de mayo Hora: de 11.30 a 13.30 horas Lugar: Plaza del 1 de Octubre Durante la ma\u00f1ana, los participantes podr\u00e1n disfrutar de diversas actuaciones que animar\u00e1n al ambiente, as\u00ed como de la tradicional tirada de colores. Adem\u00e1s, habr\u00e1 talleres din\u00e1micos como un taller de zumba y otro bollywood. Habr\u00e1 una parada de merchandising, donde se podr\u00e1n adquirir productos solidarios de&hellip;                <\/div>\r\n\r\n                <!-- Hook after event description -->\r\n                                \r\n                <!-- Event Price -->\r\n                \r\n                <!-- Booking Status -->\r\n                            <\/div>\r\n            \r\n            \r\n            <div class=\"ep-text-center ep-card-footer ep-border-top ep-bg-white\">\r\n                                        <a href=\"https:\/\/afanoc.org\/es\/blog\/e\/festa-holi-solidaria-a-montblanc\/\">\r\n                            <div class=\"ep-btn ep-btn-dark ep-box-w-100 ep-my-0 ep-py-2\">\r\n                                <span class=\"ep-fw-bold ep-text-small\">+ INFO<\/span>\r\n                            <\/div>\r\n                        <\/a>\r\n                                <\/div>\r\n\r\n            \r\n        <\/div>\r\n    <\/div>\r\n    <div class=\"ep-event-card ep-mb-4 ep-card-col-3 \">\r\n        <div class=\"ep-box-card-item ep-border ep-rounded ep-overflow-hidden\">\r\n            <div class=\"ep-box-card-thumb ep-overflow-hidden ep-position-relative \">\r\n                                    <a href=\"https:\/\/afanoc.org\/es\/blog\/e\/iii-jornada-farellenca-diversion-y-solidaridad-en-familia\/\" class=\"ep-img-link\">\r\n                            <img decoding=\"async\" width=\"725\" height=\"1024\" src=\"https:\/\/afanoc.org\/wp-content\/uploads\/Cartell-Jornada-solidaria-2025-26-4_page-0001-1-725x1024.jpg\" class=\"img-fluid ep-rounded-1 ep-box-w-100 ep-event-cover\" alt=\"III Jornada Farellenca: diversi\u00f3n y solidaridad en familia\" srcset=\"https:\/\/afanoc.org\/wp-content\/uploads\/Cartell-Jornada-solidaria-2025-26-4_page-0001-1-725x1024.jpg 725w, https:\/\/afanoc.org\/wp-content\/uploads\/Cartell-Jornada-solidaria-2025-26-4_page-0001-1-226x320.jpg 226w, https:\/\/afanoc.org\/wp-content\/uploads\/Cartell-Jornada-solidaria-2025-26-4_page-0001-1-106x150.jpg 106w, https:\/\/afanoc.org\/wp-content\/uploads\/Cartell-Jornada-solidaria-2025-26-4_page-0001-1-768x1085.jpg 768w, https:\/\/afanoc.org\/wp-content\/uploads\/Cartell-Jornada-solidaria-2025-26-4_page-0001-1-1087x1536.jpg 1087w, https:\/\/afanoc.org\/wp-content\/uploads\/Cartell-Jornada-solidaria-2025-26-4_page-0001-1-1449x2048.jpg 1449w, https:\/\/afanoc.org\/wp-content\/uploads\/Cartell-Jornada-solidaria-2025-26-4_page-0001-1-600x848.jpg 600w, https:\/\/afanoc.org\/wp-content\/uploads\/Cartell-Jornada-solidaria-2025-26-4_page-0001-1.jpg 1755w\" sizes=\"(max-width: 725px) 100vw, 725px\" \/>                    <\/a>                <div class=\"ep-box-card-icon-group ep-position-absolute ep-bg-white ep-rounded-top ep-d-inline-flex\">\r\n                    <!--wishlist-->\r\n                                        <!--social sharing-->\r\n                                        <div class=\"ep-social-share-action-wrap\">\r\n                        <div class=\"ep-event-action ep-cursor ep-position-relative ep-px-2\">\r\n                            <span class=\"material-icons-outlined ep-handle-share ep-button-text-color ep-fs-6\">share<\/span>\r\n                                                        <ul class=\"ep-event-share ep-m-0 ep-px-0\" style=\"display:none;\">\r\n                                <li class=\"ep-event-social-icon\" title=\"\">\r\n                                    <a class=\"facebook\" href=\"https:\/\/www.facebook.com\/sharer\/sharer.php?u=https:\/\/afanoc.org\/es\/blog\/e\/iii-jornada-farellenca-diversion-y-solidaridad-en-familia\/\" onclick=\"javascript:window.open(this.href, &#039;&#039;, &#039;menubar=no,toolbar=no,resizable=yes,scrollbars=yes,height=500,width=600&#039;); return false;\" target=\"_blank\" title=\"Share on Facebook\">\r\n                                        <span class=\"ep-social-title\" title=\"Facebook\"> <svg xmlns=\"http:\/\/www.w3.org\/2000\/svg\" viewBox=\"0 0 320 512\"><!-- Font Awesome Pro 5.15.4 by @fontawesome - https:\/\/fontawesome.com License - https:\/\/fontawesome.com\/license (Commercial License) --><path d=\"M279.14 288l14.22-92.66h-88.91v-60.13c0-25.35 12.42-50.06 52.24-50.06h40.42V6.26S260.43 0 225.36 0c-73.22 0-121.08 44.38-121.08 124.72v70.62H22.89V288h81.39v224h100.17V288z\"\/><\/svg> Facebook<\/span>\r\n                                    <\/a>\r\n                                <\/li>\r\n                                <li class=\"ep-event-social-icon\">\r\n                                    <a class=\"twitter\" href=\"https:\/\/twitter.com\/share?url=https:\/\/afanoc.org\/es\/blog\/e\/iii-jornada-farellenca-diversion-y-solidaridad-en-familia\/\" onclick=\"javascript:window.open(this.href, &#039;&#039;, &#039;menubar=no,toolbar=no,resizable=yes,scrollbars=yes,height=600,width=500&#039;); return false;\" target=\"_blank\" title=\"Share on Twitter\">\r\n                                        <span class=\"ep-social-title\"><svg xmlns=\"http:\/\/www.w3.org\/2000\/svg\" viewBox=\"0 0 512 512\"><!-- Font Awesome Pro 5.15.4 by @fontawesome - https:\/\/fontawesome.com License - https:\/\/fontawesome.com\/license (Commercial License) --><path d=\"M459.37 151.716c.325 4.548.325 9.097.325 13.645 0 138.72-105.583 298.558-298.558 298.558-59.452 0-114.68-17.219-161.137-47.106 8.447.974 16.568 1.299 25.34 1.299 49.055 0 94.213-16.568 130.274-44.832-46.132-.975-84.792-31.188-98.112-72.772 6.498.974 12.995 1.624 19.818 1.624 9.421 0 18.843-1.3 27.614-3.573-48.081-9.747-84.143-51.98-84.143-102.985v-1.299c13.969 7.797 30.214 12.67 47.431 13.319-28.264-18.843-46.781-51.005-46.781-87.391 0-19.492 5.197-37.36 14.294-52.954 51.655 63.675 129.3 105.258 216.365 109.807-1.624-7.797-2.599-15.918-2.599-24.04 0-57.828 46.782-104.934 104.934-104.934 30.213 0 57.502 12.67 76.67 33.137 23.715-4.548 46.456-13.32 66.599-25.34-7.798 24.366-24.366 44.833-46.132 57.827 21.117-2.273 41.584-8.122 60.426-16.243-14.292 20.791-32.161 39.308-52.628 54.253z\"\/><\/svg>Twitter<\/span>\r\n                                    <\/a>\r\n                                <\/li>\r\n\r\n                                <li class=\"ep-event-social-icon\">\r\n                                    <a href=\"https:\/\/www.linkedin.com\/sharing\/share-offsite\/?url=https:\/\/afanoc.org\/es\/blog\/e\/iii-jornada-farellenca-diversion-y-solidaridad-en-familia\/\" onclick=\"javascript:window.open(this.href, &#039;&#039;, &#039;menubar=no,toolbar=no,resizable=yes,scrollbars=yes,height=600,width=500&#039;); return false;\" target=\"_blank\" title=\"Share on Linkedin\">\r\n                                        <span class=\"ep-social-title\"><svg xmlns=\"http:\/\/www.w3.org\/2000\/svg\" viewBox=\"0 0 448 512\"><!-- Font Awesome Pro 5.15.4 by @fontawesome - https:\/\/fontawesome.com License - https:\/\/fontawesome.com\/license (Commercial License) --><path d=\"M100.28 448H7.4V148.9h92.88zM53.79 108.1C24.09 108.1 0 83.5 0 53.8a53.79 53.79 0 0 1 107.58 0c0 29.7-24.1 54.3-53.79 54.3zM447.9 448h-92.68V302.4c0-34.7-.7-79.2-48.29-79.2-48.29 0-55.69 37.7-55.69 76.7V448h-92.78V148.9h89.08v40.8h1.3c12.4-23.5 42.69-48.3 87.88-48.3 94 0 111.28 61.9 111.28 142.3V448z\"\/><\/svg>Linkedin<\/span>\r\n                                    <\/a>\r\n                                <\/li>\r\n                                <li class=\"ep-event-social-icon\">\r\n                                    <a href=\"https:\/\/api.whatsapp.com\/send?text=https:\/\/afanoc.org\/es\/blog\/e\/iii-jornada-farellenca-diversion-y-solidaridad-en-familia\/\" target=\"_blank\" title=\"Share on Whatsapp\">\r\n                                        <span class=\"ep-social-title\"><svg xmlns=\"http:\/\/www.w3.org\/2000\/svg\" viewBox=\"0 0 448 512\"><!-- Font Awesome Pro 5.15.4 by @fontawesome - https:\/\/fontawesome.com License - https:\/\/fontawesome.com\/license (Commercial License) --><path d=\"M380.9 97.1C339 55.1 283.2 32 223.9 32c-122.4 0-222 99.6-222 222 0 39.1 10.2 77.3 29.6 111L0 480l117.7-30.9c32.4 17.7 68.9 27 106.1 27h.1c122.3 0 224.1-99.6 224.1-222 0-59.3-25.2-115-67.1-157zm-157 341.6c-33.2 0-65.7-8.9-94-25.7l-6.7-4-69.8 18.3L72 359.2l-4.4-7c-18.5-29.4-28.2-63.3-28.2-98.2 0-101.7 82.8-184.5 184.6-184.5 49.3 0 95.6 19.2 130.4 54.1 34.8 34.9 56.2 81.2 56.1 130.5 0 101.8-84.9 184.6-186.6 184.6zm101.2-138.2c-5.5-2.8-32.8-16.2-37.9-18-5.1-1.9-8.8-2.8-12.5 2.8-3.7 5.6-14.3 18-17.6 21.8-3.2 3.7-6.5 4.2-12 1.4-32.6-16.3-54-29.1-75.5-66-5.7-9.8 5.7-9.1 16.3-30.3 1.8-3.7.9-6.9-.5-9.7-1.4-2.8-12.5-30.1-17.1-41.2-4.5-10.8-9.1-9.3-12.5-9.5-3.2-.2-6.9-.2-10.6-.2-3.7 0-9.7 1.4-14.8 6.9-5.1 5.6-19.4 19-19.4 46.3 0 27.3 19.9 53.7 22.6 57.4 2.8 3.7 39.1 59.7 94.8 83.8 35.2 15.2 49 16.5 66.6 13.9 10.7-1.6 32.8-13.4 37.4-26.4 4.6-13 4.6-24.1 3.2-26.4-1.3-2.5-5-3.9-10.5-6.6z\"\/><\/svg>Whatsapp<\/span>\r\n                                    <\/a>\r\n                                <\/li>\r\n                            <\/ul>\r\n                        <\/div>\r\n                    <\/div>                    \r\n                                    <\/div>\r\n            <\/div>\r\n            \r\n            \r\n            <div class=\"ep-box-card-content ep-text-small ep-p-3 ep-bg-white ep-d-flex ep-flex-column\">\r\n                <!-- Event Title -->\r\n                <div class=\"ep-box-title ep-box-card-title ep-mb-2\">\r\n                    <a href=\"https:\/\/afanoc.org\/es\/blog\/e\/iii-jornada-farellenca-diversion-y-solidaridad-en-familia\/\" class=\"ep-fw-bold ep-fs-6 ep-my-3 ep-text-dark\">\r\n                        III Jornada Farellenca: diversi\u00f3n y solidaridad en familia                    <\/a>\r\n                <\/div>                    <div class=\"ep-event-details ep-d-flex ep-justify-content-between ep-mb-2\">\r\n                        <div class=\"ep-card-event-date ep-d-flex ep-text-muted \">\r\n                            <div class=\"ep-card-event-date-wrap ep-d-flex ep-fw-bold\">\r\n                                                                    <span class=\"ep-card-event-date-start ep-text-primary\">\r\n                                        Vie, 15 May 16:30                                    <\/span>                            <\/div>\r\n                        <\/div>\r\n                    <\/div>\r\n                \r\n                <!-- Event Description -->\r\n                <div class=\"ep-box-card-desc-masonry ep-box-card-desc ep-text-small ep-mb-2\">\r\n                    La escuela El Farell organiza una tarde llena de actividades, m\u00fasica y buen ambiente para todos El pr\u00f3ximo 15 de mayo a las 16:30 h, la escuela El Farell celebrar\u00e1 la III Jornada Farellenca, un encuentro abierto a todo el mundo que combina ocio y solidaridad. El evento incluir\u00e1 una merienda y una gymkana solidaria pensada para disfrutar en equipo, con pruebas divertidas y participativas. Los equipos pueden ser de 2 a 5 personas y la inscripci\u00f3n tiene un coste de 12 \u20ac por equipo. Adem\u00e1s, habr\u00e1 la opci\u00f3n de merendar por 3 \u20ac por persona. Todos los participantes recibir\u00e1n&hellip;                <\/div>\r\n\r\n                <!-- Hook after event description -->\r\n                                \r\n                <!-- Event Price -->\r\n                \r\n                <!-- Booking Status -->\r\n                            <\/div>\r\n            \r\n            \r\n            <div class=\"ep-text-center ep-card-footer ep-border-top ep-bg-white\">\r\n                                        <a href=\"https:\/\/afanoc.org\/es\/blog\/e\/iii-jornada-farellenca-diversion-y-solidaridad-en-familia\/\">\r\n                            <div class=\"ep-btn ep-btn-dark ep-box-w-100 ep-my-0 ep-py-2\">\r\n                                <span class=\"ep-fw-bold ep-text-small\">+ INFO<\/span>\r\n                            <\/div>\r\n                        <\/a>\r\n                                <\/div>\r\n\r\n            \r\n        <\/div>\r\n    <\/div>\r\n                <\/div>\r\n                                <\/div>\r\n            <\/div><\/div>                <script>\n                jQuery( '.ep-event-loader' ).hide();\n                <\/script>\n                \t\t\t\t<\/div>\n\t\t\t\t<\/div>\n\t\t\t\t<\/div>\n\t\t\t\t\t<\/div>\n\t\t\t\t<\/div>\n\t\t<div class=\"elementor-element elementor-element-f6edd63 e-con-full e-flex e-con e-parent\" data-id=\"f6edd63\" data-element_type=\"container\" data-e-type=\"container\">\n\t\t<div class=\"elementor-element elementor-element-a3fa85e e-con-full e-flex e-con e-child\" data-id=\"a3fa85e\" data-element_type=\"container\" data-e-type=\"container\">\n\t\t\t\t<div class=\"elementor-element elementor-element-8bfb5d4 elementor-widget-divider--view-line elementor-widget elementor-widget-divider\" data-id=\"8bfb5d4\" data-element_type=\"widget\" data-e-type=\"widget\" data-widget_type=\"divider.default\">\n\t\t\t\t<div class=\"elementor-widget-container\">\n\t\t\t\t\t\t\t<div class=\"elementor-divider\">\n\t\t\t<span class=\"elementor-divider-separator\">\n\t\t\t\t\t\t<\/span>\n\t\t<\/div>\n\t\t\t\t\t\t<\/div>\n\t\t\t\t<\/div>\n\t\t\t\t<div class=\"elementor-element elementor-element-d4f291f elementor-widget__width-initial elementor-widget elementor-widget-heading\" data-id=\"d4f291f\" data-element_type=\"widget\" data-e-type=\"widget\" data-widget_type=\"heading.default\">\n\t\t\t\t<div class=\"elementor-widget-container\">\n\t\t\t\t\t<h2 class=\"elementor-heading-title elementor-size-default\">Tienda <span style=\"color: #EC672C\">Solidaria<\/span><\/h2>\t\t\t\t<\/div>\n\t\t\t\t<\/div>\n\t\t\t\t<div class=\"elementor-element elementor-element-61cee84 elementor-widget-divider--view-line elementor-widget elementor-widget-divider\" data-id=\"61cee84\" data-element_type=\"widget\" data-e-type=\"widget\" data-widget_type=\"divider.default\">\n\t\t\t\t<div class=\"elementor-widget-container\">\n\t\t\t\t\t\t\t<div class=\"elementor-divider\">\n\t\t\t<span class=\"elementor-divider-separator\">\n\t\t\t\t\t\t<\/span>\n\t\t<\/div>\n\t\t\t\t\t\t<\/div>\n\t\t\t\t<\/div>\n\t\t\t\t<\/div>\n\t\t\t\t<\/div>\n\t\t<div class=\"elementor-element elementor-element-a61e3c7 e-flex e-con-boxed e-con e-parent\" data-id=\"a61e3c7\" data-element_type=\"container\" data-e-type=\"container\">\n\t\t\t\t\t<div class=\"e-con-inner\">\n\t\t<div class=\"elementor-element elementor-element-22eebe5 e-con-full e-flex e-con e-child\" data-id=\"22eebe5\" data-element_type=\"container\" data-e-type=\"container\">\n\t\t\t\t<div class=\"elementor-element elementor-element-a336d2d elementor-widget-divider--view-line elementor-widget elementor-widget-divider\" data-id=\"a336d2d\" data-element_type=\"widget\" data-e-type=\"widget\" data-widget_type=\"divider.default\">\n\t\t\t\t<div class=\"elementor-widget-container\">\n\t\t\t\t\t\t\t<div class=\"elementor-divider\">\n\t\t\t<span class=\"elementor-divider-separator\">\n\t\t\t\t\t\t<\/span>\n\t\t<\/div>\n\t\t\t\t\t\t<\/div>\n\t\t\t\t<\/div>\n\t\t\t\t<div class=\"elementor-element elementor-element-94d5d17 elementor-widget elementor-widget-text-editor\" data-id=\"94d5d17\" data-element_type=\"widget\" data-e-type=\"widget\" data-widget_type=\"text-editor.default\">\n\t\t\t\t<div class=\"elementor-widget-container\">\n\t\t\t\t\t\t\t\t\t<p><a href=\"\/botiga-solidaria\/\">Visita la tienda<\/a><\/p>\t\t\t\t\t\t\t\t<\/div>\n\t\t\t\t<\/div>\n\t\t\t\t<div class=\"elementor-element elementor-element-1c0df99 uael-sale-flash-custom uael-woo--align-left elementor-widget elementor-widget-uael-woo-products\" data-id=\"1c0df99\" data-element_type=\"widget\" data-e-type=\"widget\" data-settings=\"{&quot;products_columns_tablet&quot;:&quot;4&quot;,&quot;products_columns_mobile&quot;:&quot;2&quot;,&quot;products_columns&quot;:&quot;5&quot;}\" data-widget_type=\"uael-woo-products.grid-default\">\n\t\t\t\t<div class=\"elementor-widget-container\">\n\t\t\t\t\t<div class=\"uael-woocommerce uael-woo-products-grid uael-woo-skin-grid-default uael-woo-query-manual\" data-page=\"43069\" data-skin=\"grid_default\"><div class=\" columns-5 uael-woo-products-inner uael-woo-product__column-5 uael-woo-product__column-tablet-4 uael-woo-product__column-mobile-2\"><ul class=\"products columns-5\">\n\n\n<li class=\" deporte regalos solidarios ropa post-74257 product first instock shipping-taxable purchasable product-type-variable\">\n\t<div class=\"uael-woo-product-wrapper uael-prod-auto-align-disabled\">\n\t\t<div class=\"uael-woo-products-thumbnail-wrap\"><div class=\"uael-flash-container \"><\/div><a href=\"https:\/\/afanoc.org\/es\/botiga-solidaria\/camiseta-deportiva-afanoc\/\" class=\"woocommerce-LoopProduct-link woocommerce-loop-product__link\"><img decoding=\"async\" width=\"300\" height=\"300\" src=\"https:\/\/afanoc.org\/wp-content\/uploads\/Botiga_-Samarreta-esportiva-Afanoc-Front-300x300.jpg\" class=\"attachment-woocommerce_thumbnail size-woocommerce_thumbnail\" alt=\"Camiseta deportiva Afanoc\" \/><\/a><\/div><div class=\"uael-woo-products-summary-wrap uael-auto-align-disabled\"><a href=\"https:\/\/afanoc.org\/es\/botiga-solidaria\/camiseta-deportiva-afanoc\/\" class=\"uael-loop-product__link\"><h2 class=\"woocommerce-loop-product__title\">Camiseta deportiva Afanoc<\/h2><\/a>\n\t<span class=\"price\"><span class=\"woocommerce-Price-amount amount\"><bdi>25,00&nbsp;<span class=\"woocommerce-Price-currencySymbol\">&euro;<\/span><\/bdi><\/span><\/span>\n<\/div>\t<\/div>\n<\/li>\n\n\n<li class=\" regalos solidarios ropa post-46175 product  instock shipping-taxable purchasable product-type-simple\">\n\t<div class=\"uael-woo-product-wrapper uael-prod-auto-align-disabled\">\n\t\t<div class=\"uael-woo-products-thumbnail-wrap\"><div class=\"uael-flash-container \"><\/div><a href=\"https:\/\/afanoc.org\/es\/botiga-solidaria\/mochila-tela-xuklis\/\" class=\"woocommerce-LoopProduct-link woocommerce-loop-product__link\"><img decoding=\"async\" width=\"300\" height=\"300\" src=\"https:\/\/afanoc.org\/wp-content\/uploads\/Motxilla_2024-300x300.jpg\" class=\"attachment-woocommerce_thumbnail size-woocommerce_thumbnail\" alt=\"La mochila de AFANOC\" \/><\/a><\/div><div class=\"uael-woo-products-summary-wrap uael-auto-align-disabled\"><a href=\"https:\/\/afanoc.org\/es\/botiga-solidaria\/mochila-tela-xuklis\/\" class=\"uael-loop-product__link\"><h2 class=\"woocommerce-loop-product__title\">Mochila tela Xuklis<\/h2><\/a>\n\t<span class=\"price\"><span class=\"woocommerce-Price-amount amount\"><bdi>8,00&nbsp;<span class=\"woocommerce-Price-currencySymbol\">&euro;<\/span><\/bdi><\/span><\/span>\n<\/div>\t<\/div>\n<\/li>\n\n\n<li class=\" papeler\u00eda regalos solidarios sant jordi solidario 2026 post-69245 product  instock featured shipping-taxable purchasable product-type-variable\">\n\t<div class=\"uael-woo-product-wrapper uael-prod-auto-align-disabled\">\n\t\t<div class=\"uael-woo-products-thumbnail-wrap\"><div class=\"uael-flash-container \"><\/div><a href=\"https:\/\/afanoc.org\/es\/botiga-solidaria\/el-gran-libro-de-los-xuklis\/\" class=\"woocommerce-LoopProduct-link woocommerce-loop-product__link\"><img decoding=\"async\" width=\"300\" height=\"300\" src=\"https:\/\/afanoc.org\/wp-content\/uploads\/Conte-botiga-300x300.jpg\" class=\"attachment-woocommerce_thumbnail size-woocommerce_thumbnail\" alt=\"El gran libro de los Xuklis\" \/><\/a><\/div><div class=\"uael-woo-products-summary-wrap uael-auto-align-disabled\"><a href=\"https:\/\/afanoc.org\/es\/botiga-solidaria\/el-gran-libro-de-los-xuklis\/\" class=\"uael-loop-product__link\"><h2 class=\"woocommerce-loop-product__title\">El gran libro de los Xuklis<\/h2><\/a>\n\t<span class=\"price\"><span class=\"woocommerce-Price-amount amount\"><bdi>12,00&nbsp;<span class=\"woocommerce-Price-currencySymbol\">&euro;<\/span><\/bdi><\/span><\/span>\n<\/div>\t<\/div>\n<\/li>\n\n\n<li class=\" amigo invisible complementos regalos pap\u00e1 noel regalos por el ti\u00f3 regalos solidarios post-46008 product  instock featured shipping-taxable purchasable product-type-simple\">\n\t<div class=\"uael-woo-product-wrapper uael-prod-auto-align-disabled\">\n\t\t<div class=\"uael-woo-products-thumbnail-wrap\"><div class=\"uael-flash-container \"><\/div><a href=\"https:\/\/afanoc.org\/es\/botiga-solidaria\/tassa-xukli-afanoc\/\" class=\"woocommerce-LoopProduct-link woocommerce-loop-product__link\"><img decoding=\"async\" width=\"300\" height=\"300\" src=\"https:\/\/afanoc.org\/wp-content\/uploads\/Tassa-Xuklis_Botiga-300x300.jpg\" class=\"attachment-woocommerce_thumbnail size-woocommerce_thumbnail\" alt=\"Taza Xuklis\" \/><\/a><\/div><div class=\"uael-woo-products-summary-wrap uael-auto-align-disabled\"><a href=\"https:\/\/afanoc.org\/es\/botiga-solidaria\/tassa-xukli-afanoc\/\" class=\"uael-loop-product__link\"><h2 class=\"woocommerce-loop-product__title\">Taza Xukli<\/h2><\/a>\n\t<span class=\"price\"><span class=\"woocommerce-Price-amount amount\"><bdi>8,50&nbsp;<span class=\"woocommerce-Price-currencySymbol\">&euro;<\/span><\/bdi><\/span><\/span>\n<\/div>\t<\/div>\n<\/li>\n\n\n<li class=\" papeler\u00eda regalos solidarios post-62461 product last instock featured shipping-taxable purchasable product-type-variable\">\n\t<div class=\"uael-woo-product-wrapper uael-prod-auto-align-disabled\">\n\t\t<div class=\"uael-woo-products-thumbnail-wrap\"><div class=\"uael-flash-container \"><\/div><a href=\"https:\/\/afanoc.org\/es\/botiga-solidaria\/boligrafos-manos-xuklis\/\" class=\"woocommerce-LoopProduct-link woocommerce-loop-product__link\"><img decoding=\"async\" width=\"300\" height=\"300\" src=\"https:\/\/afanoc.org\/wp-content\/uploads\/Boli-ma-Xuklis.jpg-300x300.webp\" class=\"attachment-woocommerce_thumbnail size-woocommerce_thumbnail\" alt=\"Boli-ma-Xuklis.jpg\" \/><\/a><\/div><div class=\"uael-woo-products-summary-wrap uael-auto-align-disabled\"><a href=\"https:\/\/afanoc.org\/es\/botiga-solidaria\/boligrafos-manos-xuklis\/\" class=\"uael-loop-product__link\"><h2 class=\"woocommerce-loop-product__title\">Bol\u00edgrafos manos Xuklis<\/h2><\/a>\n\t<span class=\"price\"><span class=\"woocommerce-Price-amount amount\"><bdi>3,00&nbsp;<span class=\"woocommerce-Price-currencySymbol\">&euro;<\/span><\/bdi><\/span><\/span>\n<\/div>\t<\/div>\n<\/li>\n<\/ul>\n<\/div><\/div>\t\t\t\t<\/div>\n\t\t\t\t<\/div>\n\t\t\t\t<\/div>\n\t\t\t\t\t<\/div>\n\t\t\t\t<\/div>\n\t\t\t\t<\/div>\n\t\t","protected":false},"excerpt":{"rendered":"<p>Qu\u00e9 Hacemos en AFANOC Atenci\u00f3n Familias Voluntariado Grupo de J\u00f3venes Presencia Hospitales Ponte la Gorra RockpelsXuklishttps:\/\/youtu.be\/N8GZCWq7RL4 LA CASA DELS XUKLIS CELEBRA 15 A\u00d1OS Un hogar lejos de casa La Casa dels Xuklis es un alojamiento temporal para las familias con un hijo o hija con c\u00e1ncer y que deben desplazarse a Barcelona para recibir los [&hellip;]<\/p>\n","protected":false},"author":692,"featured_media":54858,"parent":0,"menu_order":0,"comment_status":"closed","ping_status":"closed","template":"elementor_header_footer","meta":{"site-sidebar-layout":"default","site-content-layout":"","ast-site-content-layout":"default","site-content-style":"default","site-sidebar-style":"default","ast-global-header-display":"","ast-banner-title-visibility":"","ast-main-header-display":"","ast-hfb-above-header-display":"","ast-hfb-below-header-display":"","ast-hfb-mobile-header-display":"","site-post-title":"disabled","ast-breadcrumbs-content":"","ast-featured-img":"","footer-sml-layout":"","theme-transparent-header-meta":"","adv-header-id-meta":"","stick-header-meta":"","header-above-stick-meta":"","header-main-stick-meta":"","header-below-stick-meta":"","astra-migrate-meta-layouts":"default","ast-page-background-enabled":"default","ast-page-background-meta":{"desktop":{"background-color":"var(--ast-global-color-4)","background-image":"","background-repeat":"repeat","background-position":"center center","background-size":"auto","background-attachment":"scroll","background-type":"","background-media":"","overlay-type":"","overlay-color":"","overlay-opacity":"","overlay-gradient":""},"tablet":{"background-color":"","background-image":"","background-repeat":"repeat","background-position":"center center","background-size":"auto","background-attachment":"scroll","background-type":"","background-media":"","overlay-type":"","overlay-color":"","overlay-opacity":"","overlay-gradient":""},"mobile":{"background-color":"","background-image":"","background-repeat":"repeat","background-position":"center center","background-size":"auto","background-attachment":"scroll","background-type":"","background-media":"","overlay-type":"","overlay-color":"","overlay-opacity":"","overlay-gradient":""}},"ast-content-background-meta":{"desktop":{"background-color":"var(--ast-global-color-5)","background-image":"","background-repeat":"repeat","background-position":"center center","background-size":"auto","background-attachment":"scroll","background-type":"","background-media":"","overlay-type":"","overlay-color":"","overlay-opacity":"","overlay-gradient":""},"tablet":{"background-color":"var(--ast-global-color-5)","background-image":"","background-repeat":"repeat","background-position":"center center","background-size":"auto","background-attachment":"scroll","background-type":"","background-media":"","overlay-type":"","overlay-color":"","overlay-opacity":"","overlay-gradient":""},"mobile":{"background-color":"var(--ast-global-color-5)","background-image":"","background-repeat":"repeat","background-position":"center center","background-size":"auto","background-attachment":"scroll","background-type":"","background-media":"","overlay-type":"","overlay-color":"","overlay-opacity":"","overlay-gradient":""}},"footnotes":""},"class_list":["post-43069","page","type-page","status-publish","has-post-thumbnail","hentry","desktop-align-left","tablet-align-left","mobile-align-left","ast-product-gallery-layout-horizontal-slider","ast-product-gallery-with-no-image","ast-product-single-variable","ast-product-tabs-layout-horizontal"],"publishpress_future_workflow_manual_trigger":{"enabledWorkflows":[]},"_links":{"self":[{"href":"https:\/\/afanoc.org\/es\/wp-json\/wp\/v2\/pages\/43069","targetHints":{"allow":["GET"]}}],"collection":[{"href":"https:\/\/afanoc.org\/es\/wp-json\/wp\/v2\/pages"}],"about":[{"href":"https:\/\/afanoc.org\/es\/wp-json\/wp\/v2\/types\/page"}],"author":[{"embeddable":true,"href":"https:\/\/afanoc.org\/es\/wp-json\/wp\/v2\/users\/692"}],"replies":[{"embeddable":true,"href":"https:\/\/afanoc.org\/es\/wp-json\/wp\/v2\/comments?post=43069"}],"version-history":[{"count":0,"href":"https:\/\/afanoc.org\/es\/wp-json\/wp\/v2\/pages\/43069\/revisions"}],"wp:featuredmedia":[{"embeddable":true,"href":"https:\/\/afanoc.org\/es\/wp-json\/wp\/v2\/media\/54858"}],"wp:attachment":[{"href":"https:\/\/afanoc.org\/es\/wp-json\/wp\/v2\/media?parent=43069"}],"curies":[{"name":"wp","href":"https:\/\/api.w.org\/{rel}","templated":true}]}}